{"id":1222,"date":"2025-05-27T12:57:57","date_gmt":"2025-05-27T10:57:57","guid":{"rendered":"https:\/\/ilij.ujk.edu.pl\/niziurski2025\/?page_id=1222"},"modified":"2026-04-23T18:32:07","modified_gmt":"2026-04-23T16:32:07","slug":"strona-glowna","status":"publish","type":"page","link":"https:\/\/ilij.ujk.edu.pl\/niziurski2025\/","title":{"rendered":"Strona g\u0142\u00f3wna"},"content":{"rendered":"\t\t<div data-elementor-type=\"wp-page\" data-elementor-id=\"1222\" class=\"elementor elementor-1222\">\n\t\t\t\t<div class=\"elementor-element elementor-element-5e786c5 e-flex e-con-boxed e-con e-parent\" data-id=\"5e786c5\" data-element_type=\"container\">\n\t\t\t\t\t<div class=\"e-con-inner\">\n\t\t\t\t<div class=\"elementor-element elementor-element-c691e76 elementor-widget elementor-widget-heading\" data-id=\"c691e76\" data-element_type=\"widget\" data-widget_type=\"heading.default\">\n\t\t\t\t<div class=\"elementor-widget-container\">\n\t\t\t\t\t<h1 class=\"elementor-heading-title elementor-size-default\">NIZIURSKI 2025<\/h1>\t\t\t\t<\/div>\n\t\t\t\t<\/div>\n\t\t\t\t\t<\/div>\n\t\t\t\t<\/div>\n\t\t<div class=\"elementor-element elementor-element-ec047dd e-flex e-con-boxed e-con e-parent\" data-id=\"ec047dd\" data-element_type=\"container\">\n\t\t\t\t\t<div class=\"e-con-inner\">\n\t\t\t\t<div class=\"elementor-element elementor-element-5f9c018 elementor-widget elementor-widget-image\" data-id=\"5f9c018\" data-element_type=\"widget\" data-widget_type=\"image.default\">\n\t\t\t\t<div class=\"elementor-widget-container\">\n\t\t\t\t\t\t\t\t\t\t\t\t\t\t\t<img fetchpriority=\"high\" decoding=\"async\" width=\"800\" height=\"199\" src=\"https:\/\/ilij.ujk.edu.pl\/niziurski2025\/wp-content\/uploads\/2025\/03\/pasek__-1024x255.png\" class=\"attachment-large size-large wp-image-525\" alt=\"pasek\" srcset=\"https:\/\/ilij.ujk.edu.pl\/niziurski2025\/wp-content\/uploads\/2025\/03\/pasek__-1024x255.png 1024w, https:\/\/ilij.ujk.edu.pl\/niziurski2025\/wp-content\/uploads\/2025\/03\/pasek__-300x75.png 300w, https:\/\/ilij.ujk.edu.pl\/niziurski2025\/wp-content\/uploads\/2025\/03\/pasek__-768x191.png 768w, https:\/\/ilij.ujk.edu.pl\/niziurski2025\/wp-content\/uploads\/2025\/03\/pasek__-1536x382.png 1536w, https:\/\/ilij.ujk.edu.pl\/niziurski2025\/wp-content\/uploads\/2025\/03\/pasek__-2048x509.png 2048w\" sizes=\"(max-width: 800px) 100vw, 800px\" \/>\t\t\t\t\t\t\t\t\t\t\t\t\t\t\t<\/div>\n\t\t\t\t<\/div>\n\t\t\t\t<div class=\"elementor-element elementor-element-6e37017 elementor-widget-divider--view-line elementor-widget elementor-widget-divider\" data-id=\"6e37017\" data-element_type=\"widget\" data-widget_type=\"divider.default\">\n\t\t\t\t<div class=\"elementor-widget-container\">\n\t\t\t\t\t\t\t<div class=\"elementor-divider\">\n\t\t\t<span class=\"elementor-divider-separator\">\n\t\t\t\t\t\t<\/span>\n\t\t<\/div>\n\t\t\t\t\t\t<\/div>\n\t\t\t\t<\/div>\n\t\t\t\t<div class=\"elementor-element elementor-element-8717cab elementor-widget elementor-widget-spacer\" data-id=\"8717cab\" data-element_type=\"widget\" data-widget_type=\"spacer.default\">\n\t\t\t\t<div class=\"elementor-widget-container\">\n\t\t\t\t\t\t\t<div class=\"elementor-spacer\">\n\t\t\t<div class=\"elementor-spacer-inner\"><\/div>\n\t\t<\/div>\n\t\t\t\t\t\t<\/div>\n\t\t\t\t<\/div>\n\t\t\t\t\t<\/div>\n\t\t\t\t<\/div>\n\t\t<div class=\"elementor-element elementor-element-dc47328 e-flex e-con-boxed e-con e-parent\" data-id=\"dc47328\" data-element_type=\"container\">\n\t\t\t\t\t<div class=\"e-con-inner\">\n\t\t\t\t<div class=\"elementor-element elementor-element-1c08d7d elementor-widget elementor-widget-text-editor\" data-id=\"1c08d7d\" data-element_type=\"widget\" data-widget_type=\"text-editor.default\">\n\t\t\t\t<div class=\"elementor-widget-container\">\n\t\t\t\t\t\t\t\t\t<h1><strong>\u201eSekrety Pana N.\u201d z wyj\u0105tkowymi patronatami <\/strong><\/h1>\t\t\t\t\t\t\t\t<\/div>\n\t\t\t\t<\/div>\n\t\t\t\t\t<\/div>\n\t\t\t\t<\/div>\n\t\t<div class=\"elementor-element elementor-element-d25fdb2 e-flex e-con-boxed e-con e-parent\" data-id=\"d25fdb2\" data-element_type=\"container\">\n\t\t\t\t\t<div class=\"e-con-inner\">\n\t\t\t\t<div class=\"elementor-element elementor-element-6bc542e elementor-widget elementor-widget-spacer\" data-id=\"6bc542e\" data-element_type=\"widget\" data-widget_type=\"spacer.default\">\n\t\t\t\t<div class=\"elementor-widget-container\">\n\t\t\t\t\t\t\t<div class=\"elementor-spacer\">\n\t\t\t<div class=\"elementor-spacer-inner\"><\/div>\n\t\t<\/div>\n\t\t\t\t\t\t<\/div>\n\t\t\t\t<\/div>\n\t\t\t\t\t<\/div>\n\t\t\t\t<\/div>\n\t\t<div class=\"elementor-element elementor-element-a0c14a1 e-flex e-con-boxed e-con e-parent\" data-id=\"a0c14a1\" data-element_type=\"container\">\n\t\t\t\t\t<div class=\"e-con-inner\">\n\t\t\t\t<div class=\"elementor-element elementor-element-057bb45 elementor-widget elementor-widget-text-editor\" data-id=\"057bb45\" data-element_type=\"widget\" data-widget_type=\"text-editor.default\">\n\t\t\t\t<div class=\"elementor-widget-container\">\n\t\t\t\t\t\t\t\t\t<p><span style=\"color: #000000;\">Z dum\u0105 informujemy, \u017ce II Og\u00f3lnopolski Konkurs Literacko-Plastyczny po\u015bwi\u0119cony tw\u00f3rczo\u015bci Edmunda Niziurskiego honorowym patronatem obj\u0119li:<\/span><\/p>\t\t\t\t\t\t\t\t<\/div>\n\t\t\t\t<\/div>\n\t\t\t\t\t<\/div>\n\t\t\t\t<\/div>\n\t\t<div class=\"elementor-element elementor-element-b01275c e-flex e-con-boxed e-con e-parent\" data-id=\"b01275c\" data-element_type=\"container\">\n\t\t\t\t\t<div class=\"e-con-inner\">\n\t\t\t\t<div class=\"elementor-element elementor-element-89ecce3 elementor-widget elementor-widget-spacer\" data-id=\"89ecce3\" data-element_type=\"widget\" data-widget_type=\"spacer.default\">\n\t\t\t\t<div class=\"elementor-widget-container\">\n\t\t\t\t\t\t\t<div class=\"elementor-spacer\">\n\t\t\t<div class=\"elementor-spacer-inner\"><\/div>\n\t\t<\/div>\n\t\t\t\t\t\t<\/div>\n\t\t\t\t<\/div>\n\t\t\t\t\t<\/div>\n\t\t\t\t<\/div>\n\t\t<div class=\"elementor-element elementor-element-f5e3de3 e-flex e-con-boxed e-con e-parent\" data-id=\"f5e3de3\" data-element_type=\"container\">\n\t\t\t\t\t<div class=\"e-con-inner\">\n\t\t\t\t<div class=\"elementor-element elementor-element-abc7038 elementor-widget elementor-widget-text-editor\" data-id=\"abc7038\" data-element_type=\"widget\" data-widget_type=\"text-editor.default\">\n\t\t\t\t<div class=\"elementor-widget-container\">\n\t\t\t\t\t\t\t\t\t<h4 style=\"text-align: center;\"><span style=\"color: #000000;\">\u015awi\u0119tokrzyski Kurator O\u015bwiaty, Piotr \u0141ojek<\/span><\/h4><p><img decoding=\"async\" class=\" wp-image-3775 aligncenter\" title=\"\" src=\"https:\/\/ilij.ujk.edu.pl\/niziurski2025\/wp-content\/uploads\/2026\/03\/Logotyp-Patronat-Honorowy-Swietokrzyski-Kurator-Oswiaty-300x82.png\" alt=\"\" width=\"315\" height=\"86\" srcset=\"https:\/\/ilij.ujk.edu.pl\/niziurski2025\/wp-content\/uploads\/2026\/03\/Logotyp-Patronat-Honorowy-Swietokrzyski-Kurator-Oswiaty-300x82.png 300w, https:\/\/ilij.ujk.edu.pl\/niziurski2025\/wp-content\/uploads\/2026\/03\/Logotyp-Patronat-Honorowy-Swietokrzyski-Kurator-Oswiaty-1024x279.png 1024w, https:\/\/ilij.ujk.edu.pl\/niziurski2025\/wp-content\/uploads\/2026\/03\/Logotyp-Patronat-Honorowy-Swietokrzyski-Kurator-Oswiaty-768x209.png 768w, https:\/\/ilij.ujk.edu.pl\/niziurski2025\/wp-content\/uploads\/2026\/03\/Logotyp-Patronat-Honorowy-Swietokrzyski-Kurator-Oswiaty.png 1100w\" sizes=\"(max-width: 315px) 100vw, 315px\" \/><\/p>\t\t\t\t\t\t\t\t<\/div>\n\t\t\t\t<\/div>\n\t\t\t\t\t<\/div>\n\t\t\t\t<\/div>\n\t\t<div class=\"elementor-element elementor-element-edaf945 e-flex e-con-boxed e-con e-parent\" data-id=\"edaf945\" data-element_type=\"container\">\n\t\t\t\t\t<div class=\"e-con-inner\">\n\t\t\t\t<div class=\"elementor-element elementor-element-d9e0717 elementor-widget elementor-widget-spacer\" data-id=\"d9e0717\" data-element_type=\"widget\" data-widget_type=\"spacer.default\">\n\t\t\t\t<div class=\"elementor-widget-container\">\n\t\t\t\t\t\t\t<div class=\"elementor-spacer\">\n\t\t\t<div class=\"elementor-spacer-inner\"><\/div>\n\t\t<\/div>\n\t\t\t\t\t\t<\/div>\n\t\t\t\t<\/div>\n\t\t\t\t\t<\/div>\n\t\t\t\t<\/div>\n\t\t<div class=\"elementor-element elementor-element-09bb8a4 e-flex e-con-boxed e-con e-parent\" data-id=\"09bb8a4\" data-element_type=\"container\">\n\t\t\t\t\t<div class=\"e-con-inner\">\n\t\t\t\t<div class=\"elementor-element elementor-element-9a1e1fd elementor-widget elementor-widget-text-editor\" data-id=\"9a1e1fd\" data-element_type=\"widget\" data-widget_type=\"text-editor.default\">\n\t\t\t\t<div class=\"elementor-widget-container\">\n\t\t\t\t\t\t\t\t\t<h4 style=\"text-align: center;\"><span style=\"color: #000000;\">JM Rektor UJK, prof. dr hab. Beata Wojciechowska<\/span><\/h4><p style=\"text-align: center;\"><img decoding=\"async\" class=\"alignnone wp-image-3821\" title=\"\" src=\"https:\/\/ilij.ujk.edu.pl\/niziurski2025\/wp-content\/uploads\/2026\/03\/LOGO-HONOROWY-PATRONAT-REKTORA-2-300x123.png\" alt=\"\" width=\"344\" height=\"141\" srcset=\"https:\/\/ilij.ujk.edu.pl\/niziurski2025\/wp-content\/uploads\/2026\/03\/LOGO-HONOROWY-PATRONAT-REKTORA-2-300x123.png 300w, https:\/\/ilij.ujk.edu.pl\/niziurski2025\/wp-content\/uploads\/2026\/03\/LOGO-HONOROWY-PATRONAT-REKTORA-2-1024x418.png 1024w, https:\/\/ilij.ujk.edu.pl\/niziurski2025\/wp-content\/uploads\/2026\/03\/LOGO-HONOROWY-PATRONAT-REKTORA-2-768x314.png 768w, https:\/\/ilij.ujk.edu.pl\/niziurski2025\/wp-content\/uploads\/2026\/03\/LOGO-HONOROWY-PATRONAT-REKTORA-2-1536x628.png 1536w, https:\/\/ilij.ujk.edu.pl\/niziurski2025\/wp-content\/uploads\/2026\/03\/LOGO-HONOROWY-PATRONAT-REKTORA-2-2048x837.png 2048w\" sizes=\"(max-width: 344px) 100vw, 344px\" \/><\/p>\t\t\t\t\t\t\t\t<\/div>\n\t\t\t\t<\/div>\n\t\t\t\t\t<\/div>\n\t\t\t\t<\/div>\n\t\t<div class=\"elementor-element elementor-element-e558f1f e-flex e-con-boxed e-con e-parent\" data-id=\"e558f1f\" data-element_type=\"container\">\n\t\t\t\t\t<div class=\"e-con-inner\">\n\t\t\t\t<div class=\"elementor-element elementor-element-fe6bbcf elementor-widget elementor-widget-text-editor\" data-id=\"fe6bbcf\" data-element_type=\"widget\" data-widget_type=\"text-editor.default\">\n\t\t\t\t<div class=\"elementor-widget-container\">\n\t\t\t\t\t\t\t\t\t<h4 style=\"text-align: center;\"><span style=\"color: #000000;\">Dziekan Wydzia\u0142u Humanistycznego, dr hab. Jerzy Gapys, prof. UJK<\/span><\/h4><p><img loading=\"lazy\" decoding=\"async\" class=\"alignnone size-medium wp-image-3822 aligncenter\" title=\"WHUM\" src=\"https:\/\/ilij.ujk.edu.pl\/niziurski2025\/wp-content\/uploads\/2026\/03\/WHUM-300x122.png\" alt=\"\" width=\"300\" height=\"122\" srcset=\"https:\/\/ilij.ujk.edu.pl\/niziurski2025\/wp-content\/uploads\/2026\/03\/WHUM-300x122.png 300w, https:\/\/ilij.ujk.edu.pl\/niziurski2025\/wp-content\/uploads\/2026\/03\/WHUM-1024x416.png 1024w, https:\/\/ilij.ujk.edu.pl\/niziurski2025\/wp-content\/uploads\/2026\/03\/WHUM-768x312.png 768w, https:\/\/ilij.ujk.edu.pl\/niziurski2025\/wp-content\/uploads\/2026\/03\/WHUM.png 1372w\" sizes=\"(max-width: 300px) 100vw, 300px\" \/><\/p>\t\t\t\t\t\t\t\t<\/div>\n\t\t\t\t<\/div>\n\t\t\t\t\t<\/div>\n\t\t\t\t<\/div>\n\t\t<div class=\"elementor-element elementor-element-3fbfd02 e-flex e-con-boxed e-con e-parent\" data-id=\"3fbfd02\" data-element_type=\"container\">\n\t\t\t\t\t<div class=\"e-con-inner\">\n\t\t\t\t<div class=\"elementor-element elementor-element-6228302 elementor-widget elementor-widget-text-editor\" data-id=\"6228302\" data-element_type=\"widget\" data-widget_type=\"text-editor.default\">\n\t\t\t\t<div class=\"elementor-widget-container\">\n\t\t\t\t\t\t\t\t\t<h4 style=\"text-align: center;\"><span style=\"color: #000000;\">Dyrektor Instytutu Literaturoznawstwa i J\u0119zykoznawstwa UJK w Kielcach, prof. dr hab. Piotr Zbr\u00f3g<\/span><\/h4><p><span style=\"color: #ffffff;\">.<\/span><\/p><p><img loading=\"lazy\" decoding=\"async\" class=\"aligncenter wp-image-3823 \" title=\"ILIJ\" src=\"https:\/\/ilij.ujk.edu.pl\/niziurski2025\/wp-content\/uploads\/2026\/03\/ILIJ-300x114.jpg\" alt=\"\" width=\"150\" height=\"57\" srcset=\"https:\/\/ilij.ujk.edu.pl\/niziurski2025\/wp-content\/uploads\/2026\/03\/ILIJ-300x114.jpg 300w, https:\/\/ilij.ujk.edu.pl\/niziurski2025\/wp-content\/uploads\/2026\/03\/ILIJ.jpg 760w\" sizes=\"(max-width: 150px) 100vw, 150px\" \/><\/p>\t\t\t\t\t\t\t\t<\/div>\n\t\t\t\t<\/div>\n\t\t\t\t\t<\/div>\n\t\t\t\t<\/div>\n\t\t<div class=\"elementor-element elementor-element-07a6342 e-flex e-con-boxed e-con e-parent\" data-id=\"07a6342\" data-element_type=\"container\">\n\t\t\t\t\t<div class=\"e-con-inner\">\n\t\t\t\t<div class=\"elementor-element elementor-element-de5ce74 elementor-widget elementor-widget-spacer\" data-id=\"de5ce74\" data-element_type=\"widget\" data-widget_type=\"spacer.default\">\n\t\t\t\t<div class=\"elementor-widget-container\">\n\t\t\t\t\t\t\t<div class=\"elementor-spacer\">\n\t\t\t<div class=\"elementor-spacer-inner\"><\/div>\n\t\t<\/div>\n\t\t\t\t\t\t<\/div>\n\t\t\t\t<\/div>\n\t\t\t\t\t<\/div>\n\t\t\t\t<\/div>\n\t\t<div class=\"elementor-element elementor-element-e8a84b7 e-flex e-con-boxed e-con e-parent\" data-id=\"e8a84b7\" data-element_type=\"container\">\n\t\t\t\t\t<div class=\"e-con-inner\">\n\t\t\t\t<div class=\"elementor-element elementor-element-bb2d90b elementor-widget elementor-widget-text-editor\" data-id=\"bb2d90b\" data-element_type=\"widget\" data-widget_type=\"text-editor.default\">\n\t\t\t\t<div class=\"elementor-widget-container\">\n\t\t\t\t\t\t\t\t\t<h4 style=\"text-align: center;\"><span style=\"color: #000000;\">Teatr im. Stefana \u017beromskiego w Kielcach<\/span><\/h4>\t\t\t\t\t\t\t\t<\/div>\n\t\t\t\t<\/div>\n\t\t\t\t\t<\/div>\n\t\t\t\t<\/div>\n\t\t<div class=\"elementor-element elementor-element-c1eb257 e-flex e-con-boxed e-con e-parent\" data-id=\"c1eb257\" data-element_type=\"container\">\n\t\t\t\t\t<div class=\"e-con-inner\">\n\t\t\t\t<div class=\"elementor-element elementor-element-028fcb7 elementor-widget elementor-widget-text-editor\" data-id=\"028fcb7\" data-element_type=\"widget\" data-widget_type=\"text-editor.default\">\n\t\t\t\t<div class=\"elementor-widget-container\">\n\t\t\t\t\t\t\t\t\t<p><img loading=\"lazy\" decoding=\"async\" class=\"wp-image-3840 aligncenter\" title=\"\" src=\"https:\/\/ilij.ujk.edu.pl\/niziurski2025\/wp-content\/uploads\/2026\/04\/Teatr_Zeromskiego_logo-300x137.png\" alt=\"\" width=\"258\" height=\"118\" srcset=\"https:\/\/ilij.ujk.edu.pl\/niziurski2025\/wp-content\/uploads\/2026\/04\/Teatr_Zeromskiego_logo-300x137.png 300w, https:\/\/ilij.ujk.edu.pl\/niziurski2025\/wp-content\/uploads\/2026\/04\/Teatr_Zeromskiego_logo.png 407w\" sizes=\"(max-width: 258px) 100vw, 258px\" \/><\/p>\t\t\t\t\t\t\t\t<\/div>\n\t\t\t\t<\/div>\n\t\t\t\t\t<\/div>\n\t\t\t\t<\/div>\n\t\t<div class=\"elementor-element elementor-element-c8995d6 e-flex e-con-boxed e-con e-parent\" data-id=\"c8995d6\" data-element_type=\"container\">\n\t\t\t\t\t<div class=\"e-con-inner\">\n\t\t\t\t<div class=\"elementor-element elementor-element-eff4fca elementor-widget elementor-widget-spacer\" data-id=\"eff4fca\" data-element_type=\"widget\" data-widget_type=\"spacer.default\">\n\t\t\t\t<div class=\"elementor-widget-container\">\n\t\t\t\t\t\t\t<div class=\"elementor-spacer\">\n\t\t\t<div class=\"elementor-spacer-inner\"><\/div>\n\t\t<\/div>\n\t\t\t\t\t\t<\/div>\n\t\t\t\t<\/div>\n\t\t\t\t\t<\/div>\n\t\t\t\t<\/div>\n\t\t<div class=\"elementor-element elementor-element-757b1e2 e-flex e-con-boxed e-con e-parent\" data-id=\"757b1e2\" data-element_type=\"container\">\n\t\t\t\t\t<div class=\"e-con-inner\">\n\t\t\t\t<div class=\"elementor-element elementor-element-564a30d elementor-widget elementor-widget-text-editor\" data-id=\"564a30d\" data-element_type=\"widget\" data-widget_type=\"text-editor.default\">\n\t\t\t\t<div class=\"elementor-widget-container\">\n\t\t\t\t\t\t\t\t\t<h4 style=\"text-align: center;\"><span style=\"color: #000000;\">Wojew\u00f3dzka Biblioteka Publiczna w Kielcach<\/span><\/h4>\t\t\t\t\t\t\t\t<\/div>\n\t\t\t\t<\/div>\n\t\t\t\t\t<\/div>\n\t\t\t\t<\/div>\n\t\t<div class=\"elementor-element elementor-element-8863c33 e-flex e-con-boxed e-con e-parent\" data-id=\"8863c33\" data-element_type=\"container\">\n\t\t\t\t\t<div class=\"e-con-inner\">\n\t\t\t\t<div class=\"elementor-element elementor-element-2ad5d6d elementor-widget elementor-widget-text-editor\" data-id=\"2ad5d6d\" data-element_type=\"widget\" data-widget_type=\"text-editor.default\">\n\t\t\t\t<div class=\"elementor-widget-container\">\n\t\t\t\t\t\t\t\t\t<p><img loading=\"lazy\" decoding=\"async\" class=\"size-medium wp-image-466 aligncenter\" title=\"1 WBP FL CMYK krzywe\" src=\"https:\/\/ilij.ujk.edu.pl\/niziurski2025\/wp-content\/uploads\/2025\/03\/1-WBP-FL-CMYK_krzywe-300x158.png\" alt=\"1 WBP FL CMYK krzywe\" width=\"300\" height=\"158\" srcset=\"https:\/\/ilij.ujk.edu.pl\/niziurski2025\/wp-content\/uploads\/2025\/03\/1-WBP-FL-CMYK_krzywe-300x158.png 300w, https:\/\/ilij.ujk.edu.pl\/niziurski2025\/wp-content\/uploads\/2025\/03\/1-WBP-FL-CMYK_krzywe-768x403.png 768w, https:\/\/ilij.ujk.edu.pl\/niziurski2025\/wp-content\/uploads\/2025\/03\/1-WBP-FL-CMYK_krzywe.png 828w\" sizes=\"(max-width: 300px) 100vw, 300px\" \/><\/p>\t\t\t\t\t\t\t\t<\/div>\n\t\t\t\t<\/div>\n\t\t\t\t\t<\/div>\n\t\t\t\t<\/div>\n\t\t<div class=\"elementor-element elementor-element-5caace1 e-flex e-con-boxed e-con e-parent\" data-id=\"5caace1\" data-element_type=\"container\">\n\t\t\t\t\t<div class=\"e-con-inner\">\n\t\t\t\t<div class=\"elementor-element elementor-element-9459261 elementor-widget elementor-widget-text-editor\" data-id=\"9459261\" data-element_type=\"widget\" data-widget_type=\"text-editor.default\">\n\t\t\t\t<div class=\"elementor-widget-container\">\n\t\t\t\t\t\t\t\t\t<h4 style=\"text-align: center;\"><span style=\"color: #000000;\">Teatr Lalki i Aktora \u201eKubu\u015b\u201d w Kielcach im. Stefana Karskiego<\/span><\/h4><p><img loading=\"lazy\" decoding=\"async\" class=\"wp-image-3856 aligncenter\" title=\"\" src=\"https:\/\/ilij.ujk.edu.pl\/niziurski2025\/wp-content\/uploads\/2026\/04\/logo-teatr-kubus-2021-291x300.png\" alt=\"\" width=\"177\" height=\"182\" srcset=\"https:\/\/ilij.ujk.edu.pl\/niziurski2025\/wp-content\/uploads\/2026\/04\/logo-teatr-kubus-2021-291x300.png 291w, https:\/\/ilij.ujk.edu.pl\/niziurski2025\/wp-content\/uploads\/2026\/04\/logo-teatr-kubus-2021-992x1024.png 992w, https:\/\/ilij.ujk.edu.pl\/niziurski2025\/wp-content\/uploads\/2026\/04\/logo-teatr-kubus-2021-768x793.png 768w, https:\/\/ilij.ujk.edu.pl\/niziurski2025\/wp-content\/uploads\/2026\/04\/logo-teatr-kubus-2021-1488x1536.png 1488w, https:\/\/ilij.ujk.edu.pl\/niziurski2025\/wp-content\/uploads\/2026\/04\/logo-teatr-kubus-2021.png 1834w\" sizes=\"(max-width: 177px) 100vw, 177px\" \/><\/p>\t\t\t\t\t\t\t\t<\/div>\n\t\t\t\t<\/div>\n\t\t\t\t\t<\/div>\n\t\t\t\t<\/div>\n\t\t<div class=\"elementor-element elementor-element-0e51b4d e-flex e-con-boxed e-con e-parent\" data-id=\"0e51b4d\" data-element_type=\"container\">\n\t\t\t\t\t<div class=\"e-con-inner\">\n\t\t\t\t<div class=\"elementor-element elementor-element-36d966f elementor-widget elementor-widget-text-editor\" data-id=\"36d966f\" data-element_type=\"widget\" data-widget_type=\"text-editor.default\">\n\t\t\t\t<div class=\"elementor-widget-container\">\n\t\t\t\t\t\t\t\t\t<h4 style=\"text-align: center;\"><span style=\"color: #000000;\">Muzeum Zabawek i Zabawy w Kielcach<\/span><\/h4><p><img loading=\"lazy\" decoding=\"async\" class=\" wp-image-3866 aligncenter\" title=\"\" src=\"https:\/\/ilij.ujk.edu.pl\/niziurski2025\/wp-content\/uploads\/2026\/04\/logo-MZiZ-e1776705895459.png\" alt=\"\" width=\"192\" height=\"152\" \/><\/p>\t\t\t\t\t\t\t\t<\/div>\n\t\t\t\t<\/div>\n\t\t\t\t\t<\/div>\n\t\t\t\t<\/div>\n\t\t<div class=\"elementor-element elementor-element-06ee16d e-flex e-con-boxed e-con e-parent\" data-id=\"06ee16d\" data-element_type=\"container\">\n\t\t\t\t\t<div class=\"e-con-inner\">\n\t\t\t\t<div class=\"elementor-element elementor-element-d5508a8 elementor-widget elementor-widget-text-editor\" data-id=\"d5508a8\" data-element_type=\"widget\" data-widget_type=\"text-editor.default\">\n\t\t\t\t<div class=\"elementor-widget-container\">\n\t\t\t\t\t\t\t\t\t<h4 style=\"text-align: center;\"><span style=\"color: #000000;\">Muzeum Narodowe w Kielcach<\/span><\/h4>\t\t\t\t\t\t\t\t<\/div>\n\t\t\t\t<\/div>\n\t\t\t\t\t<\/div>\n\t\t\t\t<\/div>\n\t\t<div class=\"elementor-element elementor-element-f63d4c0 e-flex e-con-boxed e-con e-parent\" data-id=\"f63d4c0\" data-element_type=\"container\">\n\t\t\t\t\t<div class=\"e-con-inner\">\n\t\t\t\t<div class=\"elementor-element elementor-element-ec86635 elementor-widget elementor-widget-text-editor\" data-id=\"ec86635\" data-element_type=\"widget\" data-widget_type=\"text-editor.default\">\n\t\t\t\t<div class=\"elementor-widget-container\">\n\t\t\t\t\t\t\t\t\t<p><img loading=\"lazy\" decoding=\"async\" class=\"wp-image-3872 aligncenter\" title=\"\" src=\"https:\/\/ilij.ujk.edu.pl\/niziurski2025\/wp-content\/uploads\/2026\/04\/mnki_logo-08-270x300.jpg\" alt=\"\" width=\"130\" height=\"145\" srcset=\"https:\/\/ilij.ujk.edu.pl\/niziurski2025\/wp-content\/uploads\/2026\/04\/mnki_logo-08-270x300.jpg 270w, https:\/\/ilij.ujk.edu.pl\/niziurski2025\/wp-content\/uploads\/2026\/04\/mnki_logo-08-768x852.jpg 768w, https:\/\/ilij.ujk.edu.pl\/niziurski2025\/wp-content\/uploads\/2026\/04\/mnki_logo-08.jpg 918w\" sizes=\"(max-width: 130px) 100vw, 130px\" \/><\/p>\t\t\t\t\t\t\t\t<\/div>\n\t\t\t\t<\/div>\n\t\t\t\t\t<\/div>\n\t\t\t\t<\/div>\n\t\t<div class=\"elementor-element elementor-element-d417826 e-flex e-con-boxed e-con e-parent\" data-id=\"d417826\" data-element_type=\"container\">\n\t\t\t\t\t<div class=\"e-con-inner\">\n\t\t\t\t<div class=\"elementor-element elementor-element-9b36834 elementor-widget elementor-widget-text-editor\" data-id=\"9b36834\" data-element_type=\"widget\" data-widget_type=\"text-editor.default\">\n\t\t\t\t<div class=\"elementor-widget-container\">\n\t\t\t\t\t\t\t\t\t<h4 style=\"text-align: center;\"><span style=\"color: #000000;\">Pedagogiczna Biblioteka Wojew\u00f3dzka<\/span><br \/><span style=\"color: #000000;\">im. Gustawa Herlinga-Grudzi\u0144skiego<\/span><br \/><span style=\"color: #000000;\">w Kielcach<\/span><\/h4><p><img loading=\"lazy\" decoding=\"async\" class=\" wp-image-3877 aligncenter\" title=\"\" src=\"https:\/\/ilij.ujk.edu.pl\/niziurski2025\/wp-content\/uploads\/2026\/04\/logo_pbw-300x212-1.jpg\" alt=\"\" width=\"272\" height=\"192\" \/><\/p>\t\t\t\t\t\t\t\t<\/div>\n\t\t\t\t<\/div>\n\t\t\t\t\t<\/div>\n\t\t\t\t<\/div>\n\t\t<div class=\"elementor-element elementor-element-491ec09 e-flex e-con-boxed e-con e-parent\" data-id=\"491ec09\" data-element_type=\"container\">\n\t\t\t\t\t<div class=\"e-con-inner\">\n\t\t\t\t<div class=\"elementor-element elementor-element-66268dd elementor-widget elementor-widget-spacer\" data-id=\"66268dd\" data-element_type=\"widget\" data-widget_type=\"spacer.default\">\n\t\t\t\t<div class=\"elementor-widget-container\">\n\t\t\t\t\t\t\t<div class=\"elementor-spacer\">\n\t\t\t<div class=\"elementor-spacer-inner\"><\/div>\n\t\t<\/div>\n\t\t\t\t\t\t<\/div>\n\t\t\t\t<\/div>\n\t\t\t\t\t<\/div>\n\t\t\t\t<\/div>\n\t\t<div class=\"elementor-element elementor-element-46a3986 e-flex e-con-boxed e-con e-parent\" data-id=\"46a3986\" data-element_type=\"container\">\n\t\t\t\t\t<div class=\"e-con-inner\">\n\t\t\t\t<div class=\"elementor-element elementor-element-df701ca elementor-widget-divider--view-line elementor-widget elementor-widget-divider\" data-id=\"df701ca\" data-element_type=\"widget\" data-widget_type=\"divider.default\">\n\t\t\t\t<div class=\"elementor-widget-container\">\n\t\t\t\t\t\t\t<div class=\"elementor-divider\">\n\t\t\t<span class=\"elementor-divider-separator\">\n\t\t\t\t\t\t<\/span>\n\t\t<\/div>\n\t\t\t\t\t\t<\/div>\n\t\t\t\t<\/div>\n\t\t\t\t\t<\/div>\n\t\t\t\t<\/div>\n\t\t<div class=\"elementor-element elementor-element-e59da01 e-flex e-con-boxed e-con e-parent\" data-id=\"e59da01\" data-element_type=\"container\">\n\t\t\t\t\t<div class=\"e-con-inner\">\n\t\t\t\t<div class=\"elementor-element elementor-element-4caba79 elementor-widget elementor-widget-spacer\" data-id=\"4caba79\" data-element_type=\"widget\" data-widget_type=\"spacer.default\">\n\t\t\t\t<div class=\"elementor-widget-container\">\n\t\t\t\t\t\t\t<div class=\"elementor-spacer\">\n\t\t\t<div class=\"elementor-spacer-inner\"><\/div>\n\t\t<\/div>\n\t\t\t\t\t\t<\/div>\n\t\t\t\t<\/div>\n\t\t\t\t\t<\/div>\n\t\t\t\t<\/div>\n\t\t<div class=\"elementor-element elementor-element-bd78957 e-flex e-con-boxed e-con e-parent\" data-id=\"bd78957\" data-element_type=\"container\">\n\t\t\t\t\t<div class=\"e-con-inner\">\n\t\t\t\t<div class=\"elementor-element elementor-element-25c4881 elementor-widget elementor-widget-image\" data-id=\"25c4881\" data-element_type=\"widget\" data-widget_type=\"image.default\">\n\t\t\t\t<div class=\"elementor-widget-container\">\n\t\t\t\t\t\t\t\t\t\t\t\t\t\t\t<img loading=\"lazy\" decoding=\"async\" width=\"768\" height=\"113\" src=\"https:\/\/ilij.ujk.edu.pl\/niziurski2025\/wp-content\/uploads\/2025\/10\/sekrety_img-1-768x113.png\" class=\"attachment-medium_large size-medium_large wp-image-2579\" alt=\"sekrety img\" srcset=\"https:\/\/ilij.ujk.edu.pl\/niziurski2025\/wp-content\/uploads\/2025\/10\/sekrety_img-1-768x113.png 768w, https:\/\/ilij.ujk.edu.pl\/niziurski2025\/wp-content\/uploads\/2025\/10\/sekrety_img-1-300x44.png 300w, https:\/\/ilij.ujk.edu.pl\/niziurski2025\/wp-content\/uploads\/2025\/10\/sekrety_img-1-1024x151.png 1024w, https:\/\/ilij.ujk.edu.pl\/niziurski2025\/wp-content\/uploads\/2025\/10\/sekrety_img-1-1536x227.png 1536w, https:\/\/ilij.ujk.edu.pl\/niziurski2025\/wp-content\/uploads\/2025\/10\/sekrety_img-1-2048x302.png 2048w\" sizes=\"(max-width: 768px) 100vw, 768px\" \/>\t\t\t\t\t\t\t\t\t\t\t\t\t\t\t<\/div>\n\t\t\t\t<\/div>\n\t\t\t\t\t<\/div>\n\t\t\t\t<\/div>\n\t\t<div class=\"elementor-element elementor-element-8c9e87a e-flex e-con-boxed e-con e-parent\" data-id=\"8c9e87a\" data-element_type=\"container\">\n\t\t\t\t\t<div class=\"e-con-inner\">\n\t\t\t\t<div class=\"elementor-element elementor-element-85b09f7 elementor-widget elementor-widget-heading\" data-id=\"85b09f7\" data-element_type=\"widget\" data-widget_type=\"heading.default\">\n\t\t\t\t<div class=\"elementor-widget-container\">\n\t\t\t\t\t<h1 class=\"elementor-heading-title elementor-size-default\">na presti\u017cowej li\u015bcie konkurs\u00f3w <\/h1>\t\t\t\t<\/div>\n\t\t\t\t<\/div>\n\t\t\t\t<div class=\"elementor-element elementor-element-ab6d5e7 elementor-widget elementor-widget-heading\" data-id=\"ab6d5e7\" data-element_type=\"widget\" data-widget_type=\"heading.default\">\n\t\t\t\t<div class=\"elementor-widget-container\">\n\t\t\t\t\t<h1 class=\"elementor-heading-title elementor-size-default\">Kuratorium O\u015bwiaty w Kielcach<\/h1>\t\t\t\t<\/div>\n\t\t\t\t<\/div>\n\t\t\t\t\t<\/div>\n\t\t\t\t<\/div>\n\t\t<div class=\"elementor-element elementor-element-edada53 e-flex e-con-boxed e-con e-parent\" data-id=\"edada53\" data-element_type=\"container\">\n\t\t\t\t\t<div class=\"e-con-inner\">\n\t\t\t\t<div class=\"elementor-element elementor-element-c597e02 elementor-widget elementor-widget-spacer\" data-id=\"c597e02\" data-element_type=\"widget\" data-widget_type=\"spacer.default\">\n\t\t\t\t<div class=\"elementor-widget-container\">\n\t\t\t\t\t\t\t<div class=\"elementor-spacer\">\n\t\t\t<div class=\"elementor-spacer-inner\"><\/div>\n\t\t<\/div>\n\t\t\t\t\t\t<\/div>\n\t\t\t\t<\/div>\n\t\t\t\t\t<\/div>\n\t\t\t\t<\/div>\n\t\t<div class=\"elementor-element elementor-element-1339bf0 e-flex e-con-boxed e-con e-parent\" data-id=\"1339bf0\" data-element_type=\"container\">\n\t\t\t\t\t<div class=\"e-con-inner\">\n\t\t\t\t<div class=\"elementor-element elementor-element-2fcf080 elementor-widget elementor-widget-image\" data-id=\"2fcf080\" data-element_type=\"widget\" data-widget_type=\"image.default\">\n\t\t\t\t<div class=\"elementor-widget-container\">\n\t\t\t\t\t\t\t\t\t\t\t\t\t\t\t<img loading=\"lazy\" decoding=\"async\" width=\"300\" height=\"300\" src=\"https:\/\/ilij.ujk.edu.pl\/niziurski2025\/wp-content\/uploads\/2025\/05\/nizurski_-300x300.png\" class=\"attachment-medium size-medium wp-image-1181\" alt=\"\" srcset=\"https:\/\/ilij.ujk.edu.pl\/niziurski2025\/wp-content\/uploads\/2025\/05\/nizurski_-300x300.png 300w, https:\/\/ilij.ujk.edu.pl\/niziurski2025\/wp-content\/uploads\/2025\/05\/nizurski_-1024x1020.png 1024w, https:\/\/ilij.ujk.edu.pl\/niziurski2025\/wp-content\/uploads\/2025\/05\/nizurski_-150x150.png 150w, https:\/\/ilij.ujk.edu.pl\/niziurski2025\/wp-content\/uploads\/2025\/05\/nizurski_-768x765.png 768w, https:\/\/ilij.ujk.edu.pl\/niziurski2025\/wp-content\/uploads\/2025\/05\/nizurski_-1536x1530.png 1536w, https:\/\/ilij.ujk.edu.pl\/niziurski2025\/wp-content\/uploads\/2025\/05\/nizurski_.png 1885w\" sizes=\"(max-width: 300px) 100vw, 300px\" \/>\t\t\t\t\t\t\t\t\t\t\t\t\t\t\t<\/div>\n\t\t\t\t<\/div>\n\t\t\t\t\t<\/div>\n\t\t\t\t<\/div>\n\t\t<div class=\"elementor-element elementor-element-cf4c0ae e-flex e-con-boxed e-con e-parent\" data-id=\"cf4c0ae\" data-element_type=\"container\">\n\t\t\t\t\t<div class=\"e-con-inner\">\n\t\t\t\t<div class=\"elementor-element elementor-element-af3aa47 elementor-widget elementor-widget-spacer\" data-id=\"af3aa47\" data-element_type=\"widget\" data-widget_type=\"spacer.default\">\n\t\t\t\t<div class=\"elementor-widget-container\">\n\t\t\t\t\t\t\t<div class=\"elementor-spacer\">\n\t\t\t<div class=\"elementor-spacer-inner\"><\/div>\n\t\t<\/div>\n\t\t\t\t\t\t<\/div>\n\t\t\t\t<\/div>\n\t\t\t\t\t<\/div>\n\t\t\t\t<\/div>\n\t\t<div class=\"elementor-element elementor-element-e4e3507 e-flex e-con-boxed e-con e-parent\" data-id=\"e4e3507\" data-element_type=\"container\">\n\t\t\t\t\t<div class=\"e-con-inner\">\n\t\t\t\t<div class=\"elementor-element elementor-element-3193d14 elementor-widget elementor-widget-text-editor\" data-id=\"3193d14\" data-element_type=\"widget\" data-widget_type=\"text-editor.default\">\n\t\t\t\t<div class=\"elementor-widget-container\">\n\t\t\t\t\t\t\t\t\t<h5><span style=\"color: #000000;\">Szanowni Pa\u0144stwo,<\/span><\/h5><p><span style=\"color: #000000;\">serdecznie zapraszamy uczni\u00f3w i student\u00f3w do udzia\u0142u w <strong>drugiej <\/strong>edycji <strong>Og\u00f3lnopolskiego Konkursu Literacko-Plastycznego \u201eSekrety Pana N.\u201d<\/strong> organizowanego przez Instytut Literaturoznawstwa i J\u0119zykoznawstwa Uniwersytetu Jana Kochanowskiego w Kielcach.<\/span><\/p><p><span style=\"color: #000000;\">Z ogromn\u0105 rado\u015bci\u0105 informujemy, \u017ce zgodnie z <strong><span style=\"color: #0000ff;\"><a style=\"color: #0000ff;\" href=\"https:\/\/ilij.ujk.edu.pl\/niziurski2025\/wp-content\/uploads\/2026\/03\/Konkursy_zarzadzenie-nr-9.2026-w-sprawie-w-sprawie-wykazu-zawodow-wiedzy-artystycznych-i-sportowych.pdf\">Zarz\u0105dzeniem nr 9\/2026 \u015awi\u0119tokrzyskiego Kuratora O\u015bwiaty z dnia 25 lutego 2026<\/a>\u00a0<\/span><\/strong>roku <strong>konkurs \u201eSekrety Pana N.\u201d znalaz\u0142 si\u0119 w wykazie zawod\u00f3w wiedzy, artystycznych<\/strong> i sportowych, organizowanych przez \u015awi\u0119tokrzyskiego Kuratora O\u015bwiaty lub inne podmioty dzia\u0142aj\u0105ce na terenie szko\u0142y, <strong>kt\u00f3re mog\u0105 by\u0107 wymienione na \u015bwiadectwie uko\u0144czenia szko\u0142y podstawowej<\/strong> oraz okre\u015blenia miejsc uznanych za wysokie w tych zawodach, uwzgl\u0119dnianych w post\u0119powaniu rekrutacyjnym i uzupe\u0142niaj\u0105cym na rok szkolny 2026\/2027 w wojew\u00f3dztwie \u015bwi\u0119tokrzyskim.<\/span><\/p><p><span style=\"color: #000000;\">Na cz\u0119\u015b\u0107 konkursu adresowan\u0105 do uczni\u00f3w sk\u0142adaj\u0105 si\u0119 trzy kategorie:<\/span><\/p><ul><li><span style=\"color: #000000;\"><strong>literacka<\/strong> \u2013 kr\u00f3tka forma epicka (np. opowiadanie, list, dziennik, etc.) inspirowana tw\u00f3rczo\u015bci\u0105 Edmunda Niziurskiego (do 5 000 znak\u00f3w);<\/span><\/li><li><span style=\"color: #000000;\"><strong>plastyczna<\/strong> \u2013 ilustracja lub ok\u0142adka do dowolnie wybranej ksi\u0105\u017cki E. Niziurskiego \u2013dzie\u0142a wykonane w dowolnej technice warsztatowej (np. rysunek, plakat, malarstwo, grafika, techniki mieszane \u2013 kola\u017c) lub komputerowej (dzie\u0142a w ca\u0142o\u015bci zrealizowane przy pomocy komputera lub za pomoc\u0105 aplikacji i cyfrowych urz\u0105dze\u0144);<\/span><\/li><li><span style=\"color: #000000;\"><strong>plastyczno \u2013 literacka<\/strong> \u2013 utw\u00f3r z ilustracjami nawi\u0105zuj\u0105cy do tw\u00f3rczo\u015bci E. Niziurskiego \u2013 tekst (do 5 000 znak\u00f3w) uzupe\u0142niony o ilustracje wykonane technik\u0105 dowoln\u0105 (mo\u017ce by\u0107 r\u00f3wnie\u017c wykorzystana obr\u00f3bka graficzna, cyfrowa).<\/span><\/li><\/ul><p><span style=\"color: #ffffff;\">.<\/span><\/p><p><span style=\"color: #000000;\">W oddzielnych kategoriach wiekowych rywalizowa\u0107 b\u0119d\u0105 ze sob\u0105 uczniowie klas: <strong>I\u2012III<\/strong>, <strong>IV\u2012VI<\/strong>, <strong>VII\u2012VIII<\/strong> oraz <strong>szk\u00f3\u0142 ponadpodstawowych<\/strong>.<\/span><\/p><p><span style=\"color: #000000;\">Podczas <strong>szkolnego etapu<\/strong> konkursu nauczyciele j\u0119zyka polskiego, plastyki lub inne kompetentne osoby <strong>wy\u0142aniaj\u0105 trzy najlepsze prace w ka\u017cdej z czterech kategorii wiekowych<\/strong>, np.:<\/span><\/p><p style=\"padding-left: 40px;\"><span style=\"color: #000000;\">\u2013 klasy I\u2012III \u2013 trzy najlepsze prace z danej plac\u00f3wki;<\/span><\/p><p style=\"padding-left: 40px;\"><span style=\"color: #000000;\">\u2013 klasy IV\u2012VI \u2013 trzy wy\u0142onione prace;<\/span><\/p><p style=\"padding-left: 40px;\"><span style=\"color: #000000;\">\u2013 klasy VII\u2012VIII \u2013 trzy wy\u0142onione prace;<\/span><\/p><p style=\"padding-left: 40px;\"><span style=\"color: #000000;\">\u2013 szko\u0142y ponadpodstawowe \u2013 trzy wy\u0142onione prace.<\/span><\/p><p><span style=\"color: #000000;\">Student\u00f3w zapraszamy do przygotowania prac w kategorii:<\/span><\/p><ul><li><span style=\"color: #000000;\"><strong>scenariusz zaj\u0119\u0107 dydaktycznych <\/strong>\u2013 autorski scenariusz opracowany przez student\u00f3w (z motywami zaczerpni\u0119tymi z tekst\u00f3w E. Niziurskiego).<\/span><\/li><\/ul><p><span style=\"color: #000000;\">Termin nadsy\u0142ania\/sk\u0142adania prac up\u0142ywa <strong>10 maja 2026 roku o godzinie 23:59. <\/strong>Szczeg\u00f3\u0142owe informacje (regulamin wraz z za\u0142\u0105cznikami) w zak\u0142adce konkurs.<\/span><\/p><p><span style=\"color: #000000;\">Uprzejmie prosimy o pomoc w rozpropagowaniu konkursu w\u015br\u00f3d nauczycieli j\u0119zyka polskiego, plastyki, wychowawc\u00f3w poszczeg\u00f3lnych klas, uczni\u00f3w szk\u00f3\u0142 podstawowych i ponadpodstawowych oraz student\u00f3w.<\/span><\/p><p><span style=\"color: #000000;\">W razie pyta\u0144 zapraszamy do kontaktu mailowego:<\/span> <span style=\"color: #0000ff;\"><a style=\"color: #0000ff;\" href=\"mailto:niziurski2025@ujk.edu.pl\">niziurski2025@ujk.edu.pl<\/a><span style=\"color: #000000;\">.<\/span><\/span><\/p>\t\t\t\t\t\t\t\t<\/div>\n\t\t\t\t<\/div>\n\t\t\t\t<div class=\"elementor-element elementor-element-b39f42a elementor-button-info elementor-align-right elementor-widget elementor-widget-button\" data-id=\"b39f42a\" data-element_type=\"widget\" data-widget_type=\"button.default\">\n\t\t\t\t<div class=\"elementor-widget-container\">\n\t\t\t\t\t\t\t\t\t<div class=\"elementor-button-wrapper\">\n\t\t\t\t\t<a class=\"elementor-button elementor-button-link elementor-size-sm\" href=\"https:\/\/ilij.ujk.edu.pl\/niziurski2025\/index.php\/konkursy-2\/\" target=\"_blank\">\n\t\t\t\t\t\t<span class=\"elementor-button-content-wrapper\">\n\t\t\t\t\t\t\t\t\t<span class=\"elementor-button-text\">Szczeg\u00f3\u0142y - KONKURS<\/span>\n\t\t\t\t\t<\/span>\n\t\t\t\t\t<\/a>\n\t\t\t\t<\/div>\n\t\t\t\t\t\t\t\t<\/div>\n\t\t\t\t<\/div>\n\t\t\t\t\t<\/div>\n\t\t\t\t<\/div>\n\t\t<div class=\"elementor-element elementor-element-dda477e e-flex e-con-boxed e-con e-parent\" data-id=\"dda477e\" data-element_type=\"container\">\n\t\t\t\t\t<div class=\"e-con-inner\">\n\t\t\t\t<div class=\"elementor-element elementor-element-8554cb9 elementor-widget elementor-widget-spacer\" data-id=\"8554cb9\" data-element_type=\"widget\" data-widget_type=\"spacer.default\">\n\t\t\t\t<div class=\"elementor-widget-container\">\n\t\t\t\t\t\t\t<div class=\"elementor-spacer\">\n\t\t\t<div class=\"elementor-spacer-inner\"><\/div>\n\t\t<\/div>\n\t\t\t\t\t\t<\/div>\n\t\t\t\t<\/div>\n\t\t\t\t\t<\/div>\n\t\t\t\t<\/div>\n\t\t<div class=\"elementor-element elementor-element-a275cd3 e-flex e-con-boxed e-con e-parent\" data-id=\"a275cd3\" data-element_type=\"container\">\n\t\t\t\t\t<div class=\"e-con-inner\">\n\t\t\t\t<div class=\"elementor-element elementor-element-0948da4 elementor-widget-divider--view-line elementor-widget elementor-widget-divider\" data-id=\"0948da4\" data-element_type=\"widget\" data-widget_type=\"divider.default\">\n\t\t\t\t<div class=\"elementor-widget-container\">\n\t\t\t\t\t\t\t<div class=\"elementor-divider\">\n\t\t\t<span class=\"elementor-divider-separator\">\n\t\t\t\t\t\t<\/span>\n\t\t<\/div>\n\t\t\t\t\t\t<\/div>\n\t\t\t\t<\/div>\n\t\t\t\t\t<\/div>\n\t\t\t\t<\/div>\n\t\t<div class=\"elementor-element elementor-element-b22742a e-flex e-con-boxed e-con e-parent\" data-id=\"b22742a\" data-element_type=\"container\">\n\t\t\t\t\t<div class=\"e-con-inner\">\n\t\t\t\t<div class=\"elementor-element elementor-element-baa7ce9 elementor-widget elementor-widget-spacer\" data-id=\"baa7ce9\" data-element_type=\"widget\" data-widget_type=\"spacer.default\">\n\t\t\t\t<div class=\"elementor-widget-container\">\n\t\t\t\t\t\t\t<div class=\"elementor-spacer\">\n\t\t\t<div class=\"elementor-spacer-inner\"><\/div>\n\t\t<\/div>\n\t\t\t\t\t\t<\/div>\n\t\t\t\t<\/div>\n\t\t\t\t\t<\/div>\n\t\t\t\t<\/div>\n\t\t<div class=\"elementor-element elementor-element-e3ca640 e-flex e-con-boxed e-con e-parent\" data-id=\"e3ca640\" data-element_type=\"container\">\n\t\t\t\t\t<div class=\"e-con-inner\">\n\t\t\t\t<div class=\"elementor-element elementor-element-4318f43 elementor-widget elementor-widget-text-editor\" data-id=\"4318f43\" data-element_type=\"widget\" data-widget_type=\"text-editor.default\">\n\t\t\t\t<div class=\"elementor-widget-container\">\n\t\t\t\t\t\t\t\t\t<h2 style=\"text-align: center;\"><strong>Jego utwory, nasze zagadki, czyli pi\u015bmiennicza <em>Niziurskolandia<\/em><\/strong><\/h2>\t\t\t\t\t\t\t\t<\/div>\n\t\t\t\t<\/div>\n\t\t\t\t\t<\/div>\n\t\t\t\t<\/div>\n\t\t<div class=\"elementor-element elementor-element-ddf98b7 e-flex e-con-boxed e-con e-parent\" data-id=\"ddf98b7\" data-element_type=\"container\">\n\t\t\t\t\t<div class=\"e-con-inner\">\n\t\t\t\t<div class=\"elementor-element elementor-element-85fd138 elementor-widget elementor-widget-text-editor\" data-id=\"85fd138\" data-element_type=\"widget\" data-widget_type=\"text-editor.default\">\n\t\t\t\t<div class=\"elementor-widget-container\">\n\t\t\t\t\t\t\t\t\t<h2><strong>Szarady w\u00a0 centrum uwagi i cytaty na drog\u0119<\/strong><\/h2>\t\t\t\t\t\t\t\t<\/div>\n\t\t\t\t<\/div>\n\t\t\t\t\t<\/div>\n\t\t\t\t<\/div>\n\t\t<div class=\"elementor-element elementor-element-15f3eb1 e-flex e-con-boxed e-con e-parent\" data-id=\"15f3eb1\" data-element_type=\"container\">\n\t\t\t\t\t<div class=\"e-con-inner\">\n\t\t\t\t<div class=\"elementor-element elementor-element-c811789 elementor-widget elementor-widget-spacer\" data-id=\"c811789\" data-element_type=\"widget\" data-widget_type=\"spacer.default\">\n\t\t\t\t<div class=\"elementor-widget-container\">\n\t\t\t\t\t\t\t<div class=\"elementor-spacer\">\n\t\t\t<div class=\"elementor-spacer-inner\"><\/div>\n\t\t<\/div>\n\t\t\t\t\t\t<\/div>\n\t\t\t\t<\/div>\n\t\t\t\t\t<\/div>\n\t\t\t\t<\/div>\n\t\t<div class=\"elementor-element elementor-element-41df096 e-flex e-con-boxed e-con e-parent\" data-id=\"41df096\" data-element_type=\"container\">\n\t\t\t\t\t<div class=\"e-con-inner\">\n\t\t\t\t<div class=\"elementor-element elementor-element-afbe387 elementor-widget elementor-widget-text-editor\" data-id=\"afbe387\" data-element_type=\"widget\" data-widget_type=\"text-editor.default\">\n\t\t\t\t<div class=\"elementor-widget-container\">\n\t\t\t\t\t\t\t\t\t<p style=\"font-weight: 400;\"><span style=\"color: #000000;\">W ramach czerwcowej konferencji (2025) szczeg\u00f3lne uznanie zdoby\u0142y zagadki zwi\u0105zane z Edmundem Niziurskim, ch\u0119tnie rozwi\u0105zywane\u00a0nie tylko w dniach obrad.<\/span><\/p><p style=\"font-weight: 400;\"><span style=\"color: #000000;\">Konkurs pieczo\u0142owicie przygotowywa\u0142a i ze znawstwem opracowa\u0142a mgr Agnieszka Dolecka\u00a0(Zak\u0142ad Bada\u0144 Kulturowych ILiJ UJK), autorka ponad 150 \u0142amig\u0142\u00f3wek. Przez 44 tygodnie na stronie internetowej projektu \u2013 w ramach cyklu <strong><em>Tydzie\u0144 z zagadkami<\/em><\/strong>\u00a0(zak\u0142adka:\u00a0<span style=\"color: #0000ff;\"><a style=\"color: #0000ff;\" href=\"https:\/\/ilij.ujk.edu.pl\/niziurski2025\/index.php\/konkursy\/\" target=\"_blank\" rel=\"noopener\"><em>Zagadki<\/em><\/a><\/span>) \u2013 pojawia\u0142y si\u0119 eliminatki, jolki, finki, czepki, samosie, konsonantki, tafelki, imionniki, logogryfy, skrzy\u017cowania, wir\u00f3wki tautogramowe, kresk\u00f3wki, rebusy, uk\u0142adanki, dope\u0142nianki, przesuwanki, zaplatanki, kalambury, algebrafy, metagramy, szyfrogramy, samog\u0142osk\u00f3wki, s\u0142owoci\u0105gi i in. W trakcie sesji\u00a0zago\u015bci\u0142y one r\u00f3wnie\u017c w sali obrad.<\/span><\/p><p><span style=\"color: #000000;\">Warto wspomnie\u0107, \u017ce istota zagadek polega na odgadni\u0119ciu ukrytego has\u0142a, zjawiska lub przedmiotu na podstawie opisu, rymowanki, gry s\u0142\u00f3w czy rebusu. Zabawy takie wspieraj\u0105 logiczne my\u015blenie i\u00a0 pami\u0119\u0107, pozwalaj\u0105 rozwija\u0107 kreatywno\u015b\u0107 i wzbogaca\u0107 s\u0142ownictwo. Wyr\u00f3\u017cniamy m.in. zagadki obrazkowe, logiczne czy rymowane.<\/span><\/p><p style=\"font-weight: 400;\"><span style=\"color: #000000;\">Szarady to rodzaj zagadek s\u0142ownych,\u00a0zazwyczaj\u00a0w postaci wierszy, gdzie sylaby\u00a0odgadywanych s\u0142\u00f3w (zaszyfrowanych liczebnikami)\u00a0prowadz\u0105 do odgadni\u0119cia\u00a0ko\u0144cowego has\u0142a.\u00a0Rozwi\u0105zanie\u00a0szarady\u00a0wymaga rozszyfrowania wielu ukrytych znacze\u0144. \u00a0<\/span><\/p><p style=\"font-weight: 400;\"><span style=\"color: #000000;\">Trening umys\u0142u i rozrywki literackie przypad\u0142y do gustu uczestnikom w ka\u017cdym wieku. <\/span><span style=\"color: #ffffff;\">.<\/span><\/p>\t\t\t\t\t\t\t\t<\/div>\n\t\t\t\t<\/div>\n\t\t\t\t\t<\/div>\n\t\t\t\t<\/div>\n\t\t<div class=\"elementor-element elementor-element-b622aa9 e-flex e-con-boxed e-con e-parent\" data-id=\"b622aa9\" data-element_type=\"container\">\n\t\t\t\t\t<div class=\"e-con-inner\">\n\t\t\t\t<div class=\"elementor-element elementor-element-452d90b elementor-arrows-position-inside elementor-pagination-position-outside elementor-widget elementor-widget-image-carousel\" data-id=\"452d90b\" data-element_type=\"widget\" data-settings=\"{&quot;slides_to_show&quot;:&quot;1&quot;,&quot;navigation&quot;:&quot;both&quot;,&quot;autoplay&quot;:&quot;yes&quot;,&quot;pause_on_hover&quot;:&quot;yes&quot;,&quot;pause_on_interaction&quot;:&quot;yes&quot;,&quot;autoplay_speed&quot;:5000,&quot;infinite&quot;:&quot;yes&quot;,&quot;effect&quot;:&quot;slide&quot;,&quot;speed&quot;:500}\" data-widget_type=\"image-carousel.default\">\n\t\t\t\t<div class=\"elementor-widget-container\">\n\t\t\t\t\t\t\t<div class=\"elementor-image-carousel-wrapper swiper\" role=\"region\" aria-roledescription=\"carousel\" aria-label=\"Karuzela obrazk\u00f3w\" dir=\"ltr\">\n\t\t\t<div class=\"elementor-image-carousel swiper-wrapper\" aria-live=\"off\">\n\t\t\t\t\t\t\t\t<div class=\"swiper-slide\" role=\"group\" aria-roledescription=\"slide\" aria-label=\"1 z 15\"><figure class=\"swiper-slide-inner\"><img decoding=\"async\" class=\"swiper-slide-image\" src=\"https:\/\/ilij.ujk.edu.pl\/niziurski2025\/wp-content\/uploads\/2026\/03\/Logogryf-Kreskowka_33-724x1024.png\" alt=\"Logogryf, Kresk\u00f3wka 33\" \/><\/figure><\/div><div class=\"swiper-slide\" role=\"group\" aria-roledescription=\"slide\" aria-label=\"2 z 15\"><figure class=\"swiper-slide-inner\"><img decoding=\"async\" class=\"swiper-slide-image\" src=\"https:\/\/ilij.ujk.edu.pl\/niziurski2025\/wp-content\/uploads\/2026\/03\/PDF-26.05.2025__Strona_1-724x1024.png\" alt=\"PDF 26.05.2025 Strona 1\" \/><\/figure><\/div><div class=\"swiper-slide\" role=\"group\" aria-roledescription=\"slide\" aria-label=\"3 z 15\"><figure class=\"swiper-slide-inner\"><img decoding=\"async\" class=\"swiper-slide-image\" src=\"https:\/\/ilij.ujk.edu.pl\/niziurski2025\/wp-content\/uploads\/2026\/03\/28.04_Strona_2-724x1024.png\" alt=\"28.04 Strona 2\" \/><\/figure><\/div><div class=\"swiper-slide\" role=\"group\" aria-roledescription=\"slide\" aria-label=\"4 z 15\"><figure class=\"swiper-slide-inner\"><img decoding=\"async\" class=\"swiper-slide-image\" src=\"https:\/\/ilij.ujk.edu.pl\/niziurski2025\/wp-content\/uploads\/2026\/03\/24.11_Strona_2-1-724x1024.png\" alt=\"24.11 Strona 2\" \/><\/figure><\/div><div class=\"swiper-slide\" role=\"group\" aria-roledescription=\"slide\" aria-label=\"5 z 15\"><figure class=\"swiper-slide-inner\"><img decoding=\"async\" class=\"swiper-slide-image\" src=\"https:\/\/ilij.ujk.edu.pl\/niziurski2025\/wp-content\/uploads\/2026\/03\/24.11_Strona_1-1-724x1024.png\" alt=\"24.11 Strona 1\" \/><\/figure><\/div><div class=\"swiper-slide\" role=\"group\" aria-roledescription=\"slide\" aria-label=\"6 z 15\"><figure class=\"swiper-slide-inner\"><img decoding=\"async\" class=\"swiper-slide-image\" src=\"https:\/\/ilij.ujk.edu.pl\/niziurski2025\/wp-content\/uploads\/2026\/03\/24.03_Strona_2-1-724x1024.png\" alt=\"24.03 Strona 2\" \/><\/figure><\/div><div class=\"swiper-slide\" role=\"group\" aria-roledescription=\"slide\" aria-label=\"7 z 15\"><figure class=\"swiper-slide-inner\"><img decoding=\"async\" class=\"swiper-slide-image\" src=\"https:\/\/ilij.ujk.edu.pl\/niziurski2025\/wp-content\/uploads\/2026\/03\/23.06_Strona_1-724x1024.png\" alt=\"23.06 Strona 1\" \/><\/figure><\/div><div class=\"swiper-slide\" role=\"group\" aria-roledescription=\"slide\" aria-label=\"8 z 15\"><figure class=\"swiper-slide-inner\"><img decoding=\"async\" class=\"swiper-slide-image\" src=\"https:\/\/ilij.ujk.edu.pl\/niziurski2025\/wp-content\/uploads\/2026\/03\/8.12_Strona_2-724x1024.png\" alt=\"8.12 Strona 2\" \/><\/figure><\/div><div class=\"swiper-slide\" role=\"group\" aria-roledescription=\"slide\" aria-label=\"9 z 15\"><figure class=\"swiper-slide-inner\"><img decoding=\"async\" class=\"swiper-slide-image\" src=\"https:\/\/ilij.ujk.edu.pl\/niziurski2025\/wp-content\/uploads\/2026\/03\/07.07_Strona_2-724x1024.png\" alt=\"07.07 Strona 2\" \/><\/figure><\/div><div class=\"swiper-slide\" role=\"group\" aria-roledescription=\"slide\" aria-label=\"10 z 15\"><figure class=\"swiper-slide-inner\"><img decoding=\"async\" class=\"swiper-slide-image\" src=\"https:\/\/ilij.ujk.edu.pl\/niziurski2025\/wp-content\/uploads\/2026\/03\/07.07_Strona_1-724x1024.png\" alt=\"07.07 Strona 1\" \/><\/figure><\/div><div class=\"swiper-slide\" role=\"group\" aria-roledescription=\"slide\" aria-label=\"11 z 15\"><figure class=\"swiper-slide-inner\"><img decoding=\"async\" class=\"swiper-slide-image\" src=\"https:\/\/ilij.ujk.edu.pl\/niziurski2025\/wp-content\/uploads\/2026\/03\/1.12_Strona_2-724x1024.png\" alt=\"1.12 Strona 2\" \/><\/figure><\/div><div class=\"swiper-slide\" role=\"group\" aria-roledescription=\"slide\" aria-label=\"12 z 15\"><figure class=\"swiper-slide-inner\"><img decoding=\"async\" class=\"swiper-slide-image\" src=\"https:\/\/ilij.ujk.edu.pl\/niziurski2025\/wp-content\/uploads\/2026\/03\/1.12_Strona_1-1-724x1024.png\" alt=\"1.12 Strona 1\" \/><\/figure><\/div><div class=\"swiper-slide\" role=\"group\" aria-roledescription=\"slide\" aria-label=\"13 z 15\"><figure class=\"swiper-slide-inner\"><img decoding=\"async\" class=\"swiper-slide-image\" src=\"https:\/\/ilij.ujk.edu.pl\/niziurski2025\/wp-content\/uploads\/2026\/03\/20.10_Strona_2-724x1024.png\" alt=\"20.10 Strona 2\" \/><\/figure><\/div><div class=\"swiper-slide\" role=\"group\" aria-roledescription=\"slide\" aria-label=\"14 z 15\"><figure class=\"swiper-slide-inner\"><img decoding=\"async\" class=\"swiper-slide-image\" src=\"https:\/\/ilij.ujk.edu.pl\/niziurski2025\/wp-content\/uploads\/2026\/03\/8.09_Strona_2-724x1024.png\" alt=\"8.09 Strona 2\" \/><\/figure><\/div><div class=\"swiper-slide\" role=\"group\" aria-roledescription=\"slide\" aria-label=\"15 z 15\"><figure class=\"swiper-slide-inner\"><img decoding=\"async\" class=\"swiper-slide-image\" src=\"https:\/\/ilij.ujk.edu.pl\/niziurski2025\/wp-content\/uploads\/2026\/03\/1.12_Strona_1-724x1024.png\" alt=\"1.12 Strona 1\" \/><\/figure><\/div>\t\t\t<\/div>\n\t\t\t\t\t\t\t\t\t\t\t\t<div class=\"elementor-swiper-button elementor-swiper-button-prev\" role=\"button\" tabindex=\"0\">\n\t\t\t\t\t\t<svg aria-hidden=\"true\" class=\"e-font-icon-svg e-eicon-chevron-left\" viewBox=\"0 0 1000 1000\" xmlns=\"http:\/\/www.w3.org\/2000\/svg\"><path d=\"M646 125C629 125 613 133 604 142L308 442C296 454 292 471 292 487 292 504 296 521 308 533L604 854C617 867 629 875 646 875 663 875 679 871 692 858 704 846 713 829 713 812 713 796 708 779 692 767L438 487 692 225C700 217 708 204 708 187 708 171 704 154 692 142 675 129 663 125 646 125Z\"><\/path><\/svg>\t\t\t\t\t<\/div>\n\t\t\t\t\t<div class=\"elementor-swiper-button elementor-swiper-button-next\" role=\"button\" tabindex=\"0\">\n\t\t\t\t\t\t<svg aria-hidden=\"true\" class=\"e-font-icon-svg e-eicon-chevron-right\" viewBox=\"0 0 1000 1000\" xmlns=\"http:\/\/www.w3.org\/2000\/svg\"><path d=\"M696 533C708 521 713 504 713 487 713 471 708 454 696 446L400 146C388 133 375 125 354 125 338 125 325 129 313 142 300 154 292 171 292 187 292 204 296 221 308 233L563 492 304 771C292 783 288 800 288 817 288 833 296 850 308 863 321 871 338 875 354 875 371 875 388 867 400 854L696 533Z\"><\/path><\/svg>\t\t\t\t\t<\/div>\n\t\t\t\t\n\t\t\t\t\t\t\t\t\t<div class=\"swiper-pagination\"><\/div>\n\t\t\t\t\t\t\t\t\t<\/div>\n\t\t\t\t\t\t<\/div>\n\t\t\t\t<\/div>\n\t\t\t\t\t<\/div>\n\t\t\t\t<\/div>\n\t\t<div class=\"elementor-element elementor-element-cb3096d e-flex e-con-boxed e-con e-parent\" data-id=\"cb3096d\" data-element_type=\"container\">\n\t\t\t\t\t<div class=\"e-con-inner\">\n\t\t\t\t<div class=\"elementor-element elementor-element-4e96b90 elementor-widget elementor-widget-text-editor\" data-id=\"4e96b90\" data-element_type=\"widget\" data-widget_type=\"text-editor.default\">\n\t\t\t\t<div class=\"elementor-widget-container\">\n\t\t\t\t\t\t\t\t\t<h5><span style=\"color: #ffffff;\">.<\/span><\/h5><h5 style=\"text-align: center;\"><span style=\"color: #000000;\">* * *<\/span><\/h5><p><span style=\"color: #ffffff;\">.<\/span><\/p><p><span style=\"color: #000000;\">Publiczno\u015b\u0107 mog\u0142a skorzysta\u0107 ponadto z zawarto\u015bci koszyczka, w kt\u00f3rym znalaz\u0142y si\u0119 cytaty z ksi\u0105\u017cek E. Niziurskiego. \u201eKoszyk cytat\u00f3w\u201d spotka\u0142 si\u0119 z zainteresowaniem uczestnik\u00f3w wydarze\u0144. Wiele zwoj\u00f3w z fragmentami r\u00f3\u017cnych powie\u015bci by\u0142o spor\u0105 niespodziank\u0105, ale i mi\u0142ym wspomnieniem z lektur, kt\u00f3re mo\u017cna by\u0142o wzi\u0105\u0107 ze sob\u0105 \u201ena drog\u0119\u201d. Cytaty wybra\u0142y i opracowa\u0142y mgr Aleksandra Kobia\u0142ka (doktorantka literaturoznawstwa) i lic. Rozalia Urbanik (studentka filologii polskiej, studia II stopnia).<\/span><span style=\"color: #ffffff;\">.<\/span><\/p>\t\t\t\t\t\t\t\t<\/div>\n\t\t\t\t<\/div>\n\t\t\t\t\t<\/div>\n\t\t\t\t<\/div>\n\t\t<div class=\"elementor-element elementor-element-b2c66c4 e-flex e-con-boxed e-con e-parent\" data-id=\"b2c66c4\" data-element_type=\"container\">\n\t\t\t\t\t<div class=\"e-con-inner\">\n\t\t\t\t<div class=\"elementor-element elementor-element-5b46c0f elementor-widget elementor-widget-spacer\" data-id=\"5b46c0f\" data-element_type=\"widget\" data-widget_type=\"spacer.default\">\n\t\t\t\t<div class=\"elementor-widget-container\">\n\t\t\t\t\t\t\t<div class=\"elementor-spacer\">\n\t\t\t<div class=\"elementor-spacer-inner\"><\/div>\n\t\t<\/div>\n\t\t\t\t\t\t<\/div>\n\t\t\t\t<\/div>\n\t\t\t\t\t<\/div>\n\t\t\t\t<\/div>\n\t\t<div class=\"elementor-element elementor-element-b086757 e-flex e-con-boxed e-con e-parent\" data-id=\"b086757\" data-element_type=\"container\">\n\t\t\t\t\t<div class=\"e-con-inner\">\n\t\t\t\t<div class=\"elementor-element elementor-element-f518272 elementor-arrows-position-inside elementor-pagination-position-outside elementor-widget elementor-widget-image-carousel\" data-id=\"f518272\" data-element_type=\"widget\" data-settings=\"{&quot;slides_to_show&quot;:&quot;1&quot;,&quot;navigation&quot;:&quot;both&quot;,&quot;autoplay&quot;:&quot;yes&quot;,&quot;pause_on_hover&quot;:&quot;yes&quot;,&quot;pause_on_interaction&quot;:&quot;yes&quot;,&quot;autoplay_speed&quot;:5000,&quot;infinite&quot;:&quot;yes&quot;,&quot;effect&quot;:&quot;slide&quot;,&quot;speed&quot;:500}\" data-widget_type=\"image-carousel.default\">\n\t\t\t\t<div class=\"elementor-widget-container\">\n\t\t\t\t\t\t\t<div class=\"elementor-image-carousel-wrapper swiper\" role=\"region\" aria-roledescription=\"carousel\" aria-label=\"Karuzela obrazk\u00f3w\" dir=\"ltr\">\n\t\t\t<div class=\"elementor-image-carousel swiper-wrapper\" aria-live=\"off\">\n\t\t\t\t\t\t\t\t<div class=\"swiper-slide\" role=\"group\" aria-roledescription=\"slide\" aria-label=\"1 z 5\"><figure class=\"swiper-slide-inner\"><img decoding=\"async\" class=\"swiper-slide-image\" src=\"https:\/\/ilij.ujk.edu.pl\/niziurski2025\/wp-content\/uploads\/2026\/03\/20260227_135538-1-768x1024.jpg\" alt=\"20260227 135538\" \/><\/figure><\/div><div class=\"swiper-slide\" role=\"group\" aria-roledescription=\"slide\" aria-label=\"2 z 5\"><figure class=\"swiper-slide-inner\"><img decoding=\"async\" class=\"swiper-slide-image\" src=\"https:\/\/ilij.ujk.edu.pl\/niziurski2025\/wp-content\/uploads\/2026\/03\/IMG_6968-576x1024.jpeg\" alt=\"IMG 6968\" \/><\/figure><\/div><div class=\"swiper-slide\" role=\"group\" aria-roledescription=\"slide\" aria-label=\"3 z 5\"><figure class=\"swiper-slide-inner\"><img decoding=\"async\" class=\"swiper-slide-image\" src=\"https:\/\/ilij.ujk.edu.pl\/niziurski2025\/wp-content\/uploads\/2026\/03\/WhatsApp-Image-2026-03-13-at-18.43.14-1024x768.jpeg\" alt=\"WhatsApp Image 2026 03 13 at 18.43.14\" \/><\/figure><\/div><div class=\"swiper-slide\" role=\"group\" aria-roledescription=\"slide\" aria-label=\"4 z 5\"><figure class=\"swiper-slide-inner\"><img decoding=\"async\" class=\"swiper-slide-image\" src=\"https:\/\/ilij.ujk.edu.pl\/niziurski2025\/wp-content\/uploads\/2025\/11\/IMG_6967-1024x576.jpeg\" alt=\"IMG_6967\" \/><\/figure><\/div><div class=\"swiper-slide\" role=\"group\" aria-roledescription=\"slide\" aria-label=\"5 z 5\"><figure class=\"swiper-slide-inner\"><img decoding=\"async\" class=\"swiper-slide-image\" src=\"https:\/\/ilij.ujk.edu.pl\/niziurski2025\/wp-content\/uploads\/2026\/03\/20260226_100205-1-768x1024.jpg\" alt=\"20260226 100205\" \/><\/figure><\/div>\t\t\t<\/div>\n\t\t\t\t\t\t\t\t\t\t\t\t<div class=\"elementor-swiper-button elementor-swiper-button-prev\" role=\"button\" tabindex=\"0\">\n\t\t\t\t\t\t<svg aria-hidden=\"true\" class=\"e-font-icon-svg e-eicon-chevron-left\" viewBox=\"0 0 1000 1000\" xmlns=\"http:\/\/www.w3.org\/2000\/svg\"><path d=\"M646 125C629 125 613 133 604 142L308 442C296 454 292 471 292 487 292 504 296 521 308 533L604 854C617 867 629 875 646 875 663 875 679 871 692 858 704 846 713 829 713 812 713 796 708 779 692 767L438 487 692 225C700 217 708 204 708 187 708 171 704 154 692 142 675 129 663 125 646 125Z\"><\/path><\/svg>\t\t\t\t\t<\/div>\n\t\t\t\t\t<div class=\"elementor-swiper-button elementor-swiper-button-next\" role=\"button\" tabindex=\"0\">\n\t\t\t\t\t\t<svg aria-hidden=\"true\" class=\"e-font-icon-svg e-eicon-chevron-right\" viewBox=\"0 0 1000 1000\" xmlns=\"http:\/\/www.w3.org\/2000\/svg\"><path d=\"M696 533C708 521 713 504 713 487 713 471 708 454 696 446L400 146C388 133 375 125 354 125 338 125 325 129 313 142 300 154 292 171 292 187 292 204 296 221 308 233L563 492 304 771C292 783 288 800 288 817 288 833 296 850 308 863 321 871 338 875 354 875 371 875 388 867 400 854L696 533Z\"><\/path><\/svg>\t\t\t\t\t<\/div>\n\t\t\t\t\n\t\t\t\t\t\t\t\t\t<div class=\"swiper-pagination\"><\/div>\n\t\t\t\t\t\t\t\t\t<\/div>\n\t\t\t\t\t\t<\/div>\n\t\t\t\t<\/div>\n\t\t\t\t\t<\/div>\n\t\t\t\t<\/div>\n\t\t<div class=\"elementor-element elementor-element-6679554 e-flex e-con-boxed e-con e-parent\" data-id=\"6679554\" data-element_type=\"container\">\n\t\t\t\t\t<div class=\"e-con-inner\">\n\t\t\t\t<div class=\"elementor-element elementor-element-5d15375 elementor-widget elementor-widget-spacer\" data-id=\"5d15375\" data-element_type=\"widget\" data-widget_type=\"spacer.default\">\n\t\t\t\t<div class=\"elementor-widget-container\">\n\t\t\t\t\t\t\t<div class=\"elementor-spacer\">\n\t\t\t<div class=\"elementor-spacer-inner\"><\/div>\n\t\t<\/div>\n\t\t\t\t\t\t<\/div>\n\t\t\t\t<\/div>\n\t\t\t\t\t<\/div>\n\t\t\t\t<\/div>\n\t\t<div class=\"elementor-element elementor-element-f34b829 e-flex e-con-boxed e-con e-parent\" data-id=\"f34b829\" data-element_type=\"container\">\n\t\t\t\t\t<div class=\"e-con-inner\">\n\t\t\t\t<div class=\"elementor-element elementor-element-c537cca elementor-widget-divider--view-line elementor-widget elementor-widget-divider\" data-id=\"c537cca\" data-element_type=\"widget\" data-widget_type=\"divider.default\">\n\t\t\t\t<div class=\"elementor-widget-container\">\n\t\t\t\t\t\t\t<div class=\"elementor-divider\">\n\t\t\t<span class=\"elementor-divider-separator\">\n\t\t\t\t\t\t<\/span>\n\t\t<\/div>\n\t\t\t\t\t\t<\/div>\n\t\t\t\t<\/div>\n\t\t\t\t\t<\/div>\n\t\t\t\t<\/div>\n\t\t<div class=\"elementor-element elementor-element-e845ac2 e-flex e-con-boxed e-con e-parent\" data-id=\"e845ac2\" data-element_type=\"container\">\n\t\t\t\t\t<div class=\"e-con-inner\">\n\t\t\t\t<div class=\"elementor-element elementor-element-85754eb elementor-widget elementor-widget-spacer\" data-id=\"85754eb\" data-element_type=\"widget\" data-widget_type=\"spacer.default\">\n\t\t\t\t<div class=\"elementor-widget-container\">\n\t\t\t\t\t\t\t<div class=\"elementor-spacer\">\n\t\t\t<div class=\"elementor-spacer-inner\"><\/div>\n\t\t<\/div>\n\t\t\t\t\t\t<\/div>\n\t\t\t\t<\/div>\n\t\t\t\t\t<\/div>\n\t\t\t\t<\/div>\n\t\t<div class=\"elementor-element elementor-element-cd66c9a e-flex e-con-boxed e-con e-parent\" data-id=\"cd66c9a\" data-element_type=\"container\">\n\t\t\t\t\t<div class=\"e-con-inner\">\n\t\t\t\t<div class=\"elementor-element elementor-element-93a53ac elementor-widget elementor-widget-heading\" data-id=\"93a53ac\" data-element_type=\"widget\" data-widget_type=\"heading.default\">\n\t\t\t\t<div class=\"elementor-widget-container\">\n\t\t\t\t\t<h2 class=\"elementor-heading-title elementor-size-default\">Niziurski w Studiach Filologicznych UJK<\/h2>\t\t\t\t<\/div>\n\t\t\t\t<\/div>\n\t\t\t\t<div class=\"elementor-element elementor-element-f7aabe2 elementor-widget elementor-widget-spacer\" data-id=\"f7aabe2\" data-element_type=\"widget\" data-widget_type=\"spacer.default\">\n\t\t\t\t<div class=\"elementor-widget-container\">\n\t\t\t\t\t\t\t<div class=\"elementor-spacer\">\n\t\t\t<div class=\"elementor-spacer-inner\"><\/div>\n\t\t<\/div>\n\t\t\t\t\t\t<\/div>\n\t\t\t\t<\/div>\n\t\t\t\t\t<\/div>\n\t\t\t\t<\/div>\n\t\t<div class=\"elementor-element elementor-element-d71d017 e-flex e-con-boxed e-con e-parent\" data-id=\"d71d017\" data-element_type=\"container\">\n\t\t\t\t\t<div class=\"e-con-inner\">\n\t\t<div class=\"elementor-element elementor-element-c432290 e-con-full e-flex e-con e-child\" data-id=\"c432290\" data-element_type=\"container\">\n\t\t\t\t<div class=\"elementor-element elementor-element-2c2376c elementor-widget elementor-widget-text-editor\" data-id=\"2c2376c\" data-element_type=\"widget\" data-widget_type=\"text-editor.default\">\n\t\t\t\t<div class=\"elementor-widget-container\">\n\t\t\t\t\t\t\t\t\t<ul><li><span style=\"color: #000000;\"><a style=\"color: #000000;\" href=\"https:\/\/studiafilologiczne.ujk.edu.pl\/sf\/view\/3000\" target=\"_blank\" rel=\"noopener\">Osobliwe przypadki metaliteratury. Literatura i literaci jako w\u0105tek tematyczny w tw\u00f3rczo\u015bci Edmunda Niziurskiego.<\/a><\/span><\/li><\/ul>\t\t\t\t\t\t\t\t<\/div>\n\t\t\t\t<\/div>\n\t\t\t\t<div class=\"elementor-element elementor-element-b17e9e6 elementor-widget elementor-widget-text-editor\" data-id=\"b17e9e6\" data-element_type=\"widget\" data-widget_type=\"text-editor.default\">\n\t\t\t\t<div class=\"elementor-widget-container\">\n\t\t\t\t\t\t\t\t\t<ul><li><a href=\"https:\/\/studiafilologiczne.ujk.edu.pl\/sf\/view\/3006\" target=\"_blank\" rel=\"noopener\"><span style=\"color: #000000;\">Undesirable behaviour towards staff (based on selected works by Edmund Niziurski) in the context of legal protection and proposed changes to statutory definitions found in the Labour Code.<\/span><\/a><\/li><\/ul>\t\t\t\t\t\t\t\t<\/div>\n\t\t\t\t<\/div>\n\t\t\t\t<\/div>\n\t\t<div class=\"elementor-element elementor-element-0db43e3 e-con-full e-flex e-con e-child\" data-id=\"0db43e3\" data-element_type=\"container\">\n\t\t\t\t<div class=\"elementor-element elementor-element-e094db7 elementor-widget elementor-widget-image\" data-id=\"e094db7\" data-element_type=\"widget\" data-widget_type=\"image.default\">\n\t\t\t\t<div class=\"elementor-widget-container\">\n\t\t\t\t\t\t\t\t\t\t\t\t\t\t\t\t<a href=\"https:\/\/studiafilologiczne.ujk.edu.pl\/sf\" target=\"_blank\">\n\t\t\t\t\t\t\t<img loading=\"lazy\" decoding=\"async\" width=\"703\" height=\"205\" src=\"https:\/\/ilij.ujk.edu.pl\/niziurski2025\/wp-content\/uploads\/2026\/01\/SFUJK.jpg\" class=\"attachment-medium_large size-medium_large wp-image-3285\" alt=\"SFUJK\" srcset=\"https:\/\/ilij.ujk.edu.pl\/niziurski2025\/wp-content\/uploads\/2026\/01\/SFUJK.jpg 703w, https:\/\/ilij.ujk.edu.pl\/niziurski2025\/wp-content\/uploads\/2026\/01\/SFUJK-300x87.jpg 300w\" sizes=\"(max-width: 703px) 100vw, 703px\" \/>\t\t\t\t\t\t\t\t<\/a>\n\t\t\t\t\t\t\t\t\t\t\t\t\t\t\t<\/div>\n\t\t\t\t<\/div>\n\t\t\t\t<\/div>\n\t\t\t\t\t<\/div>\n\t\t\t\t<\/div>\n\t\t<div class=\"elementor-element elementor-element-613e828 e-flex e-con-boxed e-con e-parent\" data-id=\"613e828\" data-element_type=\"container\">\n\t\t\t\t\t<div class=\"e-con-inner\">\n\t\t\t\t<div class=\"elementor-element elementor-element-9f59b3a elementor-widget elementor-widget-spacer\" data-id=\"9f59b3a\" data-element_type=\"widget\" data-widget_type=\"spacer.default\">\n\t\t\t\t<div class=\"elementor-widget-container\">\n\t\t\t\t\t\t\t<div class=\"elementor-spacer\">\n\t\t\t<div class=\"elementor-spacer-inner\"><\/div>\n\t\t<\/div>\n\t\t\t\t\t\t<\/div>\n\t\t\t\t<\/div>\n\t\t\t\t\t<\/div>\n\t\t\t\t<\/div>\n\t\t<div class=\"elementor-element elementor-element-ad795c2 e-flex e-con-boxed e-con e-parent\" data-id=\"ad795c2\" data-element_type=\"container\">\n\t\t\t\t\t<div class=\"e-con-inner\">\n\t\t\t\t<div class=\"elementor-element elementor-element-6b49706 elementor-widget-divider--view-line elementor-widget elementor-widget-divider\" data-id=\"6b49706\" data-element_type=\"widget\" data-widget_type=\"divider.default\">\n\t\t\t\t<div class=\"elementor-widget-container\">\n\t\t\t\t\t\t\t<div class=\"elementor-divider\">\n\t\t\t<span class=\"elementor-divider-separator\">\n\t\t\t\t\t\t<\/span>\n\t\t<\/div>\n\t\t\t\t\t\t<\/div>\n\t\t\t\t<\/div>\n\t\t\t\t<div class=\"elementor-element elementor-element-40a0b9d elementor-widget elementor-widget-spacer\" data-id=\"40a0b9d\" data-element_type=\"widget\" data-widget_type=\"spacer.default\">\n\t\t\t\t<div class=\"elementor-widget-container\">\n\t\t\t\t\t\t\t<div class=\"elementor-spacer\">\n\t\t\t<div class=\"elementor-spacer-inner\"><\/div>\n\t\t<\/div>\n\t\t\t\t\t\t<\/div>\n\t\t\t\t<\/div>\n\t\t\t\t\t<\/div>\n\t\t\t\t<\/div>\n\t\t<div class=\"elementor-element elementor-element-8e2ce96 e-flex e-con-boxed e-con e-parent\" data-id=\"8e2ce96\" data-element_type=\"container\">\n\t\t\t\t\t<div class=\"e-con-inner\">\n\t\t<div class=\"elementor-element elementor-element-56e5571 e-con-full e-flex e-con e-child\" data-id=\"56e5571\" data-element_type=\"container\">\n\t\t\t\t<div class=\"elementor-element elementor-element-2ab5f8c elementor-widget elementor-widget-image\" data-id=\"2ab5f8c\" data-element_type=\"widget\" data-widget_type=\"image.default\">\n\t\t\t\t<div class=\"elementor-widget-container\">\n\t\t\t\t\t\t\t\t\t\t\t\t\t\t\t<img loading=\"lazy\" decoding=\"async\" width=\"768\" height=\"1024\" src=\"https:\/\/ilij.ujk.edu.pl\/niziurski2025\/wp-content\/uploads\/2026\/01\/Foto-z-roza-scaled-e1768329151479-768x1024.jpg\" class=\"attachment-large size-large wp-image-3300\" alt=\"Foto z r\u00f3\u017c\u0105\" srcset=\"https:\/\/ilij.ujk.edu.pl\/niziurski2025\/wp-content\/uploads\/2026\/01\/Foto-z-roza-scaled-e1768329151479-768x1024.jpg 768w, https:\/\/ilij.ujk.edu.pl\/niziurski2025\/wp-content\/uploads\/2026\/01\/Foto-z-roza-scaled-e1768329151479-225x300.jpg 225w, https:\/\/ilij.ujk.edu.pl\/niziurski2025\/wp-content\/uploads\/2026\/01\/Foto-z-roza-scaled-e1768329151479-1152x1536.jpg 1152w, https:\/\/ilij.ujk.edu.pl\/niziurski2025\/wp-content\/uploads\/2026\/01\/Foto-z-roza-scaled-e1768329151479-1536x2048.jpg 1536w, https:\/\/ilij.ujk.edu.pl\/niziurski2025\/wp-content\/uploads\/2026\/01\/Foto-z-roza-scaled-e1768329151479.jpg 1920w\" sizes=\"(max-width: 768px) 100vw, 768px\" \/>\t\t\t\t\t\t\t\t\t\t\t\t\t\t\t<\/div>\n\t\t\t\t<\/div>\n\t\t\t\t<\/div>\n\t\t<div class=\"elementor-element elementor-element-4dfa552 e-con-full e-flex e-con e-child\" data-id=\"4dfa552\" data-element_type=\"container\">\n\t\t\t\t<div class=\"elementor-element elementor-element-f7d4c4a elementor-widget elementor-widget-heading\" data-id=\"f7d4c4a\" data-element_type=\"widget\" data-widget_type=\"heading.default\">\n\t\t\t\t<div class=\"elementor-widget-container\">\n\t\t\t\t\t<h2 class=\"elementor-heading-title elementor-size-default\">Niziurski na Ba\u0142kanach. O konferencji \u201eGALERIA POSTACI. MAPA MIEJSC \nEdmundowi Niziurskiemu w 100. rocznic\u0119 urodzin\u201d\n<\/h2>\t\t\t\t<\/div>\n\t\t\t\t<\/div>\n\t\t\t\t<div class=\"elementor-element elementor-element-10d0643 elementor-widget elementor-widget-text-editor\" data-id=\"10d0643\" data-element_type=\"widget\" data-widget_type=\"text-editor.default\">\n\t\t\t\t<div class=\"elementor-widget-container\">\n\t\t\t\t\t\t\t\t\t<p style=\"text-align: left;\"><a href=\"https:\/\/www.abcdar.com\/magazine\/XXXII\/Dzl_2025_br32_23a_Marta_Bolinska_100_g_Edmund_Nijurski_Polsha.pdf\"><span style=\"color: #000000;\">100-\u0433\u043e\u0434\u0438\u0448\u043d\u0438\u043d\u0430 \u043e\u0442 \u0440\u043e\u0436\u0434\u0435\u043d\u0438\u0435\u0442\u043e \u043d\u0430 \u0415\u0434\u043c\u0443\u043d\u0434 \u041d\u0438\u0436\u0443\u0440\u0441\u043a\u0438 \u041e\u0431\u0449\u043e\u043f\u043e\u043b\u0441\u043a\u0430 \u043d\u0430\u0443\u0447\u043d\u0430 \u043a\u043e\u043d\u0444\u0435\u0440\u0435\u043d\u0446\u0438\u044f \u2013 <em>\u0413\u0430\u043b\u0435\u0440\u0438\u044f \u043e\u0442 \u043e\u0431\u0440\u0430\u0437\u0438. \u041a\u0430\u0440\u0442\u0430 \u043d\u0430 \u043c\u0435\u0441\u0442\u0430\u0442\u0430<\/em>.<\/span><\/a><\/p>\t\t\t\t\t\t\t\t<\/div>\n\t\t\t\t<\/div>\n\t\t\t\t<\/div>\n\t\t\t\t\t<\/div>\n\t\t\t\t<\/div>\n\t\t<div class=\"elementor-element elementor-element-b47df58 e-flex e-con-boxed e-con e-parent\" data-id=\"b47df58\" data-element_type=\"container\">\n\t\t\t\t\t<div class=\"e-con-inner\">\n\t\t\t\t<div class=\"elementor-element elementor-element-8fadd48 elementor-widget-divider--view-line elementor-widget elementor-widget-divider\" data-id=\"8fadd48\" data-element_type=\"widget\" data-widget_type=\"divider.default\">\n\t\t\t\t<div class=\"elementor-widget-container\">\n\t\t\t\t\t\t\t<div class=\"elementor-divider\">\n\t\t\t<span class=\"elementor-divider-separator\">\n\t\t\t\t\t\t<\/span>\n\t\t<\/div>\n\t\t\t\t\t\t<\/div>\n\t\t\t\t<\/div>\n\t\t\t\t\t<\/div>\n\t\t\t\t<\/div>\n\t\t<div class=\"elementor-element elementor-element-a1f7523 e-flex e-con-boxed e-con e-parent\" data-id=\"a1f7523\" data-element_type=\"container\">\n\t\t\t\t\t<div class=\"e-con-inner\">\n\t\t<div class=\"elementor-element elementor-element-ef54194 e-con-full e-flex e-con e-child\" data-id=\"ef54194\" data-element_type=\"container\">\n\t\t\t\t<div class=\"elementor-element elementor-element-82dd272 elementor-widget elementor-widget-image\" data-id=\"82dd272\" data-element_type=\"widget\" data-widget_type=\"image.default\">\n\t\t\t\t<div class=\"elementor-widget-container\">\n\t\t\t\t\t\t\t\t\t\t\t\t\t\t\t<img loading=\"lazy\" decoding=\"async\" width=\"800\" height=\"797\" src=\"https:\/\/ilij.ujk.edu.pl\/niziurski2025\/wp-content\/uploads\/2025\/05\/nizurski_-1024x1020.png\" class=\"attachment-large size-large wp-image-1181\" alt=\"\" srcset=\"https:\/\/ilij.ujk.edu.pl\/niziurski2025\/wp-content\/uploads\/2025\/05\/nizurski_-1024x1020.png 1024w, https:\/\/ilij.ujk.edu.pl\/niziurski2025\/wp-content\/uploads\/2025\/05\/nizurski_-300x300.png 300w, https:\/\/ilij.ujk.edu.pl\/niziurski2025\/wp-content\/uploads\/2025\/05\/nizurski_-150x150.png 150w, https:\/\/ilij.ujk.edu.pl\/niziurski2025\/wp-content\/uploads\/2025\/05\/nizurski_-768x765.png 768w, https:\/\/ilij.ujk.edu.pl\/niziurski2025\/wp-content\/uploads\/2025\/05\/nizurski_-1536x1530.png 1536w, https:\/\/ilij.ujk.edu.pl\/niziurski2025\/wp-content\/uploads\/2025\/05\/nizurski_.png 1885w\" sizes=\"(max-width: 800px) 100vw, 800px\" \/>\t\t\t\t\t\t\t\t\t\t\t\t\t\t\t<\/div>\n\t\t\t\t<\/div>\n\t\t\t\t<\/div>\n\t\t<div class=\"elementor-element elementor-element-a18883d e-con-full e-flex e-con e-child\" data-id=\"a18883d\" data-element_type=\"container\">\n\t\t\t\t<div class=\"elementor-element elementor-element-ede7d06 elementor-widget elementor-widget-heading\" data-id=\"ede7d06\" data-element_type=\"widget\" data-widget_type=\"heading.default\">\n\t\t\t\t<div class=\"elementor-widget-container\">\n\t\t\t\t\t<h2 class=\"elementor-heading-title elementor-size-default\">Inspirujemy, wsp\u00f3\u0142pracujemy, informujemy\u2026 <\/h2>\t\t\t\t<\/div>\n\t\t\t\t<\/div>\n\t\t\t\t<div class=\"elementor-element elementor-element-0b42e7a elementor-widget elementor-widget-text-editor\" data-id=\"0b42e7a\" data-element_type=\"widget\" data-widget_type=\"text-editor.default\">\n\t\t\t\t<div class=\"elementor-widget-container\">\n\t\t\t\t\t\t\t\t\t<h3 style=\"text-align: center;\"><strong><em>Rok Edmunda Niziurskiego w Kielcach <\/em><\/strong><strong>\u2013 najwa\u017cniejsze wydarzenia<\/strong><\/h3>\t\t\t\t\t\t\t\t<\/div>\n\t\t\t\t<\/div>\n\t\t\t\t<\/div>\n\t\t\t\t\t<\/div>\n\t\t\t\t<\/div>\n\t\t<div class=\"elementor-element elementor-element-f451b14 e-flex e-con-boxed e-con e-parent\" data-id=\"f451b14\" data-element_type=\"container\">\n\t\t\t\t\t<div class=\"e-con-inner\">\n\t\t\t\t<div class=\"elementor-element elementor-element-3f59588 elementor-widget elementor-widget-spacer\" data-id=\"3f59588\" data-element_type=\"widget\" data-widget_type=\"spacer.default\">\n\t\t\t\t<div class=\"elementor-widget-container\">\n\t\t\t\t\t\t\t<div class=\"elementor-spacer\">\n\t\t\t<div class=\"elementor-spacer-inner\"><\/div>\n\t\t<\/div>\n\t\t\t\t\t\t<\/div>\n\t\t\t\t<\/div>\n\t\t\t\t<div class=\"elementor-element elementor-element-65cf717 elementor-widget elementor-widget-heading\" data-id=\"65cf717\" data-element_type=\"widget\" data-widget_type=\"heading.default\">\n\t\t\t\t<div class=\"elementor-widget-container\">\n\t\t\t\t\t<h5 class=\"elementor-heading-title elementor-size-default\">Instytut Literaturoznawstwa i J\u0119zykoznawstwa<\/h5>\t\t\t\t<\/div>\n\t\t\t\t<\/div>\n\t\t\t\t<div class=\"elementor-element elementor-element-a7fd0ff elementor-widget elementor-widget-text-editor\" data-id=\"a7fd0ff\" data-element_type=\"widget\" data-widget_type=\"text-editor.default\">\n\t\t\t\t<div class=\"elementor-widget-container\">\n\t\t\t\t\t\t\t\t\t<p><span style=\"color: #000000;\"><strong>13 lutego<\/strong> \u2013 Uroczysta Sesja Rady Miasta \u2013 uchwa\u0142a ustanawiaj\u0105ca Rok Edmunda Niziurskiego w Kielcach;<\/span><\/p><p><span style=\"color: #000000;\"><strong>14 lutego<\/strong> \u2013 90. rocznica urodzin prof. Jana Pac\u0142awskiego;<\/span><\/p><p><span style=\"color: #000000;\"><strong>10 marca<\/strong> \u2013 konferencja prasowa po\u015bwi\u0119cona obchodom Roku Edmunda Niziurskiego w Kielcach udzia\u0142 wzi\u0119li: Agata Wojda (Prezydent Miasta Kielce); prof. dr hab. Beata Wojciechowska (rektor UJK), dr Ilona Daria Dykty\u0144ska (dyrektor MZiZ) i Anna \u017bmudzi\u0144ska (dyrektor MBP);<\/span><\/p><p><span style=\"color: #000000;\"><strong>10 marca<\/strong> \u2013 og\u0142oszenie I Og\u00f3lnopolskiego Konkursu Literacko-Plastycznego \u201eSekrety Pana N.\u201d;<\/span><\/p><p><span style=\"color: #000000;\"><strong>12 marca<\/strong> \u2013 Humor warsztat\u00f3w\/warsztaty z humorem, czyli \u201eTorbogogi\u201d \u2013 warsztaty dla uczni\u00f3w szk\u00f3\u0142 podstawowych Zespo\u0142u O\u015bwiatowych Plac\u00f3wek Integracyjnych w Micigo\u017adzie i Szko\u0142y Podstawowej im. Jana Paw\u0142a II w Sobkowie w ramach XXXIII Tygodnia Kultury J\u0119zyka);<\/span><\/p><p><span style=\"color: #000000;\"><strong>23 kwietnia<\/strong> \u2013 z okazji Mi\u0119dzynarodowego Dnia Ksi\u0105\u017cki i Praw Autorskich warsztaty \u201eSensoryczne Edmuinspiracje, czyli ok\u0142adki, zeszyty, zak\u0142adki\u201d \u2013 w zaj\u0119ciach wzi\u0119li udzia\u0142 uczniowie szk\u00f3\u0142 podstawowych: Szko\u0142y Podstawowej im. Edmunda Niziurskiego w S\u0142opcu, Szko\u0142y Podstawowej im. Bohater\u00f3w Powstania Styczniowego w Zaj\u0105czkowie, Zespo\u0142u O\u015bwiatowych Plac\u00f3wek Integracyjnych w Micigo\u017adzie i Szko\u0142y Podstawowej im. Jana Paw\u0142a II w Sobkowie;<\/span><\/p><p><span style=\"color: #000000;\"><strong>25 kwietnia<\/strong> \u2013 zaproszenie na obchody 10. rocznicy nadania imienia Edmunda Niziurskiego Szkole Podstawowej w S\u0142opcu z udzia\u0142em dr hab. Marty Boli\u0144skiej, prof. UJK oraz lic. Rozalii Urbanik i spotkanie z Rodzin\u0105 Niziurskich;<\/span><\/p><p><span style=\"color: #000000;\"><strong>3 czerwca<\/strong> \u2013 Og\u00f3lnopolska Konferencja Naukowa \u201eGaleria postaci. Mapa miejsc. Edmundowi Niziurskiemu w 100. rocznic\u0119 urodzin\u201d<\/span><\/p><p><span style=\"color: #000000;\">Jubileusz prof. Jana Pac\u0142awskiego;<\/span><\/p><p><span style=\"color: #000000;\">nadanie im. Edmunda Niziurskiego sali nr 285 \u2013 uroczyste przeci\u0119cie wst\u0119gi przez prof. Jana Pac\u0142awskiego;<\/span><\/p><p><span style=\"color: #000000;\">otwarcie wystawy ksi\u0105\u017cek E. Niziurskiego (ze szczeg\u00f3lnym uwzgl\u0119dnieniem tych samych tytu\u0142\u00f3w, ale innych reklamuj\u0105cych je ok\u0142adek) oraz prac laureat\u00f3w I Og\u00f3lnopolskiego Konkursu Literacko-Plastycznego \u201eSekrety Pana N.\u201d, efekt\u00f3w warsztat\u00f3w promocyjnych poprzedzaj\u0105cych konferencj\u0119;<\/span><\/p><p><span style=\"color: #ffffff;\">.<\/span><\/p><p><img loading=\"lazy\" decoding=\"async\" class=\"aligncenter wp-image-3500 size-large\" src=\"https:\/\/ilij.ujk.edu.pl\/niziurski2025\/wp-content\/uploads\/2026\/01\/11-577x1024.jpg\" alt=\"\" width=\"577\" height=\"1024\" srcset=\"https:\/\/ilij.ujk.edu.pl\/niziurski2025\/wp-content\/uploads\/2026\/01\/11-577x1024.jpg 577w, https:\/\/ilij.ujk.edu.pl\/niziurski2025\/wp-content\/uploads\/2026\/01\/11-169x300.jpg 169w, https:\/\/ilij.ujk.edu.pl\/niziurski2025\/wp-content\/uploads\/2026\/01\/11-768x1363.jpg 768w, https:\/\/ilij.ujk.edu.pl\/niziurski2025\/wp-content\/uploads\/2026\/01\/11-866x1536.jpg 866w, https:\/\/ilij.ujk.edu.pl\/niziurski2025\/wp-content\/uploads\/2026\/01\/11.jpg 1154w\" sizes=\"(max-width: 577px) 100vw, 577px\" \/><\/p><p><span style=\"color: #ffffff;\">.<\/span><\/p><p><span style=\"color: #000000;\">warsztaty \u201eNiziurski polisensorycznie\u201d \u2013 w zaj\u0119ciach udzia\u0142 wzi\u0119li uczniowie ze Szko\u0142y Podstawowej im. Bohater\u00f3w Powstania Styczniowego w Zaj\u0105czkowie i Szko\u0142y Podstawowej im. Jana Kochanowskiego w Ch\u0119cinach;<\/span><\/p><p><span style=\"color: #000000;\">spotkanie z Rodzin\u0105 Edmunda Niziurskiego \u2013 w spotkaniu wzi\u0119li udzia\u0142: c\u00f3rki Anna Niziurska-W\u0142odarska i Agnieszka Niziurska, wnuczki Ma\u0142gorzata Konstanzer i Julia Sobczyk, wnuk \u0141ukasz W\u0142odarski oraz przedstawiciele kieleckiej cz\u0119\u015bci rodziny: Ewa Wrona, Katarzyna Wrona, Jolanta Stefa\u0144ska-Amerek; spacer \u015bladami Niziurskiego (m.in. \u015bwi\u0119tokrzyskie zak\u0105tki (np. zdj\u0119cia Miedzianki), multisensoryczna rze\u017aba go\u0142oborza na podstawie \u201eKlubu w\u0142\u00f3czykij\u00f3w\u201d; spacer\u00a0 familijny (wspomnienia rodziny Niziurskiego);\u00a0 spacer bibliograficzno-artystyczny, w tym otwarcie wystaw Biblioteki Uniwersyteckiej: \u201eTw\u00f3rczo\u015b\u0107 Edmunda Niziurskiego ze zbior\u00f3w Biblioteki Uniwersyteckiej\u201d oraz \u201eJubileusz 90. urodzin Profesora Jana Pac\u0142awskiego\u201d przygotowanych przez dr Jolant\u0119 Dr\u0105\u017cyk i mgr Magdalen\u0119 Antoniak);<\/span><\/p><p><span style=\"color: #000000;\"><strong>4 czerwca<\/strong> \u2013 Og\u00f3lnopolska Konferencja Naukowa \u201eGaleria postaci. Mapa miejsc. Edmundowi Niziurskiemu w 100. rocznic\u0119 urodzin\u201d<\/span><\/p><p><span style=\"color: #000000;\">rozstrzygni\u0119cie I Og\u00f3lnopolskiego Konkursu Literacko-Plastycznego \u201eSekrety Pana N.\u201d;<\/span><\/p><p><span style=\"color: #000000;\">warsztaty literacko-plastyczne dla laureat\u00f3w konkursu;<\/span><\/p><div style=\"width: 800px;\" class=\"wp-video\"><video class=\"wp-video-shortcode\" id=\"video-1222-1\" width=\"800\" height=\"1422\" preload=\"metadata\" controls=\"controls\"><source type=\"video\/mp4\" src=\"https:\/\/ilij.ujk.edu.pl\/niziurski2025\/wp-content\/uploads\/2026\/01\/Warsztaty-dla-laureatow-konkursu-_2.mp4?_=1\" \/><a href=\"https:\/\/ilij.ujk.edu.pl\/niziurski2025\/wp-content\/uploads\/2026\/01\/Warsztaty-dla-laureatow-konkursu-_2.mp4\">https:\/\/ilij.ujk.edu.pl\/niziurski2025\/wp-content\/uploads\/2026\/01\/Warsztaty-dla-laureatow-konkursu-_2.mp4<\/a><\/video><\/div><p><span style=\"color: #ffffff;\">.<\/span><\/p><p><span style=\"color: #000000;\">konkurs zagadek przygotowany i przeprowadzony przez mgr Agnieszk\u0119 Doleck\u0105;<\/span><\/p><p><span style=\"color: #000000;\">Gie\u0142da wspomnie\u0144 (czytelnicy i naukowcy o Niziurskim) \u2013 koszyk cytat\u00f3w \u201eNiziurski na drog\u0119\u201d;<\/span><\/p><p><span style=\"color: #000000;\">wywiady w Radiu Fraszka: z prof. dr. hab. Janem Pac\u0142awskim i dr hab. Ann\u0105 Wzorek, prof. UJK oraz z prelegentem konferencji, dr. hab. Arkadiuszem Luboniem, prof. UR;<\/span><\/p><p><span style=\"color: #000000;\">czerwiec &#8211; artyku\u0142 dr hab. Marty Boli\u0144skiej, prof. UJK: <em>Rok Niziurskiego w Kielcach<\/em>, \u201eNowy G\u0142os Akademicki\u201d 2025, nr 2, s. 48-49;<\/span><\/p><p><span style=\"color: #000000;\"><a style=\"color: #000000;\" href=\"https:\/\/bibliotekacyfrowa.ujk.edu.pl\/dlibra\/publication\/14120\/edition\/13399\/content\">https:\/\/bibliotekacyfrowa.ujk.edu.pl\/dlibra\/publication\/14120\/edition\/13399\/content<\/a><\/span><\/p><p><span style=\"color: #000000;\"><strong>10 lipca<\/strong> \u2013 wspomnienie-sylwetka przygotowane przez dr hab. Mart\u0119 Boli\u0144sk\u0105, prof. UJK dla portalu \u201eDla Polonii\u201d;<\/span><\/p><p><span style=\"color: #000000;\"><a style=\"color: #000000;\" href=\"https:\/\/www.polacywewloszech.com\/2025\/07\/16\/prof-marta-bolinska-splot-powagi-z-lekkoscia-piora-edmund-niziurski-w-setna-rocznice-urodzin\/\">https:\/\/www.polacywewloszech.com\/2025\/07\/16\/prof-marta-bolinska-splot-powagi-z-lekkoscia-piora-edmund-niziurski-w-setna-rocznice-urodzin\/<\/a><\/span><\/p><p><span style=\"color: #000000;\"><a style=\"color: #000000;\" href=\"https:\/\/polishexpress.au\/splot-powagi-z-lekkoscia-piora-edmund-niziurski-w-setna-rocznice-urodzin\/\">https:\/\/polishexpress.au\/splot-powagi-z-lekkoscia-piora-edmund-niziurski-w-setna-rocznice-urodzin\/<\/a><\/span><\/p><p><span style=\"color: #000000;\"><a style=\"color: #000000;\" href=\"https:\/\/dlapolonii.pl\/prof-marta-bolinska-splot-powagi-z-lekkoscia-piora-edmund-niziurski-w-setna-rocznice-urodzin\/\">https:\/\/dlapolonii.pl\/prof-marta-bolinska-splot-powagi-z-lekkoscia-piora-edmund-niziurski-w-setna-rocznice-urodzin\/<\/a><\/span><\/p><p><span style=\"color: #000000;\"><strong>9 pa\u017adziernika<\/strong> \u2013 wywiad Karoliny Prew\u0119ckiej z dr hab. Mart\u0105 Boli\u0144sk\u0105, prof. UJK (serwis Dla Polonii; rocznica \u015bmierci Edmunda Niziurskiego);<\/span><\/p><p><span style=\"color: #000000;\"><a style=\"color: #000000;\" href=\"https:\/\/ilij.ujk.edu.pl\/niziurski2025\/\">https:\/\/ilij.ujk.edu.pl\/niziurski2025\/<\/a><\/span><\/p><p><span style=\"color: #000000;\">premiera filmu <em>W Krainie Urwis\u00f3w<\/em>, re\u017c. Karolina Kopijkowska-Harczuk \u2013 prezentuj\u0105cego m.in. wystaw\u0119 w sali nr 285 im. Edmunda Niziurskiego;<\/span><\/p><p><span style=\"color: #000000;\">https:\/\/vod.tvp.pl\/filmy-dokumentalne,163\/w-krainie-urwisow,2437722<\/span><\/p><p><span style=\"color: #000000;\"><strong>6 listopada<\/strong> \u2013 Spotkanie z przedstawicielkami Rodziny Niziurskich: Ann\u0105 Niziursk\u0105-W\u0142odarsk\u0105 i Ma\u0142gorzat\u0105 Konstanzer moderowane przez dr hab. Mart\u0119 Boli\u0144sk\u0105, prof. UJK;<\/span><\/p><p><span style=\"color: #000000;\"><strong>13 listopada<\/strong> \u2013 Debata panelowa: \u201eCo jest prostsze (lub trudniejsze) w przek\u0142adzie na j\u0119zyki obce: proza Edmunda Niziurskiego czy artyku\u0142y o jego tw\u00f3rczo\u015bci?\u201d (prowadzenie \u2013 mgr Aleksandra Kobia\u0142ka).<\/span><\/p><p><span style=\"color: #ffffff;\">.<\/span><\/p>\t\t\t\t\t\t\t\t<\/div>\n\t\t\t\t<\/div>\n\t\t\t\t<div class=\"elementor-element elementor-element-710b97b elementor-widget elementor-widget-spacer\" data-id=\"710b97b\" data-element_type=\"widget\" data-widget_type=\"spacer.default\">\n\t\t\t\t<div class=\"elementor-widget-container\">\n\t\t\t\t\t\t\t<div class=\"elementor-spacer\">\n\t\t\t<div class=\"elementor-spacer-inner\"><\/div>\n\t\t<\/div>\n\t\t\t\t\t\t<\/div>\n\t\t\t\t<\/div>\n\t\t\t\t<div class=\"elementor-element elementor-element-7b52333 elementor-widget elementor-widget-heading\" data-id=\"7b52333\" data-element_type=\"widget\" data-widget_type=\"heading.default\">\n\t\t\t\t<div class=\"elementor-widget-container\">\n\t\t\t\t\t<h5 class=\"elementor-heading-title elementor-size-default\">Tydzie\u0144 Kultury J\u0119zyka<\/h5>\t\t\t\t<\/div>\n\t\t\t\t<\/div>\n\t\t\t\t<div class=\"elementor-element elementor-element-ad16a12 elementor-widget elementor-widget-text-editor\" data-id=\"ad16a12\" data-element_type=\"widget\" data-widget_type=\"text-editor.default\">\n\t\t\t\t<div class=\"elementor-widget-container\">\n\t\t\t\t\t\t\t\t\t<p><strong><span style=\"color: #000000;\">10 marca<\/span><\/strong><\/p><p><span style=\"color: #000000;\">\u201eZnany czy nieznany? M\u0142odzi a tw\u00f3rczo\u015b\u0107 Edmunda Niziurskiego\u201d \u2013 prezentacja multimedialna, tematyczne gry i zabawy literackie;<\/span><\/p><p><span style=\"color: #000000;\"><a style=\"color: #000000;\" href=\"https:\/\/www.facebook.com\/MBPKielce\/posts\/pfbid02A8V7djfoNaVN3xWKvkLnFiAVDMi463ExFDpR2T5g1QCDPZYMiV2CTgDt6RFoDK98l\">https:\/\/www.facebook.com\/MBPKielce\/posts\/pfbid02A8V7djfoNaVN3xWKvkLnFiAVDMi463ExFDpR2T5g1QCDPZYMiV2CTgDt6RFoDK98l<\/a><\/span><\/p><p><span style=\"color: #000000;\">\u201eNiewiarygodne przygody Edmunda Niziurskiego i innych ch\u0142opak\u00f3w \u2013 o powie\u015bciach m\u0142odzie\u017cowych na weso\u0142o\u201d \u2013 zaj\u0119cia edukacyjne maj\u0105ce na celu zach\u0119cenie uczni\u00f3w do zapoznania si\u0119 z tw\u00f3rczo\u015bci\u0105 E. Niziurskiego;<\/span><\/p><p><span style=\"color: #000000;\">\u201eDetektywi s\u0142owa\u201d \u2013 gry i zabawy j\u0119zykowe;<\/span><\/p><p><span style=\"color: #000000;\">\u201e<em>Spos\u00f3b na Alcybiadesa<\/em> \u2013 sposobem na nauk\u0119 historii\u201d \u2013 zaj\u0119cia w formie literacko-historycznego quizu wiedzy;<\/span><\/p><p><span style=\"color: #000000;\"><a style=\"color: #000000;\" href=\"https:\/\/www.facebook.com\/MBPKielce\/posts\/pfbid0e5pUnXiyYDntWSb4GuigbYEeDD2KC9odZ3BrSjX9nTyHuPH6AqLrF42uKkHRv7gkl\">https:\/\/www.facebook.com\/MBPKielce\/posts\/pfbid0e5pUnXiyYDntWSb4GuigbYEeDD2KC9odZ3BrSjX9nTyHuPH6AqLrF42uKkHRv7gkl<\/a><\/span><\/p><p><span style=\"color: #000000;\"><strong>11 marca<\/strong> \u2013 \u201eSpos\u00f3b na dobry humor\u201d \u2013 warsztaty po\u015bwi\u0119cone komizmowi w powie\u015bciach Edmunda Niziurskiego i innych utworach m\u0142odzie\u017cowych;<\/span><\/p><p><span style=\"color: #000000;\"><a style=\"color: #000000;\" href=\"https:\/\/www.facebook.com\/MBPKielce\/posts\/pfbid035hd3oqdiR1ndMrAjMDaYJnnifhqrvmokw1z3KUYRwJrQkBBpdPhXuFHydgjGHSkvl\">https:\/\/www.facebook.com\/MBPKielce\/posts\/pfbid035hd3oqdiR1ndMrAjMDaYJnnifhqrvmokw1z3KUYRwJrQkBBpdPhXuFHydgjGHSkvl<\/a><\/span><\/p><p><span style=\"color: #000000;\"><strong>12 marca<\/strong> \u2013 Edmund Niziurski we wspomnieniach Lecha Sulimierskiego \u2013 spotkanie z pedagogiem i aktorem sceny kieleckiej;<\/span><\/p><p><span style=\"color: #000000;\"><a style=\"color: #000000;\" href=\"https:\/\/www.facebook.com\/MBPKielce\/posts\/pfbid032tnn3fKkDVufTx9ci4wiRBYiA88BAoXXLcA7uQh7GpirTLcfkv4EK5rtq2j8taS7l\">https:\/\/www.facebook.com\/MBPKielce\/posts\/pfbid032tnn3fKkDVufTx9ci4wiRBYiA88BAoXXLcA7uQh7GpirTLcfkv4EK5rtq2j8taS7l<\/a><\/span><\/p><p><span style=\"color: #000000;\">Humor s\u0142owny i sytuacyjny zawarty w <em>Sposobie na Alcybiadesa<\/em> Edmunda Niziurskiego. Quiz, test i wiadomo\u015bci na temat \u017cycia i tw\u00f3rczo\u015bci autora;<\/span><\/p><p><span style=\"color: #000000;\">Spotkanie literacko-plastyczne \u201eB\u0105bel pomys\u0142\u00f3w, Syfon przyg\u00f3d\u201d. Czytanie fragment\u00f3w ksi\u0105\u017cki Edmunda Niziurskiego <em>Przygody B\u0105bla i Syfona<\/em>. Wykonanie przez uczestnik\u00f3w ilustracji do czytanych tekst\u00f3w. Wystawa ksi\u0105\u017cek Niziurskiego z prezentacj\u0105 biografii autora, na zako\u0144czenie wystawa prac plastycznych wykonanych na zaj\u0119ciach;<\/span><\/p><p><span style=\"color: #000000;\">\u201eWyprawa w krain\u0119 literatury z Edmundem Niziurskim\u201d \u2013 prezentacja multimedialna na temat \u017cycia i tw\u00f3rczo\u015bci pisarza, czytanie wybranych fragment\u00f3w utwor\u00f3w;<\/span><\/p><p><strong><span style=\"color: #000000;\">13 marca<\/span><\/strong><\/p><p><span style=\"color: #000000;\">,,Komizm sytuacyjny\u201d \u2013 na podstawie powie\u015bci Edmunda Niziurskiego pt. <em>Spos\u00f3b na Alcybiadesa<\/em> \u2013 test, quiz, zagadki;<\/span><\/p><p><span style=\"color: #000000;\">\u201eZnany czy nieznany? M\u0142odzie\u017c a tw\u00f3rczo\u015b\u0107 Edmunda Niziurskiego\u201d \u2013 prezentacja multimedialna, tematyczne gry i zabawy literackie;<\/span><\/p><p><span style=\"color: #000000;\">\u201eZ natury jestem optymist\u0105, a humor to jeden z moich wielkich nauczycieli\u201d. Si\u0142a dialogu w zabawach z j\u0119zykiem podstaw\u0105 do rozwoju kompetencji komunikacyjnych i kszta\u0142towania kultury s\u0142owa na kanwie tw\u00f3rczo\u015bci Edmunda Niziurskiego w setn\u0105 rocznic\u0119 urodzin pisarza, przygoda z kreatywno\u015bci\u0105 j\u0119zykow\u0105 zawarta w r\u00f3\u017cnych formach zaj\u0119\u0107 edukacyjnych, utrzymanych w atmosferze zabawy i wzajemnej rywalizacji;<\/span><\/p><p><span style=\"color: #000000;\">Spotkanie autorskie z Magdalen\u0105 Brzezi\u0144sk\u0105 \u2013 spotkanie promuj\u0105ce najnowsz\u0105 ksi\u0105\u017ck\u0119 pisarki wraz z elementami nawi\u0105zuj\u0105cymi do tw\u00f3rczo\u015bci Edmunda Niziurskiego;<\/span><\/p><p><span style=\"color: #000000;\"><a style=\"color: #000000;\" href=\"https:\/\/www.facebook.com\/MBPKielce\/posts\/pfbid024Z7b9du8U6psovAGtaymE84PAXCTWUtuBqGJ5dFmJFvTPyxDtrYz9bhBzbH3ifByl\">https:\/\/www.facebook.com\/MBPKielce\/posts\/pfbid024Z7b9du8U6psovAGtaymE84PAXCTWUtuBqGJ5dFmJFvTPyxDtrYz9bhBzbH3ifByl<\/a><\/span><\/p><p><strong><span style=\"color: #000000;\">14 marca<\/span><\/strong><\/p><p><span style=\"color: #000000;\">\u201eNaprz\u00f3d, wspaniali!\u201d \u2013 plenerowe spotkanie z ksi\u0105\u017ckami Edmunda Niziurskiego;<\/span><\/p><p><span style=\"color: #000000;\"><a style=\"color: #000000;\" href=\"https:\/\/www.facebook.com\/MBPKielce\/posts\/pfbid02k4LpPcEofY5pbPUWfBdLzoGGxfdRMYfgd4tdZXsu6dgeEA57H9u8hULEc9FHz7A5l\">https:\/\/www.facebook.com\/MBPKielce\/posts\/pfbid02k4LpPcEofY5pbPUWfBdLzoGGxfdRMYfgd4tdZXsu6dgeEA57H9u8hULEc9FHz7A5l<\/a><\/span><\/p>\t\t\t\t\t\t\t\t<\/div>\n\t\t\t\t<\/div>\n\t\t\t\t<div class=\"elementor-element elementor-element-3d795ca elementor-widget elementor-widget-spacer\" data-id=\"3d795ca\" data-element_type=\"widget\" data-widget_type=\"spacer.default\">\n\t\t\t\t<div class=\"elementor-widget-container\">\n\t\t\t\t\t\t\t<div class=\"elementor-spacer\">\n\t\t\t<div class=\"elementor-spacer-inner\"><\/div>\n\t\t<\/div>\n\t\t\t\t\t\t<\/div>\n\t\t\t\t<\/div>\n\t\t\t\t<div class=\"elementor-element elementor-element-e3786ad elementor-widget elementor-widget-heading\" data-id=\"e3786ad\" data-element_type=\"widget\" data-widget_type=\"heading.default\">\n\t\t\t\t<div class=\"elementor-widget-container\">\n\t\t\t\t\t<h5 class=\"elementor-heading-title elementor-size-default\">Wojew\u00f3dzka Biblioteka Publiczna im. Witolda Gombrowicza w Kielcach<\/h5>\t\t\t\t<\/div>\n\t\t\t\t<\/div>\n\t\t\t\t<div class=\"elementor-element elementor-element-1e5df18 elementor-widget elementor-widget-text-editor\" data-id=\"1e5df18\" data-element_type=\"widget\" data-widget_type=\"text-editor.default\">\n\t\t\t\t<div class=\"elementor-widget-container\">\n\t\t\t\t\t\t\t\t\t<p><span style=\"color: #000000;\"><strong>od 10 marca<\/strong> \u2013 quiz online \u201eEdmund Niziurski \u2013 pisarz z Kielc\u201d<\/span><\/p><p><span style=\"color: #000000;\"><a style=\"color: #000000;\" href=\"https:\/\/www.quizme.pl\/q\/wbpkielce\/edmund-niziurski-pisarz-z-kielc?fbclid=IwY2xjawOtJr5leHRuA2FlbQIxMABicmlkETBQR3NjUXlkTUhJRGZmeW9Rc3J0YwZhcHBfaWQQMjIyMDM5MTc4ODIwMDg5MgABHs4UGA6LKk2hcBkUBsWeKPoJmeY-W4Spomwyko9txy0ZPM5_ZOTBM_T1EqtH_aem_i89Wrgxp_ypAUUiEpU-Flg\">https:\/\/www.quizme.pl\/q\/wbpkielce\/edmund-niziurski-pisarz-z-kielc?fbclid=IwY2xjawOtJr5leHRuA2FlbQIxMABicmlkETBQR3NjUXlkTUhJRGZmeW9Rc3J0YwZhcHBfaWQQMjIyMDM5MTc4ODIwMDg5MgABHs4UGA6LKk2hcBkUBsWeKPoJmeY-W4Spomwyko9txy0ZPM5_ZOTBM_T1EqtH_aem_i89Wrgxp_ypAUUiEpU-Flg<\/a><\/span><\/p>\t\t\t\t\t\t\t\t<\/div>\n\t\t\t\t<\/div>\n\t\t\t\t<div class=\"elementor-element elementor-element-1a9ad6f elementor-widget elementor-widget-spacer\" data-id=\"1a9ad6f\" data-element_type=\"widget\" data-widget_type=\"spacer.default\">\n\t\t\t\t<div class=\"elementor-widget-container\">\n\t\t\t\t\t\t\t<div class=\"elementor-spacer\">\n\t\t\t<div class=\"elementor-spacer-inner\"><\/div>\n\t\t<\/div>\n\t\t\t\t\t\t<\/div>\n\t\t\t\t<\/div>\n\t\t\t\t<div class=\"elementor-element elementor-element-f4b0688 elementor-widget elementor-widget-heading\" data-id=\"f4b0688\" data-element_type=\"widget\" data-widget_type=\"heading.default\">\n\t\t\t\t<div class=\"elementor-widget-container\">\n\t\t\t\t\t<h5 class=\"elementor-heading-title elementor-size-default\">Dom Kultury \u201eZameczek\u201d w Kielcach<\/h5>\t\t\t\t<\/div>\n\t\t\t\t<\/div>\n\t\t\t\t<div class=\"elementor-element elementor-element-e1bff41 elementor-widget elementor-widget-text-editor\" data-id=\"e1bff41\" data-element_type=\"widget\" data-widget_type=\"text-editor.default\">\n\t\t\t\t<div class=\"elementor-widget-container\">\n\t\t\t\t\t\t\t\t\t<p><span style=\"color: #000000;\">\u201eTw\u00f3rczo\u015b\u0107 Edmunda Niziurskiego \u2013 cytaty z najpopularniejszych dzie\u0142 pisarza (wraz z ok\u0142adkami ksi\u0105\u017cek) zamieszczane ka\u017cdego dnia podczas trwania Tygodnia Kultury J\u0119zyka na FB DK \u201eZameczek\u201d;<\/span><\/p><p><span style=\"color: #000000;\">https:\/\/www.facebook.com\/photo\/?fbid=1205676278233486&amp;set=a.498326495635138<\/span><\/p><p><span style=\"color: #000000;\">https:\/\/www.facebook.com\/photo\/?fbid=1206570381477409&amp;set=a.498326495635138<\/span><\/p><p><span style=\"color: #000000;\">https:\/\/www.facebook.com\/photo\/?fbid=1207526021381845&amp;set=a.498326495635138<\/span><\/p><p><span style=\"color: #000000;\">https:\/\/www.facebook.com\/photo\/?fbid=1208544711279976&amp;set=a.498326495635138<\/span><\/p><p><span style=\"color: #000000;\">https:\/\/www.facebook.com\/photo\/?fbid=1209471064520674&amp;set=a.498326495635138<\/span><\/p><p><span style=\"color: #000000;\"><a style=\"color: #000000;\" href=\"https:\/\/www.facebook.com\/photo\/?fbid=1210394617761652&amp;set=a.498326495635138\">https:\/\/www.facebook.com\/photo\/?fbid=1210394617761652&amp;set=a.498326495635138<\/a><\/span><\/p>\t\t\t\t\t\t\t\t<\/div>\n\t\t\t\t<\/div>\n\t\t\t\t<div class=\"elementor-element elementor-element-96b22c3 elementor-widget elementor-widget-spacer\" data-id=\"96b22c3\" data-element_type=\"widget\" data-widget_type=\"spacer.default\">\n\t\t\t\t<div class=\"elementor-widget-container\">\n\t\t\t\t\t\t\t<div class=\"elementor-spacer\">\n\t\t\t<div class=\"elementor-spacer-inner\"><\/div>\n\t\t<\/div>\n\t\t\t\t\t\t<\/div>\n\t\t\t\t<\/div>\n\t\t\t\t<div class=\"elementor-element elementor-element-a74767a elementor-widget elementor-widget-heading\" data-id=\"a74767a\" data-element_type=\"widget\" data-widget_type=\"heading.default\">\n\t\t\t\t<div class=\"elementor-widget-container\">\n\t\t\t\t\t<h5 class=\"elementor-heading-title elementor-size-default\">Pedagogiczna Biblioteka Wojew\u00f3dzka im. Gustawa Herlinga-Grudzi\u0144skiego w Kielcach<\/h5>\t\t\t\t<\/div>\n\t\t\t\t<\/div>\n\t\t\t\t<div class=\"elementor-element elementor-element-7fbcbc9 elementor-widget elementor-widget-text-editor\" data-id=\"7fbcbc9\" data-element_type=\"widget\" data-widget_type=\"text-editor.default\">\n\t\t\t\t<div class=\"elementor-widget-container\">\n\t\t\t\t\t\t\t\t\t<p><span style=\"color: #000000;\"><strong>13 marca \u2013 wyk\u0142ad dr Moniki Bator (Uniwersytet Jana Kochanowskiego w Kielcach) \u2013 \u201eEdmund Niziurski na du\u017cym i ma\u0142ym ekranie \u2013 humor w wybranych adaptacjach utwor\u00f3w pisarza\u201d;<\/strong><\/span><\/p><p><span style=\"color: #000000;\"><a style=\"color: #000000;\" href=\"https:\/\/radiokielce.pl\/1278911\/z-kart-powiesci-na-maly-i-duzy-ekran-humor-edmunda-niziurskiego-nie-starzeje-sie\/\">https:\/\/radiokielce.pl\/1278911\/z-kart-powiesci-na-maly-i-duzy-ekran-humor-edmunda-niziurskiego-nie-starzeje-sie\/<\/a><\/span><\/p>\t\t\t\t\t\t\t\t<\/div>\n\t\t\t\t<\/div>\n\t\t\t\t<div class=\"elementor-element elementor-element-9e1231a elementor-widget elementor-widget-spacer\" data-id=\"9e1231a\" data-element_type=\"widget\" data-widget_type=\"spacer.default\">\n\t\t\t\t<div class=\"elementor-widget-container\">\n\t\t\t\t\t\t\t<div class=\"elementor-spacer\">\n\t\t\t<div class=\"elementor-spacer-inner\"><\/div>\n\t\t<\/div>\n\t\t\t\t\t\t<\/div>\n\t\t\t\t<\/div>\n\t\t\t\t<div class=\"elementor-element elementor-element-187d142 elementor-widget elementor-widget-heading\" data-id=\"187d142\" data-element_type=\"widget\" data-widget_type=\"heading.default\">\n\t\t\t\t<div class=\"elementor-widget-container\">\n\t\t\t\t\t<h5 class=\"elementor-heading-title elementor-size-default\">Pedagogiczna Biblioteka Wojew\u00f3dzka im. Gustawa Herlinga-Grudzi\u0144skiego w Kielcach. Filia w Sandomierzu<\/h5>\t\t\t\t<\/div>\n\t\t\t\t<\/div>\n\t\t\t\t<div class=\"elementor-element elementor-element-37f958e elementor-widget elementor-widget-text-editor\" data-id=\"37f958e\" data-element_type=\"widget\" data-widget_type=\"text-editor.default\">\n\t\t\t\t<div class=\"elementor-widget-container\">\n\t\t\t\t\t\t\t\t\t<p><span style=\"color: #000000;\">Tydzie\u0144 z polszczyzn\u0105 i Edmundem Niziurskim \u2013 wystawa planszowa oraz wystawa ksi\u0105\u017cek i czasopism;<\/span><\/p><p><span style=\"color: #000000;\"><a style=\"color: #000000;\" href=\"https:\/\/pbw.kielce.pl\/2025\/03\/12\/tydzien-z-polszczyza-i-edmundem-niziurskim\/\">https:\/\/pbw.kielce.pl\/2025\/03\/12\/tydzien-z-polszczyza-i-edmundem-niziurskim\/<\/a><\/span><\/p>\t\t\t\t\t\t\t\t<\/div>\n\t\t\t\t<\/div>\n\t\t\t\t<div class=\"elementor-element elementor-element-9d59bea elementor-widget elementor-widget-spacer\" data-id=\"9d59bea\" data-element_type=\"widget\" data-widget_type=\"spacer.default\">\n\t\t\t\t<div class=\"elementor-widget-container\">\n\t\t\t\t\t\t\t<div class=\"elementor-spacer\">\n\t\t\t<div class=\"elementor-spacer-inner\"><\/div>\n\t\t<\/div>\n\t\t\t\t\t\t<\/div>\n\t\t\t\t<\/div>\n\t\t\t\t<div class=\"elementor-element elementor-element-5bbfa01 elementor-widget elementor-widget-heading\" data-id=\"5bbfa01\" data-element_type=\"widget\" data-widget_type=\"heading.default\">\n\t\t\t\t<div class=\"elementor-widget-container\">\n\t\t\t\t\t<h5 class=\"elementor-heading-title elementor-size-default\">Pedagogiczna Biblioteka Wojew\u00f3dzka im. Gustawa Herlinga-Grudzi\u0144skiego w Kielcach. Filia w Pi\u0144czowie<\/h5>\t\t\t\t<\/div>\n\t\t\t\t<\/div>\n\t\t\t\t<div class=\"elementor-element elementor-element-a2f5526 elementor-widget elementor-widget-text-editor\" data-id=\"a2f5526\" data-element_type=\"widget\" data-widget_type=\"text-editor.default\">\n\t\t\t\t<div class=\"elementor-widget-container\">\n\t\t\t\t\t\t\t\t\t<p><span style=\"color: #000000;\">\u201eEdmund Niziurski i jego tw\u00f3rczo\u015b\u0107 \u2013 Uwolni\u0107 Alcybiadesa!\u201d \u2013 <em>escape room <\/em>w oparciu o lektur\u0119 ksi\u0105\u017cki pt. <em>Spos\u00f3b na Alcybiadesa<\/em>;<\/span><\/p><p><span style=\"color: #000000;\"><a style=\"color: #000000;\" href=\"https:\/\/ilij.ujk.edu.pl\/pedagogiczna-biblioteka-wojewodzka-filia-w-busku-zdroju\/\">https:\/\/ilij.ujk.edu.pl\/pedagogiczna-biblioteka-wojewodzka-filia-w-busku-zdroju\/<\/a><\/span><\/p>\t\t\t\t\t\t\t\t<\/div>\n\t\t\t\t<\/div>\n\t\t\t\t<div class=\"elementor-element elementor-element-c0a7f05 elementor-widget elementor-widget-spacer\" data-id=\"c0a7f05\" data-element_type=\"widget\" data-widget_type=\"spacer.default\">\n\t\t\t\t<div class=\"elementor-widget-container\">\n\t\t\t\t\t\t\t<div class=\"elementor-spacer\">\n\t\t\t<div class=\"elementor-spacer-inner\"><\/div>\n\t\t<\/div>\n\t\t\t\t\t\t<\/div>\n\t\t\t\t<\/div>\n\t\t\t\t<div class=\"elementor-element elementor-element-2a0a9ae elementor-widget elementor-widget-heading\" data-id=\"2a0a9ae\" data-element_type=\"widget\" data-widget_type=\"heading.default\">\n\t\t\t\t<div class=\"elementor-widget-container\">\n\t\t\t\t\t<h5 class=\"elementor-heading-title elementor-size-default\">Pedagogiczna Biblioteka Wojew\u00f3dzka im. Gustawa Herlinga-Grudzi\u0144skiego w Kielcach. Filia w Opatowie<\/h5>\t\t\t\t<\/div>\n\t\t\t\t<\/div>\n\t\t\t\t<div class=\"elementor-element elementor-element-feae1e2 elementor-widget elementor-widget-text-editor\" data-id=\"feae1e2\" data-element_type=\"widget\" data-widget_type=\"text-editor.default\">\n\t\t\t\t<div class=\"elementor-widget-container\">\n\t\t\t\t\t\t\t\t\t<p><span style=\"color: #000000;\"><strong>11 marca<\/strong> \u2013 Komizm w utworach Edmunda Niziurskiego i Aleksandra Fredry \u2013 lekcja biblioteczna;<\/span><\/p>\t\t\t\t\t\t\t\t<\/div>\n\t\t\t\t<\/div>\n\t\t\t\t<div class=\"elementor-element elementor-element-f2d2c05 elementor-widget elementor-widget-spacer\" data-id=\"f2d2c05\" data-element_type=\"widget\" data-widget_type=\"spacer.default\">\n\t\t\t\t<div class=\"elementor-widget-container\">\n\t\t\t\t\t\t\t<div class=\"elementor-spacer\">\n\t\t\t<div class=\"elementor-spacer-inner\"><\/div>\n\t\t<\/div>\n\t\t\t\t\t\t<\/div>\n\t\t\t\t<\/div>\n\t\t\t\t<div class=\"elementor-element elementor-element-c01cf29 elementor-widget elementor-widget-heading\" data-id=\"c01cf29\" data-element_type=\"widget\" data-widget_type=\"heading.default\">\n\t\t\t\t<div class=\"elementor-widget-container\">\n\t\t\t\t\t<h5 class=\"elementor-heading-title elementor-size-default\">Zesp\u00f3\u0142 Szk\u00f3\u0142 Centrum Kszta\u0142cenia Rolniczego w Chrobrzu, we wsp\u00f3\u0142pracy z Miejsk\u0105 i Gminn\u0105 Bibliotek\u0105 Publiczn\u0105 w Pi\u0144czowie <\/h5>\t\t\t\t<\/div>\n\t\t\t\t<\/div>\n\t\t\t\t<div class=\"elementor-element elementor-element-6c0b00b elementor-widget elementor-widget-text-editor\" data-id=\"6c0b00b\" data-element_type=\"widget\" data-widget_type=\"text-editor.default\">\n\t\t\t\t<div class=\"elementor-widget-container\">\n\t\t\t\t\t\t\t\t\t<p><span style=\"color: #000000;\"><strong>12 marca<\/strong> \u2013 \u201eCzytanie ze \u015bmiechem\u201d;<\/span><\/p><p><span style=\"color: #000000;\"><a style=\"color: #000000;\" href=\"https:\/\/zsrchroberz.pl\/czytanie-ze-smiechem-odkrywanie-humoru-w-tekstach-literackich\/\">https:\/\/zsrchroberz.pl\/czytanie-ze-smiechem-odkrywanie-humoru-w-tekstach-literackich\/<\/a><\/span><\/p><p><span style=\"color: #000000;\"><a style=\"color: #000000;\" href=\"https:\/\/ilij.ujk.edu.pl\/wp-content\/uploads\/2025\/04\/ZSCKR-Chroberz.pdf\">https:\/\/ilij.ujk.edu.pl\/wp-content\/uploads\/2025\/04\/ZSCKR-Chroberz.pdf<\/a><\/span><\/p>\t\t\t\t\t\t\t\t<\/div>\n\t\t\t\t<\/div>\n\t\t\t\t<div class=\"elementor-element elementor-element-26b72e9 elementor-widget elementor-widget-spacer\" data-id=\"26b72e9\" data-element_type=\"widget\" data-widget_type=\"spacer.default\">\n\t\t\t\t<div class=\"elementor-widget-container\">\n\t\t\t\t\t\t\t<div class=\"elementor-spacer\">\n\t\t\t<div class=\"elementor-spacer-inner\"><\/div>\n\t\t<\/div>\n\t\t\t\t\t\t<\/div>\n\t\t\t\t<\/div>\n\t\t\t\t<div class=\"elementor-element elementor-element-d568b9e elementor-widget elementor-widget-heading\" data-id=\"d568b9e\" data-element_type=\"widget\" data-widget_type=\"heading.default\">\n\t\t\t\t<div class=\"elementor-widget-container\">\n\t\t\t\t\t<h5 class=\"elementor-heading-title elementor-size-default\">Szko\u0142a Podstawowa im. Bohater\u00f3w Monte Cassino w Rembieszycach<\/h5>\t\t\t\t<\/div>\n\t\t\t\t<\/div>\n\t\t\t\t<div class=\"elementor-element elementor-element-a6398ca elementor-widget elementor-widget-text-editor\" data-id=\"a6398ca\" data-element_type=\"widget\" data-widget_type=\"text-editor.default\">\n\t\t\t\t<div class=\"elementor-widget-container\">\n\t\t\t\t\t\t\t\t\t<p><span style=\"color: #000000;\">\u201eNie tylko dla urwis\u00f3w\u201d \u2013 weso\u0142e kalambury;<\/span><\/p><p><span style=\"color: #000000;\">\u201eKa\u017cdy ucze\u0144 ma m\u00f3zg z pocz\u0105tku zaczopowany\u201d \u2013 Edmund Niziurski z przymru\u017ceniem oka o szkole \u2013 czytanie i wyb\u00f3r najzabawniejszych cytat\u00f3w o szkole;<\/span><\/p><p><span style=\"color: #000000;\">100. rocznica urodzin \u2013 ,,Opowie\u015b\u0107 o Edmundzie Niziurskim\u2019\u2019 \u2013 wystawa, lekcje;<\/span><\/p><p><span style=\"color: #000000;\">Dzie\u0144 z filmem <em>Spona<\/em>;<\/span><\/p>\t\t\t\t\t\t\t\t<\/div>\n\t\t\t\t<\/div>\n\t\t\t\t<div class=\"elementor-element elementor-element-d153b7d elementor-widget elementor-widget-spacer\" data-id=\"d153b7d\" data-element_type=\"widget\" data-widget_type=\"spacer.default\">\n\t\t\t\t<div class=\"elementor-widget-container\">\n\t\t\t\t\t\t\t<div class=\"elementor-spacer\">\n\t\t\t<div class=\"elementor-spacer-inner\"><\/div>\n\t\t<\/div>\n\t\t\t\t\t\t<\/div>\n\t\t\t\t<\/div>\n\t\t\t\t<div class=\"elementor-element elementor-element-207704d elementor-widget elementor-widget-heading\" data-id=\"207704d\" data-element_type=\"widget\" data-widget_type=\"heading.default\">\n\t\t\t\t<div class=\"elementor-widget-container\">\n\t\t\t\t\t<h5 class=\"elementor-heading-title elementor-size-default\">Szko\u0142a Podstawowa w Nietulisku Du\u017cym<\/h5>\t\t\t\t<\/div>\n\t\t\t\t<\/div>\n\t\t\t\t<div class=\"elementor-element elementor-element-d7a8a84 elementor-widget elementor-widget-text-editor\" data-id=\"d7a8a84\" data-element_type=\"widget\" data-widget_type=\"text-editor.default\">\n\t\t\t\t<div class=\"elementor-widget-container\">\n\t\t\t\t\t\t\t\t\t<p><span style=\"color: #000000;\">Konkurs \u201eZnajd\u017a spos\u00f3b na nauczycieli z Edmundem Niziurskim\u201d;<\/span><\/p><p><span style=\"color: #000000;\"><a style=\"color: #000000;\" href=\"https:\/\/spnietulisko.edupage.org\/news\/?eqa=d2lkPW5ld3NfUGFnaW5hdG9yXzEmbmV3c2FyY2hpdmVmPSZvZmZzZXRfbmV3c19QYWdpbmF0b3JfMT0xNjAmbm09bmV3cw%3D%3D\">https:\/\/spnietulisko.edupage.org\/news\/?eqa=d2lkPW5ld3NfUGFnaW5hdG9yXzEmbmV3c2FyY2hpdmVmPSZvZmZzZXRfbmV3c19QYWdpbmF0b3JfMT0xNjAmbm09bmV3cw%3D%3D#<\/a><\/span><\/p>\t\t\t\t\t\t\t\t<\/div>\n\t\t\t\t<\/div>\n\t\t\t\t<div class=\"elementor-element elementor-element-70d01d6 elementor-widget elementor-widget-spacer\" data-id=\"70d01d6\" data-element_type=\"widget\" data-widget_type=\"spacer.default\">\n\t\t\t\t<div class=\"elementor-widget-container\">\n\t\t\t\t\t\t\t<div class=\"elementor-spacer\">\n\t\t\t<div class=\"elementor-spacer-inner\"><\/div>\n\t\t<\/div>\n\t\t\t\t\t\t<\/div>\n\t\t\t\t<\/div>\n\t\t\t\t<div class=\"elementor-element elementor-element-a7afe2a elementor-widget elementor-widget-heading\" data-id=\"a7afe2a\" data-element_type=\"widget\" data-widget_type=\"heading.default\">\n\t\t\t\t<div class=\"elementor-widget-container\">\n\t\t\t\t\t<h5 class=\"elementor-heading-title elementor-size-default\">Zesp\u00f3\u0142 Szk\u00f3\u0142 Specjalnych nr 1 w Kielcach<\/h5>\t\t\t\t<\/div>\n\t\t\t\t<\/div>\n\t\t\t\t<div class=\"elementor-element elementor-element-48ec453 elementor-widget elementor-widget-text-editor\" data-id=\"48ec453\" data-element_type=\"widget\" data-widget_type=\"text-editor.default\">\n\t\t\t\t<div class=\"elementor-widget-container\">\n\t\t\t\t\t\t\t\t\t<p><span style=\"color: #000000;\">Humor postaci, sytuacji i j\u0119zyka w powie\u015bci Edmunda Niziurskiego pt. <em>Spos\u00f3b na Alcybiadesa<\/em> \u2013 g\u0142o\u015bne czytanie fragment\u00f3w tekstu i dyskusja;<\/span><\/p><p><span style=\"color: #000000;\"><a style=\"color: #000000;\" href=\"https:\/\/zsos17kielce.blogspot.com\/2025\/03\/tydzien-kultury-jezyka-2025.html\">https:\/\/zsos17kielce.blogspot.com\/2025\/03\/tydzien-kultury-jezyka-2025.html<\/a><\/span><\/p>\t\t\t\t\t\t\t\t<\/div>\n\t\t\t\t<\/div>\n\t\t\t\t<div class=\"elementor-element elementor-element-6bd1e06 elementor-widget elementor-widget-spacer\" data-id=\"6bd1e06\" data-element_type=\"widget\" data-widget_type=\"spacer.default\">\n\t\t\t\t<div class=\"elementor-widget-container\">\n\t\t\t\t\t\t\t<div class=\"elementor-spacer\">\n\t\t\t<div class=\"elementor-spacer-inner\"><\/div>\n\t\t<\/div>\n\t\t\t\t\t\t<\/div>\n\t\t\t\t<\/div>\n\t\t\t\t<div class=\"elementor-element elementor-element-a07cda9 elementor-widget elementor-widget-heading\" data-id=\"a07cda9\" data-element_type=\"widget\" data-widget_type=\"heading.default\">\n\t\t\t\t<div class=\"elementor-widget-container\">\n\t\t\t\t\t<h5 class=\"elementor-heading-title elementor-size-default\">Szko\u0142a Podstawowa im. Kornela Makuszy\u0144skiego w Niestachowie<\/h5>\t\t\t\t<\/div>\n\t\t\t\t<\/div>\n\t\t\t\t<div class=\"elementor-element elementor-element-b58ff8f elementor-widget elementor-widget-text-editor\" data-id=\"b58ff8f\" data-element_type=\"widget\" data-widget_type=\"text-editor.default\">\n\t\t\t\t<div class=\"elementor-widget-container\">\n\t\t\t\t\t\t\t\t\t<p><span style=\"color: #000000;\"><em>Spos\u00f3b na Alcybiadesa<\/em> \u2013 quiz;<\/span><\/p><p><span style=\"color: #000000;\"><a style=\"color: #000000;\" href=\"https:\/\/spniestachow.pl\/xxxiii-tydzien-kultury-jezyka25,1550.html\">https:\/\/spniestachow.pl\/xxxiii-tydzien-kultury-jezyka25,1550.html<\/a><\/span><\/p><p><span style=\"color: #000000;\"><a style=\"color: #000000;\" href=\"https:\/\/ilij.ujk.edu.pl\/wp-content\/uploads\/2025\/03\/Quiz-Sposob-na-Alcybiadesa.jpg\">https:\/\/ilij.ujk.edu.pl\/wp-content\/uploads\/2025\/03\/Quiz-Sposob-na-Alcybiadesa.jpg<\/a><\/span><\/p><p><span style=\"color: #000000;\"><em>Klub w\u0142\u00f3czykij\u00f3w i tajemnica dziadka Hieronima<\/em> \u2013 seans filmowy;<\/span><\/p><p><span style=\"color: #000000;\"><a style=\"color: #000000;\" href=\"https:\/\/spniestachow.pl\/szukalismy-skarbu-dziadka-hieronima,1551.html\">https:\/\/spniestachow.pl\/szukalismy-skarbu-dziadka-hieronima,1551.html<\/a><\/span><\/p><p><span style=\"color: #000000;\"><a style=\"color: #000000;\" href=\"https:\/\/ilij.ujk.edu.pl\/wp-content\/uploads\/2025\/03\/Seans-filmowy.jpg\">https:\/\/ilij.ujk.edu.pl\/wp-content\/uploads\/2025\/03\/Seans-filmowy.jpg<\/a><\/span><\/p><p><span style=\"color: #000000;\">\u017bycie i tw\u00f3rczo\u015b\u0107 Edmunda Niziurskiego \u2013 prezentacja multimedialna;<\/span><\/p><p><span style=\"color: #000000;\"><em>Spos\u00f3b na Alcybiadesa<\/em> \u2013 inscenizacja fragment\u00f3w ksi\u0105\u017cki;<\/span><\/p><p><span style=\"color: #000000;\">\u201eTemat: Edmund Niziurski\u201d \u2013 Wystawka;<\/span><\/p><p><span style=\"color: #000000;\"><a style=\"color: #000000;\" href=\"https:\/\/ilij.ujk.edu.pl\/wp-content\/uploads\/2025\/03\/Wystawka-scaled.jpg\">https:\/\/ilij.ujk.edu.pl\/wp-content\/uploads\/2025\/03\/Wystawka-scaled.jpg<\/a><\/span><\/p>\t\t\t\t\t\t\t\t<\/div>\n\t\t\t\t<\/div>\n\t\t\t\t<div class=\"elementor-element elementor-element-4206448 elementor-widget elementor-widget-spacer\" data-id=\"4206448\" data-element_type=\"widget\" data-widget_type=\"spacer.default\">\n\t\t\t\t<div class=\"elementor-widget-container\">\n\t\t\t\t\t\t\t<div class=\"elementor-spacer\">\n\t\t\t<div class=\"elementor-spacer-inner\"><\/div>\n\t\t<\/div>\n\t\t\t\t\t\t<\/div>\n\t\t\t\t<\/div>\n\t\t\t\t<div class=\"elementor-element elementor-element-8376c07 elementor-widget elementor-widget-heading\" data-id=\"8376c07\" data-element_type=\"widget\" data-widget_type=\"heading.default\">\n\t\t\t\t<div class=\"elementor-widget-container\">\n\t\t\t\t\t<h5 class=\"elementor-heading-title elementor-size-default\">Publiczna Szko\u0142a Podstawowa nr 1 im. Stanis\u0142awa Staszica w Busku-Zdroju<\/h5>\t\t\t\t<\/div>\n\t\t\t\t<\/div>\n\t\t\t\t<div class=\"elementor-element elementor-element-305bdfe elementor-widget elementor-widget-text-editor\" data-id=\"305bdfe\" data-element_type=\"widget\" data-widget_type=\"text-editor.default\">\n\t\t\t\t<div class=\"elementor-widget-container\">\n\t\t\t\t\t\t\t\t\t<p><span style=\"color: #000000;\">Wystawa: Edmund Niziurski \u2013 \u017cycie i tw\u00f3rczo\u015b\u0107;<\/span><\/p><p><span style=\"color: #000000;\">Powiatowy Konkurs Literacki \u2013 IV edycja \u2013 Literackie spotkanie \u2013 Edmund Niziurski (zadaniem uczestnik\u00f3w: napisanie opowiadania o spotkaniu z bohaterem <em>Sposobu na Alcybiadesa<\/em> lub <em>Adelo, zrozum mnie!<\/em>);<\/span><\/p><p><span style=\"color: #000000;\">Warsztaty: \u201eLiteratura uczy i bawi\u201d \u2013 tw\u00f3rczo\u015b\u0107 Edmunda Niziurskiego;<\/span><\/p><p><span style=\"color: #000000;\"><a style=\"color: #000000;\" href=\"https:\/\/psp1busko.szkolnastrona.pl\/index.php?c=article&amp;id=1218\">https:\/\/psp1busko.szkolnastrona.pl\/index.php?c=article&amp;id=1218<\/a><\/span><\/p>\t\t\t\t\t\t\t\t<\/div>\n\t\t\t\t<\/div>\n\t\t\t\t<div class=\"elementor-element elementor-element-f968c6b elementor-widget elementor-widget-spacer\" data-id=\"f968c6b\" data-element_type=\"widget\" data-widget_type=\"spacer.default\">\n\t\t\t\t<div class=\"elementor-widget-container\">\n\t\t\t\t\t\t\t<div class=\"elementor-spacer\">\n\t\t\t<div class=\"elementor-spacer-inner\"><\/div>\n\t\t<\/div>\n\t\t\t\t\t\t<\/div>\n\t\t\t\t<\/div>\n\t\t\t\t<div class=\"elementor-element elementor-element-208d7fd elementor-widget elementor-widget-heading\" data-id=\"208d7fd\" data-element_type=\"widget\" data-widget_type=\"heading.default\">\n\t\t\t\t<div class=\"elementor-widget-container\">\n\t\t\t\t\t<h5 class=\"elementor-heading-title elementor-size-default\">Szko\u0142a Podstawowa im. Bohater\u00f3w Powstania Styczniowego w Nowej S\u0142upi<\/h5>\t\t\t\t<\/div>\n\t\t\t\t<\/div>\n\t\t\t\t<div class=\"elementor-element elementor-element-9bff368 elementor-widget elementor-widget-text-editor\" data-id=\"9bff368\" data-element_type=\"widget\" data-widget_type=\"text-editor.default\">\n\t\t\t\t<div class=\"elementor-widget-container\">\n\t\t\t\t\t\t\t\t\t<p><span style=\"color: #000000;\">\u201eSto lat\u2026! \u2013 Edmundowi Niziurskiemu\u201d \u2013 czytamy fragmenty ksi\u0105\u017cki <em>Spos\u00f3b na Alcybiadesa<\/em>; (wys\u0142uchanie \u201eprzem\u00f3wienia\u201d pisarza wygenerowanego przez sztuczn\u0105 inteligencj\u0119, zabawy z humorem, quizy, gry interaktywne, prezentacja wiedzy o pisarzu w setn\u0105 rocznic\u0119 urodzin);<\/span><\/p><p><span style=\"color: #000000;\"><a style=\"color: #000000;\" href=\"https:\/\/spnowaslupia.edupage.org\/news\/?eqa=d2lkPW5ld3NfUGFnaW5hdG9yXzEmbmV3c2FyY2hpdmVmPSZvZmZzZXRfbmV3c19QYWdpbmF0b3JfMT0xODAmbm09bmV3cw%3D%3D\">https:\/\/spnowaslupia.edupage.org\/news\/?eqa=d2lkPW5ld3NfUGFnaW5hdG9yXzEmbmV3c2FyY2hpdmVmPSZvZmZzZXRfbmV3c19QYWdpbmF0b3JfMT0xODAmbm09bmV3cw%3D%3D#<\/a><\/span><\/p>\t\t\t\t\t\t\t\t<\/div>\n\t\t\t\t<\/div>\n\t\t\t\t<div class=\"elementor-element elementor-element-555c409 elementor-widget elementor-widget-spacer\" data-id=\"555c409\" data-element_type=\"widget\" data-widget_type=\"spacer.default\">\n\t\t\t\t<div class=\"elementor-widget-container\">\n\t\t\t\t\t\t\t<div class=\"elementor-spacer\">\n\t\t\t<div class=\"elementor-spacer-inner\"><\/div>\n\t\t<\/div>\n\t\t\t\t\t\t<\/div>\n\t\t\t\t<\/div>\n\t\t\t\t<div class=\"elementor-element elementor-element-8f9d310 elementor-widget elementor-widget-heading\" data-id=\"8f9d310\" data-element_type=\"widget\" data-widget_type=\"heading.default\">\n\t\t\t\t<div class=\"elementor-widget-container\">\n\t\t\t\t\t<h5 class=\"elementor-heading-title elementor-size-default\">Szko\u0142a Podstawowa nr 28 im. \u017bo\u0142nierzy 4 pp. \u201eCzwartak\u00f3w\u201d w Kielcach<\/h5>\t\t\t\t<\/div>\n\t\t\t\t<\/div>\n\t\t\t\t<div class=\"elementor-element elementor-element-0eb107a elementor-widget elementor-widget-text-editor\" data-id=\"0eb107a\" data-element_type=\"widget\" data-widget_type=\"text-editor.default\">\n\t\t\t\t<div class=\"elementor-widget-container\">\n\t\t\t\t\t\t\t\t\t<p><span style=\"color: #000000;\">Wystawa \u2013 \u201eEdmund Niziurski \u2013 z zabawy nauka\u201d<\/span><\/p>\t\t\t\t\t\t\t\t<\/div>\n\t\t\t\t<\/div>\n\t\t\t\t<div class=\"elementor-element elementor-element-68a2f0f elementor-widget elementor-widget-spacer\" data-id=\"68a2f0f\" data-element_type=\"widget\" data-widget_type=\"spacer.default\">\n\t\t\t\t<div class=\"elementor-widget-container\">\n\t\t\t\t\t\t\t<div class=\"elementor-spacer\">\n\t\t\t<div class=\"elementor-spacer-inner\"><\/div>\n\t\t<\/div>\n\t\t\t\t\t\t<\/div>\n\t\t\t\t<\/div>\n\t\t\t\t<div class=\"elementor-element elementor-element-b3f691e elementor-widget elementor-widget-heading\" data-id=\"b3f691e\" data-element_type=\"widget\" data-widget_type=\"heading.default\">\n\t\t\t\t<div class=\"elementor-widget-container\">\n\t\t\t\t\t<h5 class=\"elementor-heading-title elementor-size-default\">Szko\u0142a Podstawowa im. Henryka Sienkiewicza w Promniku<\/h5>\t\t\t\t<\/div>\n\t\t\t\t<\/div>\n\t\t\t\t<div class=\"elementor-element elementor-element-c639fa3 elementor-widget elementor-widget-text-editor\" data-id=\"c639fa3\" data-element_type=\"widget\" data-widget_type=\"text-editor.default\">\n\t\t\t\t<div class=\"elementor-widget-container\">\n\t\t\t\t\t\t\t\t\t<p><span style=\"color: #000000;\">Konkurs czytelniczy dot. <em>Sposobu na Alcybiadesa<\/em>;<\/span><\/p><p><span style=\"color: #000000;\"><a style=\"color: #000000;\" href=\"https:\/\/sppromnik.pl\/n,xxxiii-tygodnia-kultury-jezyka\">https:\/\/sppromnik.pl\/n,xxxiii-tygodnia-kultury-jezyka<\/a><\/span><\/p>\t\t\t\t\t\t\t\t<\/div>\n\t\t\t\t<\/div>\n\t\t\t\t<div class=\"elementor-element elementor-element-646ce94 elementor-widget elementor-widget-spacer\" data-id=\"646ce94\" data-element_type=\"widget\" data-widget_type=\"spacer.default\">\n\t\t\t\t<div class=\"elementor-widget-container\">\n\t\t\t\t\t\t\t<div class=\"elementor-spacer\">\n\t\t\t<div class=\"elementor-spacer-inner\"><\/div>\n\t\t<\/div>\n\t\t\t\t\t\t<\/div>\n\t\t\t\t<\/div>\n\t\t\t\t<div class=\"elementor-element elementor-element-f4160ee elementor-widget elementor-widget-heading\" data-id=\"f4160ee\" data-element_type=\"widget\" data-widget_type=\"heading.default\">\n\t\t\t\t<div class=\"elementor-widget-container\">\n\t\t\t\t\t<h5 class=\"elementor-heading-title elementor-size-default\">Szko\u0142a Podstawowa nr 12 im. Bohater\u00f3w Westerplatte w Kielcach<\/h5>\t\t\t\t<\/div>\n\t\t\t\t<\/div>\n\t\t\t\t<div class=\"elementor-element elementor-element-4b5f41b elementor-widget elementor-widget-text-editor\" data-id=\"4b5f41b\" data-element_type=\"widget\" data-widget_type=\"text-editor.default\">\n\t\t\t\t<div class=\"elementor-widget-container\">\n\t\t\t\t\t\t\t\t\t<p><span style=\"color: #000000;\">Przedstawienie inspirowane fragmentami powie\u015bci <em>Niewiarygodne przygody Marka Piegusa<\/em>;<\/span><\/p><p><span style=\"color: #000000;\">Quiz o Edmundzie Niziurskim;<\/span><\/p><p><span style=\"color: #000000;\">Projekcja filmu <em>Spona<\/em>;<\/span><\/p><p><span style=\"color: #000000;\"><a style=\"color: #000000;\" href=\"https:\/\/www.facebook.com\/permalink.php?story_fbid=pfbid024oJb5kW23fxzdHzHUttuhb8ohAUmVw6ssEp2P7zHoGaHQxLWQfAwbUFGS7HbfiLal&amp;id=100063503976347&amp;locale=pl_PL\">https:\/\/www.facebook.com\/permalink.php?story_fbid=pfbid024oJb5kW23fxzdHzHUttuhb8ohAUmVw6ssEp2P7zHoGaHQxLWQfAwbUFGS7HbfiLal&amp;id=100063503976347&amp;locale=pl_PL<\/a><\/span><\/p>\t\t\t\t\t\t\t\t<\/div>\n\t\t\t\t<\/div>\n\t\t\t\t<div class=\"elementor-element elementor-element-664dd4e elementor-widget elementor-widget-spacer\" data-id=\"664dd4e\" data-element_type=\"widget\" data-widget_type=\"spacer.default\">\n\t\t\t\t<div class=\"elementor-widget-container\">\n\t\t\t\t\t\t\t<div class=\"elementor-spacer\">\n\t\t\t<div class=\"elementor-spacer-inner\"><\/div>\n\t\t<\/div>\n\t\t\t\t\t\t<\/div>\n\t\t\t\t<\/div>\n\t\t\t\t<div class=\"elementor-element elementor-element-fc240ae elementor-widget elementor-widget-heading\" data-id=\"fc240ae\" data-element_type=\"widget\" data-widget_type=\"heading.default\">\n\t\t\t\t<div class=\"elementor-widget-container\">\n\t\t\t\t\t<h5 class=\"elementor-heading-title elementor-size-default\">Szko\u0142a Podstawowa nr 2 w Ko\u0144skich<\/h5>\t\t\t\t<\/div>\n\t\t\t\t<\/div>\n\t\t\t\t<div class=\"elementor-element elementor-element-d6e9f50 elementor-widget elementor-widget-text-editor\" data-id=\"d6e9f50\" data-element_type=\"widget\" data-widget_type=\"text-editor.default\">\n\t\t\t\t<div class=\"elementor-widget-container\">\n\t\t\t\t\t\t\t\t\t<p><span style=\"color: #000000;\">codziennie w trakcie Tygodnia Kultury J\u0119zyka \u2013 \u201ePoranek z lektur\u0105\u201d, czyli humorystyczne fragmenty ksi\u0105\u017cek Edmunda Niziurskiego nadawane przez szkolny radiow\u0119ze\u0142 (powie\u015bci: <em>\u017baba, pozbieraj si\u0119<\/em>, <em>Przygody B\u0105bla i Syfona<\/em>, <em>Spos\u00f3b na Alcybiadesa<\/em>, <em>Awantura w Niek\u0142aju<\/em> oraz opowiadania <em>Trzynasty wyst\u0119pek<\/em>);<\/span><\/p><p><span style=\"color: #000000;\">quiz wiedzy o utworach Niziurskiego;<\/span><\/p><p><span style=\"color: #000000;\"><a style=\"color: #000000;\" href=\"https:\/\/www.facebook.com\/permalink.php?story_fbid=pfbid02nz47qKTUWXZkni4SEcJHLRMVTzRur2g7gJjt4PTJWCTcziak81VJiZbLMA4WU51el&amp;id=100088489413357\">https:\/\/www.facebook.com\/permalink.php?story_fbid=pfbid02nz47qKTUWXZkni4SEcJHLRMVTzRur2g7gJjt4PTJWCTcziak81VJiZbLMA4WU51el&amp;id=100088489413357<\/a><\/span><\/p>\t\t\t\t\t\t\t\t<\/div>\n\t\t\t\t<\/div>\n\t\t\t\t<div class=\"elementor-element elementor-element-2d06e89 elementor-widget elementor-widget-spacer\" data-id=\"2d06e89\" data-element_type=\"widget\" data-widget_type=\"spacer.default\">\n\t\t\t\t<div class=\"elementor-widget-container\">\n\t\t\t\t\t\t\t<div class=\"elementor-spacer\">\n\t\t\t<div class=\"elementor-spacer-inner\"><\/div>\n\t\t<\/div>\n\t\t\t\t\t\t<\/div>\n\t\t\t\t<\/div>\n\t\t\t\t<div class=\"elementor-element elementor-element-1bdd6a1 elementor-widget elementor-widget-heading\" data-id=\"1bdd6a1\" data-element_type=\"widget\" data-widget_type=\"heading.default\">\n\t\t\t\t<div class=\"elementor-widget-container\">\n\t\t\t\t\t<h5 class=\"elementor-heading-title elementor-size-default\">Samorz\u0105dowa Szko\u0142a Podstawowa im. Wojska Polskiego w Wodzis\u0142awiu<\/h5>\t\t\t\t<\/div>\n\t\t\t\t<\/div>\n\t\t\t\t<div class=\"elementor-element elementor-element-71e0988 elementor-widget elementor-widget-text-editor\" data-id=\"71e0988\" data-element_type=\"widget\" data-widget_type=\"text-editor.default\">\n\t\t\t\t<div class=\"elementor-widget-container\">\n\t\t\t\t\t\t\t\t\t<p><span style=\"color: #000000;\">\u201eTworzymy komiksy najzabawniejszych fragment\u00f3w z wybranych utwor\u00f3w E. Niziurskiego;<\/span><\/p><p><span style=\"color: #000000;\">\u201eMoja opowie\u015b\u0107\u201d konkurs na opowiadanie inspirowane wybranymi fragmentami utworu <em>Spos\u00f3b na Alcybiadesa<\/em> E. Niziurskiego<\/span><\/p>\t\t\t\t\t\t\t\t<\/div>\n\t\t\t\t<\/div>\n\t\t\t\t<div class=\"elementor-element elementor-element-10ceb18 elementor-widget elementor-widget-spacer\" data-id=\"10ceb18\" data-element_type=\"widget\" data-widget_type=\"spacer.default\">\n\t\t\t\t<div class=\"elementor-widget-container\">\n\t\t\t\t\t\t\t<div class=\"elementor-spacer\">\n\t\t\t<div class=\"elementor-spacer-inner\"><\/div>\n\t\t<\/div>\n\t\t\t\t\t\t<\/div>\n\t\t\t\t<\/div>\n\t\t\t\t<div class=\"elementor-element elementor-element-b103a74 elementor-widget elementor-widget-heading\" data-id=\"b103a74\" data-element_type=\"widget\" data-widget_type=\"heading.default\">\n\t\t\t\t<div class=\"elementor-widget-container\">\n\t\t\t\t\t<h5 class=\"elementor-heading-title elementor-size-default\">Szko\u0142a Podstawowa nr 1 im. Jana Kochanowskiego w Starachowicach<\/h5>\t\t\t\t<\/div>\n\t\t\t\t<\/div>\n\t\t\t\t<div class=\"elementor-element elementor-element-aa05641 elementor-widget elementor-widget-text-editor\" data-id=\"aa05641\" data-element_type=\"widget\" data-widget_type=\"text-editor.default\">\n\t\t\t\t<div class=\"elementor-widget-container\">\n\t\t\t\t\t\t\t\t\t<p><span style=\"color: #000000;\">Edmund Niziurski \u2013 prezentacje multimedialne przygotowane przez uczni\u00f3w w 100. rocznic\u0119 urodzin pisarza zwi\u0105zanego z Kielecczyzn\u0105;<\/span><\/p><p><span style=\"color: #000000;\"><em>Spos\u00f3b na Alcybiadesa<\/em> na dobry humor \u2013 uk\u0142adanie rymowanek lub wypowiedzi zach\u0119caj\u0105cych do przeczytania powie\u015bci z uwzgl\u0119dnieniem jej element\u00f3w komicznych w klasach VI-VIII;<\/span><\/p><p><span style=\"color: #000000;\"><a style=\"color: #000000;\" href=\"https:\/\/www.facebook.com\/permalink.php?story_fbid=pfbid0zogCYtakFAK5FrWwNXCoUDdT5wsPF9rbDnr8yudfjuQjF2XvThfcrmU6DVaYoGWgl&amp;id=100063583059955&amp;locale=pl_PL\">https:\/\/www.facebook.com\/permalink.php?story_fbid=pfbid0zogCYtakFAK5FrWwNXCoUDdT5wsPF9rbDnr8yudfjuQjF2XvThfcrmU6DVaYoGWgl&amp;id=100063583059955&amp;locale=pl_PL<\/a><\/span><\/p>\t\t\t\t\t\t\t\t<\/div>\n\t\t\t\t<\/div>\n\t\t\t\t<div class=\"elementor-element elementor-element-1544e9c elementor-widget elementor-widget-spacer\" data-id=\"1544e9c\" data-element_type=\"widget\" data-widget_type=\"spacer.default\">\n\t\t\t\t<div class=\"elementor-widget-container\">\n\t\t\t\t\t\t\t<div class=\"elementor-spacer\">\n\t\t\t<div class=\"elementor-spacer-inner\"><\/div>\n\t\t<\/div>\n\t\t\t\t\t\t<\/div>\n\t\t\t\t<\/div>\n\t\t\t\t<div class=\"elementor-element elementor-element-1a57292 elementor-widget elementor-widget-heading\" data-id=\"1a57292\" data-element_type=\"widget\" data-widget_type=\"heading.default\">\n\t\t\t\t<div class=\"elementor-widget-container\">\n\t\t\t\t\t<h5 class=\"elementor-heading-title elementor-size-default\">Zesp\u00f3\u0142 Szkolno-Przedszkolny w Daleszycach<\/h5>\t\t\t\t<\/div>\n\t\t\t\t<\/div>\n\t\t\t\t<div class=\"elementor-element elementor-element-adee574 elementor-widget elementor-widget-text-editor\" data-id=\"adee574\" data-element_type=\"widget\" data-widget_type=\"text-editor.default\">\n\t\t\t\t<div class=\"elementor-widget-container\">\n\t\t\t\t\t\t\t\t\t<p><span style=\"color: #000000;\">Dyktando \u2013 \u201elist\u201d Edmunda Nizurskiego do czytelnik\u00f3w<\/span><\/p>\t\t\t\t\t\t\t\t<\/div>\n\t\t\t\t<\/div>\n\t\t\t\t<div class=\"elementor-element elementor-element-cd5185d elementor-widget elementor-widget-spacer\" data-id=\"cd5185d\" data-element_type=\"widget\" data-widget_type=\"spacer.default\">\n\t\t\t\t<div class=\"elementor-widget-container\">\n\t\t\t\t\t\t\t<div class=\"elementor-spacer\">\n\t\t\t<div class=\"elementor-spacer-inner\"><\/div>\n\t\t<\/div>\n\t\t\t\t\t\t<\/div>\n\t\t\t\t<\/div>\n\t\t\t\t<div class=\"elementor-element elementor-element-4fd36bd elementor-widget elementor-widget-heading\" data-id=\"4fd36bd\" data-element_type=\"widget\" data-widget_type=\"heading.default\">\n\t\t\t\t<div class=\"elementor-widget-container\">\n\t\t\t\t\t<h5 class=\"elementor-heading-title elementor-size-default\">Publiczna Szko\u0142a Podstawowa nr 5 w Ostrowcu \u015awi\u0119tokrzyskim<\/h5>\t\t\t\t<\/div>\n\t\t\t\t<\/div>\n\t\t\t\t<div class=\"elementor-element elementor-element-628b11c elementor-widget elementor-widget-text-editor\" data-id=\"628b11c\" data-element_type=\"widget\" data-widget_type=\"text-editor.default\">\n\t\t\t\t<div class=\"elementor-widget-container\">\n\t\t\t\t\t\t\t\t\t<p><span style=\"color: #000000;\">Konkurs \u201eTw\u00f3j spos\u00f3b na Alcybiadesa\u201d;<\/span><\/p><p><span style=\"color: #000000;\">Wystawa \u201eGadaj\u0105ce g\u0142owy z naszego regionu\u201d \u2013 sylwetka Edmunda Niziurskiego w\u015br\u00f3d innych pisarzy zwi\u0105zanych z Kielecczyzn\u0105;<\/span><\/p><p><span style=\"color: #000000;\"><a style=\"color: #000000;\" href=\"https:\/\/www.facebook.com\/permalink.php?story_fbid=pfbid02dBqNY5DC3U1AEg7pWKLxELmeJut8h6R2aTqXtjFuMui9h9ycFiRj9ksRn4migryjl&amp;id=100057608522327&amp;locale=pl_PL\">https:\/\/www.facebook.com\/permalink.php?story_fbid=pfbid02dBqNY5DC3U1AEg7pWKLxELmeJut8h6R2aTqXtjFuMui9h9ycFiRj9ksRn4migryjl&amp;id=100057608522327&amp;locale=pl_PL<\/a><\/span><\/p>\t\t\t\t\t\t\t\t<\/div>\n\t\t\t\t<\/div>\n\t\t\t\t<div class=\"elementor-element elementor-element-8468154 elementor-widget elementor-widget-spacer\" data-id=\"8468154\" data-element_type=\"widget\" data-widget_type=\"spacer.default\">\n\t\t\t\t<div class=\"elementor-widget-container\">\n\t\t\t\t\t\t\t<div class=\"elementor-spacer\">\n\t\t\t<div class=\"elementor-spacer-inner\"><\/div>\n\t\t<\/div>\n\t\t\t\t\t\t<\/div>\n\t\t\t\t<\/div>\n\t\t\t\t<div class=\"elementor-element elementor-element-336a941 elementor-widget elementor-widget-heading\" data-id=\"336a941\" data-element_type=\"widget\" data-widget_type=\"heading.default\">\n\t\t\t\t<div class=\"elementor-widget-container\">\n\t\t\t\t\t<h5 class=\"elementor-heading-title elementor-size-default\">Szko\u0142a Podstawowa w Korzecku<\/h5>\t\t\t\t<\/div>\n\t\t\t\t<\/div>\n\t\t\t\t<div class=\"elementor-element elementor-element-c35be0e elementor-widget elementor-widget-text-editor\" data-id=\"c35be0e\" data-element_type=\"widget\" data-widget_type=\"text-editor.default\">\n\t\t\t\t<div class=\"elementor-widget-container\">\n\t\t\t\t\t\t\t\t\t<p><span style=\"color: #000000;\"><strong>11 marca<\/strong> \u2013 uczniowie wykonali prace plastyczne na temat \u201eKreatywnie z Niziurskim\u201d ilustruj\u0105ce ulubione fragmenty ksi\u0105\u017cek tego autora;<\/span><\/p><p><span style=\"color: #000000;\"><strong>13 marca<\/strong> \u2013 wystawa pod tytu\u0142em \u201eEdmund Niziurski \u2013 Mistrz humoru\u201d, podczas kt\u00f3rej uczniowie zaprezentowali swoje prace plastyczne i literackie inspirowane ksi\u0105\u017ckami prozaika;<\/span><\/p><p><span style=\"color: #000000;\"><a style=\"color: #000000;\" href=\"https:\/\/ilij.ujk.edu.pl\/wp-content\/uploads\/2025\/03\/IMG_20250319_123546.jpg\">https:\/\/ilij.ujk.edu.pl\/wp-content\/uploads\/2025\/03\/IMG_20250319_123546.jpg<\/a><\/span><\/p>\t\t\t\t\t\t\t\t<\/div>\n\t\t\t\t<\/div>\n\t\t\t\t<div class=\"elementor-element elementor-element-922ae98 elementor-widget elementor-widget-spacer\" data-id=\"922ae98\" data-element_type=\"widget\" data-widget_type=\"spacer.default\">\n\t\t\t\t<div class=\"elementor-widget-container\">\n\t\t\t\t\t\t\t<div class=\"elementor-spacer\">\n\t\t\t<div class=\"elementor-spacer-inner\"><\/div>\n\t\t<\/div>\n\t\t\t\t\t\t<\/div>\n\t\t\t\t<\/div>\n\t\t\t\t<div class=\"elementor-element elementor-element-d3c1bdc elementor-widget elementor-widget-heading\" data-id=\"d3c1bdc\" data-element_type=\"widget\" data-widget_type=\"heading.default\">\n\t\t\t\t<div class=\"elementor-widget-container\">\n\t\t\t\t\t<h5 class=\"elementor-heading-title elementor-size-default\">Zesp\u00f3\u0142 Szkolno-Przedszkolny w Bogucicach<\/h5>\t\t\t\t<\/div>\n\t\t\t\t<\/div>\n\t\t\t\t<div class=\"elementor-element elementor-element-5472ca2 elementor-widget elementor-widget-text-editor\" data-id=\"5472ca2\" data-element_type=\"widget\" data-widget_type=\"text-editor.default\">\n\t\t\t\t<div class=\"elementor-widget-container\">\n\t\t\t\t\t\t\t\t\t<p><span style=\"color: #000000;\"><strong>10 marca<\/strong> \u2013 ,,Znany czy nieznany pisarz Kielecczyzny. Przybli\u017camy sylwetk\u0119 Edmunda Niziurskiego\u201d \u2013 z okazji 100. rocznicy urodzin pisarza przygotowano wystawk\u0119 czytelnicz\u0105, gazetk\u0119 okoliczno\u015bciow\u0105 po\u015bwi\u0119con\u0105 \u017cyciu i tw\u00f3rczo\u015bci autora ksi\u0105\u017cek dla dzieci i m\u0142odzie\u017cy, a na lekcjach j\u0119zyka polskiego odby\u0142y si\u0119 prelekcje dotycz\u0105ce biografii Edmunda Niziurskiego;<\/span><\/p><p><span style=\"color: #000000;\"><strong>11 marca<\/strong> \u2013 uczniowie klas: IV-VIII uczestniczyli w konkursie g\u0142o\u015bnego czytania, kt\u00f3rego tytu\u0142 brzmia\u0142: ,, Humor w ksi\u0105\u017ckach Edmunda Niziurskiego\u201d;<\/span><\/p><p><span style=\"color: #000000;\"><a style=\"color: #000000;\" href=\"https:\/\/ilij.ujk.edu.pl\/wp-content\/uploads\/2025\/03\/Poznajemy-tworczosc-Edmunda-Niziurskiego.jpg\">https:\/\/ilij.ujk.edu.pl\/wp-content\/uploads\/2025\/03\/Poznajemy-tworczosc-Edmunda-Niziurskiego.jpg<\/a><\/span><\/p>\t\t\t\t\t\t\t\t<\/div>\n\t\t\t\t<\/div>\n\t\t\t\t<div class=\"elementor-element elementor-element-ad5da25 elementor-widget elementor-widget-spacer\" data-id=\"ad5da25\" data-element_type=\"widget\" data-widget_type=\"spacer.default\">\n\t\t\t\t<div class=\"elementor-widget-container\">\n\t\t\t\t\t\t\t<div class=\"elementor-spacer\">\n\t\t\t<div class=\"elementor-spacer-inner\"><\/div>\n\t\t<\/div>\n\t\t\t\t\t\t<\/div>\n\t\t\t\t<\/div>\n\t\t\t\t<div class=\"elementor-element elementor-element-adcfbf1 elementor-widget elementor-widget-heading\" data-id=\"adcfbf1\" data-element_type=\"widget\" data-widget_type=\"heading.default\">\n\t\t\t\t<div class=\"elementor-widget-container\">\n\t\t\t\t\t<h5 class=\"elementor-heading-title elementor-size-default\">Szko\u0142a Podstawowa nr 18 im. Zbigniewa Kruszelnickiego \u201eWilka\u201d w Kielcach<\/h5>\t\t\t\t<\/div>\n\t\t\t\t<\/div>\n\t\t\t\t<div class=\"elementor-element elementor-element-0e6e201 elementor-widget elementor-widget-text-editor\" data-id=\"0e6e201\" data-element_type=\"widget\" data-widget_type=\"text-editor.default\">\n\t\t\t\t<div class=\"elementor-widget-container\">\n\t\t\t\t\t\t\t\t\t<p><span style=\"color: #000000;\">\u201eNiziurski na j\u0119zykach \u2013 B\u0105bel pomys\u0142\u00f3w, Syfon przyg\u00f3d\u201d \u2013 warsztaty (ciekawostki dot. \u017cycia i tw\u00f3rczo\u015bci, minidyktando: \u201eM\u0142odzie\u017c contra Niziurski\u201d);<\/span><\/p><p><span style=\"color: #000000;\"><a style=\"color: #000000;\" href=\"https:\/\/ilij.ujk.edu.pl\/wp-content\/uploads\/2025\/03\/SP18-kl.6b-warsztaty-w-MBP-scaled.jpg\">https:\/\/ilij.ujk.edu.pl\/wp-content\/uploads\/2025\/03\/SP18-kl.6b-warsztaty-w-MBP-scaled.jpg<\/a><\/span><\/p>\t\t\t\t\t\t\t\t<\/div>\n\t\t\t\t<\/div>\n\t\t\t\t<div class=\"elementor-element elementor-element-2a4646c elementor-widget elementor-widget-spacer\" data-id=\"2a4646c\" data-element_type=\"widget\" data-widget_type=\"spacer.default\">\n\t\t\t\t<div class=\"elementor-widget-container\">\n\t\t\t\t\t\t\t<div class=\"elementor-spacer\">\n\t\t\t<div class=\"elementor-spacer-inner\"><\/div>\n\t\t<\/div>\n\t\t\t\t\t\t<\/div>\n\t\t\t\t<\/div>\n\t\t\t\t<div class=\"elementor-element elementor-element-fcf287e elementor-widget elementor-widget-heading\" data-id=\"fcf287e\" data-element_type=\"widget\" data-widget_type=\"heading.default\">\n\t\t\t\t<div class=\"elementor-widget-container\">\n\t\t\t\t\t<h5 class=\"elementor-heading-title elementor-size-default\">Szko\u0142a Podstawowa im. Bohater\u00f3w Powstania Styczniowego w Zaj\u0105czkowie<\/h5>\t\t\t\t<\/div>\n\t\t\t\t<\/div>\n\t\t\t\t<div class=\"elementor-element elementor-element-8fc114b elementor-widget elementor-widget-text-editor\" data-id=\"8fc114b\" data-element_type=\"widget\" data-widget_type=\"text-editor.default\">\n\t\t\t\t<div class=\"elementor-widget-container\">\n\t\t\t\t\t\t\t\t\t<p><span style=\"color: #000000;\">\u015aladami \u201eurwis\u00f3w\u201d Edmunda Niziurskiego:<\/span><\/p><p><span style=\"color: #000000;\">Spotkania klasowe na temat zwi\u0105zku pisarza ze szko\u0142\u0105; prezentacja list\u00f3w Edmunda Niziurskiego z roku 1988 i 1989 adresowanych do szkolnego ko\u0142a polonistycznego;<\/span><\/p><p><span style=\"color: #000000;\">Turniej wiedzy o filmie <em>Tajemnica dzikiego szybu<\/em>;<\/span><\/p><p><span style=\"color: #000000;\">\u015aladami \u201eurwis\u00f3w\u201d \u2013 rajd pieszy na g\u00f3r\u0119 Miedzianka;<\/span><\/p><p><span style=\"color: #000000;\">Konkurs plastyczno-literacki \u201ePortret urwisa Niziurskiego\u201d<\/span><\/p>\t\t\t\t\t\t\t\t<\/div>\n\t\t\t\t<\/div>\n\t\t\t\t<div class=\"elementor-element elementor-element-3d724e6 elementor-widget elementor-widget-spacer\" data-id=\"3d724e6\" data-element_type=\"widget\" data-widget_type=\"spacer.default\">\n\t\t\t\t<div class=\"elementor-widget-container\">\n\t\t\t\t\t\t\t<div class=\"elementor-spacer\">\n\t\t\t<div class=\"elementor-spacer-inner\"><\/div>\n\t\t<\/div>\n\t\t\t\t\t\t<\/div>\n\t\t\t\t<\/div>\n\t\t\t\t<div class=\"elementor-element elementor-element-8e55223 elementor-widget elementor-widget-heading\" data-id=\"8e55223\" data-element_type=\"widget\" data-widget_type=\"heading.default\">\n\t\t\t\t<div class=\"elementor-widget-container\">\n\t\t\t\t\t<h5 class=\"elementor-heading-title elementor-size-default\">Miejska Biblioteka Publiczna \u2013 \u201eSi\u00f3dme wtajemniczenie, czyli spos\u00f3b na Niziurskiego\u201d<\/h5>\t\t\t\t<\/div>\n\t\t\t\t<\/div>\n\t\t\t\t<div class=\"elementor-element elementor-element-d794d4c elementor-widget elementor-widget-text-editor\" data-id=\"d794d4c\" data-element_type=\"widget\" data-widget_type=\"text-editor.default\">\n\t\t\t\t<div class=\"elementor-widget-container\">\n\t\t\t\t\t\t\t\t\t<p><span style=\"color: #000000;\"><strong>10 marca<\/strong> \u2013 og\u0142oszenie konkursu \u201eEdmund Niziurski w komiksie\u201d;<\/span><\/p><p><span style=\"color: #000000;\"><strong>10-14 marca<\/strong> \u2013 dzia\u0142ania MBP w ramach XXXIII Tygodnia Kultury J\u0119zyka<\/span><\/p><p><span style=\"color: #000000;\">http:\/\/mbp.kielce.pl\/media\/aktualnosci\/2020\/06\/XXXIII_Tydzie%C5%84_Kultury_J%C4%99zyka_w_MBP_im._J._Pilcha_w_Kielcach.pdf<\/span><\/p><p><span style=\"color: #000000;\"><a style=\"color: #000000;\" href=\"https:\/\/www.facebook.com\/photo\/?fbid=939328455076201&amp;set=a.469611895381195\">https:\/\/www.facebook.com\/photo\/?fbid=939328455076201&amp;set=a.469611895381195<\/a><\/span><\/p><p><span style=\"color: #000000;\"><strong>11 kwietnia<\/strong> \u2013 Spotkanie z Dari\u0105 Brzezi\u0144sk\u0105, (Poczytalnia na dVoRcu);<\/span><\/p><p><span style=\"color: #000000;\"><a style=\"color: #000000;\" href=\"https:\/\/www.facebook.com\/rokedmundaniziurskiegowkielcach\/posts\/pfbid0jextfzUHUFW4euskaBa5FRjYaR7zbyb9dLUa5e3wqAdhADxFWeXaK4Sc6zTdQMmAl\">https:\/\/www.facebook.com\/rokedmundaniziurskiegowkielcach\/posts\/pfbid0jextfzUHUFW4euskaBa5FRjYaR7zbyb9dLUa5e3wqAdhADxFWeXaK4Sc6zTdQMmAl<\/a><\/span><\/p><p><span style=\"color: #000000;\"><strong>12 kwietnia<\/strong> \u2013 \u015aladami Edmunda Niziurskiego \u2013 spacer z przewodnikiem, wycieczka do Miedzianki, gm. Ch\u0119ciny;<\/span><\/p><p><span style=\"color: #000000;\"><a style=\"color: #000000;\" href=\"https:\/\/www.facebook.com\/reel\/1190570509415020\">https:\/\/www.facebook.com\/reel\/1190570509415020<\/a><\/span><\/p><p><span style=\"color: #000000;\"><a style=\"color: #000000;\" href=\"https:\/\/www.facebook.com\/rokedmundaniziurskiegowkielcach\/posts\/pfbid0yKPisKBstASYahqQVWZ6HwHF8Jut4Pe23UeuDXR18hXhyT24mQfcbroEJxuy8oaGl\">https:\/\/www.facebook.com\/rokedmundaniziurskiegowkielcach\/posts\/pfbid0yKPisKBstASYahqQVWZ6HwHF8Jut4Pe23UeuDXR18hXhyT24mQfcbroEJxuy8oaGl<\/a><\/span><\/p><p><span style=\"color: #000000;\"><strong>16 kwietnia<\/strong> \u2013 Spacer z Edmundem Niziurskim. Naprz\u00f3d Wspaniali!;<\/span><\/p><p><span style=\"color: #000000;\">korow\u00f3d z udzia\u0142em uczni\u00f3w Szko\u0142y Podstawowej nr 32 im. Janusza Kusoci\u0144skiego i Szko\u0142y Podstawowej nr 9 im. Adolfa Dygasi\u0144skiego w Kielcach na skwer im. Edmunda Niziurskiego; uczniowie oraz pracownicy MBP nie\u015bli ze sob\u0105 reprodukcje ok\u0142adek ksi\u0105\u017cek pisarza, portrety Niziurskiego oraz \u201etransparenty\u201d z wybranymi cytatami z utwor\u00f3w prozaika; na skwerze wsp\u00f3lna gra w gum\u0119, kapsle oraz przeci\u0105ganie liny;<\/span><\/p><p><span style=\"color: #000000;\"><a style=\"color: #000000;\" href=\"https:\/\/www.facebook.com\/rokedmundaniziurskiegowkielcach\/posts\/pfbid09xYJ13jZNNxRZZDZScujDHneZr54jsjeoLZQQFJG1vsJGUhN33Ur3mJiZjyprFxtl\">https:\/\/www.facebook.com\/rokedmundaniziurskiegowkielcach\/posts\/pfbid09xYJ13jZNNxRZZDZScujDHneZr54jsjeoLZQQFJG1vsJGUhN33Ur3mJiZjyprFxtl<\/a><\/span><\/p><p><span style=\"color: #000000;\"><strong>23 kwietnia<\/strong> \u2013 Warsztaty MBP \u201eJak powstaje ksi\u0105\u017cka\u201d;<\/span><\/p><p><span style=\"color: #000000;\"><a style=\"color: #000000;\" href=\"https:\/\/www.facebook.com\/reel\/1359572498649802\">https:\/\/www.facebook.com\/reel\/1359572498649802<\/a><\/span><\/p><p><span style=\"color: #000000;\"><strong>24 kwietnia \u2013 Debata \u201eGogowie, lufy i inne bomby, czyli o j\u0119zyku w tw\u00f3rczo\u015bci Niziurskiego\u201d <\/strong>(Poczytalnia na dVoRcu);<\/span><\/p><p><span style=\"color: #000000;\"><strong>W debacie wzi\u0119li udzia\u0142<\/strong>:<\/span><\/p><p><span style=\"color: #000000;\">Krzysztof Varga \u2013 pisarz, felietonista, autor biografii Edmunda Niziurskiego <em>Ksi\u0119ga dla starych urwis\u00f3w<\/em> oraz innych ksi\u0105\u017cek, laureat wielu nagr\u00f3d literackich;<\/span><\/p><p><span style=\"color: #000000;\"><strong>prof. dr hab. Piotr Zbr\u00f3g \u2013 j\u0119zykoznawca, dyrektor Instytutu Literaturoznawstwa i J\u0119zykoznawstwa Uniwersytetu Jana Kochanowskiego w Kielcach, ekspert w dziedzinie komunikacji i kultury j\u0119zyka;<\/strong><\/span><\/p><p><span style=\"color: #000000;\">dr Ilona Daria Dykty\u0144ska \u2013 dyrektorka Muzeum Zabawek i Zabawy, specjalistka w zakresie historii nowo\u017cytnej;<\/span><\/p><p><span style=\"color: #000000;\">Karolina Wilczy\u0144ska \u2013 pochodz\u0105ca z Kielc pisarka, jedna z najpopularniejszych autorek powie\u015bci obyczajowych, laureatka Nagrody Miasta Kielce;<\/span><\/p><p><span style=\"color: #000000;\">Cz\u0142onkowie rodziny Edmunda Niziurskiego \u2013 Anna Niziurska-W\u0142odarska oraz Agnieszka Niziurska;<\/span><\/p><p><span style=\"color: #000000;\">Dofinansowano ze \u015brodk\u00f3w Ministra Kultury i Dziedzictwa Narodowego pochodz\u0105cych z Funduszu Promocji Kultury i Miasta Kielce<\/span><\/p><p><span style=\"color: #000000;\"><a style=\"color: #000000;\" href=\"https:\/\/www.facebook.com\/rokedmundaniziurskiegowkielcach\/posts\/pfbid0FwHLQX1zwjgs7Yo5QKwADZ8MTTQwQzxVFAKsbzHeRobFVbUsy1PvgCgBjRejVZHgl\">https:\/\/www.facebook.com\/rokedmundaniziurskiegowkielcach\/posts\/pfbid0FwHLQX1zwjgs7Yo5QKwADZ8MTTQwQzxVFAKsbzHeRobFVbUsy1PvgCgBjRejVZHgl<\/a><\/span><\/p><p><span style=\"color: #000000;\">XXII Og\u00f3lnopolski Tydzie\u0144 Bibliotek \u2013 plakat 8-15 maja<\/span><\/p><p><span style=\"color: #000000;\"><a style=\"color: #000000;\" href=\"https:\/\/www.facebook.com\/photo\/?fbid=980172540991792&amp;set=a.469611895381195\">https:\/\/www.facebook.com\/photo\/?fbid=980172540991792&amp;set=a.469611895381195<\/a><\/span><\/p><p><span style=\"color: #000000;\"><strong>8 maja<\/strong> \u2013 Turniej literacki dla uczni\u00f3w szk\u00f3\u0142 podstawowych \u201eCo wiem o Ciamciarzu, P\u0119dzelkiewiczu oraz S\u0142abym\u201d (filia nr 5) z udzia\u0142em uczni\u00f3w ze Szko\u0142y Podstawowej nr 24 im. Pierwszej Kompanii Kadrowej w Kielcach i Szko\u0142y Podstawowej nr 27 im. K.K. Baczy\u0144skiego w Kielcach (quiz, krzy\u017c\u00f3wka, najzabawniejsze \u201ez\u0142ote my\u015bli Alcybiadesa\u201d);<\/span><\/p><p><span style=\"color: #000000;\">https:\/\/www.facebook.com\/MBPKielce\/posts\/pfbid02vmdXu7mkCukctWj3bTXGQhKdSp2t7isaLaG7yZtszrQC8CrvexxD6f14fnSPJLBJl<\/span><\/p><p><span style=\"color: #000000;\"><strong>9 maja<\/strong> \u2013 Piknik Marka Piegusa. Interdyscyplinarna przygoda w \u015bwiecie Edmunda Niziurskiego \u2013 zorganizowana przez MBP \u2013 edukacyjno-przygodowa gra terenowa w przestrzeni MZiZ;<\/span><\/p><p><span style=\"color: #000000;\"><a style=\"color: #000000;\" href=\"https:\/\/www.facebook.com\/MuzeumZabawekiZabawy\/posts\/pfbid031beMyXGnhyiZQJzTxPBxRUW2pUXYrD94v2q6RpVXNT1zXiYzGHHJQdUKdFyiXDWcl\">https:\/\/www.facebook.com\/MuzeumZabawekiZabawy\/posts\/pfbid031beMyXGnhyiZQJzTxPBxRUW2pUXYrD94v2q6RpVXNT1zXiYzGHHJQdUKdFyiXDWcl<\/a><\/span><\/p><p><span style=\"color: #000000;\"><strong>9 maja<\/strong> \u2013 Spotkanie z Cezarym Harasimowiczem (Poczytalnia na dVoRcu);<\/span><\/p><p><span style=\"color: #000000;\"><a style=\"color: #000000;\" href=\"https:\/\/www.facebook.com\/rokedmundaniziurskiegowkielcach\/posts\/pfbid02ezziumsF7QWs4GssaQzD2hNTQWusg5pn7ZcoZDP7TWAhPHSzBeSnHDZaoJKRoimql\">https:\/\/www.facebook.com\/rokedmundaniziurskiegowkielcach\/posts\/pfbid02ezziumsF7QWs4GssaQzD2hNTQWusg5pn7ZcoZDP7TWAhPHSzBeSnHDZaoJKRoimql<\/a><\/span><\/p><p><span style=\"color: #000000;\"><strong>12 maja<\/strong> \u2013 Akcja autobusowa promuj\u0105ca czytelnictwo z Edmundem Niziurskim \u2013 rozdawanie ksi\u0105\u017cek pisarza oraz \u201ePiegusk\u00f3w\u201d;<\/span><\/p><p><span style=\"color: #000000;\"><a style=\"color: #000000;\" href=\"https:\/\/www.facebook.com\/rokedmundaniziurskiegowkielcach\/posts\/pfbid0jDC2LAMUNtULNUDqvUUH9VbiczxBnfwzLeQrimPcUDwJ3TaWGza4cp2bFtoTSPVPl\">https:\/\/www.facebook.com\/rokedmundaniziurskiegowkielcach\/posts\/pfbid0jDC2LAMUNtULNUDqvUUH9VbiczxBnfwzLeQrimPcUDwJ3TaWGza4cp2bFtoTSPVPl<\/a><\/span><\/p><p><span style=\"color: #000000;\"><strong>15 maja<\/strong> \u2013 Spotkanie z Ew\u0105 B\u0142aszczyk (Poczytalnia Na dVoRcu);<\/span><\/p><p><span style=\"color: #000000;\"><a style=\"color: #000000;\" href=\"https:\/\/www.facebook.com\/rokedmundaniziurskiegowkielcach\/posts\/pfbid02SiQ8g8ahfHCWuM7zWFkgtGD3dsiKfMB7PmLatPghEKSfuxLpEBBhFK8QCYGUWkQPl\">https:\/\/www.facebook.com\/rokedmundaniziurskiegowkielcach\/posts\/pfbid02SiQ8g8ahfHCWuM7zWFkgtGD3dsiKfMB7PmLatPghEKSfuxLpEBBhFK8QCYGUWkQPl<\/a><\/span><\/p><p><span style=\"color: #000000;\"><strong>16 maja<\/strong> \u2013 Warsztaty kulinarno-literackie \u201eSpos\u00f3b na g\u0142\u00f3d wed\u0142ug Nizura\u201d (filia nr 5);<\/span><\/p><p><span style=\"color: #000000;\"><a style=\"color: #000000;\" href=\"https:\/\/www.facebook.com\/reel\/711946454695792\">https:\/\/www.facebook.com\/reel\/711946454695792<\/a><\/span><\/p><p><span style=\"color: #000000;\"><strong>3 czerwca<\/strong> \u2013 rozstrzygni\u0119cie konkursu \u201eEdmund Niziurski w komiksie\u201d;<\/span><\/p><p><span style=\"color: #000000;\"><a style=\"color: #000000;\" href=\"https:\/\/www.facebook.com\/rokedmundaniziurskiegowkielcach\/posts\/pfbid02UNcaMv9FPnU1bZLY5SYTWvDryqAdy6quUXBZqsLWudYbrDNFEevCG2j2S3fqDPqul\">https:\/\/www.facebook.com\/rokedmundaniziurskiegowkielcach\/posts\/pfbid02UNcaMv9FPnU1bZLY5SYTWvDryqAdy6quUXBZqsLWudYbrDNFEevCG2j2S3fqDPqul<\/a><\/span><\/p>\t\t\t\t\t\t\t\t<\/div>\n\t\t\t\t<\/div>\n\t\t\t\t<div class=\"elementor-element elementor-element-82f87f0 elementor-widget elementor-widget-spacer\" data-id=\"82f87f0\" data-element_type=\"widget\" data-widget_type=\"spacer.default\">\n\t\t\t\t<div class=\"elementor-widget-container\">\n\t\t\t\t\t\t\t<div class=\"elementor-spacer\">\n\t\t\t<div class=\"elementor-spacer-inner\"><\/div>\n\t\t<\/div>\n\t\t\t\t\t\t<\/div>\n\t\t\t\t<\/div>\n\t\t\t\t<div class=\"elementor-element elementor-element-8afa90b elementor-widget elementor-widget-heading\" data-id=\"8afa90b\" data-element_type=\"widget\" data-widget_type=\"heading.default\">\n\t\t\t\t<div class=\"elementor-widget-container\">\n\t\t\t\t\t<h5 class=\"elementor-heading-title elementor-size-default\">Muzeum Zabawek i Zabawy<\/h5>\t\t\t\t<\/div>\n\t\t\t\t<\/div>\n\t\t\t\t<div class=\"elementor-element elementor-element-da8001a elementor-widget elementor-widget-text-editor\" data-id=\"da8001a\" data-element_type=\"widget\" data-widget_type=\"text-editor.default\">\n\t\t\t\t<div class=\"elementor-widget-container\">\n\t\t\t\t\t\t\t\t\t<p><span style=\"color: #000000;\"><strong>3 czerwca<\/strong> \u2013 Prezentacja instalacji artystycznej \u201eLiteracki G\u0105szcz\u201d na Placu Artyst\u00f3w zapowiadaj\u0105cej wystaw\u0119 MZiZ;<\/span><\/p><p><span style=\"color: #000000;\"><a style=\"color: #000000;\" href=\"https:\/\/www.facebook.com\/rokedmundaniziurskiegowkielcach\/posts\/pfbid02sCZv6ro41zwWHqe4KjmYRJHke4pGaiFJwNUJXUJA5vwnmb2CGT2WquDekVJGSzmEl\">https:\/\/www.facebook.com\/rokedmundaniziurskiegowkielcach\/posts\/pfbid02sCZv6ro41zwWHqe4KjmYRJHke4pGaiFJwNUJXUJA5vwnmb2CGT2WquDekVJGSzmEl<\/a><\/span><\/p><p><span style=\"color: #000000;\"><strong>11 lipca<\/strong> \u2013 Wernisa\u017c wystawy MZiZ \u201eNie tylko dla urwis\u00f3w \u2013 \u015bwiaty Edmunda Niziurskiego\u201d;<\/span><\/p><p><span style=\"color: #000000;\"><a style=\"color: #000000;\" href=\"https:\/\/www.facebook.com\/rokedmundaniziurskiegowkielcach\/posts\/pfbid029Wz1XAb2rpZ4b54bDnjjixQg1V7bm7sRDoPcEV5m6mv2ttJL5GX6VN6QWD82fNHAl\">https:\/\/www.facebook.com\/rokedmundaniziurskiegowkielcach\/posts\/pfbid029Wz1XAb2rpZ4b54bDnjjixQg1V7bm7sRDoPcEV5m6mv2ttJL5GX6VN6QWD82fNHAl<\/a><\/span><\/p><p><span style=\"color: #000000;\"><strong>1-4 lipca<\/strong> oraz <strong>5-8 sierpnia<\/strong><\/span><\/p><p><span style=\"color: #000000;\">Warsztaty dla dzieci \u201ePodw\u00f3rkowe zabawy, czyli magia wyobra\u017ani\u201d \u2013 tworzenie filmowej animacji poklatkowej inspirowanej ksi\u0105\u017ckami E. Niziurskiego;<\/span><\/p><p><span style=\"color: #000000;\"><a style=\"color: #000000;\" href=\"https:\/\/www.facebook.com\/MuzeumZabawekiZabawy\/posts\/pfbid0QbsG5CJqJKE7Q2nnxfspHHxt5NUgF8gUoZwKunPfjYkBEuh36fm73A685UyKH7qSl\">https:\/\/www.facebook.com\/MuzeumZabawekiZabawy\/posts\/pfbid0QbsG5CJqJKE7Q2nnxfspHHxt5NUgF8gUoZwKunPfjYkBEuh36fm73A685UyKH7qSl<\/a><\/span><\/p><p><span style=\"color: #000000;\">https:\/\/www.facebook.com\/MuzeumZabawekiZabawy\/posts\/pfbid02TtL2DRfcwsk5sVswUetLg2huCTpdCV2C48UNUb23SiEcn3b42XS88Tp9JM6sbMaNl<\/span><\/p><p><span style=\"color: #000000;\"><strong>15-18 lipca<\/strong> i <strong>19-22 sierpnia<\/strong><\/span><\/p><p><span style=\"color: #000000;\">Warsztaty dla dzieci \u201eSpos\u00f3b na\u2026\u201d \u2013 podr\u00f3\u017c do krainy zabaw dzieci\u0144stwa z bohaterami ksi\u0105\u017cek Edmunda Niziurskiego;<\/span><\/p><p><span style=\"color: #000000;\">(dawne gry podw\u00f3rkowe oraz tworzenie magicznych \u201ewidoczk\u00f3w\u201d, czyli r\u0119cznie robione zabawki inspirowane pomys\u0142owo\u015bci\u0105 bohater\u00f3w Niziurskiego \u2013 rozwijaj\u0105ce zr\u0119czno\u015b\u0107 i kreatywno\u015b\u0107, dok\u0142adnie w duchu jego ksi\u0105\u017cek);<\/span><\/p><p><span style=\"color: #000000;\"><a style=\"color: #000000;\" href=\"https:\/\/www.facebook.com\/photo\/?fbid=1237224171533515&amp;set=pcb.735570989108100\">https:\/\/www.facebook.com\/photo\/?fbid=1237224171533515&amp;set=pcb.735570989108100<\/a><\/span><\/p><p><span style=\"color: #000000;\"><a style=\"color: #000000;\" href=\"https:\/\/www.facebook.com\/rokedmundaniziurskiegowkielcach\/posts\/pfbid0peG8Hd8AtHNDZwgH589Ed8iNTrjzHvkj1UnTxRFGTDiFyFWbTe5bN1d21Fjepbpdl\">https:\/\/www.facebook.com\/rokedmundaniziurskiegowkielcach\/posts\/pfbid0peG8Hd8AtHNDZwgH589Ed8iNTrjzHvkj1UnTxRFGTDiFyFWbTe5bN1d21Fjepbpdl<\/a><\/span><\/p><p><span style=\"color: #000000;\"><strong>16 sierpnia<\/strong> \u2013 Kino na podw\u00f3rku, projekcja serialu <em>Niewiarygodne przygody Marka Piegusa<\/em>, <strong>rozmowa dr Moniki Bator<\/strong> <strong>(Uniwersytet Jana Kochanowskiego w Kielcach)<\/strong> i dr Barbary Kasprzyk-Dulewicz;<\/span><\/p><p><span style=\"color: #000000;\">https:\/\/www.facebook.com\/MuzeumZabawekiZabawy\/posts\/pfbid02uXzJnAfbCQX7rDodKcMJfv9NfhvMcfV8QKVJkbAbxSw4sYVNNDZ7sxNzVbzPP7RYl<\/span><\/p><p><span style=\"color: #000000;\"><strong>30 sierpnia<\/strong> \u2013 Kino na podw\u00f3rku, projekcja filmu <em>Klub w\u0142\u00f3czykij\u00f3w i tajemnica dziadka Hieronima<\/em>;<\/span><\/p><p><span style=\"color: #000000;\">https:\/\/www.facebook.com\/reel\/1140146504627034<\/span><\/p><p><span style=\"color: #000000;\"><strong>28 wrze\u015bnia<\/strong> \u2013 Artefakty i wspomnienia. Wok\u00f3\u0142 wystawy o Edmundzie Niziurskim<\/span><\/p><p><span style=\"color: #000000;\">spotkanie z Ann\u0105 W\u0142odarsk\u0105-Niziursk\u0105 i Ma\u0142gorzat\u0105 Konstanzer, prowadz\u0105ca: dr Barbara Kasprzyk-Dulewicz;<\/span><\/p><p><span style=\"color: #000000;\"><a style=\"color: #000000;\" href=\"https:\/\/www.facebook.com\/share\/v\/1DFVRDbgkq\/\">https:\/\/www.facebook.com\/share\/v\/1DFVRDbgkq\/<\/a><\/span><\/p><p><span style=\"color: #000000;\"><strong>31 pa\u017adziernika<\/strong> \u2013 Finisa\u017c wystawy MZiZ \u201eNie tylko dla urwis\u00f3w \u2013 \u015bwiaty Edmunda Niziurskiego\u201d;<\/span><\/p><p><span style=\"color: #000000;\"><a style=\"color: #000000;\" href=\"https:\/\/www.facebook.com\/MuzeumZabawekiZabawy\/posts\/pfbid034TRf5AxfyMBL3c9TKSLXpdbCQdbyNmHByLmuVV8xN41VnomkHrPuA37o2LqnwiNGl\">https:\/\/www.facebook.com\/MuzeumZabawekiZabawy\/posts\/pfbid034TRf5AxfyMBL3c9TKSLXpdbCQdbyNmHByLmuVV8xN41VnomkHrPuA37o2LqnwiNGl<\/a><\/span><\/p>\t\t\t\t\t\t\t\t<\/div>\n\t\t\t\t<\/div>\n\t\t\t\t<div class=\"elementor-element elementor-element-540a5d0 elementor-widget elementor-widget-spacer\" data-id=\"540a5d0\" data-element_type=\"widget\" data-widget_type=\"spacer.default\">\n\t\t\t\t<div class=\"elementor-widget-container\">\n\t\t\t\t\t\t\t<div class=\"elementor-spacer\">\n\t\t\t<div class=\"elementor-spacer-inner\"><\/div>\n\t\t<\/div>\n\t\t\t\t\t\t<\/div>\n\t\t\t\t<\/div>\n\t\t\t\t<div class=\"elementor-element elementor-element-ab305e5 elementor-widget elementor-widget-heading\" data-id=\"ab305e5\" data-element_type=\"widget\" data-widget_type=\"heading.default\">\n\t\t\t\t<div class=\"elementor-widget-container\">\n\t\t\t\t\t<h5 class=\"elementor-heading-title elementor-size-default\">Kieleckie Towarzystwo Naukowe<\/h5>\t\t\t\t<\/div>\n\t\t\t\t<\/div>\n\t\t\t\t<div class=\"elementor-element elementor-element-859320f elementor-widget elementor-widget-text-editor\" data-id=\"859320f\" data-element_type=\"widget\" data-widget_type=\"text-editor.default\">\n\t\t\t\t<div class=\"elementor-widget-container\">\n\t\t\t\t\t\t\t\t\t<p><span style=\"color: #000000;\"><strong>11 pa\u017adziernika<\/strong> \u2013 Dzie\u0144 z Niziurskim w Domu Spotka\u0144 z Histori\u0105 w Warszawie \u2013 przy wsparciu KOPIPOL-u:<\/span><\/p><p><span style=\"color: #000000;\">Konkurs rysunkowy dla dzieci \u201ePortret Marka Piegusa\u201d;<\/span><\/p><p><span style=\"color: #000000;\">Pokaz filmu <em>Tajemnica dzikiego szybu<\/em>;<\/span><\/p><p><span style=\"color: #000000;\">Prezentacja po\u015bwi\u0119cona \u017cyciu i tw\u00f3rczo\u015bci Edmunda Niziurskiego;<\/span><\/p><p><span style=\"color: #000000;\">Debata \u201eJak kolejne pokolenia odbiera\u0142y tw\u00f3rczo\u015b\u0107 Edmunda Niziurskiego?\u201d<\/span><\/p><p><span style=\"color: #000000;\">W debacie prowadzonej przez Patryka Zakrzewskiego, dziennikarza portalu Culture.pl wzi\u0119li udzia\u0142:<\/span><\/p><p><span style=\"color: #000000;\">Pawe\u0142 Dunin-W\u0105sowicz \u2013 dziennikarz;<br \/><\/span><span style=\"color: #000000;\">Maurycy Gomulicki \u2013 artysta wizualny;<br \/><\/span><span style=\"color: #000000;\">Maciej Hen \u2013 pisarz;<br \/><\/span><span style=\"color: #000000;\">Grzegorz Kasdepke \u2013 pisarz;<br \/><\/span><span style=\"color: #000000;\">Sofia Konstanzer \u2013 prawnuczka Edmunda Niziurskiego;<br \/><\/span><span style=\"color: #000000;\">Maria Kulik \u2013 prezeska Polskiej Sekcji IBBY w latach 2007-2015;<br \/><\/span><span style=\"color: #000000;\">prof. dr hab. Grzegorz Leszczy\u0144ski \u2013 historyk literatury;<br \/><\/span><span style=\"color: #000000;\">dr hab. Marzena Marczewska, prof. UJK \u2013 j\u0119zykoznawczyni, prezeska KTN;<br \/><\/span><span style=\"color: #000000;\">Katarzyna Surmiak-Doma\u0144ska \u2013 reporta\u017cystka;<\/span><\/p><p><span style=\"color: #000000;\"><a style=\"color: #000000;\" href=\"https:\/\/www.facebook.com\/permalink.php?story_fbid=pfbid02bxJaYGRDKUgZzMA1TN1QKmZN1CVMaBGKEyyirsw4ZhoMbmKTERLv82oSieu2ZcJRl&amp;id=61573217454613\">https:\/\/www.facebook.com\/permalink.php?story_fbid=pfbid02bxJaYGRDKUgZzMA1TN1QKmZN1CVMaBGKEyyirsw4ZhoMbmKTERLv82oSieu2ZcJRl&amp;id=61573217454613<\/a><\/span><\/p><p><span style=\"color: #000000;\"><a style=\"color: #000000;\" href=\"https:\/\/www.facebook.com\/events\/24842844152012943\/?active_tab=discussion\">https:\/\/www.facebook.com\/events\/24842844152012943\/?active_tab=discussion<\/a><\/span><\/p><p><span style=\"color: #000000;\"><a style=\"color: #000000;\" href=\"https:\/\/dsh.waw.pl\/program\/dzien-z-niziurskim-film-prezentacja-debata\/?fbclid=IwY2xjawPE-65leHRuA2FlbQIxMABicmlkETBQR3NjUXlkTUhJRGZmeW9Rc3J0YwZhcHBfaWQQMjIyMDM5MTc4ODIwMDg5MgABHp4HLuobW-ZqV5nfUKIHtuy-GfWqbko8S2_fzmJmVXkKjCx3yVPf-zKnYnUe_aem_npZm-MbUBpnBnXJQLzWG-\">https:\/\/dsh.waw.pl\/program\/dzien-z-niziurskim-film-prezentacja-debata\/?fbclid=IwY2xjawPE-65leHRuA2FlbQIxMABicmlkETBQR3NjUXlkTUhJRGZmeW9Rc3J0YwZhcHBfaWQQMjIyMDM5MTc4ODIwMDg5MgABHp4HLuobW-ZqV5nfUKIHtuy-GfWqbko8S2_fzmJmVXkKjCx3yVPf-zKnYnUe_aem_npZm-MbUBpnBnXJQLzWG-<\/a>A<\/span><\/p><p><span style=\"color: #000000;\"><strong>13 grudnia<\/strong> \u2013 Dzie\u0144 z Niziurskim \u2013 przy wsparciu KOPIPOL-u:<\/span><\/p><p><span style=\"color: #000000;\">Dyktando \u201eZas\u0119pa czuje szcze\u017cuj\u0119, czyli superkatastrofa w W\u0119dzarni\u201d oraz debata \u201eEdmund Niziurski. M\u00f3j pisarz, tw\u00f3j pisarz, nasz pisarz\u201d<\/span><\/p><p><span style=\"color: #000000;\">W debacie prowadzonej przez dr hab. Marzen\u0119 Marczewsk\u0105, prof. UJK wzi\u0119li udzia\u0142:<\/span><\/p><p><span style=\"color: #000000;\">Pawe\u0142 Chmielewski \u2013 redaktor naczelny magazynu kulturalnego \u201eProjektor\u201d. Autor kilku nagrodzonych dramat\u00f3w, scenariuszy kilkunastu komiks\u00f3w, organizator Kieleckich Prezentacji Komiksowych. Za\u0142o\u017cyciel oficyny ST \u201eZenit\u201d;<\/span><\/p><p><span style=\"color: #000000;\">dr hab. Janusz Detka \u2013 literaturoznawca, zajmuje si\u0119 literatur\u0105 polsk\u0105 II po\u0142owy XX wieku. Autor publikacji po\u015bwi\u0119conych relacjom zachodz\u0105cym mi\u0119dzy literatur\u0105 a polityk\u0105, literaturze i \u017cyciu literackiemu w regionie \u015bwi\u0119tokrzyskim oraz interpretacji tekst\u00f3w kultury;<\/span><\/p><p><span style=\"color: #000000;\">dr hab. Barbara Gierszewska \u2013 polska literaturoznawczyni i filmoznawczyni, autorka ksi\u0105\u017cek i artyku\u0142\u00f3w dotycz\u0105cych historii prasy i kultury filmowej w Polsce;<\/span><\/p><p><span style=\"color: #000000;\">Sofia Konstanzer \u2013 prawnuczka Edmunda Niziurskiego;<\/span><\/p><p><span style=\"color: #000000;\">Krzysztof Varga \u2013 pisarz, krytyk literacki, scenarzysta, dziennikarz. Kilkukrotny finalista i laureat Nagrody Literackiej Nike. Autor wielu powie\u015bci i pierwszej biografii Edmunda Niziurskiego: <em>Ksi\u0119ga dla starych urwis\u00f3w. Wszystko, czego jeszcze nie wiecie o Edmundzie Nizurskim<\/em> (2019).<\/span><\/p><p><span style=\"color: #000000;\"><a style=\"color: #000000;\" href=\"https:\/\/www.facebook.com\/ktn.kielce\/posts\/pfbid07HUNJ9175LoRMb53qsAia4yG6ytGSHKorfmj8dWrWkKXJixzu3odpnuMQzDfuRzTl\">https:\/\/www.facebook.com\/ktn.kielce\/posts\/pfbid07HUNJ9175LoRMb53qsAia4yG6ytGSHKorfmj8dWrWkKXJixzu3odpnuMQzDfuRzTl<\/a><\/span><\/p><p><span style=\"color: #000000;\"><a style=\"color: #000000;\" href=\"https:\/\/kielce.tvp.pl\/90537276\/zasepa-czuje-szczezuje-dyktando-w-stylu-sposobu-na-alcybiadesa?fbclid=IwY2xjawPE91FleHRuA2FlbQIxMABicmlkETBQR3NjUXlkTUhJRGZmeW9Rc3J0YwZhcHBfaWQQMjIyMDM5MTc4ODIwMDg5MgABHpxpiR4zy9YPNb5kQnLvuWZV5GakXHsRUYjGhvfOqyxBFQue0s7bIMfEzaFv_aem_1qMqn_ItnjdT5uDv477WzQ\">https:\/\/kielce.tvp.pl\/90537276\/zasepa-czuje-szczezuje-dyktando-w-stylu-sposobu-na-alcybiadesa?fbclid=IwY2xjawPE91FleHRuA2FlbQIxMABicmlkETBQR3NjUXlkTUhJRGZmeW9Rc3J0YwZhcHBfaWQQMjIyMDM5MTc4ODIwMDg5MgABHpxpiR4zy9YPNb5kQnLvuWZV5GakXHsRUYjGhvfOqyxBFQue0s7bIMfEzaFv_aem_1qMqn_ItnjdT5uDv477WzQ<\/a><\/span><\/p><p><span style=\"color: #000000;\"><a style=\"color: #000000;\" href=\"https:\/\/www.facebook.com\/ktn.kielce\/posts\/pfbid02um6yitwrugJDWQkKAo7DU95LB5v6MfbrLgxX6ULiSr4BotadhLb7L6QXocp6rmgMl\">https:\/\/www.facebook.com\/ktn.kielce\/posts\/pfbid02um6yitwrugJDWQkKAo7DU95LB5v6MfbrLgxX6ULiSr4BotadhLb7L6QXocp6rmgMl<\/a><\/span><\/p>\t\t\t\t\t\t\t\t<\/div>\n\t\t\t\t<\/div>\n\t\t\t\t<div class=\"elementor-element elementor-element-ff44dc1 elementor-widget elementor-widget-spacer\" data-id=\"ff44dc1\" data-element_type=\"widget\" data-widget_type=\"spacer.default\">\n\t\t\t\t<div class=\"elementor-widget-container\">\n\t\t\t\t\t\t\t<div class=\"elementor-spacer\">\n\t\t\t<div class=\"elementor-spacer-inner\"><\/div>\n\t\t<\/div>\n\t\t\t\t\t\t<\/div>\n\t\t\t\t<\/div>\n\t\t\t\t<div class=\"elementor-element elementor-element-1289c2d elementor-widget-divider--view-line elementor-widget elementor-widget-divider\" data-id=\"1289c2d\" data-element_type=\"widget\" data-widget_type=\"divider.default\">\n\t\t\t\t<div class=\"elementor-widget-container\">\n\t\t\t\t\t\t\t<div class=\"elementor-divider\">\n\t\t\t<span class=\"elementor-divider-separator\">\n\t\t\t\t\t\t<\/span>\n\t\t<\/div>\n\t\t\t\t\t\t<\/div>\n\t\t\t\t<\/div>\n\t\t\t\t<div class=\"elementor-element elementor-element-2b09b55 elementor-widget elementor-widget-heading\" data-id=\"2b09b55\" data-element_type=\"widget\" data-widget_type=\"heading.default\">\n\t\t\t\t<div class=\"elementor-widget-container\">\n\t\t\t\t\t<h2 class=\"elementor-heading-title elementor-size-default\">Operacje niziurskologiczne w sali 285 <\/h2>\t\t\t\t<\/div>\n\t\t\t\t<\/div>\n\t\t\t\t<div class=\"elementor-element elementor-element-ff5ef25 elementor-widget elementor-widget-spacer\" data-id=\"ff5ef25\" data-element_type=\"widget\" data-widget_type=\"spacer.default\">\n\t\t\t\t<div class=\"elementor-widget-container\">\n\t\t\t\t\t\t\t<div class=\"elementor-spacer\">\n\t\t\t<div class=\"elementor-spacer-inner\"><\/div>\n\t\t<\/div>\n\t\t\t\t\t\t<\/div>\n\t\t\t\t<\/div>\n\t\t\t\t<div class=\"elementor-element elementor-element-fbbbac5 elementor-widget elementor-widget-text-editor\" data-id=\"fbbbac5\" data-element_type=\"widget\" data-widget_type=\"text-editor.default\">\n\t\t\t\t<div class=\"elementor-widget-container\">\n\t\t\t\t\t\t\t\t\t<p><span style=\"color: #000000;\">Utwory Edmunda Niziurskiego zosta\u0142y przet\u0142umaczone na dwana\u015bcie j\u0119zyk\u00f3w obcych. Teksty kieleckiego prozaika ukaza\u0142y si\u0119 w j\u0119zyku czeskim, \u0142otewskim, niemieckim, s\u0142owackim, ukrai\u0144skim, rosyjskim, litewskim, gruzi\u0144skim, chi\u0144skim, esto\u0144skim, w\u0119gierskim oraz bu\u0142garskim. Pierwszy z tom\u00f3w monografii podsumowuj\u0105cej czerwcowe obrady nad nowymi perspektywami badawczymi literatury i wsp\u00f3\u0142czesnymi interpretacjami tw\u00f3rczo\u015bci kielczanina uka\u017ce si\u0119 w j\u0119zyku angielskim. Drugi przygotowywany jest w j\u0119zyku polskim.<\/span><\/p><p><span style=\"color: #000000;\">Z tej okazji, 13 listopada 2025 r. w sali im. Edmunda Niziurskiego, odby\u0142a si\u0119 debata panelowa: <strong>Co jest prostsze (lub trudniejsze) w przek\u0142adzie na j\u0119zyki obce: proza Edmunda Niziurskiego czy artyku\u0142y o jego tw\u00f3rczo\u015bci?<\/strong> Prelegenci czerwcowej konferencji \u2013 pracownicy naukowi, studenci i doktoranci \u2013 podsumowali wyniki swoich bada\u0144 oraz podzielili si\u0119 refleksjami dotycz\u0105cymi przek\u0142adu tekst\u00f3w naukowych i literackich na angielski, ale te\u017c niemiecki i hiszpa\u0144ski.<\/span><\/p><p><span style=\"color: #000000;\">Poruszono kwestie zwi\u0105zane z r\u00f3\u017cnymi typami przek\u0142ad\u00f3w, w tym t\u0142umaczeniem tytu\u0142\u00f3w, nazw w\u0142asnych, opis\u00f3w nawi\u0105zuj\u0105cych do wydarze\u0144 z historii Polski, socrealistycznych reali\u00f3w oraz innych osobliwo\u015bci j\u0119zyka prozy Niziurskiego.<\/span><\/p><p><span style=\"color: #000000;\">W panelu wzi\u0119\u0142a udzia\u0142 tak\u017ce mgr Marta Basiak, kt\u00f3ra przybli\u017cy\u0142a specyfik\u0119 hiszpa\u0144skiego rynku wydawniczego i stanu czytelnictwa w Hiszpanii oraz podzieli\u0142a si\u0119 osobistymi spostrze\u017ceniami dotycz\u0105cymi pracy nad t\u0142umaczeniem tekst\u00f3w Niziurskiego. Pomimo tego, \u017ce studenci nowego kierunku w naszym Instytucie \u2013 filologii angielskiej z j\u0119zykiem hiszpa\u0144skim \u2013 rozpocz\u0119li nauk\u0119 zaledwie p\u00f3\u0142tora miesi\u0105ca temu, z powodzeniem zmierzyli si\u0119 z nie\u0142atwym zadaniem przek\u0142adu fragment\u00f3w <em>Niewiarygodnych przyg\u00f3d Marka Piegusa<\/em> na j\u0119zyk hiszpa\u0144ski.<\/span><\/p><p><span style=\"color: #000000;\">W oczekiwaniu na publikacj\u0119 jako owoc konferencji i bada\u0144 niziurskologicznych zapraszamy do odwiedzania strony projektu, na kt\u00f3rej mo\u017cna znale\u017a\u0107 materia\u0142y z konferencji, wydarze\u0144 jej towarzysz\u0105cych oraz wiele inspiruj\u0105cych tre\u015bci, m.in. zagadek, ciekawostek i zdj\u0119\u0107.<\/span><\/p>\t\t\t\t\t\t\t\t<\/div>\n\t\t\t\t<\/div>\n\t\t\t\t<div class=\"elementor-element elementor-element-4339263 elementor-widget elementor-widget-video\" data-id=\"4339263\" data-element_type=\"widget\" data-settings=\"{&quot;video_type&quot;:&quot;hosted&quot;,&quot;controls&quot;:&quot;yes&quot;}\" data-widget_type=\"video.default\">\n\t\t\t\t<div class=\"elementor-widget-container\">\n\t\t\t\t\t\t\t<div class=\"e-hosted-video elementor-wrapper elementor-open-inline\">\n\t\t\t\t\t<video class=\"elementor-video\" src=\"https:\/\/ilij.ujk.edu.pl\/niziurski2025\/wp-content\/uploads\/2025\/11\/MOVIE-2.mp4\" controls=\"\" preload=\"metadata\" controlsList=\"nodownload\"><\/video>\n\t\t\t\t<\/div>\n\t\t\t\t\t\t<\/div>\n\t\t\t\t<\/div>\n\t\t\t\t<div class=\"elementor-element elementor-element-c60df5a elementor-widget elementor-widget-spacer\" data-id=\"c60df5a\" data-element_type=\"widget\" data-widget_type=\"spacer.default\">\n\t\t\t\t<div class=\"elementor-widget-container\">\n\t\t\t\t\t\t\t<div class=\"elementor-spacer\">\n\t\t\t<div class=\"elementor-spacer-inner\"><\/div>\n\t\t<\/div>\n\t\t\t\t\t\t<\/div>\n\t\t\t\t<\/div>\n\t\t\t\t<div class=\"elementor-element elementor-element-7801825 elementor-widget-divider--view-line elementor-widget elementor-widget-divider\" data-id=\"7801825\" data-element_type=\"widget\" data-widget_type=\"divider.default\">\n\t\t\t\t<div class=\"elementor-widget-container\">\n\t\t\t\t\t\t\t<div class=\"elementor-divider\">\n\t\t\t<span class=\"elementor-divider-separator\">\n\t\t\t\t\t\t<\/span>\n\t\t<\/div>\n\t\t\t\t\t\t<\/div>\n\t\t\t\t<\/div>\n\t\t\t\t<div class=\"elementor-element elementor-element-5852a84 elementor-widget elementor-widget-spacer\" data-id=\"5852a84\" data-element_type=\"widget\" data-widget_type=\"spacer.default\">\n\t\t\t\t<div class=\"elementor-widget-container\">\n\t\t\t\t\t\t\t<div class=\"elementor-spacer\">\n\t\t\t<div class=\"elementor-spacer-inner\"><\/div>\n\t\t<\/div>\n\t\t\t\t\t\t<\/div>\n\t\t\t\t<\/div>\n\t\t\t\t<div class=\"elementor-element elementor-element-a36945e elementor-widget elementor-widget-heading\" data-id=\"a36945e\" data-element_type=\"widget\" data-widget_type=\"heading.default\">\n\t\t\t\t<div class=\"elementor-widget-container\">\n\t\t\t\t\t<h2 class=\"elementor-heading-title elementor-size-default\">Tatu\u015b, Dziadek, Edu\u015b<\/h2>\t\t\t\t<\/div>\n\t\t\t\t<\/div>\n\t\t\t\t<div class=\"elementor-element elementor-element-df4eece elementor-widget elementor-widget-heading\" data-id=\"df4eece\" data-element_type=\"widget\" data-widget_type=\"heading.default\">\n\t\t\t\t<div class=\"elementor-widget-container\">\n\t\t\t\t\t<h3 class=\"elementor-heading-title elementor-size-default\">Niezwyk\u0142a opowie\u015b\u0107 o pisarzu <\/h3>\t\t\t\t<\/div>\n\t\t\t\t<\/div>\n\t\t\t\t<div class=\"elementor-element elementor-element-ea84392 elementor-widget elementor-widget-spacer\" data-id=\"ea84392\" data-element_type=\"widget\" data-widget_type=\"spacer.default\">\n\t\t\t\t<div class=\"elementor-widget-container\">\n\t\t\t\t\t\t\t<div class=\"elementor-spacer\">\n\t\t\t<div class=\"elementor-spacer-inner\"><\/div>\n\t\t<\/div>\n\t\t\t\t\t\t<\/div>\n\t\t\t\t<\/div>\n\t\t\t\t<div class=\"elementor-element elementor-element-c2b41be elementor-widget elementor-widget-text-editor\" data-id=\"c2b41be\" data-element_type=\"widget\" data-widget_type=\"text-editor.default\">\n\t\t\t\t<div class=\"elementor-widget-container\">\n\t\t\t\t\t\t\t\t\t<p><span style=\"color: #000000;\">W czwartkowe popo\u0142udnie (6 listopada 2025 roku) w Instytucie Literaturoznawstwa i J\u0119zykoznawstwa UJK mieli\u015bmy zaszczyt go\u015bci\u0107 osoby bliskie sercu Edmunda Niziurskiego, c\u00f3rk\u0119, Ann\u0119 Niziursk\u0105-W\u0142odarsk\u0105 oraz wnuczk\u0119, Ma\u0142gorzat\u0119 Konstanzer,\u00a0<\/span><span style=\"color: #000000;\">Panie, tortem makowo-kawowym w\u0142asnor\u0119cznie upieczonym przez c\u00f3rk\u0119 pisarza,\u00a0\u00a0 dzi\u0119kowa\u0142y nam za czerwcow\u0105 konferencj\u0119 dedykowan\u0105 Niziurskiemu oraz towarzysz\u0105ce jej wydarzenia. Znalaz\u0142y te\u017c czas na spotkanie z licznie zgromadzonymi studentami (m.in. filologii polskiej, logopedii, pedagogiki).<\/span><\/p><p><span style=\"color: #000000;\">Z rodzinnej, pe\u0142nej ciep\u0142a rozmowy, moderowanej przez Prof. Mart\u0119 Boli\u0144sk\u0105, wy\u0142oni\u0142a si\u0119 sylwetka Niziurskiego \u2013 nie tylko znakomitego pisarza, autora popularnych powie\u015bci dla dzieci i m\u0142odzie\u017cy, ale przede wszystkim cz\u0142owieka: kochanego Tatusia, Dziadka, \u201eEdusia\u201d.<\/span><\/p><p><span style=\"color: #000000;\">Cho\u0107 wi\u0119kszo\u015b\u0107 \u017cycia Niziurski sp\u0119dzi\u0142 w Warszawie, ch\u0119tnie wraca\u0142 na Kielecczyzn\u0119, z sentymentem wspominaj\u0105c przedwojenne Kielce \u2013 miasto swoich narodzin \u2013 kt\u00f3re zachowa\u0142 w pami\u0119ci i utrwali\u0142 w wielu utworach literackich jako urokliwe, pe\u0142ne osobliwych bohater\u00f3w miasteczko.<\/span><\/p><p><span style=\"color: #000000;\">Zastanawiaj\u0105c si\u0119 nad najbardziej charakterystycznymi elementami fizjonomii pisarza, rozm\u00f3wczynie wspomnia\u0142y o pe\u0142nym dobroci spojrzeniu oraz zawsze promiennym u\u015bmiechu. Nad garderob\u0105 pisarza czuwa\u0142a \u017cona, Barbara, bowiem sam autor do stroju przywi\u0105zywa\u0142 niewielk\u0105 wag\u0119. Gdy jednak w oficjalnych sytuacjach pr\u00f3bowa\u0142 unikn\u0105\u0107 za\u0142o\u017cenia krawata, stanowcze: \u201eEdo!\u201d ma\u0142\u017conki skutecznie przywo\u0142ywa\u0142o go do porz\u0105dku. Czasem zdarza\u0142o si\u0119, \u017ce nieznajomi mylili imi\u0119 pisarza, zwracaj\u0105c si\u0119 do niego\u2026 \u201eEdward\u201d. Wtedy, z typowym dla siebie humorem, odpowiada\u0142: \u201eGierek\u201d.<\/span><\/p><p><span style=\"color: #000000;\">Niziurski by\u0142 cz\u0142owiekiem, kt\u00f3ry nieustannie pisa\u0142 \u2013 przede wszystkim na maszynie. Gubi\u0142 d\u0142ugopisy i o\u0142\u00f3wki. Mimo \u017ce c\u00f3rka kupowa\u0142a mu eleganckie pi\u00f3ra, nawet na spotkaniach autorskich pozostawa\u0142 wierny swoim wys\u0142u\u017conym \u201eogryzkom\u201d. W\u015br\u00f3d licznych pasji pisarza znajdowa\u0142y si\u0119 m.in. medycyna (samodzielnie studiowa\u0142 podr\u0119czniki i stara\u0142 si\u0119 pomaga\u0107 w\u0142asnym dzieciom), botanika (podczas g\u00f3rskich w\u0119dr\u00f3wek opowiada\u0142 o ro\u015blinno\u015bci Tatr), podr\u00f3\u017ce oraz \u0142amig\u0142\u00f3wki i zagadki logiczne.<\/span><\/p><p><span style=\"color: #000000;\">Cho\u0107 nie by\u0142 zawodowym psychologiem, fascynowa\u0142y go relacje mi\u0119dzyludzkie i dzieci\u0119ca wra\u017cliwo\u015b\u0107. Potrafi\u0142 uwa\u017cnie obserwowa\u0107 ludzi, dostrzegaj\u0105c z\u0142o\u017cono\u015b\u0107 ich osobowo\u015bci. Najwi\u0119kszym jego talentem by\u0142a \u2013 jak wspomina\u0142a wnuczka \u2013 niezwyk\u0142a wyobra\u017ania, kt\u00f3ra pozwala\u0142a mu tworzy\u0107 niekiedy przera\u017caj\u0105ce opowie\u015bci. Dziadek Edu\u015b ch\u0119tnie wymy\u015bla\u0142 dla wnuk\u00f3w pe\u0142ne napi\u0119cia, a zarazem ciep\u0142a historie, kt\u00f3re \u2013 mimo aury grozy \u2013 wywo\u0142ywa\u0142y u\u015bmiech na twarzach s\u0142uchaczy.<\/span><\/p><p><span style=\"color: #000000;\">Pani Anna z rozbawieniem opowiada\u0142a, \u017ce ogrody piel\u0119gnowane przez pisarza przypomina\u0142y dzie\u0142a Picassa \u2013 dalekie od symetrii, pe\u0142ne fantazji i tw\u00f3rczego nie\u0142adu. Nic dziwnego, \u017ce pewnego dnia c\u00f3rka s\u0105siad\u00f3w, obserwuj\u0105c te artystyczne eksperymenty, zapyta\u0142a z powag\u0105: \u201eA czym w\u0142a\u015bciwie zajmuje si\u0119 wasz tatu\u015b?\u201d.<\/span><\/p><p><span style=\"color: #000000;\">Niziurski by\u0142 cz\u0142owiekiem pogodnym i \u017cyczliwym, lubianym przez wszystkich. Jak zdradzi\u0142a c\u00f3rka, nie znosi\u0142 tylko kapusty, kt\u00f3ra przywo\u0142ywa\u0142a wspomnienia o trudnych, wojennych czasach.<\/span><\/p><p><span style=\"color: #000000;\">Nie zabrak\u0142o te\u017c anegdot kulinarnych. Aby zaoszcz\u0119dzi\u0107 pieni\u0105dze na wakacyjne podr\u00f3\u017ce, rodzina przez miesi\u0105c jada\u0142a niemal wy\u0142\u0105cznie makaron z serem. Gdy pewnego roku Niziurscy dotarli na letni wypoczynek nad Balaton, ich ojciec sprawnie z\u0142o\u017cy\u0142 zam\u00f3wienie w j\u0119zyku w\u0119gierskim. Ku zaskoczeniu dzieci kelner przyni\u00f3s\u0142\u2026 makaron z serem (jedn\u0105 ze specjalno\u015bci lokalnej kuchni).<\/span><\/p><p><span style=\"color: #000000;\">We wspomnieniach najbli\u017cszych cz\u0119sto powraca\u0142y r\u00f3wnie\u017c g\u00f3rskie w\u0119dr\u00f3wki. Pisarz zawsze zabiera\u0142 ze sob\u0105 w g\u00f3ry\u2026 butelki piwa \u2013 kt\u00f3re zwykle musia\u0142 nosi\u0107 jego syn, Marcin. Na szczycie, po trudach wspinaczki, dzieli\u0142 si\u0119 trunkiem z towarzyszami (nawet tymi, kt\u00f3rych nie zna\u0142), spogl\u0105daj\u0105c na panoram\u0119 Tatr z u\u015bmiechem i nieskrywan\u0105 satysfakcj\u0105.<\/span><\/p><p><span style=\"color: #000000;\">W domu to \u017cona, Barbara, czuwa\u0142a nad codziennymi obowi\u0105zkami, podczas gdy pisarz traci\u0142 poczucie czasu, poch\u0142oni\u0119ty rozwi\u0105zywaniem kolejnych zagadek \u2013 matematycznych, technicznych czy literackich. Bowiem dla Niziurskiego zegarki mog\u0142yby w og\u00f3le nie istnie\u0107. Cz\u0119sto u\u017cywa\u0142 plasteliny jako uniwersalnego materia\u0142u naprawczego, co nawet po latach budzi\u0142o zdziwienie nowych w\u0142a\u015bcicieli domu.<\/span><\/p><p><span style=\"color: #000000;\">Zapytane o najwi\u0119kszy sukces Edmunda Niziurskiego obie Panie bez wahania odpowiedzia\u0142y: dzieci. Cho\u0107 by\u0142 laureatem licznych nagr\u00f3d, w tym Kawalerem Orderu U\u015bmiechu i pisarzem wyr\u00f3\u017cnionym przez Polsk\u0105 Sekcj\u0119 IBBY, to w\u0142a\u015bnie rodzina stanowi\u0142a dla niego najwi\u0119ksz\u0105 warto\u015b\u0107.<\/span><\/p><p><span style=\"color: #000000;\">S\u0142owa: \u201eSk\u0142on duszy przed majestatem Wielko\u015bci\u201d \u2013 zapami\u0119tane przez bliskich z czas\u00f3w jego choroby \u2013 sta\u0142y si\u0119 symbolem duchowej postawy pisarza wobec \u017cycia, cierpienia i przemijania.<\/span><\/p><p><span style=\"color: #000000;\">Spotkanie z Ann\u0105 Niziursk\u0105-W\u0142odarsk\u0105 i Ma\u0142gorzat\u0105 Konstanzer by\u0142o niezwyk\u0142\u0105 lekcj\u0105 wra\u017cliwo\u015bci i ciep\u0142a. Dzi\u0119ki ich wspomnieniom Edmund Niziurski o\u017cy\u0142 na nowo \u2013 nie tylko jako tw\u00f3rca, lecz tak\u017ce jako cz\u0142owiek o ogromnym sercu i niegasn\u0105cej pasji poznawania \u015bwiata.<\/span><\/p><p><span style=\"color: #000000;\">Z niecierpliwo\u015bci\u0105 czekamy na nast\u0119pne spotkania i niepowtarzalne opowie\u015bci o autorze, kt\u00f3ry wci\u0105\u017c potrafi zaciekawia\u0107 i inspirowa\u0107 kolejne pokolenia czytelnik\u00f3w.<\/span><\/p>\t\t\t\t\t\t\t\t<\/div>\n\t\t\t\t<\/div>\n\t\t\t\t<div class=\"elementor-element elementor-element-9c68dfa elementor-widget elementor-widget-text-editor\" data-id=\"9c68dfa\" data-element_type=\"widget\" data-widget_type=\"text-editor.default\">\n\t\t\t\t<div class=\"elementor-widget-container\">\n\t\t\t\t\t\t\t\t\t<h4 style=\"text-align: center;\"><span style=\"color: #ff0000;\">Serdeczne podzi\u0119kowania Pani Annie i Pani Ma\u0142gorzacie za spotkanie,<\/span><\/h4><h4 style=\"text-align: center;\"><span style=\"color: #ff0000;\">zwie\u0144czone degustowaniem pysznego tortu!<\/span><\/h4>\t\t\t\t\t\t\t\t<\/div>\n\t\t\t\t<\/div>\n\t\t\t\t<div class=\"elementor-element elementor-element-158333a elementor-widget elementor-widget-spacer\" data-id=\"158333a\" data-element_type=\"widget\" data-widget_type=\"spacer.default\">\n\t\t\t\t<div class=\"elementor-widget-container\">\n\t\t\t\t\t\t\t<div class=\"elementor-spacer\">\n\t\t\t<div class=\"elementor-spacer-inner\"><\/div>\n\t\t<\/div>\n\t\t\t\t\t\t<\/div>\n\t\t\t\t<\/div>\n\t\t\t\t<div class=\"elementor-element elementor-element-0444ac1 elementor-arrows-position-inside elementor-widget elementor-widget-image-carousel\" data-id=\"0444ac1\" data-element_type=\"widget\" data-settings=\"{&quot;slides_to_show&quot;:&quot;1&quot;,&quot;navigation&quot;:&quot;arrows&quot;,&quot;autoplay&quot;:&quot;yes&quot;,&quot;pause_on_hover&quot;:&quot;yes&quot;,&quot;pause_on_interaction&quot;:&quot;yes&quot;,&quot;autoplay_speed&quot;:5000,&quot;infinite&quot;:&quot;yes&quot;,&quot;effect&quot;:&quot;slide&quot;,&quot;speed&quot;:500}\" data-widget_type=\"image-carousel.default\">\n\t\t\t\t<div class=\"elementor-widget-container\">\n\t\t\t\t\t\t\t<div class=\"elementor-image-carousel-wrapper swiper\" role=\"region\" aria-roledescription=\"carousel\" aria-label=\"Karuzela obrazk\u00f3w\" dir=\"ltr\">\n\t\t\t<div class=\"elementor-image-carousel swiper-wrapper\" aria-live=\"off\">\n\t\t\t\t\t\t\t\t<div class=\"swiper-slide\" role=\"group\" aria-roledescription=\"slide\" aria-label=\"1 z 24\"><figure class=\"swiper-slide-inner\"><img decoding=\"async\" class=\"swiper-slide-image\" src=\"https:\/\/ilij.ujk.edu.pl\/niziurski2025\/wp-content\/uploads\/2025\/11\/1bc4b71a-43a4-4f32-bef5-583e89f69010-1024x768.jpeg\" alt=\"1bc4b71a-43a4-4f32-bef5-583e89f69010\" \/><\/figure><\/div><div class=\"swiper-slide\" role=\"group\" aria-roledescription=\"slide\" aria-label=\"2 z 24\"><figure class=\"swiper-slide-inner\"><img decoding=\"async\" class=\"swiper-slide-image\" src=\"https:\/\/ilij.ujk.edu.pl\/niziurski2025\/wp-content\/uploads\/2025\/11\/5d4faaa8-522e-4bde-8d8e-22657fa43405-1024x768.jpeg\" alt=\"5d4faaa8-522e-4bde-8d8e-22657fa43405\" \/><\/figure><\/div><div class=\"swiper-slide\" role=\"group\" aria-roledescription=\"slide\" aria-label=\"3 z 24\"><figure class=\"swiper-slide-inner\"><img decoding=\"async\" class=\"swiper-slide-image\" src=\"https:\/\/ilij.ujk.edu.pl\/niziurski2025\/wp-content\/uploads\/2025\/11\/e0cfe32c-887e-47be-b916-d48c319ca934-1024x768.jpeg\" alt=\"e0cfe32c-887e-47be-b916-d48c319ca934\" \/><\/figure><\/div><div class=\"swiper-slide\" role=\"group\" aria-roledescription=\"slide\" aria-label=\"4 z 24\"><figure class=\"swiper-slide-inner\"><img decoding=\"async\" class=\"swiper-slide-image\" src=\"https:\/\/ilij.ujk.edu.pl\/niziurski2025\/wp-content\/uploads\/2025\/11\/c1da4a88-0900-4df9-b0ef-cc827f196b47-1024x768.jpeg\" alt=\"c1da4a88-0900-4df9-b0ef-cc827f196b47\" \/><\/figure><\/div><div class=\"swiper-slide\" role=\"group\" aria-roledescription=\"slide\" aria-label=\"5 z 24\"><figure class=\"swiper-slide-inner\"><img decoding=\"async\" class=\"swiper-slide-image\" src=\"https:\/\/ilij.ujk.edu.pl\/niziurski2025\/wp-content\/uploads\/2025\/11\/328b70a3-cda0-4291-b61c-a4d13b98356d-1024x576.jpeg\" alt=\"328b70a3-cda0-4291-b61c-a4d13b98356d\" \/><\/figure><\/div><div class=\"swiper-slide\" role=\"group\" aria-roledescription=\"slide\" aria-label=\"6 z 24\"><figure class=\"swiper-slide-inner\"><img decoding=\"async\" class=\"swiper-slide-image\" src=\"https:\/\/ilij.ujk.edu.pl\/niziurski2025\/wp-content\/uploads\/2025\/11\/87b16557-9279-4551-aba6-f6550737e10c-1024x768.jpeg\" alt=\"87b16557-9279-4551-aba6-f6550737e10c\" \/><\/figure><\/div><div class=\"swiper-slide\" role=\"group\" aria-roledescription=\"slide\" aria-label=\"7 z 24\"><figure class=\"swiper-slide-inner\"><img decoding=\"async\" class=\"swiper-slide-image\" src=\"https:\/\/ilij.ujk.edu.pl\/niziurski2025\/wp-content\/uploads\/2025\/11\/ca91a698-dca4-43b7-968e-c0c9f02a1cea-1024x576.jpeg\" alt=\"ca91a698-dca4-43b7-968e-c0c9f02a1cea\" \/><\/figure><\/div><div class=\"swiper-slide\" role=\"group\" aria-roledescription=\"slide\" aria-label=\"8 z 24\"><figure class=\"swiper-slide-inner\"><img decoding=\"async\" class=\"swiper-slide-image\" src=\"https:\/\/ilij.ujk.edu.pl\/niziurski2025\/wp-content\/uploads\/2025\/11\/a95bedd6-adc0-4f78-9a1d-ad9c5c01e11f-1024x768.jpeg\" alt=\"a95bedd6-adc0-4f78-9a1d-ad9c5c01e11f\" \/><\/figure><\/div><div class=\"swiper-slide\" role=\"group\" aria-roledescription=\"slide\" aria-label=\"9 z 24\"><figure class=\"swiper-slide-inner\"><img decoding=\"async\" class=\"swiper-slide-image\" src=\"https:\/\/ilij.ujk.edu.pl\/niziurski2025\/wp-content\/uploads\/2025\/11\/7c8cb184-1405-4c5e-895e-7dd19f1d258b-1024x768.jpeg\" alt=\"7c8cb184-1405-4c5e-895e-7dd19f1d258b\" \/><\/figure><\/div><div class=\"swiper-slide\" role=\"group\" aria-roledescription=\"slide\" aria-label=\"10 z 24\"><figure class=\"swiper-slide-inner\"><img decoding=\"async\" class=\"swiper-slide-image\" src=\"https:\/\/ilij.ujk.edu.pl\/niziurski2025\/wp-content\/uploads\/2025\/11\/5cf8ce4e-fc13-4b53-b484-eda0fae31be5-1024x768.jpeg\" alt=\"5cf8ce4e-fc13-4b53-b484-eda0fae31be5\" \/><\/figure><\/div><div class=\"swiper-slide\" role=\"group\" aria-roledescription=\"slide\" aria-label=\"11 z 24\"><figure class=\"swiper-slide-inner\"><img decoding=\"async\" class=\"swiper-slide-image\" src=\"https:\/\/ilij.ujk.edu.pl\/niziurski2025\/wp-content\/uploads\/2025\/11\/8875cf56-e8e1-4cfc-aea3-2b4c344481eb-1024x768.jpeg\" alt=\"8875cf56-e8e1-4cfc-aea3-2b4c344481eb\" \/><\/figure><\/div><div class=\"swiper-slide\" role=\"group\" aria-roledescription=\"slide\" aria-label=\"12 z 24\"><figure class=\"swiper-slide-inner\"><img decoding=\"async\" class=\"swiper-slide-image\" src=\"https:\/\/ilij.ujk.edu.pl\/niziurski2025\/wp-content\/uploads\/2025\/11\/b5b46293-047d-402d-aab1-6cb03b0f1f2d-1024x576.jpeg\" alt=\"b5b46293-047d-402d-aab1-6cb03b0f1f2d\" \/><\/figure><\/div><div class=\"swiper-slide\" role=\"group\" aria-roledescription=\"slide\" aria-label=\"13 z 24\"><figure class=\"swiper-slide-inner\"><img decoding=\"async\" class=\"swiper-slide-image\" src=\"https:\/\/ilij.ujk.edu.pl\/niziurski2025\/wp-content\/uploads\/2025\/11\/dce68f01-e6c7-43d5-9fe7-05b2f9c91d53-1024x576.jpeg\" alt=\"dce68f01-e6c7-43d5-9fe7-05b2f9c91d53\" \/><\/figure><\/div><div class=\"swiper-slide\" role=\"group\" aria-roledescription=\"slide\" aria-label=\"14 z 24\"><figure class=\"swiper-slide-inner\"><img decoding=\"async\" class=\"swiper-slide-image\" src=\"https:\/\/ilij.ujk.edu.pl\/niziurski2025\/wp-content\/uploads\/2025\/11\/beb41afc-7f47-49c9-b56e-9efd48fdf291-1024x771.jpeg\" alt=\"beb41afc-7f47-49c9-b56e-9efd48fdf291\" \/><\/figure><\/div><div class=\"swiper-slide\" role=\"group\" aria-roledescription=\"slide\" aria-label=\"15 z 24\"><figure class=\"swiper-slide-inner\"><img decoding=\"async\" class=\"swiper-slide-image\" src=\"https:\/\/ilij.ujk.edu.pl\/niziurski2025\/wp-content\/uploads\/2025\/11\/38902eb7-24e2-4782-bea9-291499ecf229-1024x771.jpeg\" alt=\"38902eb7-24e2-4782-bea9-291499ecf229\" \/><\/figure><\/div><div class=\"swiper-slide\" role=\"group\" aria-roledescription=\"slide\" aria-label=\"16 z 24\"><figure class=\"swiper-slide-inner\"><img decoding=\"async\" class=\"swiper-slide-image\" src=\"https:\/\/ilij.ujk.edu.pl\/niziurski2025\/wp-content\/uploads\/2025\/11\/3a1f140e-5430-4f2d-8c08-0cdd62fd1861-1024x771.jpeg\" alt=\"3a1f140e-5430-4f2d-8c08-0cdd62fd1861\" \/><\/figure><\/div><div class=\"swiper-slide\" role=\"group\" aria-roledescription=\"slide\" aria-label=\"17 z 24\"><figure class=\"swiper-slide-inner\"><img decoding=\"async\" class=\"swiper-slide-image\" src=\"https:\/\/ilij.ujk.edu.pl\/niziurski2025\/wp-content\/uploads\/2025\/11\/IMG_6890-473x1024.png\" alt=\"IMG_6890\" \/><\/figure><\/div><div class=\"swiper-slide\" role=\"group\" aria-roledescription=\"slide\" aria-label=\"18 z 24\"><figure class=\"swiper-slide-inner\"><img decoding=\"async\" class=\"swiper-slide-image\" src=\"https:\/\/ilij.ujk.edu.pl\/niziurski2025\/wp-content\/uploads\/2025\/11\/ecf8ebcd-0132-4ca0-af9e-3110e0cb58c2-1024x576.jpeg\" alt=\"\" \/><\/figure><\/div><div class=\"swiper-slide\" role=\"group\" aria-roledescription=\"slide\" aria-label=\"19 z 24\"><figure class=\"swiper-slide-inner\"><img decoding=\"async\" class=\"swiper-slide-image\" src=\"https:\/\/ilij.ujk.edu.pl\/niziurski2025\/wp-content\/uploads\/2025\/11\/e9906f4a-e2ad-4e69-a39f-f38370257b4a-1024x576.jpeg\" alt=\"\" \/><\/figure><\/div><div class=\"swiper-slide\" role=\"group\" aria-roledescription=\"slide\" aria-label=\"20 z 24\"><figure class=\"swiper-slide-inner\"><img decoding=\"async\" class=\"swiper-slide-image\" src=\"https:\/\/ilij.ujk.edu.pl\/niziurski2025\/wp-content\/uploads\/2025\/11\/0bada744-66d6-47e9-87d5-a5721aa7e826-576x1024.jpeg\" alt=\"0bada744-66d6-47e9-87d5-a5721aa7e826\" \/><\/figure><\/div><div class=\"swiper-slide\" role=\"group\" aria-roledescription=\"slide\" aria-label=\"21 z 24\"><figure class=\"swiper-slide-inner\"><img decoding=\"async\" class=\"swiper-slide-image\" src=\"https:\/\/ilij.ujk.edu.pl\/niziurski2025\/wp-content\/uploads\/2025\/11\/4409d207-8cfd-4228-acbe-682b1693fb93-1024x576.jpeg\" alt=\"\" \/><\/figure><\/div><div class=\"swiper-slide\" role=\"group\" aria-roledescription=\"slide\" aria-label=\"22 z 24\"><figure class=\"swiper-slide-inner\"><img decoding=\"async\" class=\"swiper-slide-image\" src=\"https:\/\/ilij.ujk.edu.pl\/niziurski2025\/wp-content\/uploads\/2025\/11\/36a704ed-889b-4f0a-8c1b-aa72eda47628-576x1024.jpeg\" alt=\"36a704ed-889b-4f0a-8c1b-aa72eda47628\" \/><\/figure><\/div><div class=\"swiper-slide\" role=\"group\" aria-roledescription=\"slide\" aria-label=\"23 z 24\"><figure class=\"swiper-slide-inner\"><img decoding=\"async\" class=\"swiper-slide-image\" src=\"https:\/\/ilij.ujk.edu.pl\/niziurski2025\/wp-content\/uploads\/2025\/11\/3c5b4283-0dae-4096-8d9a-ebdd6a7811b0-576x1024.jpeg\" alt=\"3c5b4283-0dae-4096-8d9a-ebdd6a7811b0\" \/><\/figure><\/div><div class=\"swiper-slide\" role=\"group\" aria-roledescription=\"slide\" aria-label=\"24 z 24\"><figure class=\"swiper-slide-inner\"><img decoding=\"async\" class=\"swiper-slide-image\" src=\"https:\/\/ilij.ujk.edu.pl\/niziurski2025\/wp-content\/uploads\/2025\/11\/ca6d19a8-94e7-4e95-b140-65e74386e7f8-1024x576.jpeg\" alt=\"\" \/><\/figure><\/div>\t\t\t<\/div>\n\t\t\t\t\t\t\t\t\t\t\t\t<div class=\"elementor-swiper-button elementor-swiper-button-prev\" role=\"button\" tabindex=\"0\">\n\t\t\t\t\t\t<svg aria-hidden=\"true\" class=\"e-font-icon-svg e-eicon-chevron-left\" viewBox=\"0 0 1000 1000\" xmlns=\"http:\/\/www.w3.org\/2000\/svg\"><path d=\"M646 125C629 125 613 133 604 142L308 442C296 454 292 471 292 487 292 504 296 521 308 533L604 854C617 867 629 875 646 875 663 875 679 871 692 858 704 846 713 829 713 812 713 796 708 779 692 767L438 487 692 225C700 217 708 204 708 187 708 171 704 154 692 142 675 129 663 125 646 125Z\"><\/path><\/svg>\t\t\t\t\t<\/div>\n\t\t\t\t\t<div class=\"elementor-swiper-button elementor-swiper-button-next\" role=\"button\" tabindex=\"0\">\n\t\t\t\t\t\t<svg aria-hidden=\"true\" class=\"e-font-icon-svg e-eicon-chevron-right\" viewBox=\"0 0 1000 1000\" xmlns=\"http:\/\/www.w3.org\/2000\/svg\"><path d=\"M696 533C708 521 713 504 713 487 713 471 708 454 696 446L400 146C388 133 375 125 354 125 338 125 325 129 313 142 300 154 292 171 292 187 292 204 296 221 308 233L563 492 304 771C292 783 288 800 288 817 288 833 296 850 308 863 321 871 338 875 354 875 371 875 388 867 400 854L696 533Z\"><\/path><\/svg>\t\t\t\t\t<\/div>\n\t\t\t\t\n\t\t\t\t\t\t\t\t\t<\/div>\n\t\t\t\t\t\t<\/div>\n\t\t\t\t<\/div>\n\t\t\t\t<div class=\"elementor-element elementor-element-0abd87f elementor-widget-divider--view-line elementor-widget elementor-widget-divider\" data-id=\"0abd87f\" data-element_type=\"widget\" data-widget_type=\"divider.default\">\n\t\t\t\t<div class=\"elementor-widget-container\">\n\t\t\t\t\t\t\t<div class=\"elementor-divider\">\n\t\t\t<span class=\"elementor-divider-separator\">\n\t\t\t\t\t\t<\/span>\n\t\t<\/div>\n\t\t\t\t\t\t<\/div>\n\t\t\t\t<\/div>\n\t\t\t\t<div class=\"elementor-element elementor-element-a37c2ef elementor-widget elementor-widget-spacer\" data-id=\"a37c2ef\" data-element_type=\"widget\" data-widget_type=\"spacer.default\">\n\t\t\t\t<div class=\"elementor-widget-container\">\n\t\t\t\t\t\t\t<div class=\"elementor-spacer\">\n\t\t\t<div class=\"elementor-spacer-inner\"><\/div>\n\t\t<\/div>\n\t\t\t\t\t\t<\/div>\n\t\t\t\t<\/div>\n\t\t\t\t<div class=\"elementor-element elementor-element-fecfbb0 elementor-widget elementor-widget-text-editor\" data-id=\"fecfbb0\" data-element_type=\"widget\" data-widget_type=\"text-editor.default\">\n\t\t\t\t<div class=\"elementor-widget-container\">\n\t\t\t\t\t\t\t\t\t<p><span style=\"color: #000000;\">9 pa\u017adziernika 2025 r. \u2013 w 12. rocznic\u0119 \u015bmierci Edmunda Niziurskiego \u2013 w TVP Kultura wyemitowano\u00a0reporta\u017c\u00a0<em>W Krainie Urwis\u00f3w<\/em> w re\u017c. Karoliny Kopijkowskiej-Harczuk. Opr\u00f3cz wspomnie\u0144 rodziny pisarza w filmie zaprezentowano kr\u00f3tkie relacje z obchod\u00f3w Roku Edmunda Niziurskiego w Kielcach. Nie mog\u0142o zabrakn\u0105\u0107 akcent\u00f3w zwi\u0105zanych z projektem <em>Galeria postaci. Mapa miejsc. Edmundowi Niziurskiemu w 100. rocznic\u0119 urodzin<\/em>. W reporta\u017cu pokazano sal\u0119 285 Instytutu Literaturoznawstwa i J\u0119zykoznawstwa, kt\u00f3ra pierwszego dnia konferencji otrzyma\u0142a imi\u0119 Edmunda Niziurskiego. Wst\u0119g\u0119 uroczy\u015bcie przeci\u0105\u0142 prof. dr hab. Jan Pac\u0142awski \u2013 inicjator bada\u0144 nad tw\u00f3rczo\u015bci\u0105 autora <em>Ksi\u0119gi urwis\u00f3w <\/em>w kieleckim o\u015brodku naukowym. W dokumencie mo\u017cna zobaczy\u0107 \u2013 towarzysz\u0105c\u0105 konferencji \u2013 wystaw\u0119 ksi\u0105\u017cek E. Niziurskiego (ze szczeg\u00f3lnym uwzgl\u0119dnieniem tych samych tytu\u0142\u00f3w, ale innych reklamuj\u0105cych je ok\u0142adek) oraz prac laureat\u00f3w I Og\u00f3lnopolskiego Konkursu Literacko-Plastycznego \u201eSekrety Pana N.\u201d. Wyj\u0105tkow\u0105 sal\u0119 Instytutu zdobi\u0105 tak\u017ce \u201eTorbogogi\u201d (torby bawe\u0142niane z postaciami z utwor\u00f3w Niziurskiego) oraz inspirowane Niziurskim sensoryczne zak\u0142adki, ok\u0142adki, zeszyciki wykonane przez uczestnik\u00f3w poprzedzaj\u0105cych i promuj\u0105cych wydarzenie warsztat\u00f3w. Ponadto o nies\u0142abn\u0105cej aktualno\u015bci problematyki podejmowanej w tw\u00f3rczo\u015bci Niziurskiego opowiadali m.in. dr hab. Marzena Marczewska, prof. UJK oraz prelegenci naszej konferencji: dr Jaros\u0142aw Dobrzycki (Miejska Biblioteka Publiczna w Siemianowicach \u015al\u0105skich) oraz prof. dr hab. Piotr Zbr\u00f3g (dyr. ILiJ UJK w Kielcach). Serdecznie zapraszamy do obejrzenia filmu na platformie TVP VOD!<\/span><\/p>\t\t\t\t\t\t\t\t<\/div>\n\t\t\t\t<\/div>\n\t\t\t\t<div class=\"elementor-element elementor-element-cf440f3 elementor-widget elementor-widget-spacer\" data-id=\"cf440f3\" data-element_type=\"widget\" data-widget_type=\"spacer.default\">\n\t\t\t\t<div class=\"elementor-widget-container\">\n\t\t\t\t\t\t\t<div class=\"elementor-spacer\">\n\t\t\t<div class=\"elementor-spacer-inner\"><\/div>\n\t\t<\/div>\n\t\t\t\t\t\t<\/div>\n\t\t\t\t<\/div>\n\t\t\t\t<div class=\"elementor-element elementor-element-fc2c5a4 elementor-widget elementor-widget-image\" data-id=\"fc2c5a4\" data-element_type=\"widget\" data-widget_type=\"image.default\">\n\t\t\t\t<div class=\"elementor-widget-container\">\n\t\t\t\t\t\t\t\t\t\t\t\t\t\t\t\t<a href=\"https:\/\/vod.tvp.pl\/filmy-dokumentalne,163\/w-krainie-urwisow,2437722\" target=\"_blank\">\n\t\t\t\t\t\t\t<img loading=\"lazy\" decoding=\"async\" width=\"1254\" height=\"713\" src=\"https:\/\/ilij.ujk.edu.pl\/niziurski2025\/wp-content\/uploads\/2025\/11\/VOD-1.jpg\" class=\"attachment-full size-full wp-image-2830\" alt=\"\" srcset=\"https:\/\/ilij.ujk.edu.pl\/niziurski2025\/wp-content\/uploads\/2025\/11\/VOD-1.jpg 1254w, https:\/\/ilij.ujk.edu.pl\/niziurski2025\/wp-content\/uploads\/2025\/11\/VOD-1-300x171.jpg 300w, https:\/\/ilij.ujk.edu.pl\/niziurski2025\/wp-content\/uploads\/2025\/11\/VOD-1-1024x582.jpg 1024w, https:\/\/ilij.ujk.edu.pl\/niziurski2025\/wp-content\/uploads\/2025\/11\/VOD-1-768x437.jpg 768w\" sizes=\"(max-width: 1254px) 100vw, 1254px\" \/>\t\t\t\t\t\t\t\t<\/a>\n\t\t\t\t\t\t\t\t\t\t\t\t\t\t\t<\/div>\n\t\t\t\t<\/div>\n\t\t\t\t<div class=\"elementor-element elementor-element-d1a2911 elementor-widget elementor-widget-spacer\" data-id=\"d1a2911\" data-element_type=\"widget\" data-widget_type=\"spacer.default\">\n\t\t\t\t<div class=\"elementor-widget-container\">\n\t\t\t\t\t\t\t<div class=\"elementor-spacer\">\n\t\t\t<div class=\"elementor-spacer-inner\"><\/div>\n\t\t<\/div>\n\t\t\t\t\t\t<\/div>\n\t\t\t\t<\/div>\n\t\t\t\t<div class=\"elementor-element elementor-element-c0bb038 elementor-widget-divider--view-line elementor-widget elementor-widget-divider\" data-id=\"c0bb038\" data-element_type=\"widget\" data-widget_type=\"divider.default\">\n\t\t\t\t<div class=\"elementor-widget-container\">\n\t\t\t\t\t\t\t<div class=\"elementor-divider\">\n\t\t\t<span class=\"elementor-divider-separator\">\n\t\t\t\t\t\t<\/span>\n\t\t<\/div>\n\t\t\t\t\t\t<\/div>\n\t\t\t\t<\/div>\n\t\t\t\t<div class=\"elementor-element elementor-element-4ee281e elementor-widget elementor-widget-heading\" data-id=\"4ee281e\" data-element_type=\"widget\" data-widget_type=\"heading.default\">\n\t\t\t\t<div class=\"elementor-widget-container\">\n\t\t\t\t\t<h3 class=\"elementor-heading-title elementor-size-default\"><a href=\"https:\/\/buk.ujk.edu.pl\/fotorelacja-z-wystaw-niziurskiego-oraz-paclawskiego\/\" target=\"_blank\">Fotorelacja z wystawy \u201eJubileusz 90. urodzin Profesora Jana Pac\u0142awskiego\u201d<\/a><\/h3>\t\t\t\t<\/div>\n\t\t\t\t<\/div>\n\t\t\t\t<div class=\"elementor-element elementor-element-46b4d72 elementor-widget elementor-widget-spacer\" data-id=\"46b4d72\" data-element_type=\"widget\" data-widget_type=\"spacer.default\">\n\t\t\t\t<div class=\"elementor-widget-container\">\n\t\t\t\t\t\t\t<div class=\"elementor-spacer\">\n\t\t\t<div class=\"elementor-spacer-inner\"><\/div>\n\t\t<\/div>\n\t\t\t\t\t\t<\/div>\n\t\t\t\t<\/div>\n\t\t\t\t<div class=\"elementor-element elementor-element-f4495b4 elementor-widget elementor-widget-text-editor\" data-id=\"f4495b4\" data-element_type=\"widget\" data-widget_type=\"text-editor.default\">\n\t\t\t\t<div class=\"elementor-widget-container\">\n\t\t\t\t\t\t\t\t\t<h5><span style=\"color: #000000;\">Wystaw\u0119 przygotowa\u0142y: dr Jolanta Dr\u0105\u017cyk, mgr Magdalena Antoniak<\/span><\/h5><h5><span style=\"color: #000000;\">Oddzia\u0142 Nauki, Dydaktyki i Wydawnictw Biblioteki Uniwersyteckiej UJK w Kielcach<\/span><\/h5>\t\t\t\t\t\t\t\t<\/div>\n\t\t\t\t<\/div>\n\t\t\t\t<div class=\"elementor-element elementor-element-d5e49ec elementor-widget elementor-widget-spacer\" data-id=\"d5e49ec\" data-element_type=\"widget\" data-widget_type=\"spacer.default\">\n\t\t\t\t<div class=\"elementor-widget-container\">\n\t\t\t\t\t\t\t<div class=\"elementor-spacer\">\n\t\t\t<div class=\"elementor-spacer-inner\"><\/div>\n\t\t<\/div>\n\t\t\t\t\t\t<\/div>\n\t\t\t\t<\/div>\n\t\t\t\t<div class=\"elementor-element elementor-element-8dd8055 elementor-arrows-position-inside elementor-pagination-position-outside elementor-widget elementor-widget-image-carousel\" data-id=\"8dd8055\" data-element_type=\"widget\" data-settings=\"{&quot;slides_to_show&quot;:&quot;1&quot;,&quot;navigation&quot;:&quot;both&quot;,&quot;autoplay&quot;:&quot;yes&quot;,&quot;pause_on_hover&quot;:&quot;yes&quot;,&quot;pause_on_interaction&quot;:&quot;yes&quot;,&quot;autoplay_speed&quot;:5000,&quot;infinite&quot;:&quot;yes&quot;,&quot;effect&quot;:&quot;slide&quot;,&quot;speed&quot;:500}\" data-widget_type=\"image-carousel.default\">\n\t\t\t\t<div class=\"elementor-widget-container\">\n\t\t\t\t\t\t\t<div class=\"elementor-image-carousel-wrapper swiper\" role=\"region\" aria-roledescription=\"carousel\" aria-label=\"Karuzela obrazk\u00f3w\" dir=\"ltr\">\n\t\t\t<div class=\"elementor-image-carousel swiper-wrapper\" aria-live=\"off\">\n\t\t\t\t\t\t\t\t<div class=\"swiper-slide\" role=\"group\" aria-roledescription=\"slide\" aria-label=\"1 z 18\"><a data-elementor-open-lightbox=\"yes\" data-elementor-lightbox-slideshow=\"8dd8055\" data-elementor-lightbox-title=\"galeria-2025-06-03-wystawa-paclawski-001\" data-e-action-hash=\"#elementor-action%3Aaction%3Dlightbox%26settings%3DeyJpZCI6MjcyOCwidXJsIjoiaHR0cHM6XC9cL2lsaWoudWprLmVkdS5wbFwvbml6aXVyc2tpMjAyNVwvd3AtY29udGVudFwvdXBsb2Fkc1wvMjAyNVwvMTFcL2dhbGVyaWEtMjAyNS0wNi0wMy13eXN0YXdhLXBhY2xhd3NraS0wMDEuanBnIiwic2xpZGVzaG93IjoiOGRkODA1NSJ9\" href=\"https:\/\/buk.ujk.edu.pl\/fotorelacja-z-wystaw-niziurskiego-oraz-paclawskiego\/\"><figure class=\"swiper-slide-inner\"><img decoding=\"async\" class=\"swiper-slide-image\" src=\"https:\/\/ilij.ujk.edu.pl\/niziurski2025\/wp-content\/uploads\/2025\/11\/galeria-2025-06-03-wystawa-paclawski-001.jpg\" alt=\"galeria-2025-06-03-wystawa-paclawski-001\" \/><\/figure><\/a><\/div><div class=\"swiper-slide\" role=\"group\" aria-roledescription=\"slide\" aria-label=\"2 z 18\"><a data-elementor-open-lightbox=\"yes\" data-elementor-lightbox-slideshow=\"8dd8055\" data-elementor-lightbox-title=\"galeria-2025-06-03-wystawa-paclawski-018-scaled\" data-e-action-hash=\"#elementor-action%3Aaction%3Dlightbox%26settings%3DeyJpZCI6Mjc0NSwidXJsIjoiaHR0cHM6XC9cL2lsaWoudWprLmVkdS5wbFwvbml6aXVyc2tpMjAyNVwvd3AtY29udGVudFwvdXBsb2Fkc1wvMjAyNVwvMTFcL2dhbGVyaWEtMjAyNS0wNi0wMy13eXN0YXdhLXBhY2xhd3NraS0wMTgtc2NhbGVkLTEuanBnIiwic2xpZGVzaG93IjoiOGRkODA1NSJ9\" href=\"https:\/\/buk.ujk.edu.pl\/fotorelacja-z-wystaw-niziurskiego-oraz-paclawskiego\/\"><figure class=\"swiper-slide-inner\"><img decoding=\"async\" class=\"swiper-slide-image\" src=\"https:\/\/ilij.ujk.edu.pl\/niziurski2025\/wp-content\/uploads\/2025\/11\/galeria-2025-06-03-wystawa-paclawski-018-scaled-1.jpg\" alt=\"galeria-2025-06-03-wystawa-paclawski-018-scaled\" \/><\/figure><\/a><\/div><div class=\"swiper-slide\" role=\"group\" aria-roledescription=\"slide\" aria-label=\"3 z 18\"><a data-elementor-open-lightbox=\"yes\" data-elementor-lightbox-slideshow=\"8dd8055\" data-elementor-lightbox-title=\"galeria-2025-06-03-wystawa-paclawski-017-scaled\" data-e-action-hash=\"#elementor-action%3Aaction%3Dlightbox%26settings%3DeyJpZCI6Mjc0NCwidXJsIjoiaHR0cHM6XC9cL2lsaWoudWprLmVkdS5wbFwvbml6aXVyc2tpMjAyNVwvd3AtY29udGVudFwvdXBsb2Fkc1wvMjAyNVwvMTFcL2dhbGVyaWEtMjAyNS0wNi0wMy13eXN0YXdhLXBhY2xhd3NraS0wMTctc2NhbGVkLTEuanBnIiwic2xpZGVzaG93IjoiOGRkODA1NSJ9\" href=\"https:\/\/buk.ujk.edu.pl\/fotorelacja-z-wystaw-niziurskiego-oraz-paclawskiego\/\"><figure class=\"swiper-slide-inner\"><img decoding=\"async\" class=\"swiper-slide-image\" src=\"https:\/\/ilij.ujk.edu.pl\/niziurski2025\/wp-content\/uploads\/2025\/11\/galeria-2025-06-03-wystawa-paclawski-017-scaled-1.jpg\" alt=\"galeria-2025-06-03-wystawa-paclawski-017-scaled\" \/><\/figure><\/a><\/div><div class=\"swiper-slide\" role=\"group\" aria-roledescription=\"slide\" aria-label=\"4 z 18\"><a data-elementor-open-lightbox=\"yes\" data-elementor-lightbox-slideshow=\"8dd8055\" data-elementor-lightbox-title=\"galeria-2025-06-03-wystawa-paclawski-016-scaled\" data-e-action-hash=\"#elementor-action%3Aaction%3Dlightbox%26settings%3DeyJpZCI6Mjc0MywidXJsIjoiaHR0cHM6XC9cL2lsaWoudWprLmVkdS5wbFwvbml6aXVyc2tpMjAyNVwvd3AtY29udGVudFwvdXBsb2Fkc1wvMjAyNVwvMTFcL2dhbGVyaWEtMjAyNS0wNi0wMy13eXN0YXdhLXBhY2xhd3NraS0wMTYtc2NhbGVkLTEuanBnIiwic2xpZGVzaG93IjoiOGRkODA1NSJ9\" href=\"https:\/\/buk.ujk.edu.pl\/fotorelacja-z-wystaw-niziurskiego-oraz-paclawskiego\/\"><figure class=\"swiper-slide-inner\"><img decoding=\"async\" class=\"swiper-slide-image\" src=\"https:\/\/ilij.ujk.edu.pl\/niziurski2025\/wp-content\/uploads\/2025\/11\/galeria-2025-06-03-wystawa-paclawski-016-scaled-1.jpg\" alt=\"galeria-2025-06-03-wystawa-paclawski-016-scaled\" \/><\/figure><\/a><\/div><div class=\"swiper-slide\" role=\"group\" aria-roledescription=\"slide\" aria-label=\"5 z 18\"><a data-elementor-open-lightbox=\"yes\" data-elementor-lightbox-slideshow=\"8dd8055\" data-elementor-lightbox-title=\"galeria-2025-06-03-wystawa-paclawski-015-scaled\" data-e-action-hash=\"#elementor-action%3Aaction%3Dlightbox%26settings%3DeyJpZCI6Mjc0MiwidXJsIjoiaHR0cHM6XC9cL2lsaWoudWprLmVkdS5wbFwvbml6aXVyc2tpMjAyNVwvd3AtY29udGVudFwvdXBsb2Fkc1wvMjAyNVwvMTFcL2dhbGVyaWEtMjAyNS0wNi0wMy13eXN0YXdhLXBhY2xhd3NraS0wMTUtc2NhbGVkLTEuanBnIiwic2xpZGVzaG93IjoiOGRkODA1NSJ9\" href=\"https:\/\/buk.ujk.edu.pl\/fotorelacja-z-wystaw-niziurskiego-oraz-paclawskiego\/\"><figure class=\"swiper-slide-inner\"><img decoding=\"async\" class=\"swiper-slide-image\" src=\"https:\/\/ilij.ujk.edu.pl\/niziurski2025\/wp-content\/uploads\/2025\/11\/galeria-2025-06-03-wystawa-paclawski-015-scaled-1.jpg\" alt=\"galeria-2025-06-03-wystawa-paclawski-015-scaled\" \/><\/figure><\/a><\/div><div class=\"swiper-slide\" role=\"group\" aria-roledescription=\"slide\" aria-label=\"6 z 18\"><a data-elementor-open-lightbox=\"yes\" data-elementor-lightbox-slideshow=\"8dd8055\" data-elementor-lightbox-title=\"galeria-2025-06-03-wystawa-paclawski-014-scaled\" data-e-action-hash=\"#elementor-action%3Aaction%3Dlightbox%26settings%3DeyJpZCI6Mjc0MSwidXJsIjoiaHR0cHM6XC9cL2lsaWoudWprLmVkdS5wbFwvbml6aXVyc2tpMjAyNVwvd3AtY29udGVudFwvdXBsb2Fkc1wvMjAyNVwvMTFcL2dhbGVyaWEtMjAyNS0wNi0wMy13eXN0YXdhLXBhY2xhd3NraS0wMTQtc2NhbGVkLTEuanBnIiwic2xpZGVzaG93IjoiOGRkODA1NSJ9\" href=\"https:\/\/buk.ujk.edu.pl\/fotorelacja-z-wystaw-niziurskiego-oraz-paclawskiego\/\"><figure class=\"swiper-slide-inner\"><img decoding=\"async\" class=\"swiper-slide-image\" src=\"https:\/\/ilij.ujk.edu.pl\/niziurski2025\/wp-content\/uploads\/2025\/11\/galeria-2025-06-03-wystawa-paclawski-014-scaled-1.jpg\" alt=\"galeria-2025-06-03-wystawa-paclawski-014-scaled\" \/><\/figure><\/a><\/div><div class=\"swiper-slide\" role=\"group\" aria-roledescription=\"slide\" aria-label=\"7 z 18\"><a data-elementor-open-lightbox=\"yes\" data-elementor-lightbox-slideshow=\"8dd8055\" data-elementor-lightbox-title=\"galeria-2025-06-03-wystawa-paclawski-013-scaled\" data-e-action-hash=\"#elementor-action%3Aaction%3Dlightbox%26settings%3DeyJpZCI6Mjc0MCwidXJsIjoiaHR0cHM6XC9cL2lsaWoudWprLmVkdS5wbFwvbml6aXVyc2tpMjAyNVwvd3AtY29udGVudFwvdXBsb2Fkc1wvMjAyNVwvMTFcL2dhbGVyaWEtMjAyNS0wNi0wMy13eXN0YXdhLXBhY2xhd3NraS0wMTMtc2NhbGVkLTEuanBnIiwic2xpZGVzaG93IjoiOGRkODA1NSJ9\" href=\"https:\/\/buk.ujk.edu.pl\/fotorelacja-z-wystaw-niziurskiego-oraz-paclawskiego\/\"><figure class=\"swiper-slide-inner\"><img decoding=\"async\" class=\"swiper-slide-image\" src=\"https:\/\/ilij.ujk.edu.pl\/niziurski2025\/wp-content\/uploads\/2025\/11\/galeria-2025-06-03-wystawa-paclawski-013-scaled-1.jpg\" alt=\"galeria-2025-06-03-wystawa-paclawski-013-scaled\" \/><\/figure><\/a><\/div><div class=\"swiper-slide\" role=\"group\" aria-roledescription=\"slide\" aria-label=\"8 z 18\"><a data-elementor-open-lightbox=\"yes\" data-elementor-lightbox-slideshow=\"8dd8055\" data-elementor-lightbox-title=\"galeria-2025-06-03-wystawa-paclawski-012-scaled\" data-e-action-hash=\"#elementor-action%3Aaction%3Dlightbox%26settings%3DeyJpZCI6MjczOSwidXJsIjoiaHR0cHM6XC9cL2lsaWoudWprLmVkdS5wbFwvbml6aXVyc2tpMjAyNVwvd3AtY29udGVudFwvdXBsb2Fkc1wvMjAyNVwvMTFcL2dhbGVyaWEtMjAyNS0wNi0wMy13eXN0YXdhLXBhY2xhd3NraS0wMTItc2NhbGVkLTEuanBnIiwic2xpZGVzaG93IjoiOGRkODA1NSJ9\" href=\"https:\/\/buk.ujk.edu.pl\/fotorelacja-z-wystaw-niziurskiego-oraz-paclawskiego\/\"><figure class=\"swiper-slide-inner\"><img decoding=\"async\" class=\"swiper-slide-image\" src=\"https:\/\/ilij.ujk.edu.pl\/niziurski2025\/wp-content\/uploads\/2025\/11\/galeria-2025-06-03-wystawa-paclawski-012-scaled-1.jpg\" alt=\"galeria-2025-06-03-wystawa-paclawski-012-scaled\" \/><\/figure><\/a><\/div><div class=\"swiper-slide\" role=\"group\" aria-roledescription=\"slide\" aria-label=\"9 z 18\"><a data-elementor-open-lightbox=\"yes\" data-elementor-lightbox-slideshow=\"8dd8055\" data-elementor-lightbox-title=\"galeria-2025-06-03-wystawa-paclawski-011-scaled\" data-e-action-hash=\"#elementor-action%3Aaction%3Dlightbox%26settings%3DeyJpZCI6MjczOCwidXJsIjoiaHR0cHM6XC9cL2lsaWoudWprLmVkdS5wbFwvbml6aXVyc2tpMjAyNVwvd3AtY29udGVudFwvdXBsb2Fkc1wvMjAyNVwvMTFcL2dhbGVyaWEtMjAyNS0wNi0wMy13eXN0YXdhLXBhY2xhd3NraS0wMTEtc2NhbGVkLTEuanBnIiwic2xpZGVzaG93IjoiOGRkODA1NSJ9\" href=\"https:\/\/buk.ujk.edu.pl\/fotorelacja-z-wystaw-niziurskiego-oraz-paclawskiego\/\"><figure class=\"swiper-slide-inner\"><img decoding=\"async\" class=\"swiper-slide-image\" src=\"https:\/\/ilij.ujk.edu.pl\/niziurski2025\/wp-content\/uploads\/2025\/11\/galeria-2025-06-03-wystawa-paclawski-011-scaled-1.jpg\" alt=\"galeria-2025-06-03-wystawa-paclawski-011-scaled\" \/><\/figure><\/a><\/div><div class=\"swiper-slide\" role=\"group\" aria-roledescription=\"slide\" aria-label=\"10 z 18\"><a data-elementor-open-lightbox=\"yes\" data-elementor-lightbox-slideshow=\"8dd8055\" data-elementor-lightbox-title=\"galeria-2025-06-03-wystawa-paclawski-010-scaled\" data-e-action-hash=\"#elementor-action%3Aaction%3Dlightbox%26settings%3DeyJpZCI6MjczNywidXJsIjoiaHR0cHM6XC9cL2lsaWoudWprLmVkdS5wbFwvbml6aXVyc2tpMjAyNVwvd3AtY29udGVudFwvdXBsb2Fkc1wvMjAyNVwvMTFcL2dhbGVyaWEtMjAyNS0wNi0wMy13eXN0YXdhLXBhY2xhd3NraS0wMTAtc2NhbGVkLTEuanBnIiwic2xpZGVzaG93IjoiOGRkODA1NSJ9\" href=\"https:\/\/buk.ujk.edu.pl\/fotorelacja-z-wystaw-niziurskiego-oraz-paclawskiego\/\"><figure class=\"swiper-slide-inner\"><img decoding=\"async\" class=\"swiper-slide-image\" src=\"https:\/\/ilij.ujk.edu.pl\/niziurski2025\/wp-content\/uploads\/2025\/11\/galeria-2025-06-03-wystawa-paclawski-010-scaled-1.jpg\" alt=\"galeria-2025-06-03-wystawa-paclawski-010-scaled\" \/><\/figure><\/a><\/div><div class=\"swiper-slide\" role=\"group\" aria-roledescription=\"slide\" aria-label=\"11 z 18\"><a data-elementor-open-lightbox=\"yes\" data-elementor-lightbox-slideshow=\"8dd8055\" data-elementor-lightbox-title=\"galeria-2025-06-03-wystawa-paclawski-009-scaled\" data-e-action-hash=\"#elementor-action%3Aaction%3Dlightbox%26settings%3DeyJpZCI6MjczNiwidXJsIjoiaHR0cHM6XC9cL2lsaWoudWprLmVkdS5wbFwvbml6aXVyc2tpMjAyNVwvd3AtY29udGVudFwvdXBsb2Fkc1wvMjAyNVwvMTFcL2dhbGVyaWEtMjAyNS0wNi0wMy13eXN0YXdhLXBhY2xhd3NraS0wMDktc2NhbGVkLTEuanBnIiwic2xpZGVzaG93IjoiOGRkODA1NSJ9\" href=\"https:\/\/buk.ujk.edu.pl\/fotorelacja-z-wystaw-niziurskiego-oraz-paclawskiego\/\"><figure class=\"swiper-slide-inner\"><img decoding=\"async\" class=\"swiper-slide-image\" src=\"https:\/\/ilij.ujk.edu.pl\/niziurski2025\/wp-content\/uploads\/2025\/11\/galeria-2025-06-03-wystawa-paclawski-009-scaled-1.jpg\" alt=\"galeria-2025-06-03-wystawa-paclawski-009-scaled\" \/><\/figure><\/a><\/div><div class=\"swiper-slide\" role=\"group\" aria-roledescription=\"slide\" aria-label=\"12 z 18\"><a data-elementor-open-lightbox=\"yes\" data-elementor-lightbox-slideshow=\"8dd8055\" data-elementor-lightbox-title=\"galeria-2025-06-03-wystawa-paclawski-008-scaled\" data-e-action-hash=\"#elementor-action%3Aaction%3Dlightbox%26settings%3DeyJpZCI6MjczNSwidXJsIjoiaHR0cHM6XC9cL2lsaWoudWprLmVkdS5wbFwvbml6aXVyc2tpMjAyNVwvd3AtY29udGVudFwvdXBsb2Fkc1wvMjAyNVwvMTFcL2dhbGVyaWEtMjAyNS0wNi0wMy13eXN0YXdhLXBhY2xhd3NraS0wMDgtc2NhbGVkLTEuanBnIiwic2xpZGVzaG93IjoiOGRkODA1NSJ9\" href=\"https:\/\/buk.ujk.edu.pl\/fotorelacja-z-wystaw-niziurskiego-oraz-paclawskiego\/\"><figure class=\"swiper-slide-inner\"><img decoding=\"async\" class=\"swiper-slide-image\" src=\"https:\/\/ilij.ujk.edu.pl\/niziurski2025\/wp-content\/uploads\/2025\/11\/galeria-2025-06-03-wystawa-paclawski-008-scaled-1.jpg\" alt=\"galeria-2025-06-03-wystawa-paclawski-008-scaled\" \/><\/figure><\/a><\/div><div class=\"swiper-slide\" role=\"group\" aria-roledescription=\"slide\" aria-label=\"13 z 18\"><a data-elementor-open-lightbox=\"yes\" data-elementor-lightbox-slideshow=\"8dd8055\" data-elementor-lightbox-title=\"galeria-2025-06-03-wystawa-paclawski-007-scaled\" data-e-action-hash=\"#elementor-action%3Aaction%3Dlightbox%26settings%3DeyJpZCI6MjczNCwidXJsIjoiaHR0cHM6XC9cL2lsaWoudWprLmVkdS5wbFwvbml6aXVyc2tpMjAyNVwvd3AtY29udGVudFwvdXBsb2Fkc1wvMjAyNVwvMTFcL2dhbGVyaWEtMjAyNS0wNi0wMy13eXN0YXdhLXBhY2xhd3NraS0wMDctc2NhbGVkLTEuanBnIiwic2xpZGVzaG93IjoiOGRkODA1NSJ9\" href=\"https:\/\/buk.ujk.edu.pl\/fotorelacja-z-wystaw-niziurskiego-oraz-paclawskiego\/\"><figure class=\"swiper-slide-inner\"><img decoding=\"async\" class=\"swiper-slide-image\" src=\"https:\/\/ilij.ujk.edu.pl\/niziurski2025\/wp-content\/uploads\/2025\/11\/galeria-2025-06-03-wystawa-paclawski-007-scaled-1.jpg\" alt=\"galeria-2025-06-03-wystawa-paclawski-007-scaled\" \/><\/figure><\/a><\/div><div class=\"swiper-slide\" role=\"group\" aria-roledescription=\"slide\" aria-label=\"14 z 18\"><a data-elementor-open-lightbox=\"yes\" data-elementor-lightbox-slideshow=\"8dd8055\" data-elementor-lightbox-title=\"galeria-2025-06-03-wystawa-paclawski-006-scaled\" data-e-action-hash=\"#elementor-action%3Aaction%3Dlightbox%26settings%3DeyJpZCI6MjczMywidXJsIjoiaHR0cHM6XC9cL2lsaWoudWprLmVkdS5wbFwvbml6aXVyc2tpMjAyNVwvd3AtY29udGVudFwvdXBsb2Fkc1wvMjAyNVwvMTFcL2dhbGVyaWEtMjAyNS0wNi0wMy13eXN0YXdhLXBhY2xhd3NraS0wMDYtc2NhbGVkLTEuanBnIiwic2xpZGVzaG93IjoiOGRkODA1NSJ9\" href=\"https:\/\/buk.ujk.edu.pl\/fotorelacja-z-wystaw-niziurskiego-oraz-paclawskiego\/\"><figure class=\"swiper-slide-inner\"><img decoding=\"async\" class=\"swiper-slide-image\" src=\"https:\/\/ilij.ujk.edu.pl\/niziurski2025\/wp-content\/uploads\/2025\/11\/galeria-2025-06-03-wystawa-paclawski-006-scaled-1.jpg\" alt=\"galeria-2025-06-03-wystawa-paclawski-006-scaled\" \/><\/figure><\/a><\/div><div class=\"swiper-slide\" role=\"group\" aria-roledescription=\"slide\" aria-label=\"15 z 18\"><a data-elementor-open-lightbox=\"yes\" data-elementor-lightbox-slideshow=\"8dd8055\" data-elementor-lightbox-title=\"galeria-2025-06-03-wystawa-paclawski-005-scaled\" data-e-action-hash=\"#elementor-action%3Aaction%3Dlightbox%26settings%3DeyJpZCI6MjczMiwidXJsIjoiaHR0cHM6XC9cL2lsaWoudWprLmVkdS5wbFwvbml6aXVyc2tpMjAyNVwvd3AtY29udGVudFwvdXBsb2Fkc1wvMjAyNVwvMTFcL2dhbGVyaWEtMjAyNS0wNi0wMy13eXN0YXdhLXBhY2xhd3NraS0wMDUtc2NhbGVkLTEuanBnIiwic2xpZGVzaG93IjoiOGRkODA1NSJ9\" href=\"https:\/\/buk.ujk.edu.pl\/fotorelacja-z-wystaw-niziurskiego-oraz-paclawskiego\/\"><figure class=\"swiper-slide-inner\"><img decoding=\"async\" class=\"swiper-slide-image\" src=\"https:\/\/ilij.ujk.edu.pl\/niziurski2025\/wp-content\/uploads\/2025\/11\/galeria-2025-06-03-wystawa-paclawski-005-scaled-1.jpg\" alt=\"galeria-2025-06-03-wystawa-paclawski-005-scaled\" \/><\/figure><\/a><\/div><div class=\"swiper-slide\" role=\"group\" aria-roledescription=\"slide\" aria-label=\"16 z 18\"><a data-elementor-open-lightbox=\"yes\" data-elementor-lightbox-slideshow=\"8dd8055\" data-elementor-lightbox-title=\"galeria-2025-06-03-wystawa-paclawski-004-scaled\" data-e-action-hash=\"#elementor-action%3Aaction%3Dlightbox%26settings%3DeyJpZCI6MjczMSwidXJsIjoiaHR0cHM6XC9cL2lsaWoudWprLmVkdS5wbFwvbml6aXVyc2tpMjAyNVwvd3AtY29udGVudFwvdXBsb2Fkc1wvMjAyNVwvMTFcL2dhbGVyaWEtMjAyNS0wNi0wMy13eXN0YXdhLXBhY2xhd3NraS0wMDQtc2NhbGVkLTEuanBnIiwic2xpZGVzaG93IjoiOGRkODA1NSJ9\" href=\"https:\/\/buk.ujk.edu.pl\/fotorelacja-z-wystaw-niziurskiego-oraz-paclawskiego\/\"><figure class=\"swiper-slide-inner\"><img decoding=\"async\" class=\"swiper-slide-image\" src=\"https:\/\/ilij.ujk.edu.pl\/niziurski2025\/wp-content\/uploads\/2025\/11\/galeria-2025-06-03-wystawa-paclawski-004-scaled-1.jpg\" alt=\"galeria-2025-06-03-wystawa-paclawski-004-scaled\" \/><\/figure><\/a><\/div><div class=\"swiper-slide\" role=\"group\" aria-roledescription=\"slide\" aria-label=\"17 z 18\"><a data-elementor-open-lightbox=\"yes\" data-elementor-lightbox-slideshow=\"8dd8055\" data-elementor-lightbox-title=\"galeria-2025-06-03-wystawa-paclawski-003-scaled\" data-e-action-hash=\"#elementor-action%3Aaction%3Dlightbox%26settings%3DeyJpZCI6MjczMCwidXJsIjoiaHR0cHM6XC9cL2lsaWoudWprLmVkdS5wbFwvbml6aXVyc2tpMjAyNVwvd3AtY29udGVudFwvdXBsb2Fkc1wvMjAyNVwvMTFcL2dhbGVyaWEtMjAyNS0wNi0wMy13eXN0YXdhLXBhY2xhd3NraS0wMDMtc2NhbGVkLTEuanBnIiwic2xpZGVzaG93IjoiOGRkODA1NSJ9\" href=\"https:\/\/buk.ujk.edu.pl\/fotorelacja-z-wystaw-niziurskiego-oraz-paclawskiego\/\"><figure class=\"swiper-slide-inner\"><img decoding=\"async\" class=\"swiper-slide-image\" src=\"https:\/\/ilij.ujk.edu.pl\/niziurski2025\/wp-content\/uploads\/2025\/11\/galeria-2025-06-03-wystawa-paclawski-003-scaled-1.jpg\" alt=\"galeria-2025-06-03-wystawa-paclawski-003-scaled\" \/><\/figure><\/a><\/div><div class=\"swiper-slide\" role=\"group\" aria-roledescription=\"slide\" aria-label=\"18 z 18\"><a data-elementor-open-lightbox=\"yes\" data-elementor-lightbox-slideshow=\"8dd8055\" data-elementor-lightbox-title=\"galeria-2025-06-03-wystawa-paclawski-002\" data-e-action-hash=\"#elementor-action%3Aaction%3Dlightbox%26settings%3DeyJpZCI6MjcyOSwidXJsIjoiaHR0cHM6XC9cL2lsaWoudWprLmVkdS5wbFwvbml6aXVyc2tpMjAyNVwvd3AtY29udGVudFwvdXBsb2Fkc1wvMjAyNVwvMTFcL2dhbGVyaWEtMjAyNS0wNi0wMy13eXN0YXdhLXBhY2xhd3NraS0wMDIuanBnIiwic2xpZGVzaG93IjoiOGRkODA1NSJ9\" href=\"https:\/\/buk.ujk.edu.pl\/fotorelacja-z-wystaw-niziurskiego-oraz-paclawskiego\/\"><figure class=\"swiper-slide-inner\"><img decoding=\"async\" class=\"swiper-slide-image\" src=\"https:\/\/ilij.ujk.edu.pl\/niziurski2025\/wp-content\/uploads\/2025\/11\/galeria-2025-06-03-wystawa-paclawski-002.jpg\" alt=\"galeria-2025-06-03-wystawa-paclawski-002\" \/><\/figure><\/a><\/div>\t\t\t<\/div>\n\t\t\t\t\t\t\t\t\t\t\t\t<div class=\"elementor-swiper-button elementor-swiper-button-prev\" role=\"button\" tabindex=\"0\">\n\t\t\t\t\t\t<svg aria-hidden=\"true\" class=\"e-font-icon-svg e-eicon-chevron-left\" viewBox=\"0 0 1000 1000\" xmlns=\"http:\/\/www.w3.org\/2000\/svg\"><path d=\"M646 125C629 125 613 133 604 142L308 442C296 454 292 471 292 487 292 504 296 521 308 533L604 854C617 867 629 875 646 875 663 875 679 871 692 858 704 846 713 829 713 812 713 796 708 779 692 767L438 487 692 225C700 217 708 204 708 187 708 171 704 154 692 142 675 129 663 125 646 125Z\"><\/path><\/svg>\t\t\t\t\t<\/div>\n\t\t\t\t\t<div class=\"elementor-swiper-button elementor-swiper-button-next\" role=\"button\" tabindex=\"0\">\n\t\t\t\t\t\t<svg aria-hidden=\"true\" class=\"e-font-icon-svg e-eicon-chevron-right\" viewBox=\"0 0 1000 1000\" xmlns=\"http:\/\/www.w3.org\/2000\/svg\"><path d=\"M696 533C708 521 713 504 713 487 713 471 708 454 696 446L400 146C388 133 375 125 354 125 338 125 325 129 313 142 300 154 292 171 292 187 292 204 296 221 308 233L563 492 304 771C292 783 288 800 288 817 288 833 296 850 308 863 321 871 338 875 354 875 371 875 388 867 400 854L696 533Z\"><\/path><\/svg>\t\t\t\t\t<\/div>\n\t\t\t\t\n\t\t\t\t\t\t\t\t\t<div class=\"swiper-pagination\"><\/div>\n\t\t\t\t\t\t\t\t\t<\/div>\n\t\t\t\t\t\t<\/div>\n\t\t\t\t<\/div>\n\t\t\t\t<div class=\"elementor-element elementor-element-1ebd717 elementor-widget-divider--view-line elementor-widget elementor-widget-divider\" data-id=\"1ebd717\" data-element_type=\"widget\" data-widget_type=\"divider.default\">\n\t\t\t\t<div class=\"elementor-widget-container\">\n\t\t\t\t\t\t\t<div class=\"elementor-divider\">\n\t\t\t<span class=\"elementor-divider-separator\">\n\t\t\t\t\t\t<\/span>\n\t\t<\/div>\n\t\t\t\t\t\t<\/div>\n\t\t\t\t<\/div>\n\t\t\t\t<div class=\"elementor-element elementor-element-8db9afd elementor-widget elementor-widget-spacer\" data-id=\"8db9afd\" data-element_type=\"widget\" data-widget_type=\"spacer.default\">\n\t\t\t\t<div class=\"elementor-widget-container\">\n\t\t\t\t\t\t\t<div class=\"elementor-spacer\">\n\t\t\t<div class=\"elementor-spacer-inner\"><\/div>\n\t\t<\/div>\n\t\t\t\t\t\t<\/div>\n\t\t\t\t<\/div>\n\t\t\t\t<div class=\"elementor-element elementor-element-1705f9d elementor-widget elementor-widget-heading\" data-id=\"1705f9d\" data-element_type=\"widget\" data-widget_type=\"heading.default\">\n\t\t\t\t<div class=\"elementor-widget-container\">\n\t\t\t\t\t<h3 class=\"elementor-heading-title elementor-size-default\"><a href=\"https:\/\/buk.ujk.edu.pl\/fotorelacja-wystawy-tworczosc-edmunda-niziurskiego\/\" target=\"_blank\">Fotorelacja z wystawy \u201eTw\u00f3rczo\u015b\u0107 Edmunda Niziurskiego ze zbior\u00f3w Biblioteki Uniwersyteckiej\u201d<\/a><\/h3>\t\t\t\t<\/div>\n\t\t\t\t<\/div>\n\t\t\t\t<div class=\"elementor-element elementor-element-81a6e34 elementor-widget elementor-widget-spacer\" data-id=\"81a6e34\" data-element_type=\"widget\" data-widget_type=\"spacer.default\">\n\t\t\t\t<div class=\"elementor-widget-container\">\n\t\t\t\t\t\t\t<div class=\"elementor-spacer\">\n\t\t\t<div class=\"elementor-spacer-inner\"><\/div>\n\t\t<\/div>\n\t\t\t\t\t\t<\/div>\n\t\t\t\t<\/div>\n\t\t\t\t<div class=\"elementor-element elementor-element-3579b75 elementor-widget elementor-widget-text-editor\" data-id=\"3579b75\" data-element_type=\"widget\" data-widget_type=\"text-editor.default\">\n\t\t\t\t<div class=\"elementor-widget-container\">\n\t\t\t\t\t\t\t\t\t<h5><span style=\"color: #000000;\">Wystaw\u0119 przygotowa\u0142y: dr Jolanta Dr\u0105\u017cyk, mgr Magdalena Antoniak<\/span><\/h5><h5><span style=\"color: #000000;\">Oddzia\u0142 Nauki, Dydaktyki i Wydawnictw Biblioteki Uniwersyteckiej UJK w Kielcach<\/span><\/h5>\t\t\t\t\t\t\t\t<\/div>\n\t\t\t\t<\/div>\n\t\t\t\t<div class=\"elementor-element elementor-element-2f0e173 elementor-widget elementor-widget-spacer\" data-id=\"2f0e173\" data-element_type=\"widget\" data-widget_type=\"spacer.default\">\n\t\t\t\t<div class=\"elementor-widget-container\">\n\t\t\t\t\t\t\t<div class=\"elementor-spacer\">\n\t\t\t<div class=\"elementor-spacer-inner\"><\/div>\n\t\t<\/div>\n\t\t\t\t\t\t<\/div>\n\t\t\t\t<\/div>\n\t\t\t\t<div class=\"elementor-element elementor-element-75f4cfb elementor-arrows-position-inside elementor-pagination-position-outside elementor-widget elementor-widget-image-carousel\" data-id=\"75f4cfb\" data-element_type=\"widget\" data-settings=\"{&quot;slides_to_show&quot;:&quot;1&quot;,&quot;navigation&quot;:&quot;both&quot;,&quot;autoplay&quot;:&quot;yes&quot;,&quot;pause_on_hover&quot;:&quot;yes&quot;,&quot;pause_on_interaction&quot;:&quot;yes&quot;,&quot;autoplay_speed&quot;:5000,&quot;infinite&quot;:&quot;yes&quot;,&quot;effect&quot;:&quot;slide&quot;,&quot;speed&quot;:500}\" data-widget_type=\"image-carousel.default\">\n\t\t\t\t<div class=\"elementor-widget-container\">\n\t\t\t\t\t\t\t<div class=\"elementor-image-carousel-wrapper swiper\" role=\"region\" aria-roledescription=\"carousel\" aria-label=\"Karuzela obrazk\u00f3w\" dir=\"ltr\">\n\t\t\t<div class=\"elementor-image-carousel swiper-wrapper\" aria-live=\"off\">\n\t\t\t\t\t\t\t\t<div class=\"swiper-slide\" role=\"group\" aria-roledescription=\"slide\" aria-label=\"1 z 14\"><a data-elementor-open-lightbox=\"yes\" data-elementor-lightbox-slideshow=\"75f4cfb\" data-elementor-lightbox-title=\"galeria-2025-06-03-galeria-niziurski-014-scaled\" data-e-action-hash=\"#elementor-action%3Aaction%3Dlightbox%26settings%3DeyJpZCI6Mjc4NywidXJsIjoiaHR0cHM6XC9cL2lsaWoudWprLmVkdS5wbFwvbml6aXVyc2tpMjAyNVwvd3AtY29udGVudFwvdXBsb2Fkc1wvMjAyNVwvMTFcL2dhbGVyaWEtMjAyNS0wNi0wMy1nYWxlcmlhLW5peml1cnNraS0wMTQtc2NhbGVkLTEuanBnIiwic2xpZGVzaG93IjoiNzVmNGNmYiJ9\" href=\"https:\/\/buk.ujk.edu.pl\/fotorelacja-wystawy-tworczosc-edmunda-niziurskiego\/\"><figure class=\"swiper-slide-inner\"><img decoding=\"async\" class=\"swiper-slide-image\" src=\"https:\/\/ilij.ujk.edu.pl\/niziurski2025\/wp-content\/uploads\/2025\/11\/galeria-2025-06-03-galeria-niziurski-014-scaled-1.jpg\" alt=\"galeria-2025-06-03-galeria-niziurski-014-scaled\" \/><\/figure><\/a><\/div><div class=\"swiper-slide\" role=\"group\" aria-roledescription=\"slide\" aria-label=\"2 z 14\"><a data-elementor-open-lightbox=\"yes\" data-elementor-lightbox-slideshow=\"75f4cfb\" data-elementor-lightbox-title=\"galeria-2025-06-03-galeria-niziurski-013-scaled\" data-e-action-hash=\"#elementor-action%3Aaction%3Dlightbox%26settings%3DeyJpZCI6Mjc4NiwidXJsIjoiaHR0cHM6XC9cL2lsaWoudWprLmVkdS5wbFwvbml6aXVyc2tpMjAyNVwvd3AtY29udGVudFwvdXBsb2Fkc1wvMjAyNVwvMTFcL2dhbGVyaWEtMjAyNS0wNi0wMy1nYWxlcmlhLW5peml1cnNraS0wMTMtc2NhbGVkLTEuanBnIiwic2xpZGVzaG93IjoiNzVmNGNmYiJ9\" href=\"https:\/\/buk.ujk.edu.pl\/fotorelacja-wystawy-tworczosc-edmunda-niziurskiego\/\"><figure class=\"swiper-slide-inner\"><img decoding=\"async\" class=\"swiper-slide-image\" src=\"https:\/\/ilij.ujk.edu.pl\/niziurski2025\/wp-content\/uploads\/2025\/11\/galeria-2025-06-03-galeria-niziurski-013-scaled-1.jpg\" alt=\"galeria-2025-06-03-galeria-niziurski-013-scaled\" \/><\/figure><\/a><\/div><div class=\"swiper-slide\" role=\"group\" aria-roledescription=\"slide\" aria-label=\"3 z 14\"><a data-elementor-open-lightbox=\"yes\" data-elementor-lightbox-slideshow=\"75f4cfb\" data-elementor-lightbox-title=\"galeria-2025-06-03-galeria-niziurski-012-scaled\" data-e-action-hash=\"#elementor-action%3Aaction%3Dlightbox%26settings%3DeyJpZCI6Mjc4NSwidXJsIjoiaHR0cHM6XC9cL2lsaWoudWprLmVkdS5wbFwvbml6aXVyc2tpMjAyNVwvd3AtY29udGVudFwvdXBsb2Fkc1wvMjAyNVwvMTFcL2dhbGVyaWEtMjAyNS0wNi0wMy1nYWxlcmlhLW5peml1cnNraS0wMTItc2NhbGVkLTEuanBnIiwic2xpZGVzaG93IjoiNzVmNGNmYiJ9\" href=\"https:\/\/buk.ujk.edu.pl\/fotorelacja-wystawy-tworczosc-edmunda-niziurskiego\/\"><figure class=\"swiper-slide-inner\"><img decoding=\"async\" class=\"swiper-slide-image\" src=\"https:\/\/ilij.ujk.edu.pl\/niziurski2025\/wp-content\/uploads\/2025\/11\/galeria-2025-06-03-galeria-niziurski-012-scaled-1.jpg\" alt=\"galeria-2025-06-03-galeria-niziurski-012-scaled\" \/><\/figure><\/a><\/div><div class=\"swiper-slide\" role=\"group\" aria-roledescription=\"slide\" aria-label=\"4 z 14\"><a data-elementor-open-lightbox=\"yes\" data-elementor-lightbox-slideshow=\"75f4cfb\" data-elementor-lightbox-title=\"galeria-2025-06-03-galeria-niziurski-011-scaled\" data-e-action-hash=\"#elementor-action%3Aaction%3Dlightbox%26settings%3DeyJpZCI6Mjc4NCwidXJsIjoiaHR0cHM6XC9cL2lsaWoudWprLmVkdS5wbFwvbml6aXVyc2tpMjAyNVwvd3AtY29udGVudFwvdXBsb2Fkc1wvMjAyNVwvMTFcL2dhbGVyaWEtMjAyNS0wNi0wMy1nYWxlcmlhLW5peml1cnNraS0wMTEtc2NhbGVkLTEuanBnIiwic2xpZGVzaG93IjoiNzVmNGNmYiJ9\" href=\"https:\/\/buk.ujk.edu.pl\/fotorelacja-wystawy-tworczosc-edmunda-niziurskiego\/\"><figure class=\"swiper-slide-inner\"><img decoding=\"async\" class=\"swiper-slide-image\" src=\"https:\/\/ilij.ujk.edu.pl\/niziurski2025\/wp-content\/uploads\/2025\/11\/galeria-2025-06-03-galeria-niziurski-011-scaled-1.jpg\" alt=\"galeria-2025-06-03-galeria-niziurski-011-scaled\" \/><\/figure><\/a><\/div><div class=\"swiper-slide\" role=\"group\" aria-roledescription=\"slide\" aria-label=\"5 z 14\"><a data-elementor-open-lightbox=\"yes\" data-elementor-lightbox-slideshow=\"75f4cfb\" data-elementor-lightbox-title=\"galeria-2025-06-03-galeria-niziurski-010-scaled\" data-e-action-hash=\"#elementor-action%3Aaction%3Dlightbox%26settings%3DeyJpZCI6Mjc4MywidXJsIjoiaHR0cHM6XC9cL2lsaWoudWprLmVkdS5wbFwvbml6aXVyc2tpMjAyNVwvd3AtY29udGVudFwvdXBsb2Fkc1wvMjAyNVwvMTFcL2dhbGVyaWEtMjAyNS0wNi0wMy1nYWxlcmlhLW5peml1cnNraS0wMTAtc2NhbGVkLTEuanBnIiwic2xpZGVzaG93IjoiNzVmNGNmYiJ9\" href=\"https:\/\/buk.ujk.edu.pl\/fotorelacja-wystawy-tworczosc-edmunda-niziurskiego\/\"><figure class=\"swiper-slide-inner\"><img decoding=\"async\" class=\"swiper-slide-image\" src=\"https:\/\/ilij.ujk.edu.pl\/niziurski2025\/wp-content\/uploads\/2025\/11\/galeria-2025-06-03-galeria-niziurski-010-scaled-1.jpg\" alt=\"galeria-2025-06-03-galeria-niziurski-010-scaled\" \/><\/figure><\/a><\/div><div class=\"swiper-slide\" role=\"group\" aria-roledescription=\"slide\" aria-label=\"6 z 14\"><a data-elementor-open-lightbox=\"yes\" data-elementor-lightbox-slideshow=\"75f4cfb\" data-elementor-lightbox-title=\"galeria-2025-06-03-galeria-niziurski-009-scaled\" data-e-action-hash=\"#elementor-action%3Aaction%3Dlightbox%26settings%3DeyJpZCI6Mjc4MiwidXJsIjoiaHR0cHM6XC9cL2lsaWoudWprLmVkdS5wbFwvbml6aXVyc2tpMjAyNVwvd3AtY29udGVudFwvdXBsb2Fkc1wvMjAyNVwvMTFcL2dhbGVyaWEtMjAyNS0wNi0wMy1nYWxlcmlhLW5peml1cnNraS0wMDktc2NhbGVkLTEuanBnIiwic2xpZGVzaG93IjoiNzVmNGNmYiJ9\" href=\"https:\/\/buk.ujk.edu.pl\/fotorelacja-wystawy-tworczosc-edmunda-niziurskiego\/\"><figure class=\"swiper-slide-inner\"><img decoding=\"async\" class=\"swiper-slide-image\" src=\"https:\/\/ilij.ujk.edu.pl\/niziurski2025\/wp-content\/uploads\/2025\/11\/galeria-2025-06-03-galeria-niziurski-009-scaled-1.jpg\" alt=\"galeria-2025-06-03-galeria-niziurski-009-scaled\" \/><\/figure><\/a><\/div><div class=\"swiper-slide\" role=\"group\" aria-roledescription=\"slide\" aria-label=\"7 z 14\"><a data-elementor-open-lightbox=\"yes\" data-elementor-lightbox-slideshow=\"75f4cfb\" data-elementor-lightbox-title=\"galeria-2025-06-03-galeria-niziurski-008-scaled\" data-e-action-hash=\"#elementor-action%3Aaction%3Dlightbox%26settings%3DeyJpZCI6Mjc4MSwidXJsIjoiaHR0cHM6XC9cL2lsaWoudWprLmVkdS5wbFwvbml6aXVyc2tpMjAyNVwvd3AtY29udGVudFwvdXBsb2Fkc1wvMjAyNVwvMTFcL2dhbGVyaWEtMjAyNS0wNi0wMy1nYWxlcmlhLW5peml1cnNraS0wMDgtc2NhbGVkLTEuanBnIiwic2xpZGVzaG93IjoiNzVmNGNmYiJ9\" href=\"https:\/\/buk.ujk.edu.pl\/fotorelacja-wystawy-tworczosc-edmunda-niziurskiego\/\"><figure class=\"swiper-slide-inner\"><img decoding=\"async\" class=\"swiper-slide-image\" src=\"https:\/\/ilij.ujk.edu.pl\/niziurski2025\/wp-content\/uploads\/2025\/11\/galeria-2025-06-03-galeria-niziurski-008-scaled-1.jpg\" alt=\"galeria-2025-06-03-galeria-niziurski-008-scaled\" \/><\/figure><\/a><\/div><div class=\"swiper-slide\" role=\"group\" aria-roledescription=\"slide\" aria-label=\"8 z 14\"><a data-elementor-open-lightbox=\"yes\" data-elementor-lightbox-slideshow=\"75f4cfb\" data-elementor-lightbox-title=\"galeria-2025-06-03-galeria-niziurski-007-scaled\" data-e-action-hash=\"#elementor-action%3Aaction%3Dlightbox%26settings%3DeyJpZCI6Mjc4MCwidXJsIjoiaHR0cHM6XC9cL2lsaWoudWprLmVkdS5wbFwvbml6aXVyc2tpMjAyNVwvd3AtY29udGVudFwvdXBsb2Fkc1wvMjAyNVwvMTFcL2dhbGVyaWEtMjAyNS0wNi0wMy1nYWxlcmlhLW5peml1cnNraS0wMDctc2NhbGVkLTEuanBnIiwic2xpZGVzaG93IjoiNzVmNGNmYiJ9\" href=\"https:\/\/buk.ujk.edu.pl\/fotorelacja-wystawy-tworczosc-edmunda-niziurskiego\/\"><figure class=\"swiper-slide-inner\"><img decoding=\"async\" class=\"swiper-slide-image\" src=\"https:\/\/ilij.ujk.edu.pl\/niziurski2025\/wp-content\/uploads\/2025\/11\/galeria-2025-06-03-galeria-niziurski-007-scaled-1.jpg\" alt=\"galeria-2025-06-03-galeria-niziurski-007-scaled\" \/><\/figure><\/a><\/div><div class=\"swiper-slide\" role=\"group\" aria-roledescription=\"slide\" aria-label=\"9 z 14\"><a data-elementor-open-lightbox=\"yes\" data-elementor-lightbox-slideshow=\"75f4cfb\" data-elementor-lightbox-title=\"galeria-2025-06-03-galeria-niziurski-006-scaled\" data-e-action-hash=\"#elementor-action%3Aaction%3Dlightbox%26settings%3DeyJpZCI6Mjc3OSwidXJsIjoiaHR0cHM6XC9cL2lsaWoudWprLmVkdS5wbFwvbml6aXVyc2tpMjAyNVwvd3AtY29udGVudFwvdXBsb2Fkc1wvMjAyNVwvMTFcL2dhbGVyaWEtMjAyNS0wNi0wMy1nYWxlcmlhLW5peml1cnNraS0wMDYtc2NhbGVkLTEuanBnIiwic2xpZGVzaG93IjoiNzVmNGNmYiJ9\" href=\"https:\/\/buk.ujk.edu.pl\/fotorelacja-wystawy-tworczosc-edmunda-niziurskiego\/\"><figure class=\"swiper-slide-inner\"><img decoding=\"async\" class=\"swiper-slide-image\" src=\"https:\/\/ilij.ujk.edu.pl\/niziurski2025\/wp-content\/uploads\/2025\/11\/galeria-2025-06-03-galeria-niziurski-006-scaled-1.jpg\" alt=\"galeria-2025-06-03-galeria-niziurski-006-scaled\" \/><\/figure><\/a><\/div><div class=\"swiper-slide\" role=\"group\" aria-roledescription=\"slide\" aria-label=\"10 z 14\"><a data-elementor-open-lightbox=\"yes\" data-elementor-lightbox-slideshow=\"75f4cfb\" data-elementor-lightbox-title=\"galeria-2025-06-03-galeria-niziurski-005-scaled\" data-e-action-hash=\"#elementor-action%3Aaction%3Dlightbox%26settings%3DeyJpZCI6Mjc3OCwidXJsIjoiaHR0cHM6XC9cL2lsaWoudWprLmVkdS5wbFwvbml6aXVyc2tpMjAyNVwvd3AtY29udGVudFwvdXBsb2Fkc1wvMjAyNVwvMTFcL2dhbGVyaWEtMjAyNS0wNi0wMy1nYWxlcmlhLW5peml1cnNraS0wMDUtc2NhbGVkLTEuanBnIiwic2xpZGVzaG93IjoiNzVmNGNmYiJ9\" href=\"https:\/\/buk.ujk.edu.pl\/fotorelacja-wystawy-tworczosc-edmunda-niziurskiego\/\"><figure class=\"swiper-slide-inner\"><img decoding=\"async\" class=\"swiper-slide-image\" src=\"https:\/\/ilij.ujk.edu.pl\/niziurski2025\/wp-content\/uploads\/2025\/11\/galeria-2025-06-03-galeria-niziurski-005-scaled-1.jpg\" alt=\"galeria-2025-06-03-galeria-niziurski-005-scaled\" \/><\/figure><\/a><\/div><div class=\"swiper-slide\" role=\"group\" aria-roledescription=\"slide\" aria-label=\"11 z 14\"><a data-elementor-open-lightbox=\"yes\" data-elementor-lightbox-slideshow=\"75f4cfb\" data-elementor-lightbox-title=\"galeria-2025-06-03-galeria-niziurski-004-scaled\" data-e-action-hash=\"#elementor-action%3Aaction%3Dlightbox%26settings%3DeyJpZCI6Mjc3NywidXJsIjoiaHR0cHM6XC9cL2lsaWoudWprLmVkdS5wbFwvbml6aXVyc2tpMjAyNVwvd3AtY29udGVudFwvdXBsb2Fkc1wvMjAyNVwvMTFcL2dhbGVyaWEtMjAyNS0wNi0wMy1nYWxlcmlhLW5peml1cnNraS0wMDQtc2NhbGVkLTEuanBnIiwic2xpZGVzaG93IjoiNzVmNGNmYiJ9\" href=\"https:\/\/buk.ujk.edu.pl\/fotorelacja-wystawy-tworczosc-edmunda-niziurskiego\/\"><figure class=\"swiper-slide-inner\"><img decoding=\"async\" class=\"swiper-slide-image\" src=\"https:\/\/ilij.ujk.edu.pl\/niziurski2025\/wp-content\/uploads\/2025\/11\/galeria-2025-06-03-galeria-niziurski-004-scaled-1.jpg\" alt=\"galeria-2025-06-03-galeria-niziurski-004-scaled\" \/><\/figure><\/a><\/div><div class=\"swiper-slide\" role=\"group\" aria-roledescription=\"slide\" aria-label=\"12 z 14\"><a data-elementor-open-lightbox=\"yes\" data-elementor-lightbox-slideshow=\"75f4cfb\" data-elementor-lightbox-title=\"galeria-2025-06-03-galeria-niziurski-003-scaled\" data-e-action-hash=\"#elementor-action%3Aaction%3Dlightbox%26settings%3DeyJpZCI6Mjc3NiwidXJsIjoiaHR0cHM6XC9cL2lsaWoudWprLmVkdS5wbFwvbml6aXVyc2tpMjAyNVwvd3AtY29udGVudFwvdXBsb2Fkc1wvMjAyNVwvMTFcL2dhbGVyaWEtMjAyNS0wNi0wMy1nYWxlcmlhLW5peml1cnNraS0wMDMtc2NhbGVkLTEuanBnIiwic2xpZGVzaG93IjoiNzVmNGNmYiJ9\" href=\"https:\/\/buk.ujk.edu.pl\/fotorelacja-wystawy-tworczosc-edmunda-niziurskiego\/\"><figure class=\"swiper-slide-inner\"><img decoding=\"async\" class=\"swiper-slide-image\" src=\"https:\/\/ilij.ujk.edu.pl\/niziurski2025\/wp-content\/uploads\/2025\/11\/galeria-2025-06-03-galeria-niziurski-003-scaled-1.jpg\" alt=\"galeria-2025-06-03-galeria-niziurski-003-scaled\" \/><\/figure><\/a><\/div><div class=\"swiper-slide\" role=\"group\" aria-roledescription=\"slide\" aria-label=\"13 z 14\"><a data-elementor-open-lightbox=\"yes\" data-elementor-lightbox-slideshow=\"75f4cfb\" data-elementor-lightbox-title=\"galeria-2025-06-03-galeria-niziurski-002\" data-e-action-hash=\"#elementor-action%3Aaction%3Dlightbox%26settings%3DeyJpZCI6Mjc3NSwidXJsIjoiaHR0cHM6XC9cL2lsaWoudWprLmVkdS5wbFwvbml6aXVyc2tpMjAyNVwvd3AtY29udGVudFwvdXBsb2Fkc1wvMjAyNVwvMTFcL2dhbGVyaWEtMjAyNS0wNi0wMy1nYWxlcmlhLW5peml1cnNraS0wMDIuanBnIiwic2xpZGVzaG93IjoiNzVmNGNmYiJ9\" href=\"https:\/\/buk.ujk.edu.pl\/fotorelacja-wystawy-tworczosc-edmunda-niziurskiego\/\"><figure class=\"swiper-slide-inner\"><img decoding=\"async\" class=\"swiper-slide-image\" src=\"https:\/\/ilij.ujk.edu.pl\/niziurski2025\/wp-content\/uploads\/2025\/11\/galeria-2025-06-03-galeria-niziurski-002.jpg\" alt=\"galeria-2025-06-03-galeria-niziurski-002\" \/><\/figure><\/a><\/div><div class=\"swiper-slide\" role=\"group\" aria-roledescription=\"slide\" aria-label=\"14 z 14\"><a data-elementor-open-lightbox=\"yes\" data-elementor-lightbox-slideshow=\"75f4cfb\" data-elementor-lightbox-title=\"galeria-2025-06-03-galeria-niziurski-001\" data-e-action-hash=\"#elementor-action%3Aaction%3Dlightbox%26settings%3DeyJpZCI6Mjc3NCwidXJsIjoiaHR0cHM6XC9cL2lsaWoudWprLmVkdS5wbFwvbml6aXVyc2tpMjAyNVwvd3AtY29udGVudFwvdXBsb2Fkc1wvMjAyNVwvMTFcL2dhbGVyaWEtMjAyNS0wNi0wMy1nYWxlcmlhLW5peml1cnNraS0wMDEuanBnIiwic2xpZGVzaG93IjoiNzVmNGNmYiJ9\" href=\"https:\/\/buk.ujk.edu.pl\/fotorelacja-wystawy-tworczosc-edmunda-niziurskiego\/\"><figure class=\"swiper-slide-inner\"><img decoding=\"async\" class=\"swiper-slide-image\" src=\"https:\/\/ilij.ujk.edu.pl\/niziurski2025\/wp-content\/uploads\/2025\/11\/galeria-2025-06-03-galeria-niziurski-001.jpg\" alt=\"galeria-2025-06-03-galeria-niziurski-001\" \/><\/figure><\/a><\/div>\t\t\t<\/div>\n\t\t\t\t\t\t\t\t\t\t\t\t<div class=\"elementor-swiper-button elementor-swiper-button-prev\" role=\"button\" tabindex=\"0\">\n\t\t\t\t\t\t<svg aria-hidden=\"true\" class=\"e-font-icon-svg e-eicon-chevron-left\" viewBox=\"0 0 1000 1000\" xmlns=\"http:\/\/www.w3.org\/2000\/svg\"><path d=\"M646 125C629 125 613 133 604 142L308 442C296 454 292 471 292 487 292 504 296 521 308 533L604 854C617 867 629 875 646 875 663 875 679 871 692 858 704 846 713 829 713 812 713 796 708 779 692 767L438 487 692 225C700 217 708 204 708 187 708 171 704 154 692 142 675 129 663 125 646 125Z\"><\/path><\/svg>\t\t\t\t\t<\/div>\n\t\t\t\t\t<div class=\"elementor-swiper-button elementor-swiper-button-next\" role=\"button\" tabindex=\"0\">\n\t\t\t\t\t\t<svg aria-hidden=\"true\" class=\"e-font-icon-svg e-eicon-chevron-right\" viewBox=\"0 0 1000 1000\" xmlns=\"http:\/\/www.w3.org\/2000\/svg\"><path d=\"M696 533C708 521 713 504 713 487 713 471 708 454 696 446L400 146C388 133 375 125 354 125 338 125 325 129 313 142 300 154 292 171 292 187 292 204 296 221 308 233L563 492 304 771C292 783 288 800 288 817 288 833 296 850 308 863 321 871 338 875 354 875 371 875 388 867 400 854L696 533Z\"><\/path><\/svg>\t\t\t\t\t<\/div>\n\t\t\t\t\n\t\t\t\t\t\t\t\t\t<div class=\"swiper-pagination\"><\/div>\n\t\t\t\t\t\t\t\t\t<\/div>\n\t\t\t\t\t\t<\/div>\n\t\t\t\t<\/div>\n\t\t\t\t<div class=\"elementor-element elementor-element-6534018 elementor-widget-divider--view-line elementor-widget elementor-widget-divider\" data-id=\"6534018\" data-element_type=\"widget\" data-widget_type=\"divider.default\">\n\t\t\t\t<div class=\"elementor-widget-container\">\n\t\t\t\t\t\t\t<div class=\"elementor-divider\">\n\t\t\t<span class=\"elementor-divider-separator\">\n\t\t\t\t\t\t<\/span>\n\t\t<\/div>\n\t\t\t\t\t\t<\/div>\n\t\t\t\t<\/div>\n\t\t\t\t<div class=\"elementor-element elementor-element-88c8389 elementor-widget elementor-widget-spacer\" data-id=\"88c8389\" data-element_type=\"widget\" data-widget_type=\"spacer.default\">\n\t\t\t\t<div class=\"elementor-widget-container\">\n\t\t\t\t\t\t\t<div class=\"elementor-spacer\">\n\t\t\t<div class=\"elementor-spacer-inner\"><\/div>\n\t\t<\/div>\n\t\t\t\t\t\t<\/div>\n\t\t\t\t<\/div>\n\t\t\t\t<div class=\"elementor-element elementor-element-27c43c8 elementor-widget elementor-widget-heading\" data-id=\"27c43c8\" data-element_type=\"widget\" data-widget_type=\"heading.default\">\n\t\t\t\t<div class=\"elementor-widget-container\">\n\t\t\t\t\t<h1 class=\"elementor-heading-title elementor-size-default\">Spotkanie z rodzin\u0105 Edmunda Nizurskiego<\/h1>\t\t\t\t<\/div>\n\t\t\t\t<\/div>\n\t\t\t\t<div class=\"elementor-element elementor-element-4978aee elementor-widget elementor-widget-spacer\" data-id=\"4978aee\" data-element_type=\"widget\" data-widget_type=\"spacer.default\">\n\t\t\t\t<div class=\"elementor-widget-container\">\n\t\t\t\t\t\t\t<div class=\"elementor-spacer\">\n\t\t\t<div class=\"elementor-spacer-inner\"><\/div>\n\t\t<\/div>\n\t\t\t\t\t\t<\/div>\n\t\t\t\t<\/div>\n\t\t\t\t<div class=\"elementor-element elementor-element-f651bc3 elementor-widget elementor-widget-text-editor\" data-id=\"f651bc3\" data-element_type=\"widget\" data-widget_type=\"text-editor.default\">\n\t\t\t\t<div class=\"elementor-widget-container\">\n\t\t\t\t\t\t\t\t\t<p><span style=\"color: #000000;\">Trwa Rok Edmunda Niziurskiego i ca\u0142y czas realizujemy w naszym Instytucie projekt Galeria postaci. Mapa miejsc. Edmundowi Niziurskiemu w 100. rocznic\u0119 urodzin dofinansowany ze \u015brodk\u00f3w bud\u017cetu pa\u0144stwa, przyznanych przez Ministra Nauki w ramach Programu Doskona\u0142a Nauka II.<\/span><\/p><p><span style=\"color: #000000;\">6.11.2025 roku o godz. 13.15 w sali nr 285 (czyli sali im. Edmunda Niziurskiego) odb\u0119dzie si\u0119 otwarte spotkanie z rodzin\u0105 wspania\u0142ego pisarza. Wszystkich zainteresowanych serdecznie zapraszamy.<\/span><\/p>\t\t\t\t\t\t\t\t<\/div>\n\t\t\t\t<\/div>\n\t\t\t\t<div class=\"elementor-element elementor-element-d1217cb elementor-widget elementor-widget-spacer\" data-id=\"d1217cb\" data-element_type=\"widget\" data-widget_type=\"spacer.default\">\n\t\t\t\t<div class=\"elementor-widget-container\">\n\t\t\t\t\t\t\t<div class=\"elementor-spacer\">\n\t\t\t<div class=\"elementor-spacer-inner\"><\/div>\n\t\t<\/div>\n\t\t\t\t\t\t<\/div>\n\t\t\t\t<\/div>\n\t\t\t\t<div class=\"elementor-element elementor-element-fcf910b elementor-widget-divider--view-line elementor-widget elementor-widget-divider\" data-id=\"fcf910b\" data-element_type=\"widget\" data-widget_type=\"divider.default\">\n\t\t\t\t<div class=\"elementor-widget-container\">\n\t\t\t\t\t\t\t<div class=\"elementor-divider\">\n\t\t\t<span class=\"elementor-divider-separator\">\n\t\t\t\t\t\t<\/span>\n\t\t<\/div>\n\t\t\t\t\t\t<\/div>\n\t\t\t\t<\/div>\n\t\t\t\t\t<\/div>\n\t\t\t\t<\/div>\n\t\t<div class=\"elementor-element elementor-element-8c04c5b e-flex e-con-boxed e-con e-parent\" data-id=\"8c04c5b\" data-element_type=\"container\">\n\t\t\t\t\t<div class=\"e-con-inner\">\n\t\t<div class=\"elementor-element elementor-element-9a7bdb7 e-con-full e-flex e-con e-child\" data-id=\"9a7bdb7\" data-element_type=\"container\">\n\t\t\t\t<div class=\"elementor-element elementor-element-cefbd0d elementor-widget elementor-widget-image\" data-id=\"cefbd0d\" data-element_type=\"widget\" data-widget_type=\"image.default\">\n\t\t\t\t<div class=\"elementor-widget-container\">\n\t\t\t\t\t\t\t\t\t\t\t\t\t\t\t<img loading=\"lazy\" decoding=\"async\" width=\"800\" height=\"797\" src=\"https:\/\/ilij.ujk.edu.pl\/niziurski2025\/wp-content\/uploads\/2025\/05\/nizurski_-1024x1020.png\" class=\"attachment-large size-large wp-image-1181\" alt=\"\" srcset=\"https:\/\/ilij.ujk.edu.pl\/niziurski2025\/wp-content\/uploads\/2025\/05\/nizurski_-1024x1020.png 1024w, https:\/\/ilij.ujk.edu.pl\/niziurski2025\/wp-content\/uploads\/2025\/05\/nizurski_-300x300.png 300w, https:\/\/ilij.ujk.edu.pl\/niziurski2025\/wp-content\/uploads\/2025\/05\/nizurski_-150x150.png 150w, https:\/\/ilij.ujk.edu.pl\/niziurski2025\/wp-content\/uploads\/2025\/05\/nizurski_-768x765.png 768w, https:\/\/ilij.ujk.edu.pl\/niziurski2025\/wp-content\/uploads\/2025\/05\/nizurski_-1536x1530.png 1536w, https:\/\/ilij.ujk.edu.pl\/niziurski2025\/wp-content\/uploads\/2025\/05\/nizurski_.png 1885w\" sizes=\"(max-width: 800px) 100vw, 800px\" \/>\t\t\t\t\t\t\t\t\t\t\t\t\t\t\t<\/div>\n\t\t\t\t<\/div>\n\t\t\t\t<\/div>\n\t\t<div class=\"elementor-element elementor-element-3ad8c65 e-con-full e-flex e-con e-child\" data-id=\"3ad8c65\" data-element_type=\"container\">\n\t\t\t\t<div class=\"elementor-element elementor-element-57a7a4f elementor-widget elementor-widget-text-editor\" data-id=\"57a7a4f\" data-element_type=\"widget\" data-widget_type=\"text-editor.default\">\n\t\t\t\t<div class=\"elementor-widget-container\">\n\t\t\t\t\t\t\t\t\t<h1 style=\"text-align: center;\">Niziurskiego\u00a0survivalowy\u00a0przewodnik\u00a0po\u00a0\u017cyciu<\/h1><p style=\"text-align: center;\"><span style=\"color: #000000;\"><strong>Z dr hab. Mart\u0105 Boli\u0144sk\u0105, prof. UJK rozmawia\u00a0<\/strong><\/span><strong style=\"color: #000000; font-size: 1rem;\">Karolina Prew\u0119cka \/serwis Dla Polonii\/<\/strong><\/p><p><span style=\"color: #000000;\"><strong><em>\u00a0<\/em><\/strong><\/span><strong style=\"color: #000000; font-size: 1rem;\"><em>\u00a0<\/em><\/strong><\/p><p><span style=\"color: #000000;\"><strong>Rok 2025<\/strong> zosta\u0142 og\u0142oszony <strong>Rokiem Edmunda Niziurskiego w Kielcach<\/strong>, a Niziurskiemu i jego pisarstwu zosta\u0142 po\u015bwi\u0119cony projekt, przygotowany w Instytucie Literaturoznawstwa i J\u0119zykoznawstwa UJK w Kielcach pt. <strong><em>Galeria postaci. Mapa<\/em><\/strong> <strong><em>miejsc. Edmundowi Niziurskiemu w 100. rocznic\u0119 urodzin <\/em><\/strong>(dofinansowany ze \u015brodk\u00f3w bud\u017cetu pa\u0144stwa, przyznanych przez Ministra Nauki w ramach programu \u201eDoskona\u0142a Nauka II \u2013 Wsparcie konferencji naukowych\u201d), w zwi\u0105zku z realizacj\u0105 kt\u00f3rego w dniach 3-4 czerwca 2025 w\u00a0 ILiJ UJK odby\u0142a si\u0119 Og\u00f3lnopolska Konferencja Naukowa oraz towarzysz\u0105ce jej eventy. Szczeg\u00f3\u0142y na stronie <a style=\"color: #000000;\" href=\"https:\/\/ilij.ujk.edu.pl\/niziurski2025\">https:\/\/ilij.ujk.edu.pl\/niziurski2025<\/a>.<\/span><\/p><p><span style=\"color: #000000;\"><strong>Edmund Niziurski urodzi\u0142 si\u0119 w Kielcach 10 lipca 1925 roku, zmar\u0142 w Warszawie 9 pa\u017adziernika 2013 roku. <\/strong><\/span><\/p><p style=\"text-align: left;\"><span style=\"color: #000000;\"><strong>Karolina Prew\u0119cka:\u00a0<\/strong><\/span><span style=\"color: #000000;\"><em>Co wiemy o dzisiejszych m\u0142odych czytelnikach Niziurskiego?\u00a0<\/em><\/span><em style=\"color: #000000; font-size: 1rem;\">Czy\u00a0znaj\u0105 Jego\u00a0tw\u00f3rczo\u015b\u0107?\u00a0Czy\u00a0j\u0105\u00a0czytaj\u0105?\u00a0<\/em><\/p><p><strong style=\"color: #000000; font-size: 1rem;\">Marta Boli\u0144ska:<\/strong><span style=\"color: #000000; font-size: 1rem;\">\u00a0Okazuje si\u0119, \u017ce Niziurski jest wci\u0105\u017c znany i czytany. Mo\u017ce dlatego, \u017ce nie jest ju\u017c w kanonie lektur ? Kto wie?<\/span><\/p><p><span style=\"color: #000000;\">Na przyk\u0142ad tzw. pokolenie Z zna tw\u00f3rczo\u015b\u0107 Nizurskiego. Wyniki bada\u0144 na ten temat przedstawione zosta\u0142y na konferencji <strong>Galeria postaci. Mapa miejsc<\/strong>\u2026 przez przedstawiciela tej spo\u0142eczno\u015bci. M\u0142odzi ludzie (uczniowie, studenci, doktoranci i tzw. m\u0142oda kadra naukowa) byli tak\u017ce uczestnikami konferencji oraz jej prelegentami.<\/span><\/p><p style=\"text-align: left;\"><span style=\"color: #000000;\"><strong>Karolina Prew\u0119cka:\u00a0<\/strong><em>Je\u015bli\u00a0tak,\u00a0to czy\u00a0sami\u00a0po\u00a0ni\u0105\u00a0si\u0119gaj\u0105, czy\u00a0s\u0105\u00a0do niej namawiani\u00a0?\u00a0Przez\u00a0kogo?\u00a0<\/em><\/span><\/p><p><span style=\"color: #000000;\"><strong>Marta Boli\u0144ska: <\/strong>Motywowanie do czytania ksi\u0105\u017cek spoczywa na rodzicach, rodzinie, nauczycielach. Po Niziurskiego m\u0142odzie\u017c rzadziej si\u0119ga z w\u0142asnego wyboru, ale i to si\u0119 zdarza. Z rozm\u00f3w z m\u0142odymi lud\u017ami wynika, \u017ce czytaj\u0105c pierwsz\u0105 jego ksi\u0105\u017ck\u0119, zwykle chc\u0105 te\u017c zajrze\u0107 do kolejnych. Zach\u0119ta cz\u0119sto pojawia si\u0119 tak\u017ce ze strony dziadk\u00f3w, dla kt\u00f3rych ksi\u0105\u017cki Niziurskiego to wspomnienia m\u0142odo\u015bci.<\/span><\/p><p><span style=\"color: #000000;\">Nie bez znaczenia jest te\u017c fakt, \u017ce rok 2025 zosta\u0142 og\u0142oszony Rokiem Edmunda Niziurskiego w Kielcach. To z pewno\u015bci\u0105 przyczyni\u0142o si\u0119 do \u201eodkurzenia\u201d pisarza i jego tw\u00f3rczo\u015bci. Niziurskiemu po\u015bwi\u0119cili\u015bmy du\u017cy projekt, opracowany w Instytucie Literaturoznawstwa i J\u0119zykoznawstwa UJK w Kielcach <strong><em>Galeria postaci. Mapa<\/em><\/strong> <strong><em>miejsc. Edmundowi Niziurskiemu w 100. rocznic\u0119 urodzin <\/em><\/strong>(dofinansowany ze \u015brodk\u00f3w bud\u017cetu pa\u0144stwa, przyznanych przez Ministerstwo Nauki w ramach programu \u201eDoskona\u0142a Nauka II \u2013 Wsparcie konferencji naukowych\u201d), w zwi\u0105zku z realizacj\u0105 kt\u00f3rego w dniach 3-4 czerwca 2025 w\u00a0 ILiJ UJK odby\u0142a si\u0119 Og\u00f3lnopolska Konferencja Naukowa oraz towarzysz\u0105ce jej eventy, w du\u017cej mierze skierowane do najm\u0142odszych odbiorc\u00f3w, potencjalnych czytelnik\u00f3w (np. konkurs literacko-plastyczny inspirowany tw\u00f3rczo\u015bci\u0105 jubilata, warsztaty polisensoryczne). W trakcie wydarze\u0144 promocyjnych i konferencyjnych w sumie go\u015bcili\u015bmy oko\u0142o 200 uczestnik\u00f3w. W Kielcach odbywa\u0142o si\u0119 te\u017c wiele imprez po\u015bwi\u0119conych autorowi <em>Sposobu na Alcybiadesa<\/em>, przygotowanych przez wsp\u00f3\u0142pracuj\u0105ce z ILiJ instytucje kultury, w tym m.in. Miejsk\u0105 Bibliotek\u0119 Publiczn\u0105 im. J. Pilcha w Kielcach (projekt: \u201eSi\u00f3dme wtajemniczenie, czyli spos\u00f3b na Niziurskiego\u201d) czy Muzeum Zabawy i Zabawek (\u201eNie tylko dla urwis\u00f3w \u2013 \u015bwiaty Edmunda Niziurskiego\u201d).Wi\u0119cej informacji na ten temat m.in. na stronie <a style=\"color: #000000;\" href=\"https:\/\/ilij.ujk.edu.pl\/niziurski2025\">https:\/\/ilij.ujk.edu.pl\/niziurski2025<\/a>. Warto zajrze\u0107 do naszej zak\u0142adki: media.<\/span><\/p><p><span style=\"color: #000000;\"><strong>Karolina Prew\u0119cka: <\/strong><\/span><em style=\"color: #000000;\">Je\u015bli czytaj\u0105, czy tw\u00f3rczo\u015b\u0107 ta przemawia do nich, prze\u017cywaj\u0105 j\u0105, cytuj\u0105?\u00a0<\/em><\/p><p><span style=\"color: #000000;\"><strong>Marta Boli\u0144ska: <\/strong>Tw\u00f3rczo\u015b\u0107 Niziurskiego niekt\u00f3rych nudzi, do innych zn\u00f3w szybko przemawia, cho\u0107by dzi\u0119ki nietuzinkowemu nazewnictwu postaci i miejsc, ciekawie skonstruowanym przygodom, zwrotom akcji. S\u0105 tacy, kt\u00f3rych odstrasza, na przyk\u0142ad tym, \u017ce \u201eopresyjna\u201d szko\u0142a jest im znana na co dzie\u0144, nie chc\u0105 czyta\u0107 o problemach uczni\u00f3w, bo maj\u0105 do\u015b\u0107 swoich. Wielu czytelnik\u00f3w te\u017c nie jest zainteresowanych tym, co dzia\u0142o si\u0119 przed laty. Ale s\u0105 i tacy, kt\u00f3rzy nawet w codziennych rozmowach korzystaj\u0105 z pomys\u0142\u00f3w na oryginalne nazwiska rodem z Niziurskiego (np. W\u0105t\u0142usz, Nieszczeg\u00f3lny), podobnie filmowcy (np. Juliusz Machulski). Czasem na wz\u00f3r (cze\u015b\u0107?) bohater\u00f3w powie\u015bci Nizurskiego ludzie nazywaj\u0105 do\u015b\u0107 osobliwie swoje zwierz\u0119ta, w tym psy (np. \u017baba, Okulla).\u00a0<\/span><\/p><p style=\"text-align: left;\"><span style=\"color: #000000;\"><strong>Karolina Prew\u0119cka:\u00a0<\/strong><\/span><span style=\"color: #000000;\"><em>Jakie tytu\u0142y s\u0105 &#8222;na topie&#8221;? <\/em>Nadal <em>Spos\u00f3b na Alcybiadesa,\u00a0<\/em><\/span><span style=\"color: #000000;\"><em>Ksi\u0119ga urwis\u00f3w, Niewiarygodne przygody Marka Piegusa<\/em>\u2026\u00a0<\/span><em><span style=\"color: #000000;\">Kim\u00a0s\u0105\u00a0ci\u00a0m\u0142odzi\u00a0czytelnicy\u00a0Niziurskiego?<\/span><\/em><\/p><p><span style=\"color: #000000;\"><strong>Marta Boli\u0144ska: <\/strong>To np. obdarowani przez szko\u0142\u0119 egzemplarzem ksi\u0105\u017cki pisarza olimpijczycy, zach\u0119ceni do lektury przez bibliotekarzy podstaw\u00f3wkowicze, zaciekawieni przesz\u0142o\u015bci\u0105 nastolatkowie, poszukiwacze wra\u017ce\u0144 czy klubowicze w stylu \u201efunclubu Nienackiego\u201d; i oczywi\u015bcie mi\u0142o\u015bnicy literatury, kt\u00f3rych wci\u0105\u017c jest wielu.<\/span><\/p><p><span style=\"color: #000000;\">Do popularnych, do\u015b\u0107 ch\u0119tnie czytanych utwor\u00f3w, opr\u00f3cz tych ju\u017c wymienionych, nale\u017c\u0105 <em>Klub w\u0142\u00f3czykij\u00f3w, czyli trzyna\u015bcie przyg\u00f3d stryja Dionizego i jego ekipy<\/em> (1970), <em>Naprz\u00f3d Wspaniali!<\/em> (1974), <em>Osobliwe przypadki Cymeona Maksymalnego<\/em> (1975), <em>Awantury kosmiczne<\/em> (1979), <em>Szkolny lud, Okulla i ja<\/em> (1982), <em>Pierwsza ksi\u0119ga urwis\u00f3w<\/em> (1991),\u00a0 <em>\u017baba, pozbieraj si\u0119, czyli siedem ob\u0142\u0119dnych dni Tomka<\/em> <em>\u017b.<\/em> (1992), <em>Przygody B\u0105bla i Syfona<\/em> (1993), <em>Syfon na tropie<\/em> (1995), <em>Pi\u0119\u0107 melon\u00f3w na r\u0119k\u0119<\/em> (1996), <em>Najwi\u0119ksza przygoda B\u0105bla i Syfona<\/em> (1999) i in.<\/span><\/p><p><span style=\"color: #000000;\">Warto wiedzie\u0107, \u017ce kilka powie\u015bci Niziurskiego zosta\u0142o sfilmowanych, np. <em>Ksi\u0119ga urwis\u00f3w<\/em> (film pt. <em>Tajemnica dzikiego szybu<\/em>, 1956), <em>Niewiarygodne przygody Marka Piegusa<\/em> (w 1966 roku powsta\u0142 serial telewizyjny o tym samym tytule), <em>Awantura w Niek\u0142aju<\/em> (jako <em>Tajemnica starego ogrodu<\/em> z 1983 roku). W 1998 roku na ekrany trafi\u0142 film pt. <em>Spona<\/em> inspirowany powie\u015bci\u0105 <em>Spos\u00f3b na Alcybiadesa, <\/em>za\u015b w 2015 roku <em>Klub w\u0142\u00f3czykij\u00f3w<\/em> (na podstawie powie\u015bci o tym samym tytule).<\/span><\/p><p><span style=\"color: #000000;\"><strong>Karolina Prew\u0119cka:<\/strong><\/span><em style=\"color: #000000;\">\u00a0Co,\u00a0Pani\u00a0zdaniem,\u00a0decyduje\u00a0o\u00a0aktualno\u015bci\u00a0prozy\u00a0Niziurskiego?\u00a0<\/em><\/p><p><span style=\"color: #000000;\"><strong>Marta Boli\u0144ska: <\/strong>Wydaje mi si\u0119, \u017ce niemal metodyczna pr\u00f3ba si\u0142 mi\u0119dzy uczniami a nauczycielami, walka \u201em\u0142odych\u201d i \u201estarych\u201d, wr\u0119cz chroniczna i trwaj\u0105ca przecie\u017c od wiek\u00f3w. Cho\u0107 zmieniaj\u0105 si\u0119 czasy i obyczaje,\u00a0 szko\u0142a jest nadal aren\u0105 walki i \u2013 o dziwo \u2013 jednocze\u015bnie miejscem wsp\u00f3\u0142pracy \u201estarych\u201d i \u201em\u0142odych\u201d. Wa\u017cne s\u0105 te\u017c spotkania i rozmowy ludzi, bo u Niziurskiego to podstawa interakcji, a dzi\u015b relacji nam brakuje. Jego ksi\u0105\u017cki to swojska szko\u0142a \u017cycia albo \u2013 jak chc\u0105 inni \u2013 rodzaj\u00a0 survivalu, czasem dokonuj\u0105cego si\u0119 w skrajnie trudnych warunkach. I cz\u0119sto na weso\u0142o (cho\u0107 nie zawsze i nie ka\u017cdemu jest do \u015bmiechu).\u00a0 Ksi\u0105\u017cki Niziurskiego s\u0105 m\u0105dre, zabawne, poruszaj\u0105ce. Cechuje je niepowtarzalny, wr\u0119cz unikalny klimat, kt\u00f3rego moc, moim zdaniem, tkwi w splocie powagi z lekko\u015bci\u0105 taktownego humoru, takiego pod znakiem \u201eprzymru\u017cenia oka\u201d i dobrotliwego u\u015bmiechu pod sumiastym w\u0105sem.<\/span><\/p><p style=\"text-align: left;\"><span style=\"color: #000000;\"><strong>Karolina Prew\u0119cka: <\/strong><\/span><em><span style=\"color: #000000;\">Czy\u00a0s\u0105\u00a0to poruszane,\u00a0tzw. zawsze\u00a0\u201ena\u00a0czasie\u201d, problemy\u00a0m\u0142odych?\u00a0<\/span><\/em><\/p><p><span style=\"color: #000000;\"><strong>Marta Boli\u0144ska: <\/strong>Zale\u017cy, co jest na czasie. Ale to swoiste przeci\u0105ganie liny, to buntownicze nastawienie, ta niezgoda na zastan\u0105 rzeczywisto\u015b\u0107 jest naturalnym etapem dojrzewania i standardowym sk\u0142adnikiem procesu rozwoju, spo\u0142ecznego, poznawczego, emocjonalnego itp. Owo pe\u0142ne burzy m\u00f3zg\u00f3w dorastanie jest te\u017c ciekawym w\u0105tkiem podejmowanym w wielu powie\u015bciach autora <em>Ksi\u0119gi urwis\u00f3w<\/em>.<\/span><\/p><p><span style=\"color: #000000;\"><strong>Karolina Prew\u0119cka: <\/strong><\/span><em style=\"color: #000000;\">Czy zainteresowanie wzbudzaj\u0105 bohaterowie, z kt\u00f3rymi mo\u017cna si\u0119 identyfikowa\u0107? Czy styl pisarstwa?\u00a0<\/em><span style=\"color: #000000;\"><em>Oryginalny, dowcipny, zawsze nowoczesny. Co jeszcze?<\/em><\/span><\/p><p><span style=\"color: #000000;\"><strong>Marta Boli\u0144ska: <\/strong>O tym wszystkim wspominali prelegenci na naszej konferencji. Zdania by\u0142y podzielone, stanowiska nie zawsze zgodne, za to dyskusje fascynuj\u0105ce i odkrywcze. Warto zajrze\u0107 na stron\u0119 konferencji,\u00a0 poczyta\u0107 abstrakty wyst\u0105pie\u0144 (tak\u017ce po angielsku), obejrze\u0107 obrady (streaming). Zapraszamy do odwiedzania strony konferencji <a style=\"color: #000000;\" href=\"https:\/\/ilij.ujk.edu.pl\/niziurski2025\">https:\/\/ilij.ujk.edu.pl\/niziurski2025<\/a>, gdzie dost\u0119pne s\u0105 szczeg\u00f3\u0142y dotycz\u0105ce wszystkich wydarze\u0144 zwi\u0105zanych z Jubileuszem i Rokiem E. Niziurskiego w Kielcach.<\/span><\/p><p><span style=\"color: #000000;\">Wielu krytyk\u00f3w i badaczy uwa\u017ca, \u017ce powodzenie w\u015br\u00f3d czytelnik\u00f3w i ich uznanie zyska\u0142 Niziurski nie tylko dzi\u0119ki pomys\u0142owo\u015bci w prowadzeniu powie\u015bciowych w\u0105tk\u00f3w, barwnym kreacjom bohater\u00f3w z nich nietuzinkowymi nazwiskami, wszechobecnemu humorowi czy wartkiej narracji, ale i dlatego, \u017ce pisz\u0105c, da\u0142 si\u0119 pozna\u0107 jako bystry obserwator i znawca psychiki m\u0142odych ludzi.\u00a0 By\u0142 tym, kt\u00f3ry \u201enie s\u0142odzi\u0142\u201d, pisa\u0142 jak jest.\u00a0 A nie zawsze by\u0142o \u0142atwo i przyjemnie.\u00a0<\/span><\/p><p><span style=\"color: #000000;\"><strong>Karolina Prew\u0119cka:<em>\u00a0<\/em><\/strong><\/span><span style=\"color: #000000;\"><em>A\u00a0co\u00a0najbardziej\u00a0przemawia\u00a0do\u00a0Pani\u00a0w\u00a0tw\u00f3rczo\u015bci\u00a0Niziurskiego?\u00a0<\/em><\/span><span style=\"color: #000000;\"><em>Co jest dla Pani najwi\u0119kszym odkryciem w Jego pisarstwie?<\/em><\/span><\/p><p><span style=\"color: #000000;\"><strong>Marta Boli\u0144ska: <\/strong>Kategoria przygody, kt\u00f3rej konstrukcja przypomina proces inicjacji znany z prac antropolog\u00f3w, utrwalony np. w ba\u015bniach. Interesuj\u0105 mnie te\u017c w\u0105tki \u201ekieleckie\u201d, topograficzne, kulturowe, historyczne, poniewa\u017c owe spacery po regionie przybli\u017caj\u0105 nasze miasto i jego okolice, s\u0105 dokumentacj\u0105 i dowodem jego rozwoju i zmian. Autor urodzi\u0142 si\u0119 wszak w Kielcach\u00a0 i w m\u0142odo\u015bci mieszka\u0142 tutaj.<\/span><\/p><p><span style=\"color: #000000;\">Dla mnie jako literaturoznawczyni wa\u017cne jest r\u00f3wnie\u017c to, \u017ce w\u0142a\u015bnie w UJK w Kielcach w drugiej po\u0142owie XX wieku pochylono si\u0119 od strony naukowej nad pisarstwem Edmunda Niziurskiego. Bo zdecydowanie warto je bada\u0107! Wielkie zas\u0142ugi na tym polu trzeba przypisa\u0107 prof. Janowi Pac\u0142awskiemu i prof. Markowi K\u0105tnemu, kt\u00f3rzy je zainicjowali. My\u015bl\u0119, \u017ce mo\u017cna ju\u017c m\u00f3wi\u0107 o kieleckiej szkole bada\u0144 nad tw\u00f3rczo\u015bci\u0105 Niziurskiego, poniewa\u017c tegoroczna konferencja z okazji 100. rocznicy urodzin pisarza pokaza\u0142a Kielce jako pr\u0119\u017cny o\u015brodek naukowy, za\u015b sama konferencja sta\u0142a si\u0119 w pewnej mierze nawi\u0105zaniem do wcze\u015bniej organizowanych tutaj sesji naukowych. Nie przez przypadek r\u00f3wnie\u017c, przy okazji urodzin Niziurskiego, \u015bwi\u0119towali\u015bmy r\u00f3wnie\u017c 90. rocznic\u0119 urodzin prof. Jana Pac\u0142awskiego, nestora kieleckiej polonistyki, pomys\u0142odawcy s\u0142ownika <em>Pisarze regionu \u015bwi\u0119tokrzyskiego<\/em>, mentora kilku pokole\u0144 naukowc\u00f3w.\u00a0<\/span><\/p><p><span style=\"color: #000000;\"><strong>Karolina Prew\u0119cka: <\/strong><em>Czy rzeczywi\u015bcie, Pani zdaniem, jak napisa\u0142 Krzysztof Varga, Edmund Niziurski \u201eprzemawia do serca i rozumu\u201d? Co sprawia, \u017ce i serce, i <\/em><em>rozum czytelnika pobudzaj\u0105 Jego s\u0142owa? Czy powstanie takiej relacji Autor-Czytelnik wymaga szczeg\u00f3lnej wra\u017cliwo\u015bci odbiorcy, wi\u0119kszego skupienia na s\u0142owie? <\/em><\/span><span style=\"color: #000000;\"><em>Czy jednak, w przypadku Niziurskiego, szersze dotarcie zapewnia bezpo\u015brednio\u015b\u0107 Jego narracji, jej naturalno\u015b\u0107 i atrakcyjno\u015b\u0107?<\/em><\/span><\/p><p><span style=\"color: #000000;\"><strong>Marta Boli\u0144ska: <\/strong>Tak, w <em>Ksi\u0119dze dla starych urwis\u00f3w. Wszystko, czego jeszcze nie wiecie o Edmundzie Niziurskim <\/em>(2019) Krzysztof Varga pyta, z nut\u0105 nostalgii: <em>Co takiego by\u0142o w pisarstwie autora <\/em>\u201eSposobu na Alcybiadesa\u201d, <em>\u017ce jego historie, rozgrywaj\u0105ce si\u0119 w zgrzebnej Polsce, tak bardzo przem\u00f3wi\u0142y nam do serca, ale i do rozumu? (\u2026) Dlaczego i Zygmunt Mi\u0142oszewski, i Jerzy Pilch, i Juliusz Machulski, i Mariusz Czubaj, i Grzegorz Kasdepke oraz wielu innych na stronach tej ksi\u0105\u017cki przyznaj\u0105: Niziurski naszym Mistrzem by\u0142 i potrafi\u0105 na wyrywki z pami\u0119ci zacytowa\u0107 fragmenty jego powie\u015bci?<\/em> (Varga 2019). Na te i inne pytania poszukiwali\u015bmy odpowiedzi na czerwcowej konferencji w Kielcach.<\/span><\/p><p><span style=\"color: #000000;\">Trzeba przyzna\u0107, \u017ce proza Niziurskiego trafia do odbiorc\u00f3w m.in. poprzez plastyczne wizualizacje, sugestywne obrazy malowane s\u0142owem, komiczne zabiegi j\u0119zykowe czy okoliczno\u015bci. A przede wszystkim przemawia realistycznym obrazem szko\u0142y z czas\u00f3w, o kt\u00f3rych autor pisze (np. lata 60. 70. 90. itd.), i kt\u00f3ra wcale nie jest u niego cudowna, nieskalana, ale pe\u0142na niewygodnych, stresuj\u0105cych sytuacji, nieprzyjemnych postaci (i uczni\u00f3w, i nauczycieli), nie\u0142atwych dylemat\u00f3w. Ot, jak w \u017cyciu. Mn\u00f3stwo te\u017c w niej spraw ludzi, kt\u00f3rzy radz\u0105 sobie z r\u00f3\u017cnymi problemami, sporo jest zabawnych sytuacji i sugestii, jak mo\u017cna wyj\u015b\u0107 z opresji. S\u0105 tam harcerze, sportowcy, muzycy, detektywi i inni tropiciele. Ka\u017cdy mo\u017ce znale\u017a\u0107 co\u015b dla siebie.<\/span><\/p><p><span style=\"color: #000000;\"><strong>Karolina Prew\u0119cka: <\/strong><\/span><em style=\"color: #000000;\">Czy mo\u017cna powiedzie\u0107, \u017ce Niziurski \u201ekszta\u0142tuje\u201d czytelnika? Mo\u017ce on powiedzie\u0107 po latach, np. \u201ejestem taki&#8230;, \u201emy\u015bl\u0119 tak&#8230; \u00a0dzi\u0119ki Niziurskiemu\u201d?<\/em><\/p><p><span style=\"color: #000000;\"><strong>Marta Boli\u0144ska: <\/strong>Wielu rozm\u00f3wc\u00f3w Vargi to potwierdza. Na przyk\u0142ad Grzegorz Kasdepke otwarcie m\u00f3wi o tym, \u017ce to dzi\u0119ki Niziurskiemu zosta\u0142 pisarzem. Na stronie konferencji warto poczyta\u0107 nasze zagadki i ciekawostki, w kt\u00f3rych przybli\u017camy Niziurskiego mniej znanego, ale w bardzo atrakcyjnej ods\u0142onie.<\/span><\/p><p><span style=\"color: #000000;\"><strong>Karolina Prew\u0119cka: <\/strong><em>Czy,\u00a0wed\u0142ug\u00a0Pani,\u00a0Niziurski\u00a0to\u00a0pisarz\u00a0tak\u017ce\u00a0dla\u00a0doros\u0142ych\u00a0odbiorc\u00f3w?<\/em><\/span><\/p><p><span style=\"color: #000000;\"><strong>Marta Boli\u0144ska: <\/strong>Oczywi\u015bcie. W dorobku pisarza s\u0105 utwory i dla doros\u0142ych, i dla m\u0142odzie\u017cy. Zreszt\u0105 od tw\u00f3rczo\u015bci dla tych pierwszych zaczyna\u0142. I pisa\u0142 nie tylko powie\u015bci (o lekarzach, in\u017cynierach, robotnikach i in.), ale te\u017c reporta\u017ce, np. <em>Z zapad\u0142ej wsi<\/em>.<\/span><\/p><p><span style=\"color: #000000;\">Jego pierwsza powie\u015b\u0107 <em>Gor\u0105ce dni<\/em> ukaza\u0142a si\u0119 w 1951 r. W 1956 wyda\u0142 <em>\u015amier\u0107 Lawrence\u2019a<\/em>, dwa lata p\u00f3\u017aniej <em>Przysta\u0144 Eskulapa<\/em> (1958) i zaraz potem utw\u00f3r <em>Pi\u0119\u0107 manekin\u00f3w<\/em> (1959). W latach 60.i 70. XX wieku ukaza\u0142y si\u0119 ca\u0142kiem niez\u0142e powie\u015bci, np.\u00a0 <em>Salon wytrze\u017awie\u0144<\/em> (1964), <em>Wyraj <\/em>(1964), <em>Eminencje i ba\u0142\u0142abancje<\/em> (1975), <em>A potem niech bij\u0105 dzwony<\/em> (1976).<\/span><\/p><p><span style=\"color: #000000;\">Zreszt\u0105 doro\u015bli nadal ch\u0119tnie czytaj\u0105 tak\u017ce \u201em\u0142odzie\u017c\u00f3wki\u201d Niziurskiego i to te\u017c jest OK. Czasem jest to sentymentalny powr\u00f3t do przesz\u0142o\u015bci, czasem ch\u0119\u0107 odreagowania codzienno\u015bci, czasem przekonanie, \u017ce warto co\u015b jeszcze znale\u017a\u0107 w tych powie\u015bciach\u2026 Pewnie tych \u201eczasem\u201d i\/lub \u201emo\u017ce\u201d jest du\u017co wi\u0119cej. Ka\u017cdy ma swoje w\u0142asne. Z pewno\u015bci\u0105 czytaj\u0105 te\u017c literaturoznawcy i naukowcy innych dyscyplin ( w r\u00f3\u017cnym wieku)\u2026<\/span><\/p><p><span style=\"color: #000000;\"><strong>Karolina Prew\u0119cka: <\/strong><em>Czy wydawcy doceniaj\u0105 tw\u00f3rczo\u015b\u0107 Niziurskiego? Czy cz\u0119sto zdarzaj\u0105 si\u0119 wznowienia? Jaka im towarzyszy promocja?<\/em><\/span><\/p><p><span style=\"color: #000000;\"><strong>Marta Boli\u0144ska: <\/strong>My\u015bl\u0119, \u017ce tak. Wznowienia pojawiaj\u0105 si\u0119 co jaki\u015b czas. Niekt\u00f3re wydawnictwa publikuj\u0105\u00a0 nawet serie jego utwor\u00f3w w podobnej, ujednoliconej, do\u015b\u0107 sp\u00f3jnej szacie graficznej (np. Zielona Sowa, Wydawnictwo Greg). Pojawiaj\u0105 si\u0119 te\u017c ksi\u0105\u017cki w twardej oprawie czy w formacie kieszonkowym. Natomiast z promocj\u0105 bywa r\u00f3\u017cnie. Nie zauwa\u017cy\u0142am jakich\u015b szczeg\u00f3lnie intensywnych dzia\u0142a\u0144 marketingowych, nawet w roku jego jubileuszu.<\/span><\/p><p><span style=\"color: #000000;\">Wed\u0142ug mnie jednak te \u201estarsze\u201d, nawet troch\u0119 szare wydania maj\u0105 w sobie jak\u0105\u015b tajemnic\u0119, jaki\u015b urok, a te \u201ezaczytane\u201d, wymi\u0119te, na cienkim papierze, nieco przykurzone egzemplarze ksi\u0105\u017cek \u015bwiadcz\u0105 o sporym i wieloletnim zainteresowaniu czytelnik\u00f3w t\u0105 konkretn\u0105 lektur\u0105.\u00a0 A mo\u017ce po prostu Niziurskiego nawet nie trzeba reklamowa\u0107?<\/span><\/p><p><span style=\"color: #000000;\"><strong>Karolina Prew\u0119cka:\u00a0<\/strong><\/span><span style=\"color: #000000;\"><em>Ze wzgl\u0119du na adresat\u00f3w portalu Dla Polonii, w tym osoby, kt\u00f3re ju\u017c nie m\u00f3wi\u0105 po polsku, chcia\u0142abym zapyta\u0107 o obecno\u015b\u0107 Niziurskiego poza krajem. Czy liczba\u00a0i\u00a0jako\u015b\u0107\u00a0t\u0142umacze\u0144\u00a0s\u0105,\u00a0zdaniem\u00a0Pani,\u00a0na\u00a0dobrym\u00a0poziomie?<\/em><\/span><\/p><p><span style=\"color: #000000;\"><strong>Marta Boli\u0144ska: <\/strong>T\u0142umacze\u0144 prozy Niziurskiego nie jest zbyt wiele, cho\u0107 przek\u0142ady na j\u0119zyk chi\u0144ski, bu\u0142garski, gruzi\u0144ski, litewski, czeski czy w\u0119gierski robi\u0105 wra\u017cenie. Przek\u0142ad\u00f3w doczeka\u0142y si\u0119 m.in. <em>Ksi\u0119ga urwis\u00f3w, Spos\u00f3b na Alcybiadesa<\/em> czy <em>Osobliwe przypadki Cymeona Maksymalnego<\/em>. Czasem trudno dzi\u015b za granic\u0105 te ksi\u0105\u017cki odnale\u017a\u0107, bo lata, w kt\u00f3rych by\u0142y t\u0142umaczone, mo\u017cna liczy\u0107 ju\u017c w dziesi\u0105tkach. Nowszych translacji jest ma\u0142o.<\/span><\/p><p><span style=\"color: #000000;\">Poziom przek\u0142ad\u00f3w jest r\u00f3\u017cny. W trakcie konferencji podawane by\u0142y m.in. przyk\u0142ady t\u0142umacze\u0144 na j\u0119zyk niemiecki, niestety nie bardzo udane. Na przyk\u0142ad dowcip j\u0119zykowy Niziurskiego jest cz\u0119sto nie do \u201eprze\u0142o\u017cenia\u201d i \u201enie do podrobienia\u201d, bywa tak\u017ce sporym wyzwaniem dla t\u0142umacza. Charakterystyczn\u0105 dla Niziurskiego zabaw\u0119 s\u0142owem trudno odda\u0107 w innym j\u0119zyku. Cz\u0119sto te\u017c humor czy komizm wynikaj\u0105 z kontekstu, kt\u00f3ry t\u0142umacz nie zawsze potrafi odpowiednio uchwyci\u0107 i odda\u0107. Warto jednak podejmowa\u0107 wyzwania.<\/span><\/p><p><span style=\"color: #000000;\"><strong><em>Dzi\u0119kujemy<\/em><\/strong><\/span><em><span style=\"color: #000000;\">\u00a0<\/span> <\/em><\/p><p><span style=\"color: #ffffff;\">.<\/span><\/p><p style=\"text-align: left;\"><span style=\"color: #000000;\">\u2022 <a style=\"color: #000000;\" href=\"https:\/\/dlapolonii.pl\/prof-marta-bolinska-splot-powagi-z-lekkoscia-piora-edmund-niziurski-w-setna-rocznice-urodzin\/\" target=\"_blank\" rel=\"noopener\">https:\/\/dlapolonii.pl\/prof-marta-bolinska-splot-powagi-z-lekkoscia-piora-edmund-niziurski-w-setna-rocznice-urodzin\/\u00a0(dlapolonii.pl)<\/a><\/span><\/p><p style=\"text-align: left;\"><span style=\"color: #000000;\">\u2022 <a style=\"color: #000000;\" href=\"https:\/\/www.polacywewloszech.com\/2025\/07\/16\/prof-marta-bolinska-splot-powagi-z-lekkoscia-piora-edmund-niziurski-w-setna-rocznice-urodzin\/\" target=\"_blank\" rel=\"noopener\">https:\/\/www.polacywewloszech.com\/2025\/07\/16\/prof-marta-bolinska-splot-powagi-z-lekkoscia-piora-edmund-niziurski-w-setna-rocznice-urodzin\/<\/a>\u00a0 (polacywewloszech.com)<\/span><\/p><p style=\"text-align: left;\"><span style=\"color: #000000;\">\u2022 <a style=\"color: #000000;\" href=\"https:\/\/polishexpress.au\/splot-powagi-z-lekkoscia-piora-edmund-niziurski-w-setna-rocznice-urodzin\/\" target=\"_blank\" rel=\"noopener\">https:\/\/polishexpress.au\/splot-powagi-z-lekkoscia-piora-edmund-niziurski-w-setna-rocznice-urodzin\/\u00a0<\/a>(<strong><span dir=\"auto\">\u201e<\/span><\/strong><span dir=\"auto\">Express. The Australian-Polish Magazine\u201d)<\/span><\/span><\/p>\t\t\t\t\t\t\t\t<\/div>\n\t\t\t\t<\/div>\n\t\t\t\t<\/div>\n\t\t\t\t\t<\/div>\n\t\t\t\t<\/div>\n\t\t<div class=\"elementor-element elementor-element-846e698 e-flex e-con-boxed e-con e-parent\" data-id=\"846e698\" data-element_type=\"container\">\n\t\t\t\t\t<div class=\"e-con-inner\">\n\t\t\t\t<div class=\"elementor-element elementor-element-daaa77b elementor-widget-divider--view-line elementor-widget elementor-widget-divider\" data-id=\"daaa77b\" data-element_type=\"widget\" data-widget_type=\"divider.default\">\n\t\t\t\t<div class=\"elementor-widget-container\">\n\t\t\t\t\t\t\t<div class=\"elementor-divider\">\n\t\t\t<span class=\"elementor-divider-separator\">\n\t\t\t\t\t\t<\/span>\n\t\t<\/div>\n\t\t\t\t\t\t<\/div>\n\t\t\t\t<\/div>\n\t\t\t\t<div class=\"elementor-element elementor-element-bfb9d9c elementor-widget elementor-widget-spacer\" data-id=\"bfb9d9c\" data-element_type=\"widget\" data-widget_type=\"spacer.default\">\n\t\t\t\t<div class=\"elementor-widget-container\">\n\t\t\t\t\t\t\t<div class=\"elementor-spacer\">\n\t\t\t<div class=\"elementor-spacer-inner\"><\/div>\n\t\t<\/div>\n\t\t\t\t\t\t<\/div>\n\t\t\t\t<\/div>\n\t\t\t\t\t<\/div>\n\t\t\t\t<\/div>\n\t\t<div class=\"elementor-element elementor-element-e214217 e-flex e-con-boxed e-con e-parent\" data-id=\"e214217\" data-element_type=\"container\">\n\t\t\t\t\t<div class=\"e-con-inner\">\n\t\t<div class=\"elementor-element elementor-element-47c6121 e-con-full e-flex e-con e-child\" data-id=\"47c6121\" data-element_type=\"container\">\n\t\t\t\t<div class=\"elementor-element elementor-element-7cc234d elementor-widget elementor-widget-heading\" data-id=\"7cc234d\" data-element_type=\"widget\" data-widget_type=\"heading.default\">\n\t\t\t\t<div class=\"elementor-widget-container\">\n\t\t\t\t\t<h2 class=\"elementor-heading-title elementor-size-default\">W GALERII POSTACI I NA MAPIE MIEJSC<\/h2>\t\t\t\t<\/div>\n\t\t\t\t<\/div>\n\t\t\t\t<div class=\"elementor-element elementor-element-74cd3fd elementor-widget elementor-widget-text-editor\" data-id=\"74cd3fd\" data-element_type=\"widget\" data-widget_type=\"text-editor.default\">\n\t\t\t\t<div class=\"elementor-widget-container\">\n\t\t\t\t\t\t\t\t\t<p style=\"text-align: justify;\">Naukowcy z Krakowa, Lublina, \u0141odzi, Mielca, Rzeszowa, Siemianowic \u015al\u0105skich, Wroc\u0142awia, Kielc i in. o\u015brodk\u00f3w debatowali w ILiJ nad kondycj\u0105 wsp\u00f3\u0142czesnej literatury i metodami jej badania. Konferencja \u201eGaleria postaci. Mapa miejsc\u2026\u201d zgromadzi\u0142a blisko 40 prelegent\u00f3w, kt\u00f3rzy \u2013 podczas paneli, obrad w sekcjach, dyskusji \u2013 wskazywali mo\u017cliwo\u015bci interpretacyjne i znaczenie dla kultury spu\u015bcizny Edmunda Nizurskiego, ale te\u017c dzielili si\u0119 w\u0142asnymi do\u015bwiadczeniami czytelniczymi.<\/p><p style=\"text-align: justify;\">Debaty panelowe skupi\u0142y si\u0119 wok\u00f3\u0142 takich, zagadnie\u0144 jak: \u201eProza dla m\u0142odych: tematy, konteksty, wyzwania. Historycznoliterackie i kulturowe aspekty tw\u00f3rczo\u015bci Edmunda Niziurskiego\u201d oraz \u201eW jaki spos\u00f3b bada\u0107 wsp\u00f3\u0142czesne teksty i zjawiska kultury?\u201d. W czterech sekcjach obradowano nad nast\u0119puj\u0105cymi problemami: \u201eOkolice i miejsca\u201d, \u201eWok\u00f3\u0142 postaci i warto\u015bci\u201d, \u201eHistoria i kultura \u2013 przek\u0142ady i przyk\u0142ady\u201d oraz \u201eInne spojrzenie, czyli teksty i konteksty\u201d.\u00a0\u00a0<\/p><p style=\"text-align: justify;\">Obecno\u015bci\u0105 i chwil\u0105 wspomnie\u0144 zaszczyci\u0142a nas tak\u017ce rodzina E. Niziurskiego w sk\u0142adzie: c\u00f3rki Anna Niziurska-W\u0142odarska i Agnieszka Niziurska, wnuczki Ma\u0142gorzata Konstanzer i Julia Sobczyk, wnuk \u0141ukasz W\u0142odarski oraz przedstawiciele kieleckiej cz\u0119\u015bci rodziny: Ewa Wrona, Katarzyna Wrona, Jolanta Stefa\u0144ska-Amerek.<\/p><p style=\"text-align: justify;\">W\u015br\u00f3d event\u00f3w towarzysz\u0105cych spotkaniu naukowc\u00f3w szczeg\u00f3lnym zainteresowaniem cieszy\u0142y si\u0119: konkurs zagadek przygotowanych przez mgr Agnieszk\u0119 Doleck\u0105, wystawa r\u00f3\u017cnych ok\u0142adek powie\u015bci Niziurskiego (kt\u00f3r\u0105 opiekowa\u0142a si\u0119 lic. Rozalia Urbanik) oraz warsztaty literacko-plastyczne z multisensorycznymi akcentami, w trakcie kt\u00f3rych \u0142\u0105czyli\u015bmy czytanie z malowaniem i wielomodalnie uaktywniali\u015bmy zmys\u0142y. W ramach gie\u0142dy wspomnie\u0144 uczestnicy konferencji mogli wzi\u0105\u0107 na drog\u0119 cytaty z utwor\u00f3w Niziurskiego, jako namacaln\u0105 pami\u0105tk\u0119 niezwyk\u0142ego, jubileuszowego wydarzenia, potwierdzaj\u0105c tym samym, \u017ce wieloaspektowy spacer \u015bladami pisarza z Kielc mo\u017ce mie\u0107 sw\u00f3j dalszy ci\u0105g w r\u00f3\u017cnych rejonach Polski i \u015bwiata.<\/p>\t\t\t\t\t\t\t\t<\/div>\n\t\t\t\t<\/div>\n\t\t\t\t<\/div>\n\t\t<div class=\"elementor-element elementor-element-adb7088 e-con-full e-flex e-con e-child\" data-id=\"adb7088\" data-element_type=\"container\">\n\t\t\t\t<div class=\"elementor-element elementor-element-e142391 elementor-widget elementor-widget-image\" data-id=\"e142391\" data-element_type=\"widget\" data-widget_type=\"image.default\">\n\t\t\t\t<div class=\"elementor-widget-container\">\n\t\t\t\t\t\t\t\t\t\t\t\t\t\t\t<img loading=\"lazy\" decoding=\"async\" width=\"577\" height=\"1024\" src=\"https:\/\/ilij.ujk.edu.pl\/niziurski2025\/wp-content\/uploads\/2025\/06\/503848765_1237698591475683_8895851365343362323_n-577x1024.jpg\" class=\"attachment-large size-large wp-image-1568\" alt=\"503848765 1237698591475683 8895851365343362323 n\" srcset=\"https:\/\/ilij.ujk.edu.pl\/niziurski2025\/wp-content\/uploads\/2025\/06\/503848765_1237698591475683_8895851365343362323_n-577x1024.jpg 577w, https:\/\/ilij.ujk.edu.pl\/niziurski2025\/wp-content\/uploads\/2025\/06\/503848765_1237698591475683_8895851365343362323_n-169x300.jpg 169w, https:\/\/ilij.ujk.edu.pl\/niziurski2025\/wp-content\/uploads\/2025\/06\/503848765_1237698591475683_8895851365343362323_n-768x1364.jpg 768w, https:\/\/ilij.ujk.edu.pl\/niziurski2025\/wp-content\/uploads\/2025\/06\/503848765_1237698591475683_8895851365343362323_n-865x1536.jpg 865w, https:\/\/ilij.ujk.edu.pl\/niziurski2025\/wp-content\/uploads\/2025\/06\/503848765_1237698591475683_8895851365343362323_n.jpg 1153w\" sizes=\"(max-width: 577px) 100vw, 577px\" \/>\t\t\t\t\t\t\t\t\t\t\t\t\t\t\t<\/div>\n\t\t\t\t<\/div>\n\t\t\t\t<\/div>\n\t\t\t\t\t<\/div>\n\t\t\t\t<\/div>\n\t\t<div class=\"elementor-element elementor-element-c9fdffd e-flex e-con-boxed e-con e-parent\" data-id=\"c9fdffd\" data-element_type=\"container\">\n\t\t\t\t\t<div class=\"e-con-inner\">\n\t\t\t\t<div class=\"elementor-element elementor-element-5014fa6 elementor-widget elementor-widget-spacer\" data-id=\"5014fa6\" data-element_type=\"widget\" data-widget_type=\"spacer.default\">\n\t\t\t\t<div class=\"elementor-widget-container\">\n\t\t\t\t\t\t\t<div class=\"elementor-spacer\">\n\t\t\t<div class=\"elementor-spacer-inner\"><\/div>\n\t\t<\/div>\n\t\t\t\t\t\t<\/div>\n\t\t\t\t<\/div>\n\t\t\t\t<div class=\"elementor-element elementor-element-e062652 elementor-widget elementor-widget-heading\" data-id=\"e062652\" data-element_type=\"widget\" data-widget_type=\"heading.default\">\n\t\t\t\t<div class=\"elementor-widget-container\">\n\t\t\t\t\t<h2 class=\"elementor-heading-title elementor-size-default\">Patronatu konferencji udzielili:<\/h2>\t\t\t\t<\/div>\n\t\t\t\t<\/div>\n\t\t\t\t\t<\/div>\n\t\t\t\t<\/div>\n\t\t<div class=\"elementor-element elementor-element-a04e4f0 e-flex e-con-boxed e-con e-parent\" data-id=\"a04e4f0\" data-element_type=\"container\">\n\t\t\t\t\t<div class=\"e-con-inner\">\n\t\t\t\t<div class=\"elementor-element elementor-element-137d7e3 elementor-widget elementor-widget-html\" data-id=\"137d7e3\" data-element_type=\"widget\" data-widget_type=\"html.default\">\n\t\t\t\t<div class=\"elementor-widget-container\">\n\t\t\t\t\t<strong>Patronat honorowy:<\/strong><br>\n<div>\n    <img decoding=\"async\" class=\"size-medium wp-image-435\" title=\"LOGO UJK 1\" src=\"https:\/\/ilij.ujk.edu.pl\/niziurski2025\/wp-content\/uploads\/2025\/03\/LOGO-HONOROWY-PATRONAT-REKTORA-2-e1742191998367-300x82.png\" alt=\"LOGO UJK 1\" style=\"max-height: 80px; width: auto\" \/>\n\n<img decoding=\"async\" class=\"size-full wp-image-47\" title=\"logoILiJ\" src=\"https:\/\/ilij.ujk.edu.pl\/niziurski2025\/wp-content\/uploads\/2025\/03\/orzel-wojewoda_czerw-300x289.png\" alt=\"logoILiJ\"  style=\"max-height: 80px; width: auto\" \/>\n\n<img decoding=\"async\" class=\"size-medium wp-image-160\" title=\"Zaklad Badan Kulturowych \u2014 1\" src=\"https:\/\/ilij.ujk.edu.pl\/niziurski2025\/wp-content\/uploads\/2025\/03\/att107483_herb_marszalek_wersja1_pt1_duze-300x86.png\" alt=\"Zaklad Badan Kulturowych \u2014 1\"  style=\"max-height: 80px; width: auto\" \/>\n\n<img decoding=\"async\" class=\"size-medium wp-image-165\" title=\"305930746 411237671193861 1882046986618364152 n\" src=\"https:\/\/ilij.ujk.edu.pl\/niziurski2025\/wp-content\/uploads\/2025\/02\/Kielce_Patronat_Prezydenta_1-1-300x100.png\" alt=\"305930746 411237671193861 1882046986618364152 n\"style=\"max-height: 80px; width: auto\"  \/>\n<\/div>\n\n\t\t\t\t<\/div>\n\t\t\t\t<\/div>\n\t\t\t\t<div class=\"elementor-element elementor-element-356b5a5 elementor-widget-divider--view-line elementor-widget elementor-widget-divider\" data-id=\"356b5a5\" data-element_type=\"widget\" data-widget_type=\"divider.default\">\n\t\t\t\t<div class=\"elementor-widget-container\">\n\t\t\t\t\t\t\t<div class=\"elementor-divider\">\n\t\t\t<span class=\"elementor-divider-separator\">\n\t\t\t\t\t\t<\/span>\n\t\t<\/div>\n\t\t\t\t\t\t<\/div>\n\t\t\t\t<\/div>\n\t\t\t\t<div class=\"elementor-element elementor-element-335a442 elementor-widget elementor-widget-html\" data-id=\"335a442\" data-element_type=\"widget\" data-widget_type=\"html.default\">\n\t\t\t\t<div class=\"elementor-widget-container\">\n\t\t\t\t\t<strong>Patronat naukowy:<\/strong><br>\n<div>\n    <img decoding=\"async\" class=\"size-medium wp-image-435\" title=\"LOGO UJK 1\" src=\"https:\/\/ilij.ujk.edu.pl\/niziurski2025\/wp-content\/uploads\/2025\/03\/baner-centrum-badan-nad-literatura_12-300x101.png\" alt=\"LOGO UJK 1\" style=\"max-height: 80px; width: auto\" \/>\n\n<img decoding=\"async\" class=\"size-full wp-image-47\" title=\"logoILiJ\" src=\"https:\/\/ilij.ujk.edu.pl\/niziurski2025\/wp-content\/uploads\/2025\/02\/UKEN-Logo.jpg\" alt=\"logoILiJ\"  style=\"max-height: 80px; width: auto\" \/>\n\n<img decoding=\"async\" class=\"size-medium wp-image-160\" title=\"Zaklad Badan Kulturowych \u2014 1\" src=\"https:\/\/ilij.ujk.edu.pl\/niziurski2025\/wp-content\/uploads\/2025\/02\/IFP-UKEN-150x150.png\" alt=\"Zaklad Badan Kulturowych \u2014 1\"  style=\"max-height: 80px; width: auto\" \/>\n\n<img decoding=\"async\" class=\"size-medium wp-image-165\" title=\"305930746 411237671193861 1882046986618364152 n\" src=\"https:\/\/ilij.ujk.edu.pl\/niziurski2025\/wp-content\/uploads\/2025\/02\/logo-IDiSM-biaey-teo-gradient-150x150.png\" alt=\"305930746 411237671193861 1882046986618364152 n\"style=\"max-height: 80px; width: auto\"  \/>\n<\/div>\n\n\t\t\t\t<\/div>\n\t\t\t\t<\/div>\n\t\t\t\t<div class=\"elementor-element elementor-element-e3ec07c elementor-widget-divider--view-line elementor-widget elementor-widget-divider\" data-id=\"e3ec07c\" data-element_type=\"widget\" data-widget_type=\"divider.default\">\n\t\t\t\t<div class=\"elementor-widget-container\">\n\t\t\t\t\t\t\t<div class=\"elementor-divider\">\n\t\t\t<span class=\"elementor-divider-separator\">\n\t\t\t\t\t\t<\/span>\n\t\t<\/div>\n\t\t\t\t\t\t<\/div>\n\t\t\t\t<\/div>\n\t\t\t\t<div class=\"elementor-element elementor-element-c0fc622 elementor-widget elementor-widget-html\" data-id=\"c0fc622\" data-element_type=\"widget\" data-widget_type=\"html.default\">\n\t\t\t\t<div class=\"elementor-widget-container\">\n\t\t\t\t\t<strong>Patronat:<\/strong><br>\n<div>\n    <img decoding=\"async\" class=\"size-medium wp-image-435\" title=\"LOGO UJK 1\" src=\"https:\/\/ilij.ujk.edu.pl\/niziurski2025\/wp-content\/uploads\/2025\/03\/logoBUSIW-300x93.png\" alt=\"LOGO UJK 1\" style=\"max-height: 80px; width: auto\" \/>\n\n<img decoding=\"async\" class=\"size-full wp-image-47\" title=\"logoILiJ\" src=\"https:\/\/ilij.ujk.edu.pl\/niziurski2025\/wp-content\/uploads\/2025\/03\/mnki_logo-271x300.png\" alt=\"logoILiJ\"  style=\"max-height: 80px; width: auto\" \/>\n\n<img decoding=\"async\" class=\"size-medium wp-image-160\" title=\"Zaklad Badan Kulturowych \u2014 1\" src=\"https:\/\/ilij.ujk.edu.pl\/niziurski2025\/wp-content\/uploads\/2025\/03\/1-WBP-FL-CMYK_krzywe-300x158.png\" alt=\"Zaklad Badan Kulturowych \u2014 1\"  style=\"max-height: 80px; width: auto\" \/>\n\n<img decoding=\"async\" class=\"size-medium wp-image-165\" title=\"305930746 411237671193861 1882046986618364152 n\" src=\"https:\/\/ilij.ujk.edu.pl\/niziurski2025\/wp-content\/uploads\/2025\/03\/logo_pbw-300x212-1.png\" alt=\"305930746 411237671193861 1882046986618364152 n\"style=\"max-height: 80px; width: auto\"  \/>\n<img decoding=\"async\" class=\"size-medium wp-image-165\" title=\"305930746 411237671193861 1882046986618364152 n\" src=\"https:\/\/ilij.ujk.edu.pl\/niziurski2025\/wp-content\/uploads\/2025\/03\/3-mbp_LOGO_PILCH-poziom-300x133.png\" alt=\"305930746 411237671193861 1882046986618364152 n\"style=\"max-height: 80px; width: auto\"  \/>\n<img decoding=\"async\" class=\"size-medium wp-image-165\" title=\"305930746 411237671193861 1882046986618364152 n\" src=\"https:\/\/ilij.ujk.edu.pl\/niziurski2025\/wp-content\/uploads\/2025\/02\/4-LOGO-01-Muzeum-Zabawek-i-Zabawy-300x169.png\" alt=\"305930746 411237671193861 1882046986618364152 n\"style=\"max-height: 80px; width: auto\"  \/>\n<img decoding=\"async\" class=\"size-medium wp-image-165\" title=\"305930746 411237671193861 1882046986618364152 n\" src=\"https:\/\/ilij.ujk.edu.pl\/niziurski2025\/wp-content\/uploads\/2025\/02\/logo-poziome-PODSTAWOWE-TLiA-Kubus-im.-Stefana-Karskiego-300x121.jpeg\" alt=\"305930746 411237671193861 1882046986618364152 n\"style=\"max-height: 80px; width: auto\"  \/>\n<img decoding=\"async\" class=\"size-medium wp-image-165\" title=\"305930746 411237671193861 1882046986618364152 n\" src=\"https:\/\/ilij.ujk.edu.pl\/niziurski2025\/wp-content\/uploads\/2025\/03\/Herb-Gminy-i-Miasta-Checiny2019-273x300.png\" alt=\"305930746 411237671193861 1882046986618364152 n\"style=\"max-height: 80px; width: auto\"  \/>\n<img decoding=\"async\" class=\"size-medium wp-image-165\" title=\"305930746 411237671193861 1882046986618364152 n\" src=\"https:\/\/ilij.ujk.edu.pl\/niziurski2025\/wp-content\/uploads\/2025\/04\/HERB-PIEKOSZOW-WEKTOR-POZIOMY.png\" alt=\"305930746 411237671193861 1882046986618364152 n\"style=\"max-height: 80px; width: auto\"  \/>\n<\/div>\n\n\t\t\t\t<\/div>\n\t\t\t\t<\/div>\n\t\t\t\t\t<\/div>\n\t\t\t\t<\/div>\n\t\t<div class=\"elementor-element elementor-element-4de6962 e-flex e-con-boxed e-con e-parent\" data-id=\"4de6962\" data-element_type=\"container\">\n\t\t\t\t\t<div class=\"e-con-inner\">\n\t\t\t\t<div class=\"elementor-element elementor-element-2b714fe elementor-widget elementor-widget-heading\" data-id=\"2b714fe\" data-element_type=\"widget\" data-widget_type=\"heading.default\">\n\t\t\t\t<div class=\"elementor-widget-container\">\n\t\t\t\t\t<h2 class=\"elementor-heading-title elementor-size-default\">DZI\u0118KUJEMY!<\/h2>\t\t\t\t<\/div>\n\t\t\t\t<\/div>\n\t\t\t\t\t<\/div>\n\t\t\t\t<\/div>\n\t\t<div class=\"elementor-element elementor-element-b811e13 e-flex e-con-boxed e-con e-parent\" data-id=\"b811e13\" data-element_type=\"container\">\n\t\t\t\t\t<div class=\"e-con-inner\">\n\t\t\t\t<div class=\"elementor-element elementor-element-62997c3 elementor-widget-divider--view-line elementor-widget elementor-widget-divider\" data-id=\"62997c3\" data-element_type=\"widget\" data-widget_type=\"divider.default\">\n\t\t\t\t<div class=\"elementor-widget-container\">\n\t\t\t\t\t\t\t<div class=\"elementor-divider\">\n\t\t\t<span class=\"elementor-divider-separator\">\n\t\t\t\t\t\t<\/span>\n\t\t<\/div>\n\t\t\t\t\t\t<\/div>\n\t\t\t\t<\/div>\n\t\t\t\t<div class=\"elementor-element elementor-element-f88813b elementor-widget elementor-widget-heading\" data-id=\"f88813b\" data-element_type=\"widget\" data-widget_type=\"heading.default\">\n\t\t\t\t<div class=\"elementor-widget-container\">\n\t\t\t\t\t<h2 class=\"elementor-heading-title elementor-size-default\">Galeria zdj\u0119\u0107 z wydarzenia<\/h2>\t\t\t\t<\/div>\n\t\t\t\t<\/div>\n\t\t\t\t<div class=\"elementor-element elementor-element-ebc7733 gallery-spacing-custom elementor-widget elementor-widget-image-gallery\" data-id=\"ebc7733\" data-element_type=\"widget\" data-widget_type=\"image-gallery.default\">\n\t\t\t\t<div class=\"elementor-widget-container\">\n\t\t\t\t\t\t\t<div class=\"elementor-image-gallery\">\n\t\t\t<div id='gallery-1' class='gallery galleryid-1222 gallery-columns-7 gallery-size-thumbnail'><figure class='gallery-item'>\n\t\t\t<div class='gallery-icon landscape'>\n\t\t\t\t<a data-elementor-open-lightbox=\"yes\" data-elementor-lightbox-slideshow=\"ebc7733\" data-elementor-lightbox-title=\"504653237 1238962754682600 1925362788063369283 n\" data-elementor-lightbox-description=\"504653237 1238962754682600 1925362788063369283 n\" data-e-action-hash=\"#elementor-action%3Aaction%3Dlightbox%26settings%3DeyJpZCI6MTYwMCwidXJsIjoiaHR0cHM6XC9cL2lsaWoudWprLmVkdS5wbFwvbml6aXVyc2tpMjAyNVwvd3AtY29udGVudFwvdXBsb2Fkc1wvMjAyNVwvMDZcLzUwNDY1MzIzN18xMjM4OTYyNzU0NjgyNjAwXzE5MjUzNjI3ODgwNjMzNjkyODNfbi5qcGciLCJzbGlkZXNob3ciOiJlYmM3NzMzIn0%3D\" title=\"504653237 1238962754682600 1925362788063369283 n\"  href='https:\/\/ilij.ujk.edu.pl\/niziurski2025\/wp-content\/uploads\/2025\/06\/504653237_1238962754682600_1925362788063369283_n.jpg'><img loading=\"lazy\" decoding=\"async\" width=\"150\" height=\"150\" src=\"https:\/\/ilij.ujk.edu.pl\/niziurski2025\/wp-content\/uploads\/2025\/06\/504653237_1238962754682600_1925362788063369283_n-150x150.jpg\" class=\"attachment-thumbnail size-thumbnail\" alt=\"504653237 1238962754682600 1925362788063369283 n\" aria-describedby=\"gallery-1-1600\" \/><\/a>\n\t\t\t<\/div>\n\t\t\t\t<figcaption class='wp-caption-text gallery-caption' id='gallery-1-1600'>\n\t\t\t\t504653237 1238962754682600 1925362788063369283 n\n\t\t\t\t<\/figcaption><\/figure><figure class='gallery-item'>\n\t\t\t<div class='gallery-icon portrait'>\n\t\t\t\t<a data-elementor-open-lightbox=\"yes\" data-elementor-lightbox-slideshow=\"ebc7733\" data-elementor-lightbox-title=\"505165637 1238962668015942 8704162539844266009 n\" data-elementor-lightbox-description=\"505165637 1238962668015942 8704162539844266009 n\" data-e-action-hash=\"#elementor-action%3Aaction%3Dlightbox%26settings%3DeyJpZCI6MTU5OCwidXJsIjoiaHR0cHM6XC9cL2lsaWoudWprLmVkdS5wbFwvbml6aXVyc2tpMjAyNVwvd3AtY29udGVudFwvdXBsb2Fkc1wvMjAyNVwvMDZcLzUwNTE2NTYzN18xMjM4OTYyNjY4MDE1OTQyXzg3MDQxNjI1Mzk4NDQyNjYwMDlfbi5qcGciLCJzbGlkZXNob3ciOiJlYmM3NzMzIn0%3D\" title=\"505165637 1238962668015942 8704162539844266009 n\"  href='https:\/\/ilij.ujk.edu.pl\/niziurski2025\/wp-content\/uploads\/2025\/06\/505165637_1238962668015942_8704162539844266009_n.jpg'><img loading=\"lazy\" decoding=\"async\" width=\"150\" height=\"150\" src=\"https:\/\/ilij.ujk.edu.pl\/niziurski2025\/wp-content\/uploads\/2025\/06\/505165637_1238962668015942_8704162539844266009_n-150x150.jpg\" class=\"attachment-thumbnail size-thumbnail\" alt=\"505165637 1238962668015942 8704162539844266009 n\" aria-describedby=\"gallery-1-1598\" \/><\/a>\n\t\t\t<\/div>\n\t\t\t\t<figcaption class='wp-caption-text gallery-caption' id='gallery-1-1598'>\n\t\t\t\t505165637 1238962668015942 8704162539844266009 n\n\t\t\t\t<\/figcaption><\/figure><figure class='gallery-item'>\n\t\t\t<div class='gallery-icon landscape'>\n\t\t\t\t<a data-elementor-open-lightbox=\"yes\" data-elementor-lightbox-slideshow=\"ebc7733\" data-elementor-lightbox-title=\"1076946\" data-elementor-lightbox-description=\"1076946\" data-e-action-hash=\"#elementor-action%3Aaction%3Dlightbox%26settings%3DeyJpZCI6MTU4OCwidXJsIjoiaHR0cHM6XC9cL2lsaWoudWprLmVkdS5wbFwvbml6aXVyc2tpMjAyNVwvd3AtY29udGVudFwvdXBsb2Fkc1wvMjAyNVwvMDZcLzEwNzY5NDYtc2NhbGVkLmpwZyIsInNsaWRlc2hvdyI6ImViYzc3MzMifQ%3D%3D\" title=\"1076946\"  href='https:\/\/ilij.ujk.edu.pl\/niziurski2025\/wp-content\/uploads\/2025\/06\/1076946-scaled.jpg'><img loading=\"lazy\" decoding=\"async\" width=\"150\" height=\"150\" src=\"https:\/\/ilij.ujk.edu.pl\/niziurski2025\/wp-content\/uploads\/2025\/06\/1076946-150x150.jpg\" class=\"attachment-thumbnail size-thumbnail\" alt=\"1076946\" aria-describedby=\"gallery-1-1588\" \/><\/a>\n\t\t\t<\/div>\n\t\t\t\t<figcaption class='wp-caption-text gallery-caption' id='gallery-1-1588'>\n\t\t\t\t1076946\n\t\t\t\t<\/figcaption><\/figure><figure class='gallery-item'>\n\t\t\t<div class='gallery-icon landscape'>\n\t\t\t\t<a data-elementor-open-lightbox=\"yes\" data-elementor-lightbox-slideshow=\"ebc7733\" data-elementor-lightbox-title=\"504468436 1237698718142337 4291143674509273991 n\" data-elementor-lightbox-description=\"504468436 1237698718142337 4291143674509273991 n\" data-e-action-hash=\"#elementor-action%3Aaction%3Dlightbox%26settings%3DeyJpZCI6MTU5OSwidXJsIjoiaHR0cHM6XC9cL2lsaWoudWprLmVkdS5wbFwvbml6aXVyc2tpMjAyNVwvd3AtY29udGVudFwvdXBsb2Fkc1wvMjAyNVwvMDZcLzUwNDQ2ODQzNl8xMjM3Njk4NzE4MTQyMzM3XzQyOTExNDM2NzQ1MDkyNzM5OTFfbi0xLmpwZyIsInNsaWRlc2hvdyI6ImViYzc3MzMifQ%3D%3D\" title=\"504468436 1237698718142337 4291143674509273991 n\"  href='https:\/\/ilij.ujk.edu.pl\/niziurski2025\/wp-content\/uploads\/2025\/06\/504468436_1237698718142337_4291143674509273991_n-1.jpg'><img loading=\"lazy\" decoding=\"async\" width=\"150\" height=\"150\" src=\"https:\/\/ilij.ujk.edu.pl\/niziurski2025\/wp-content\/uploads\/2025\/06\/504468436_1237698718142337_4291143674509273991_n-1-150x150.jpg\" class=\"attachment-thumbnail size-thumbnail\" alt=\"504468436 1237698718142337 4291143674509273991 n\" aria-describedby=\"gallery-1-1599\" \/><\/a>\n\t\t\t<\/div>\n\t\t\t\t<figcaption class='wp-caption-text gallery-caption' id='gallery-1-1599'>\n\t\t\t\t504468436 1237698718142337 4291143674509273991 n\n\t\t\t\t<\/figcaption><\/figure><figure class='gallery-item'>\n\t\t\t<div class='gallery-icon landscape'>\n\t\t\t\t<a data-elementor-open-lightbox=\"yes\" data-elementor-lightbox-slideshow=\"ebc7733\" data-elementor-lightbox-title=\"1077435\" data-elementor-lightbox-description=\"1077435\" data-e-action-hash=\"#elementor-action%3Aaction%3Dlightbox%26settings%3DeyJpZCI6MTU5NywidXJsIjoiaHR0cHM6XC9cL2lsaWoudWprLmVkdS5wbFwvbml6aXVyc2tpMjAyNVwvd3AtY29udGVudFwvdXBsb2Fkc1wvMjAyNVwvMDZcLzEwNzc0MzUtc2NhbGVkLmpwZyIsInNsaWRlc2hvdyI6ImViYzc3MzMifQ%3D%3D\" title=\"1077435\"  href='https:\/\/ilij.ujk.edu.pl\/niziurski2025\/wp-content\/uploads\/2025\/06\/1077435-scaled.jpg'><img loading=\"lazy\" decoding=\"async\" width=\"150\" height=\"150\" src=\"https:\/\/ilij.ujk.edu.pl\/niziurski2025\/wp-content\/uploads\/2025\/06\/1077435-150x150.jpg\" class=\"attachment-thumbnail size-thumbnail\" alt=\"1077435\" aria-describedby=\"gallery-1-1597\" \/><\/a>\n\t\t\t<\/div>\n\t\t\t\t<figcaption class='wp-caption-text gallery-caption' id='gallery-1-1597'>\n\t\t\t\t1077435\n\t\t\t\t<\/figcaption><\/figure><figure class='gallery-item'>\n\t\t\t<div class='gallery-icon landscape'>\n\t\t\t\t<a data-elementor-open-lightbox=\"yes\" data-elementor-lightbox-slideshow=\"ebc7733\" data-elementor-lightbox-title=\"1077249\" data-elementor-lightbox-description=\"1077249\" data-e-action-hash=\"#elementor-action%3Aaction%3Dlightbox%26settings%3DeyJpZCI6MTU5NSwidXJsIjoiaHR0cHM6XC9cL2lsaWoudWprLmVkdS5wbFwvbml6aXVyc2tpMjAyNVwvd3AtY29udGVudFwvdXBsb2Fkc1wvMjAyNVwvMDZcLzEwNzcyNDktc2NhbGVkLmpwZyIsInNsaWRlc2hvdyI6ImViYzc3MzMifQ%3D%3D\" title=\"1077249\"  href='https:\/\/ilij.ujk.edu.pl\/niziurski2025\/wp-content\/uploads\/2025\/06\/1077249-scaled.jpg'><img loading=\"lazy\" decoding=\"async\" width=\"150\" height=\"150\" src=\"https:\/\/ilij.ujk.edu.pl\/niziurski2025\/wp-content\/uploads\/2025\/06\/1077249-150x150.jpg\" class=\"attachment-thumbnail size-thumbnail\" alt=\"1077249\" aria-describedby=\"gallery-1-1595\" \/><\/a>\n\t\t\t<\/div>\n\t\t\t\t<figcaption class='wp-caption-text gallery-caption' id='gallery-1-1595'>\n\t\t\t\t1077249\n\t\t\t\t<\/figcaption><\/figure><figure class='gallery-item'>\n\t\t\t<div class='gallery-icon portrait'>\n\t\t\t\t<a data-elementor-open-lightbox=\"yes\" data-elementor-lightbox-slideshow=\"ebc7733\" data-elementor-lightbox-title=\"1077221\" data-elementor-lightbox-description=\"1077221\" data-e-action-hash=\"#elementor-action%3Aaction%3Dlightbox%26settings%3DeyJpZCI6MTU5MywidXJsIjoiaHR0cHM6XC9cL2lsaWoudWprLmVkdS5wbFwvbml6aXVyc2tpMjAyNVwvd3AtY29udGVudFwvdXBsb2Fkc1wvMjAyNVwvMDZcLzEwNzcyMjEtc2NhbGVkLmpwZyIsInNsaWRlc2hvdyI6ImViYzc3MzMifQ%3D%3D\" title=\"1077221\"  href='https:\/\/ilij.ujk.edu.pl\/niziurski2025\/wp-content\/uploads\/2025\/06\/1077221-scaled.jpg'><img loading=\"lazy\" decoding=\"async\" width=\"150\" height=\"150\" src=\"https:\/\/ilij.ujk.edu.pl\/niziurski2025\/wp-content\/uploads\/2025\/06\/1077221-150x150.jpg\" class=\"attachment-thumbnail size-thumbnail\" alt=\"1077221\" aria-describedby=\"gallery-1-1593\" \/><\/a>\n\t\t\t<\/div>\n\t\t\t\t<figcaption class='wp-caption-text gallery-caption' id='gallery-1-1593'>\n\t\t\t\t1077221\n\t\t\t\t<\/figcaption><\/figure><figure class='gallery-item'>\n\t\t\t<div class='gallery-icon landscape'>\n\t\t\t\t<a data-elementor-open-lightbox=\"yes\" data-elementor-lightbox-slideshow=\"ebc7733\" data-elementor-lightbox-title=\"1077215\" data-elementor-lightbox-description=\"1077215\" data-e-action-hash=\"#elementor-action%3Aaction%3Dlightbox%26settings%3DeyJpZCI6MTU5MiwidXJsIjoiaHR0cHM6XC9cL2lsaWoudWprLmVkdS5wbFwvbml6aXVyc2tpMjAyNVwvd3AtY29udGVudFwvdXBsb2Fkc1wvMjAyNVwvMDZcLzEwNzcyMTUtc2NhbGVkLmpwZyIsInNsaWRlc2hvdyI6ImViYzc3MzMifQ%3D%3D\" title=\"1077215\"  href='https:\/\/ilij.ujk.edu.pl\/niziurski2025\/wp-content\/uploads\/2025\/06\/1077215-scaled.jpg'><img loading=\"lazy\" decoding=\"async\" width=\"150\" height=\"150\" src=\"https:\/\/ilij.ujk.edu.pl\/niziurski2025\/wp-content\/uploads\/2025\/06\/1077215-150x150.jpg\" class=\"attachment-thumbnail size-thumbnail\" alt=\"1077215\" aria-describedby=\"gallery-1-1592\" \/><\/a>\n\t\t\t<\/div>\n\t\t\t\t<figcaption class='wp-caption-text gallery-caption' id='gallery-1-1592'>\n\t\t\t\t1077215\n\t\t\t\t<\/figcaption><\/figure><figure class='gallery-item'>\n\t\t\t<div class='gallery-icon landscape'>\n\t\t\t\t<a data-elementor-open-lightbox=\"yes\" data-elementor-lightbox-slideshow=\"ebc7733\" data-elementor-lightbox-title=\"1077339\" data-elementor-lightbox-description=\"1077339\" data-e-action-hash=\"#elementor-action%3Aaction%3Dlightbox%26settings%3DeyJpZCI6MTU5NiwidXJsIjoiaHR0cHM6XC9cL2lsaWoudWprLmVkdS5wbFwvbml6aXVyc2tpMjAyNVwvd3AtY29udGVudFwvdXBsb2Fkc1wvMjAyNVwvMDZcLzEwNzczMzktc2NhbGVkLmpwZyIsInNsaWRlc2hvdyI6ImViYzc3MzMifQ%3D%3D\" title=\"1077339\"  href='https:\/\/ilij.ujk.edu.pl\/niziurski2025\/wp-content\/uploads\/2025\/06\/1077339-scaled.jpg'><img loading=\"lazy\" decoding=\"async\" width=\"150\" height=\"150\" src=\"https:\/\/ilij.ujk.edu.pl\/niziurski2025\/wp-content\/uploads\/2025\/06\/1077339-150x150.jpg\" class=\"attachment-thumbnail size-thumbnail\" alt=\"1077339\" aria-describedby=\"gallery-1-1596\" \/><\/a>\n\t\t\t<\/div>\n\t\t\t\t<figcaption class='wp-caption-text gallery-caption' id='gallery-1-1596'>\n\t\t\t\t1077339\n\t\t\t\t<\/figcaption><\/figure><figure class='gallery-item'>\n\t\t\t<div class='gallery-icon landscape'>\n\t\t\t\t<a data-elementor-open-lightbox=\"yes\" data-elementor-lightbox-slideshow=\"ebc7733\" data-elementor-lightbox-title=\"1077175\" data-elementor-lightbox-description=\"1077175\" data-e-action-hash=\"#elementor-action%3Aaction%3Dlightbox%26settings%3DeyJpZCI6MTU5MSwidXJsIjoiaHR0cHM6XC9cL2lsaWoudWprLmVkdS5wbFwvbml6aXVyc2tpMjAyNVwvd3AtY29udGVudFwvdXBsb2Fkc1wvMjAyNVwvMDZcLzEwNzcxNzUtc2NhbGVkLmpwZyIsInNsaWRlc2hvdyI6ImViYzc3MzMifQ%3D%3D\" title=\"1077175\"  href='https:\/\/ilij.ujk.edu.pl\/niziurski2025\/wp-content\/uploads\/2025\/06\/1077175-scaled.jpg'><img loading=\"lazy\" decoding=\"async\" width=\"150\" height=\"150\" src=\"https:\/\/ilij.ujk.edu.pl\/niziurski2025\/wp-content\/uploads\/2025\/06\/1077175-150x150.jpg\" class=\"attachment-thumbnail size-thumbnail\" alt=\"1077175\" aria-describedby=\"gallery-1-1591\" \/><\/a>\n\t\t\t<\/div>\n\t\t\t\t<figcaption class='wp-caption-text gallery-caption' id='gallery-1-1591'>\n\t\t\t\t1077175\n\t\t\t\t<\/figcaption><\/figure><figure class='gallery-item'>\n\t\t\t<div class='gallery-icon landscape'>\n\t\t\t\t<a data-elementor-open-lightbox=\"yes\" data-elementor-lightbox-slideshow=\"ebc7733\" data-elementor-lightbox-title=\"1077229\" data-elementor-lightbox-description=\"1077229\" data-e-action-hash=\"#elementor-action%3Aaction%3Dlightbox%26settings%3DeyJpZCI6MTU5NCwidXJsIjoiaHR0cHM6XC9cL2lsaWoudWprLmVkdS5wbFwvbml6aXVyc2tpMjAyNVwvd3AtY29udGVudFwvdXBsb2Fkc1wvMjAyNVwvMDZcLzEwNzcyMjktc2NhbGVkLmpwZyIsInNsaWRlc2hvdyI6ImViYzc3MzMifQ%3D%3D\" title=\"1077229\"  href='https:\/\/ilij.ujk.edu.pl\/niziurski2025\/wp-content\/uploads\/2025\/06\/1077229-scaled.jpg'><img loading=\"lazy\" decoding=\"async\" width=\"150\" height=\"150\" src=\"https:\/\/ilij.ujk.edu.pl\/niziurski2025\/wp-content\/uploads\/2025\/06\/1077229-150x150.jpg\" class=\"attachment-thumbnail size-thumbnail\" alt=\"1077229\" aria-describedby=\"gallery-1-1594\" \/><\/a>\n\t\t\t<\/div>\n\t\t\t\t<figcaption class='wp-caption-text gallery-caption' id='gallery-1-1594'>\n\t\t\t\t1077229\n\t\t\t\t<\/figcaption><\/figure><figure class='gallery-item'>\n\t\t\t<div class='gallery-icon landscape'>\n\t\t\t\t<a data-elementor-open-lightbox=\"yes\" data-elementor-lightbox-slideshow=\"ebc7733\" data-elementor-lightbox-title=\"1077048\" data-elementor-lightbox-description=\"1077048\" data-e-action-hash=\"#elementor-action%3Aaction%3Dlightbox%26settings%3DeyJpZCI6MTU5MCwidXJsIjoiaHR0cHM6XC9cL2lsaWoudWprLmVkdS5wbFwvbml6aXVyc2tpMjAyNVwvd3AtY29udGVudFwvdXBsb2Fkc1wvMjAyNVwvMDZcLzEwNzcwNDgtc2NhbGVkLmpwZyIsInNsaWRlc2hvdyI6ImViYzc3MzMifQ%3D%3D\" title=\"1077048\"  href='https:\/\/ilij.ujk.edu.pl\/niziurski2025\/wp-content\/uploads\/2025\/06\/1077048-scaled.jpg'><img loading=\"lazy\" decoding=\"async\" width=\"150\" height=\"150\" src=\"https:\/\/ilij.ujk.edu.pl\/niziurski2025\/wp-content\/uploads\/2025\/06\/1077048-150x150.jpg\" class=\"attachment-thumbnail size-thumbnail\" alt=\"1077048\" aria-describedby=\"gallery-1-1590\" \/><\/a>\n\t\t\t<\/div>\n\t\t\t\t<figcaption class='wp-caption-text gallery-caption' id='gallery-1-1590'>\n\t\t\t\t1077048\n\t\t\t\t<\/figcaption><\/figure><figure class='gallery-item'>\n\t\t\t<div class='gallery-icon landscape'>\n\t\t\t\t<a data-elementor-open-lightbox=\"yes\" data-elementor-lightbox-slideshow=\"ebc7733\" data-elementor-lightbox-title=\"1077039\" data-elementor-lightbox-description=\"1077039\" data-e-action-hash=\"#elementor-action%3Aaction%3Dlightbox%26settings%3DeyJpZCI6MTU4OSwidXJsIjoiaHR0cHM6XC9cL2lsaWoudWprLmVkdS5wbFwvbml6aXVyc2tpMjAyNVwvd3AtY29udGVudFwvdXBsb2Fkc1wvMjAyNVwvMDZcLzEwNzcwMzktc2NhbGVkLmpwZyIsInNsaWRlc2hvdyI6ImViYzc3MzMifQ%3D%3D\" title=\"1077039\"  href='https:\/\/ilij.ujk.edu.pl\/niziurski2025\/wp-content\/uploads\/2025\/06\/1077039-scaled.jpg'><img loading=\"lazy\" decoding=\"async\" width=\"150\" height=\"150\" src=\"https:\/\/ilij.ujk.edu.pl\/niziurski2025\/wp-content\/uploads\/2025\/06\/1077039-150x150.jpg\" class=\"attachment-thumbnail size-thumbnail\" alt=\"1077039\" aria-describedby=\"gallery-1-1589\" \/><\/a>\n\t\t\t<\/div>\n\t\t\t\t<figcaption class='wp-caption-text gallery-caption' id='gallery-1-1589'>\n\t\t\t\t1077039\n\t\t\t\t<\/figcaption><\/figure><figure class='gallery-item'>\n\t\t\t<div class='gallery-icon landscape'>\n\t\t\t\t<a data-elementor-open-lightbox=\"yes\" data-elementor-lightbox-slideshow=\"ebc7733\" data-elementor-lightbox-title=\"503488306 1237698144809061 4730541651831034469 n\" data-elementor-lightbox-description=\"503488306 1237698144809061 4730541651831034469 n\" data-e-action-hash=\"#elementor-action%3Aaction%3Dlightbox%26settings%3DeyJpZCI6MTYwMSwidXJsIjoiaHR0cHM6XC9cL2lsaWoudWprLmVkdS5wbFwvbml6aXVyc2tpMjAyNVwvd3AtY29udGVudFwvdXBsb2Fkc1wvMjAyNVwvMDZcLzUwMzQ4ODMwNl8xMjM3Njk4MTQ0ODA5MDYxXzQ3MzA1NDE2NTE4MzEwMzQ0Njlfbi5qcGciLCJzbGlkZXNob3ciOiJlYmM3NzMzIn0%3D\" title=\"503488306 1237698144809061 4730541651831034469 n\"  href='https:\/\/ilij.ujk.edu.pl\/niziurski2025\/wp-content\/uploads\/2025\/06\/503488306_1237698144809061_4730541651831034469_n.jpg'><img loading=\"lazy\" decoding=\"async\" width=\"150\" height=\"150\" src=\"https:\/\/ilij.ujk.edu.pl\/niziurski2025\/wp-content\/uploads\/2025\/06\/503488306_1237698144809061_4730541651831034469_n-150x150.jpg\" class=\"attachment-thumbnail size-thumbnail\" alt=\"503488306 1237698144809061 4730541651831034469 n\" aria-describedby=\"gallery-1-1601\" \/><\/a>\n\t\t\t<\/div>\n\t\t\t\t<figcaption class='wp-caption-text gallery-caption' id='gallery-1-1601'>\n\t\t\t\t503488306 1237698144809061 4730541651831034469 n\n\t\t\t\t<\/figcaption><\/figure>\n\t\t<\/div>\n\t\t<\/div>\n\t\t\t\t\t\t<\/div>\n\t\t\t\t<\/div>\n\t\t\t\t\t<\/div>\n\t\t\t\t<\/div>\n\t\t<div class=\"elementor-element elementor-element-78cd6ea e-flex e-con-boxed e-con e-parent\" data-id=\"78cd6ea\" data-element_type=\"container\">\n\t\t\t\t\t<div class=\"e-con-inner\">\n\t\t\t\t<div class=\"elementor-element elementor-element-2db796b elementor-widget-divider--view-line elementor-widget elementor-widget-divider\" data-id=\"2db796b\" data-element_type=\"widget\" data-widget_type=\"divider.default\">\n\t\t\t\t<div class=\"elementor-widget-container\">\n\t\t\t\t\t\t\t<div class=\"elementor-divider\">\n\t\t\t<span class=\"elementor-divider-separator\">\n\t\t\t\t\t\t<\/span>\n\t\t<\/div>\n\t\t\t\t\t\t<\/div>\n\t\t\t\t<\/div>\n\t\t\t\t\t<\/div>\n\t\t\t\t<\/div>\n\t\t<div class=\"elementor-element elementor-element-b123c06 e-flex e-con-boxed e-con e-parent\" data-id=\"b123c06\" data-element_type=\"container\">\n\t\t\t\t\t<div class=\"e-con-inner\">\n\t\t\t\t<div class=\"elementor-element elementor-element-0940845 elementor-widget elementor-widget-heading\" data-id=\"0940845\" data-element_type=\"widget\" data-widget_type=\"heading.default\">\n\t\t\t\t<div class=\"elementor-widget-container\">\n\t\t\t\t\t<h2 class=\"elementor-heading-title elementor-size-default\">Relacja wideo z wydarzenia<\/h2>\t\t\t\t<\/div>\n\t\t\t\t<\/div>\n\t\t\t\t\t<\/div>\n\t\t\t\t<\/div>\n\t\t<div class=\"elementor-element elementor-element-cacfa36 e-flex e-con-boxed e-con e-parent\" data-id=\"cacfa36\" data-element_type=\"container\">\n\t\t\t\t\t<div class=\"e-con-inner\">\n\t\t<div class=\"elementor-element elementor-element-105f08a e-con-full e-flex e-con e-child\" data-id=\"105f08a\" data-element_type=\"container\">\n\t\t\t\t<div class=\"elementor-element elementor-element-a46d6d2 elementor-widget elementor-widget-video\" data-id=\"a46d6d2\" data-element_type=\"widget\" data-settings=\"{&quot;youtube_url&quot;:&quot;https:\\\/\\\/youtu.be\\\/3pt1PfjCyo0&quot;,&quot;video_type&quot;:&quot;youtube&quot;,&quot;controls&quot;:&quot;yes&quot;}\" data-widget_type=\"video.default\">\n\t\t\t\t<div class=\"elementor-widget-container\">\n\t\t\t\t\t\t\t<div class=\"elementor-wrapper elementor-open-inline\">\n\t\t\t<div class=\"elementor-video\"><\/div>\t\t<\/div>\n\t\t\t\t\t\t<\/div>\n\t\t\t\t<\/div>\n\t\t\t\t<\/div>\n\t\t<div class=\"elementor-element elementor-element-6111217 e-con-full e-flex e-con e-child\" data-id=\"6111217\" data-element_type=\"container\">\n\t\t\t\t<div class=\"elementor-element elementor-element-134e36e elementor-widget elementor-widget-video\" data-id=\"134e36e\" data-element_type=\"widget\" data-settings=\"{&quot;youtube_url&quot;:&quot;https:\\\/\\\/youtu.be\\\/HoR8LncXBZU&quot;,&quot;video_type&quot;:&quot;youtube&quot;,&quot;controls&quot;:&quot;yes&quot;}\" data-widget_type=\"video.default\">\n\t\t\t\t<div class=\"elementor-widget-container\">\n\t\t\t\t\t\t\t<div class=\"elementor-wrapper elementor-open-inline\">\n\t\t\t<div class=\"elementor-video\"><\/div>\t\t<\/div>\n\t\t\t\t\t\t<\/div>\n\t\t\t\t<\/div>\n\t\t\t\t<\/div>\n\t\t<div class=\"elementor-element elementor-element-20d34ca e-con-full e-flex e-con e-child\" data-id=\"20d34ca\" data-element_type=\"container\">\n\t\t\t\t<div class=\"elementor-element elementor-element-2aa007b elementor-widget elementor-widget-video\" data-id=\"2aa007b\" data-element_type=\"widget\" data-settings=\"{&quot;youtube_url&quot;:&quot;https:\\\/\\\/youtu.be\\\/M01zF-qv1rc&quot;,&quot;video_type&quot;:&quot;youtube&quot;,&quot;controls&quot;:&quot;yes&quot;}\" data-widget_type=\"video.default\">\n\t\t\t\t<div class=\"elementor-widget-container\">\n\t\t\t\t\t\t\t<div class=\"elementor-wrapper elementor-open-inline\">\n\t\t\t<div class=\"elementor-video\"><\/div>\t\t<\/div>\n\t\t\t\t\t\t<\/div>\n\t\t\t\t<\/div>\n\t\t\t\t<\/div>\n\t\t\t\t\t<\/div>\n\t\t\t\t<\/div>\n\t\t<div class=\"elementor-element elementor-element-5190453 e-flex e-con-boxed e-con e-parent\" data-id=\"5190453\" data-element_type=\"container\">\n\t\t\t\t\t<div class=\"e-con-inner\">\n\t\t\t\t<div class=\"elementor-element elementor-element-882dc5b elementor-widget-divider--view-line elementor-widget elementor-widget-divider\" data-id=\"882dc5b\" data-element_type=\"widget\" data-widget_type=\"divider.default\">\n\t\t\t\t<div class=\"elementor-widget-container\">\n\t\t\t\t\t\t\t<div class=\"elementor-divider\">\n\t\t\t<span class=\"elementor-divider-separator\">\n\t\t\t\t\t\t<\/span>\n\t\t<\/div>\n\t\t\t\t\t\t<\/div>\n\t\t\t\t<\/div>\n\t\t\t\t\t<\/div>\n\t\t\t\t<\/div>\n\t\t<div class=\"elementor-element elementor-element-9dbf7b1 e-grid e-con-boxed e-con e-parent\" data-id=\"9dbf7b1\" data-element_type=\"container\">\n\t\t\t\t\t<div class=\"e-con-inner\">\n\t\t\t\t<div class=\"elementor-element elementor-element-c8230c6 elementor-widget elementor-widget-image\" data-id=\"c8230c6\" data-element_type=\"widget\" data-widget_type=\"image.default\">\n\t\t\t\t<div class=\"elementor-widget-container\">\n\t\t\t\t\t\t\t\t\t\t\t\t\t\t\t<img loading=\"lazy\" decoding=\"async\" width=\"2560\" height=\"1810\" src=\"https:\/\/ilij.ujk.edu.pl\/niziurski2025\/wp-content\/uploads\/2025\/06\/Program_2-3.06.2025_-scaled.png\" class=\"attachment-full size-full wp-image-1489\" alt=\"Program 2 3.06.2025\" srcset=\"https:\/\/ilij.ujk.edu.pl\/niziurski2025\/wp-content\/uploads\/2025\/06\/Program_2-3.06.2025_-scaled.png 2560w, https:\/\/ilij.ujk.edu.pl\/niziurski2025\/wp-content\/uploads\/2025\/06\/Program_2-3.06.2025_-300x212.png 300w, https:\/\/ilij.ujk.edu.pl\/niziurski2025\/wp-content\/uploads\/2025\/06\/Program_2-3.06.2025_-1024x724.png 1024w, https:\/\/ilij.ujk.edu.pl\/niziurski2025\/wp-content\/uploads\/2025\/06\/Program_2-3.06.2025_-768x543.png 768w, https:\/\/ilij.ujk.edu.pl\/niziurski2025\/wp-content\/uploads\/2025\/06\/Program_2-3.06.2025_-1536x1086.png 1536w, https:\/\/ilij.ujk.edu.pl\/niziurski2025\/wp-content\/uploads\/2025\/06\/Program_2-3.06.2025_-2048x1448.png 2048w\" sizes=\"(max-width: 2560px) 100vw, 2560px\" \/>\t\t\t\t\t\t\t\t\t\t\t\t\t\t\t<\/div>\n\t\t\t\t<\/div>\n\t\t\t\t<div class=\"elementor-element elementor-element-bc41eca elementor-widget elementor-widget-image\" data-id=\"bc41eca\" data-element_type=\"widget\" data-widget_type=\"image.default\">\n\t\t\t\t<div class=\"elementor-widget-container\">\n\t\t\t\t\t\t\t\t\t\t\t\t\t\t\t<img loading=\"lazy\" decoding=\"async\" width=\"2560\" height=\"1810\" src=\"https:\/\/ilij.ujk.edu.pl\/niziurski2025\/wp-content\/uploads\/2025\/06\/Program_2-3.06.2025_2-scaled.png\" class=\"attachment-full size-full wp-image-1488\" alt=\"Program 2 3.06.2025 2\" srcset=\"https:\/\/ilij.ujk.edu.pl\/niziurski2025\/wp-content\/uploads\/2025\/06\/Program_2-3.06.2025_2-scaled.png 2560w, https:\/\/ilij.ujk.edu.pl\/niziurski2025\/wp-content\/uploads\/2025\/06\/Program_2-3.06.2025_2-300x212.png 300w, https:\/\/ilij.ujk.edu.pl\/niziurski2025\/wp-content\/uploads\/2025\/06\/Program_2-3.06.2025_2-1024x724.png 1024w, https:\/\/ilij.ujk.edu.pl\/niziurski2025\/wp-content\/uploads\/2025\/06\/Program_2-3.06.2025_2-768x543.png 768w, https:\/\/ilij.ujk.edu.pl\/niziurski2025\/wp-content\/uploads\/2025\/06\/Program_2-3.06.2025_2-1536x1086.png 1536w, https:\/\/ilij.ujk.edu.pl\/niziurski2025\/wp-content\/uploads\/2025\/06\/Program_2-3.06.2025_2-2048x1448.png 2048w\" sizes=\"(max-width: 2560px) 100vw, 2560px\" \/>\t\t\t\t\t\t\t\t\t\t\t\t\t\t\t<\/div>\n\t\t\t\t<\/div>\n\t\t\t\t\t<\/div>\n\t\t\t\t<\/div>\n\t\t<div class=\"elementor-element elementor-element-710214b e-flex e-con-boxed e-con e-parent\" data-id=\"710214b\" data-element_type=\"container\">\n\t\t\t\t\t<div class=\"e-con-inner\">\n\t\t\t\t<div class=\"elementor-element elementor-element-6526ed8 elementor-widget-divider--view-line elementor-widget elementor-widget-divider\" data-id=\"6526ed8\" data-element_type=\"widget\" data-widget_type=\"divider.default\">\n\t\t\t\t<div class=\"elementor-widget-container\">\n\t\t\t\t\t\t\t<div class=\"elementor-divider\">\n\t\t\t<span class=\"elementor-divider-separator\">\n\t\t\t\t\t\t<\/span>\n\t\t<\/div>\n\t\t\t\t\t\t<\/div>\n\t\t\t\t<\/div>\n\t\t\t\t\t<\/div>\n\t\t\t\t<\/div>\n\t\t<div class=\"elementor-element elementor-element-1f4f38a e-flex e-con-boxed e-con e-parent\" data-id=\"1f4f38a\" data-element_type=\"container\">\n\t\t\t\t\t<div class=\"e-con-inner\">\n\t\t<div class=\"elementor-element elementor-element-b0dd4b5 e-con-full e-flex e-con e-child\" data-id=\"b0dd4b5\" data-element_type=\"container\">\n\t\t\t\t<div class=\"elementor-element elementor-element-f52b6da elementor-widget elementor-widget-image\" data-id=\"f52b6da\" data-element_type=\"widget\" data-widget_type=\"image.default\">\n\t\t\t\t<div class=\"elementor-widget-container\">\n\t\t\t\t\t\t\t\t\t\t\t\t\t\t\t<img loading=\"lazy\" decoding=\"async\" width=\"800\" height=\"797\" src=\"https:\/\/ilij.ujk.edu.pl\/niziurski2025\/wp-content\/uploads\/2025\/05\/nizurski_-1024x1020.png\" class=\"attachment-large size-large wp-image-1181\" alt=\"\" srcset=\"https:\/\/ilij.ujk.edu.pl\/niziurski2025\/wp-content\/uploads\/2025\/05\/nizurski_-1024x1020.png 1024w, https:\/\/ilij.ujk.edu.pl\/niziurski2025\/wp-content\/uploads\/2025\/05\/nizurski_-300x300.png 300w, https:\/\/ilij.ujk.edu.pl\/niziurski2025\/wp-content\/uploads\/2025\/05\/nizurski_-150x150.png 150w, https:\/\/ilij.ujk.edu.pl\/niziurski2025\/wp-content\/uploads\/2025\/05\/nizurski_-768x765.png 768w, https:\/\/ilij.ujk.edu.pl\/niziurski2025\/wp-content\/uploads\/2025\/05\/nizurski_-1536x1530.png 1536w, https:\/\/ilij.ujk.edu.pl\/niziurski2025\/wp-content\/uploads\/2025\/05\/nizurski_.png 1885w\" sizes=\"(max-width: 800px) 100vw, 800px\" \/>\t\t\t\t\t\t\t\t\t\t\t\t\t\t\t<\/div>\n\t\t\t\t<\/div>\n\t\t\t\t<\/div>\n\t\t<div class=\"elementor-element elementor-element-c571c0d e-con-full e-flex e-con e-child\" data-id=\"c571c0d\" data-element_type=\"container\">\n\t\t\t\t<div class=\"elementor-element elementor-element-8061feb elementor-widget elementor-widget-heading\" data-id=\"8061feb\" data-element_type=\"widget\" data-widget_type=\"heading.default\">\n\t\t\t\t<div class=\"elementor-widget-container\">\n\t\t\t\t\t<h2 class=\"elementor-heading-title elementor-size-default\">Dzie\u0144 Patrona, czyli jak Edmund Niziurski trafi\u0142 do S\u0142opca<\/h2>\t\t\t\t<\/div>\n\t\t\t\t<\/div>\n\t\t\t\t<div class=\"elementor-element elementor-element-55cc3ce elementor-widget elementor-widget-text-editor\" data-id=\"55cc3ce\" data-element_type=\"widget\" data-widget_type=\"text-editor.default\">\n\t\t\t\t<div class=\"elementor-widget-container\">\n\t\t\t\t\t\t\t\t\t<p>Wprowadzenie poczt\u00f3w sztandarowych rozpocz\u0119\u0142o uroczysto\u015b\u0107 DNIA PATRONA po\u0142\u0105czon\u0105 z 10. rocznic\u0105 nadania Szkole Podstawowej w S\u0142opcu imienia Edmunda Niziurskego. Szkole, kt\u00f3ra w 2015 roku wybra\u0142a pisarza z Kielc za swego \u201edobrego ducha\u201d, poniewa\u017c jego zwi\u0105zek z regionem, znajomo\u015b\u0107 dzieci\u0119cych potrzeb, przyjazne usposobienie oraz tematyka ksi\u0105\u017cek by\u0142y \u015bwietn\u0105 rekomendacj\u0105 do uczynienia go stra\u017cnikiem i animatorem wszelkich zdarze\u0144 lokalnego \u015brodowiska edukacyjnego i kulturalnego. Fakt ten podkre\u015bli\u0142a w swojej wypowiedzi dyrektor szko\u0142y, Katarzyna Weso\u0142owska. O znaczeniu tw\u00f3rczo\u015bci Niziurskiego dla S\u0142opca i okolic wspomnia\u0142 te\u017c burmistrz Miasta i Gminy Daleszyce, Dariusz Meresi\u0144ski.<\/p><p>W pi\u0105tkowe przedpo\u0142udnie wyj\u0105tkowym momentem by\u0142a r\u00f3wnie\u017c chwila z\u0142o\u017cenia pi\u0119knych kwiat\u00f3w pod wmurowan\u0105 w \u015bcian\u0119 Szko\u0142y Podstawowej w S\u0142opcu tablic\u0105 upami\u0119tniaj\u0105c\u0105 Jubilata.<\/p>\t\t\t\t\t\t\t\t<\/div>\n\t\t\t\t<\/div>\n\t\t\t\t<div class=\"elementor-element elementor-element-c89f3fe elementor-widget elementor-widget-button\" data-id=\"c89f3fe\" data-element_type=\"widget\" data-widget_type=\"button.default\">\n\t\t\t\t<div class=\"elementor-widget-container\">\n\t\t\t\t\t\t\t\t\t<div class=\"elementor-button-wrapper\">\n\t\t\t\t\t<a class=\"elementor-button elementor-button-link elementor-size-sm\" href=\"https:\/\/ilij.ujk.edu.pl\/niziurski2025\/index.php\/wydarzenia-towarzyszace\/\">\n\t\t\t\t\t\t<span class=\"elementor-button-content-wrapper\">\n\t\t\t\t\t\t\t\t\t<span class=\"elementor-button-text\">Szczeg\u00f3\u0142y - WYDARZENIA TOWARZYSZ\u0104CE<\/span>\n\t\t\t\t\t<\/span>\n\t\t\t\t\t<\/a>\n\t\t\t\t<\/div>\n\t\t\t\t\t\t\t\t<\/div>\n\t\t\t\t<\/div>\n\t\t\t\t<\/div>\n\t\t\t\t\t<\/div>\n\t\t\t\t<\/div>\n\t\t<div class=\"elementor-element elementor-element-df74e01 e-flex e-con-boxed e-con e-parent\" data-id=\"df74e01\" data-element_type=\"container\">\n\t\t\t\t\t<div class=\"e-con-inner\">\n\t\t<div class=\"elementor-element elementor-element-f875ba8 e-con-full e-flex e-con e-child\" data-id=\"f875ba8\" data-element_type=\"container\">\n\t\t\t\t<div class=\"elementor-element elementor-element-247a2f2 elementor-widget elementor-widget-image\" data-id=\"247a2f2\" data-element_type=\"widget\" data-widget_type=\"image.default\">\n\t\t\t\t<div class=\"elementor-widget-container\">\n\t\t\t\t\t\t\t\t\t\t\t\t\t\t\t<img loading=\"lazy\" decoding=\"async\" width=\"800\" height=\"360\" src=\"https:\/\/ilij.ujk.edu.pl\/niziurski2025\/wp-content\/uploads\/2025\/04\/20250425_121545-1024x461.png\" class=\"attachment-large size-large wp-image-1030\" alt=\"20250425 121545 scaled\" srcset=\"https:\/\/ilij.ujk.edu.pl\/niziurski2025\/wp-content\/uploads\/2025\/04\/20250425_121545-1024x461.png 1024w, https:\/\/ilij.ujk.edu.pl\/niziurski2025\/wp-content\/uploads\/2025\/04\/20250425_121545-300x135.png 300w, https:\/\/ilij.ujk.edu.pl\/niziurski2025\/wp-content\/uploads\/2025\/04\/20250425_121545-768x346.png 768w, https:\/\/ilij.ujk.edu.pl\/niziurski2025\/wp-content\/uploads\/2025\/04\/20250425_121545-1536x691.png 1536w, https:\/\/ilij.ujk.edu.pl\/niziurski2025\/wp-content\/uploads\/2025\/04\/20250425_121545-2048x922.png 2048w\" sizes=\"(max-width: 800px) 100vw, 800px\" \/>\t\t\t\t\t\t\t\t\t\t\t\t\t\t\t<\/div>\n\t\t\t\t<\/div>\n\t\t\t\t<\/div>\n\t\t<div class=\"elementor-element elementor-element-beed053 e-con-full e-flex e-con e-child\" data-id=\"beed053\" data-element_type=\"container\">\n\t\t\t\t<div class=\"elementor-element elementor-element-0a4de34 elementor-widget elementor-widget-image\" data-id=\"0a4de34\" data-element_type=\"widget\" data-widget_type=\"image.default\">\n\t\t\t\t<div class=\"elementor-widget-container\">\n\t\t\t\t\t\t\t\t\t\t\t\t\t\t\t<img decoding=\"async\" src=\"https:\/\/ilij.ujk.edu.pl\/niziurski2025\/wp-content\/uploads\/elementor\/thumbs\/20250425_135209-scaled-r4xbn4ek3zjgr5oahtajrgnxosbcjd17nd1weznk00.jpg\" title=\"20250425 135209 scaled\" alt=\"20250425 135209 scaled\" loading=\"lazy\" \/>\t\t\t\t\t\t\t\t\t\t\t\t\t\t\t<\/div>\n\t\t\t\t<\/div>\n\t\t\t\t<\/div>\n\t\t\t\t\t<\/div>\n\t\t\t\t<\/div>\n\t\t<div class=\"elementor-element elementor-element-3d7efea e-flex e-con-boxed e-con e-parent\" data-id=\"3d7efea\" data-element_type=\"container\">\n\t\t\t\t\t<div class=\"e-con-inner\">\n\t\t\t\t<div class=\"elementor-element elementor-element-76a0556 elementor-widget-divider--view-line elementor-widget elementor-widget-divider\" data-id=\"76a0556\" data-element_type=\"widget\" data-widget_type=\"divider.default\">\n\t\t\t\t<div class=\"elementor-widget-container\">\n\t\t\t\t\t\t\t<div class=\"elementor-divider\">\n\t\t\t<span class=\"elementor-divider-separator\">\n\t\t\t\t\t\t<\/span>\n\t\t<\/div>\n\t\t\t\t\t\t<\/div>\n\t\t\t\t<\/div>\n\t\t\t\t\t<\/div>\n\t\t\t\t<\/div>\n\t\t<div class=\"elementor-element elementor-element-1d3b4b2 e-flex e-con-boxed e-con e-parent\" data-id=\"1d3b4b2\" data-element_type=\"container\">\n\t\t\t\t\t<div class=\"e-con-inner\">\n\t\t<div class=\"elementor-element elementor-element-4da1384 e-con-full e-flex e-con e-child\" data-id=\"4da1384\" data-element_type=\"container\">\n\t\t\t\t<div class=\"elementor-element elementor-element-c45c06d elementor-widget elementor-widget-heading\" data-id=\"c45c06d\" data-element_type=\"widget\" data-widget_type=\"heading.default\">\n\t\t\t\t<div class=\"elementor-widget-container\">\n\t\t\t\t\t<h2 class=\"elementor-heading-title elementor-size-default\">Ogr\u00f3d w Niek\u0142aju i szko\u0142a w Wilczkowie, czyli EDMUINSPIRACJE<\/h2>\t\t\t\t<\/div>\n\t\t\t\t<\/div>\n\t\t\t\t<div class=\"elementor-element elementor-element-679548a elementor-widget elementor-widget-text-editor\" data-id=\"679548a\" data-element_type=\"widget\" data-widget_type=\"text-editor.default\">\n\t\t\t\t<div class=\"elementor-widget-container\">\n\t\t\t\t\t\t\t\t\t<p>W \u015brod\u0119, 23 kwietnia 2025 roku, w \u015awiatowym Dniu Ksi\u0105\u017cki i Praw Autorskich, naszymi go\u015b\u0107mi byli uczniowie i nauczyciele z Zespo\u0142u O\u015bwiatowych Plac\u00f3wek Integracyjnych w Micigo\u017adzie, Szko\u0142y Podstawowej im. E. Niziurskiego w S\u0142opcu, Szko\u0142y Podstawowej im. Jana Paw\u0142a II w Sobkowie oraz Szko\u0142y Podstawowej im. Bohater\u00f3w Powstania Styczniowego z Zaj\u0105czkowie, kt\u00f3rzy stworzyli w\u0142asne, niepowtarzalne projekty ok\u0142adek, zak\u0142adek, zeszyt\u00f3w i notes\u00f3w. Wszyscy uczestnicy spotkali si\u0119 w ILiJ.<\/p>\t\t\t\t\t\t\t\t<\/div>\n\t\t\t\t<\/div>\n\t\t\t\t<div class=\"elementor-element elementor-element-5974554 elementor-widget elementor-widget-button\" data-id=\"5974554\" data-element_type=\"widget\" data-widget_type=\"button.default\">\n\t\t\t\t<div class=\"elementor-widget-container\">\n\t\t\t\t\t\t\t\t\t<div class=\"elementor-button-wrapper\">\n\t\t\t\t\t<a class=\"elementor-button elementor-button-link elementor-size-sm\" href=\"https:\/\/ilij.ujk.edu.pl\/niziurski2025\/index.php\/wydarzenia-towarzyszace\/\">\n\t\t\t\t\t\t<span class=\"elementor-button-content-wrapper\">\n\t\t\t\t\t\t\t\t\t<span class=\"elementor-button-text\">Szczeg\u00f3\u0142y - WYDARZENIA TOWARZYSZ\u0104CE<\/span>\n\t\t\t\t\t<\/span>\n\t\t\t\t\t<\/a>\n\t\t\t\t<\/div>\n\t\t\t\t\t\t\t\t<\/div>\n\t\t\t\t<\/div>\n\t\t\t\t<\/div>\n\t\t<div class=\"elementor-element elementor-element-7421703 e-con-full e-flex e-con e-child\" data-id=\"7421703\" data-element_type=\"container\">\n\t\t\t\t<div class=\"elementor-element elementor-element-0fb8fce elementor-widget elementor-widget-image\" data-id=\"0fb8fce\" data-element_type=\"widget\" data-widget_type=\"image.default\">\n\t\t\t\t<div class=\"elementor-widget-container\">\n\t\t\t\t\t\t\t\t\t\t\t\t\t\t\t<img loading=\"lazy\" decoding=\"async\" width=\"768\" height=\"1024\" src=\"https:\/\/ilij.ujk.edu.pl\/niziurski2025\/wp-content\/uploads\/2025\/04\/Multimedia-14-768x1024.jpg\" class=\"attachment-large size-large wp-image-963\" alt=\"Multimedia 14\" srcset=\"https:\/\/ilij.ujk.edu.pl\/niziurski2025\/wp-content\/uploads\/2025\/04\/Multimedia-14-768x1024.jpg 768w, https:\/\/ilij.ujk.edu.pl\/niziurski2025\/wp-content\/uploads\/2025\/04\/Multimedia-14-225x300.jpg 225w, https:\/\/ilij.ujk.edu.pl\/niziurski2025\/wp-content\/uploads\/2025\/04\/Multimedia-14-1152x1536.jpg 1152w, https:\/\/ilij.ujk.edu.pl\/niziurski2025\/wp-content\/uploads\/2025\/04\/Multimedia-14.jpg 1247w\" sizes=\"(max-width: 768px) 100vw, 768px\" \/>\t\t\t\t\t\t\t\t\t\t\t\t\t\t\t<\/div>\n\t\t\t\t<\/div>\n\t\t\t\t<\/div>\n\t\t\t\t\t<\/div>\n\t\t\t\t<\/div>\n\t\t<div class=\"elementor-element elementor-element-b2c9b30 e-flex e-con-boxed e-con e-parent\" data-id=\"b2c9b30\" data-element_type=\"container\">\n\t\t\t\t\t<div class=\"e-con-inner\">\n\t\t\t\t<div class=\"elementor-element elementor-element-436241f elementor-widget-divider--view-line elementor-widget elementor-widget-divider\" data-id=\"436241f\" data-element_type=\"widget\" data-widget_type=\"divider.default\">\n\t\t\t\t<div class=\"elementor-widget-container\">\n\t\t\t\t\t\t\t<div class=\"elementor-divider\">\n\t\t\t<span class=\"elementor-divider-separator\">\n\t\t\t\t\t\t<\/span>\n\t\t<\/div>\n\t\t\t\t\t\t<\/div>\n\t\t\t\t<\/div>\n\t\t\t\t\t<\/div>\n\t\t\t\t<\/div>\n\t\t<div class=\"elementor-element elementor-element-3bf860e e-flex e-con-boxed e-con e-parent\" data-id=\"3bf860e\" data-element_type=\"container\">\n\t\t\t\t\t<div class=\"e-con-inner\">\n\t\t<div class=\"elementor-element elementor-element-78b62e0 e-con-full e-flex e-con e-child\" data-id=\"78b62e0\" data-element_type=\"container\">\n\t\t\t\t<div class=\"elementor-element elementor-element-8b0c0f1 elementor-widget elementor-widget-image\" data-id=\"8b0c0f1\" data-element_type=\"widget\" data-widget_type=\"image.default\">\n\t\t\t\t<div class=\"elementor-widget-container\">\n\t\t\t\t\t\t\t\t\t\t\t\t\t\t\t<img loading=\"lazy\" decoding=\"async\" width=\"724\" height=\"1024\" src=\"https:\/\/ilij.ujk.edu.pl\/niziurski2025\/wp-content\/uploads\/2025\/04\/IMG_8661_9-724x1024.png\" class=\"attachment-large size-large wp-image-944\" alt=\"IMG 8661 9\" srcset=\"https:\/\/ilij.ujk.edu.pl\/niziurski2025\/wp-content\/uploads\/2025\/04\/IMG_8661_9-724x1024.png 724w, https:\/\/ilij.ujk.edu.pl\/niziurski2025\/wp-content\/uploads\/2025\/04\/IMG_8661_9-212x300.png 212w, https:\/\/ilij.ujk.edu.pl\/niziurski2025\/wp-content\/uploads\/2025\/04\/IMG_8661_9.png 1754w\" sizes=\"(max-width: 724px) 100vw, 724px\" \/>\t\t\t\t\t\t\t\t\t\t\t\t\t\t\t<\/div>\n\t\t\t\t<\/div>\n\t\t\t\t<div class=\"elementor-element elementor-element-e2f717a elementor-widget elementor-widget-image\" data-id=\"e2f717a\" data-element_type=\"widget\" data-widget_type=\"image.default\">\n\t\t\t\t<div class=\"elementor-widget-container\">\n\t\t\t\t\t\t\t\t\t\t\t\t\t\t\t<img loading=\"lazy\" decoding=\"async\" width=\"768\" height=\"1024\" src=\"https:\/\/ilij.ujk.edu.pl\/niziurski2025\/wp-content\/uploads\/2025\/03\/Fot.KK_4-768x1024.jpg\" class=\"attachment-large size-large wp-image-606\" alt=\"Fot.KK 4\" srcset=\"https:\/\/ilij.ujk.edu.pl\/niziurski2025\/wp-content\/uploads\/2025\/03\/Fot.KK_4-768x1024.jpg 768w, https:\/\/ilij.ujk.edu.pl\/niziurski2025\/wp-content\/uploads\/2025\/03\/Fot.KK_4-225x300.jpg 225w, https:\/\/ilij.ujk.edu.pl\/niziurski2025\/wp-content\/uploads\/2025\/03\/Fot.KK_4-1152x1536.jpg 1152w, https:\/\/ilij.ujk.edu.pl\/niziurski2025\/wp-content\/uploads\/2025\/03\/Fot.KK_4.jpg 1530w\" sizes=\"(max-width: 768px) 100vw, 768px\" \/>\t\t\t\t\t\t\t\t\t\t\t\t\t\t\t<\/div>\n\t\t\t\t<\/div>\n\t\t\t\t<\/div>\n\t\t<div class=\"elementor-element elementor-element-f7c3d76 e-con-full e-flex e-con e-child\" data-id=\"f7c3d76\" data-element_type=\"container\">\n\t\t\t\t<div class=\"elementor-element elementor-element-45365b7 elementor-widget elementor-widget-heading\" data-id=\"45365b7\" data-element_type=\"widget\" data-widget_type=\"heading.default\">\n\t\t\t\t<div class=\"elementor-widget-container\">\n\t\t\t\t\t<h2 class=\"elementor-heading-title elementor-size-default\">Warsztaty z Niziurskim<\/h2>\t\t\t\t<\/div>\n\t\t\t\t<\/div>\n\t\t\t\t<div class=\"elementor-element elementor-element-c48f468 elementor-widget elementor-widget-text-editor\" data-id=\"c48f468\" data-element_type=\"widget\" data-widget_type=\"text-editor.default\">\n\t\t\t\t<div class=\"elementor-widget-container\">\n\t\t\t\t\t\t\t\t\t<p data-amp-original-style=\"text-align: justify;\">W ramach tegorocznej edycji Tygodnia Kultury J\u0119zyka oraz w Roku Niziurskiego w Kielcach, 12 marca w ILiJ, odby\u0142y si\u0119 literacko-plastyczne zaj\u0119cia, czyli warsztaty z humorem, kt\u00f3re przybra\u0142y posta\u0107 malarskich zawod\u00f3w, nazwanych Torbogogami. Uczniowie z Zespo\u0142u O\u015bwiatowych Plac\u00f3wek Integracyjnych (ZOPI) w Micigo\u017adzie oraz Szko\u0142y Podstawowej w Sobkowie stworzyli barwny katalog \u201egog\u00f3w\u201d i innych postaci wype\u0142niaj\u0105cych karty wielu utwor\u00f3w autora \u201eSposobu na Alcybiadesa\u201d. Tytu\u0142owy bohater tej powie\u015bci cz\u0119sto go\u015bci\u0142 w pracach m\u0142odzie\u017cy, nie ust\u0119puj\u0105c pola nawet Markowi Piegusowi (\u201eNiewiarygodne przygody Marka Piegusa\u201d) czy Renacie Okulczyckiej (\u201eSzkolny lud, Okulla i ja\u201d).<\/p><p class=\"amp-wp-7d27179\" data-amp-original-style=\"text-align: justify;\">Po powitaniu zebranych przez prof. Zbigniewa Trzaskowskiego (kierownika Zak\u0142adu Bada\u0144 Kulturowych ILiJ) uczestnicy wys\u0142uchali fragment\u00f3w wybranych ksi\u0105\u017cek, nast\u0119pnie, jako pomys\u0142owi arty\u015bci, wykreowali wyj\u0105tkowe ilustracje, w tym niezwyk\u0142e portrety i karykatury \u201egog\u00f3w\u201d. Malowali palcami, p\u0119dzlami, markerami i innymi technikami na ekologicznych bawe\u0142nianych torbach i arkuszach papieru. Popularyzacja prozy Niziurskiego, promocja czytelnictwa, rozwijanie motoryki ma\u0142ej, kreatywno\u015bci oraz \u015bwiadomo\u015bci ekologicznej uczni\u00f3w sta\u0142y si\u0119 faktem.<\/p><p class=\"amp-wp-7d27179\" data-amp-original-style=\"text-align: justify;\">Mamy nadziej\u0119, \u017ce to wyj\u0105tkowe spotkanie z j\u0119zykiem i sztuk\u0105 rozwinie zami\u0142owanie do literatury oraz sprawi, \u017ce m\u0142odzie\u017c, zach\u0119cona komicznymi tekstami, samodzielnie si\u0119gnie po tw\u00f3rczo\u015b\u0107 kieleckiego Patrona Roku.<\/p><p data-amp-original-style=\"text-align: justify;\">Warsztaty s\u0105 cz\u0119\u015bci\u0105 projektu pt.\u00a0<strong><em>Galeria postaci. Mapa miejsc. Edmundowi Niziurskiemu w 100. rocznic\u0119 urodzin<\/em><\/strong>\u00a0(dofinansowanego przez Ministra Nauki), kt\u00f3ry \u0142\u0105czy nauk\u0119 i zabaw\u0119 z edukacj\u0105.<\/p>\t\t\t\t\t\t\t\t<\/div>\n\t\t\t\t<\/div>\n\t\t\t\t<div class=\"elementor-element elementor-element-70e7c51 elementor-widget elementor-widget-button\" data-id=\"70e7c51\" data-element_type=\"widget\" data-widget_type=\"button.default\">\n\t\t\t\t<div class=\"elementor-widget-container\">\n\t\t\t\t\t\t\t\t\t<div class=\"elementor-button-wrapper\">\n\t\t\t\t\t<a class=\"elementor-button elementor-button-link elementor-size-sm\" href=\"https:\/\/ilij.ujk.edu.pl\/niziurski2025\/index.php\/wydarzenia-towarzyszace\/\">\n\t\t\t\t\t\t<span class=\"elementor-button-content-wrapper\">\n\t\t\t\t\t\t\t\t\t<span class=\"elementor-button-text\">Szczeg\u00f3\u0142y - WYDARZENIA TOWARZYSZ\u0104CE<\/span>\n\t\t\t\t\t<\/span>\n\t\t\t\t\t<\/a>\n\t\t\t\t<\/div>\n\t\t\t\t\t\t\t\t<\/div>\n\t\t\t\t<\/div>\n\t\t\t\t<\/div>\n\t\t\t\t\t<\/div>\n\t\t\t\t<\/div>\n\t\t<div class=\"elementor-element elementor-element-da3211b e-flex e-con-boxed e-con e-parent\" data-id=\"da3211b\" data-element_type=\"container\">\n\t\t\t\t\t<div class=\"e-con-inner\">\n\t\t\t\t<div class=\"elementor-element elementor-element-556c17c elementor-widget-divider--view-line elementor-widget elementor-widget-divider\" data-id=\"556c17c\" data-element_type=\"widget\" data-widget_type=\"divider.default\">\n\t\t\t\t<div class=\"elementor-widget-container\">\n\t\t\t\t\t\t\t<div class=\"elementor-divider\">\n\t\t\t<span class=\"elementor-divider-separator\">\n\t\t\t\t\t\t<\/span>\n\t\t<\/div>\n\t\t\t\t\t\t<\/div>\n\t\t\t\t<\/div>\n\t\t\t\t\t<\/div>\n\t\t\t\t<\/div>\n\t\t<div class=\"elementor-element elementor-element-a44b893 e-flex e-con-boxed e-con e-parent\" data-id=\"a44b893\" data-element_type=\"container\">\n\t\t\t\t\t<div class=\"e-con-inner\">\n\t\t\t\t<div class=\"elementor-element elementor-element-6ded9f8 elementor-widget elementor-widget-heading\" data-id=\"6ded9f8\" data-element_type=\"widget\" data-widget_type=\"heading.default\">\n\t\t\t\t<div class=\"elementor-widget-container\">\n\t\t\t\t\t<h2 class=\"elementor-heading-title elementor-size-default\">KONKURS SEKRETY PANA N.<\/h2>\t\t\t\t<\/div>\n\t\t\t\t<\/div>\n\t\t\t\t<div class=\"elementor-element elementor-element-5c43b93 elementor-widget elementor-widget-text-editor\" data-id=\"5c43b93\" data-element_type=\"widget\" data-widget_type=\"text-editor.default\">\n\t\t\t\t<div class=\"elementor-widget-container\">\n\t\t\t\t\t\t\t\t\t<p>10 marca wystartowali\u015bmy z\u00a0<strong>konkursem na formy literackie i plastyczne inspirowane tw\u00f3rczo\u015bci\u0105 Edmunda Niziurskiego w roku jego 100. urodzin<\/strong>. Do udzia\u0142u zapraszamy uczni\u00f3w szk\u00f3\u0142 podstawowych i ponadpodstawowych oraz student\u00f3w.<\/p>\t\t\t\t\t\t\t\t<\/div>\n\t\t\t\t<\/div>\n\t\t\t\t<div class=\"elementor-element elementor-element-c24c37b elementor-widget elementor-widget-button\" data-id=\"c24c37b\" data-element_type=\"widget\" data-widget_type=\"button.default\">\n\t\t\t\t<div class=\"elementor-widget-container\">\n\t\t\t\t\t\t\t\t\t<div class=\"elementor-button-wrapper\">\n\t\t\t\t\t<a class=\"elementor-button elementor-button-link elementor-size-sm\" href=\"https:\/\/ilij.ujk.edu.pl\/niziurski2025\/index.php\/konkursy-2\/\">\n\t\t\t\t\t\t<span class=\"elementor-button-content-wrapper\">\n\t\t\t\t\t\t\t\t\t<span class=\"elementor-button-text\">Szczeg\u00f3\u0142y - KONKURSY<\/span>\n\t\t\t\t\t<\/span>\n\t\t\t\t\t<\/a>\n\t\t\t\t<\/div>\n\t\t\t\t\t\t\t\t<\/div>\n\t\t\t\t<\/div>\n\t\t\t\t\t<\/div>\n\t\t\t\t<\/div>\n\t\t<div class=\"elementor-element elementor-element-a1baeec e-flex e-con-boxed e-con e-parent\" data-id=\"a1baeec\" data-element_type=\"container\">\n\t\t\t\t\t<div class=\"e-con-inner\">\n\t\t\t\t<div class=\"elementor-element elementor-element-5ca0ff2 elementor-widget-divider--view-line elementor-widget elementor-widget-divider\" data-id=\"5ca0ff2\" data-element_type=\"widget\" data-widget_type=\"divider.default\">\n\t\t\t\t<div class=\"elementor-widget-container\">\n\t\t\t\t\t\t\t<div class=\"elementor-divider\">\n\t\t\t<span class=\"elementor-divider-separator\">\n\t\t\t\t\t\t<\/span>\n\t\t<\/div>\n\t\t\t\t\t\t<\/div>\n\t\t\t\t<\/div>\n\t\t\t\t\t<\/div>\n\t\t\t\t<\/div>\n\t\t<div class=\"elementor-element elementor-element-cc6931f e-flex e-con-boxed e-con e-parent\" data-id=\"cc6931f\" data-element_type=\"container\">\n\t\t\t\t\t<div class=\"e-con-inner\">\n\t\t\t\t<div class=\"elementor-element elementor-element-829897c elementor-widget elementor-widget-heading\" data-id=\"829897c\" data-element_type=\"widget\" data-widget_type=\"heading.default\">\n\t\t\t\t<div class=\"elementor-widget-container\">\n\t\t\t\t\t<h2 class=\"elementor-heading-title elementor-size-default\">HUMOR WARSZTAT\u00d3W\/WARSZTATY\nZ HUMOREM, CZYLI TORBOGOGI<\/h2>\t\t\t\t<\/div>\n\t\t\t\t<\/div>\n\t\t\t\t<div class=\"elementor-element elementor-element-396628a elementor-widget elementor-widget-testimonial\" data-id=\"396628a\" data-element_type=\"widget\" data-widget_type=\"testimonial.default\">\n\t\t\t\t<div class=\"elementor-widget-container\">\n\t\t\t\t\t\t\t<div class=\"elementor-testimonial-wrapper\">\n\t\t\t\t\t\t\t<div class=\"elementor-testimonial-content\">\u201eTu masz plan orientacyjny budy \u2014 \u017ceby\u015b nie b\u0142\u0105ka\u0142 si\u0119 jak osesek, a tu ma\u0142y \u00bbkatalog\u00ab wszystkich gog\u00f3w. Naszkicowa\u0142em z grubsza ich wygl\u0105d. Niebezpiecznych uj\u0105\u0142em w ramki\u2026\n\u2014 Ale\u017c to\u2026 karykatury! \u2014 zauwa\u017cy\u0142em.\n\u2014 Po prostu uwydatni\u0142em cechy, po kt\u00f3rych naj\u0142atwiej ich rozpozna\u0107. Przy ka\u017cdym kr\u00f3tka notka. Wszystko zmie\u015bci\u0142em na po\u0142owie kartki. Mo\u017cesz j\u0105 trzyma\u0107 w mankiecie\u2026 A tu masz nazwiska najbardziej niebezpiecznych typ\u00f3w w twojej klasie. Najgorszych podkre\u015bli\u0142em na czerwono\u201d.\n\n<\/div>\n\t\t\t\n\t\t\t\t\t\t<div class=\"elementor-testimonial-meta elementor-has-image elementor-testimonial-image-position-aside\">\n\t\t\t\t<div class=\"elementor-testimonial-meta-inner\">\n\t\t\t\t\t\t\t\t\t\t\t<div class=\"elementor-testimonial-image\">\n\t\t\t\t\t\t\t<img loading=\"lazy\" decoding=\"async\" width=\"150\" height=\"150\" src=\"https:\/\/ilij.ujk.edu.pl\/niziurski2025\/wp-content\/uploads\/2025\/05\/nizurski_-150x150.png\" class=\"attachment-thumbnail size-thumbnail wp-image-1181\" alt=\"\" srcset=\"https:\/\/ilij.ujk.edu.pl\/niziurski2025\/wp-content\/uploads\/2025\/05\/nizurski_-150x150.png 150w, https:\/\/ilij.ujk.edu.pl\/niziurski2025\/wp-content\/uploads\/2025\/05\/nizurski_-300x300.png 300w, https:\/\/ilij.ujk.edu.pl\/niziurski2025\/wp-content\/uploads\/2025\/05\/nizurski_-1024x1020.png 1024w, https:\/\/ilij.ujk.edu.pl\/niziurski2025\/wp-content\/uploads\/2025\/05\/nizurski_-768x765.png 768w, https:\/\/ilij.ujk.edu.pl\/niziurski2025\/wp-content\/uploads\/2025\/05\/nizurski_-1536x1530.png 1536w, https:\/\/ilij.ujk.edu.pl\/niziurski2025\/wp-content\/uploads\/2025\/05\/nizurski_.png 1885w\" sizes=\"(max-width: 150px) 100vw, 150px\" \/>\t\t\t\t\t\t<\/div>\n\t\t\t\t\t\n\t\t\t\t\t\t\t\t\t\t<div class=\"elementor-testimonial-details\">\n\t\t\t\t\t\t\t\t\t\t\t\t\t\t<div class=\"elementor-testimonial-name\">Szkolny lud, Okulla i ja<\/div>\n\t\t\t\t\t\t\t\t\t\t\t\t\t\t\t\t\t\t\t\t\t\t<div class=\"elementor-testimonial-job\">E. Niziurski<\/div>\n\t\t\t\t\t\t\t\t\t\t\t\t\t<\/div>\n\t\t\t\t\t\t\t\t\t<\/div>\n\t\t\t<\/div>\n\t\t\t\t\t<\/div>\n\t\t\t\t\t\t<\/div>\n\t\t\t\t<\/div>\n\t\t\t\t<div class=\"elementor-element elementor-element-af2564d elementor-widget elementor-widget-text-editor\" data-id=\"af2564d\" data-element_type=\"widget\" data-widget_type=\"text-editor.default\">\n\t\t\t\t<div class=\"elementor-widget-container\">\n\t\t\t\t\t\t\t\t\tJu\u017c 12 marca, w trakcie XXXIII Tygodnia Kultury J\u0119zyka, uroczy\u015bcie i tw\u00f3rczo, zainaugurujemy w Instytucie Literaturoznawstwa i J\u0119zykoznawstwa UJK obchody Roku Niziurskiego w Kielcach, kt\u00f3rych kulminacj\u0105 b\u0119dzie Og\u00f3lnopolska Konferencja Naukowa\u00a0<strong><em><span class=\"amp-wp-a372db9\" data-amp-original-style=\"color: #000080;\">Galeria postaci. Mapa miejsc. Edmundowi Niziurskiemu w 100. rocznic\u0119 urodzin<\/span><\/em><\/strong>. Przed nami wiele ciekawych inicjatyw, dlatego zach\u0119camy do \u015bledzenia strony internetowej konferencji, na kt\u00f3rej na bie\u017c\u0105co zamieszczane s\u0105 informacje zwi\u0105zane z planowanymi wydarzeniami:\u00a0<strong><a style=\"text-decoration: underline; color: #005B81 !important;\" href=\"https:\/\/ilij.ujk.edu.pl\/niziurski2025\" >https:\/\/ilij.ujk.edu.pl\/niziurski2025<\/a>.<\/strong>\n<p class=\"amp-wp-7d27179\" data-amp-original-style=\"text-align: justify;\">Celem naszych dzia\u0142a\u0144 jest nie tylko refleksja nad tw\u00f3rczo\u015bci\u0105 kieleckiego pisarza, lecz tak\u017ce promowanie jego utwor\u00f3w w\u015br\u00f3d r\u00f3\u017cnych odbiorc\u00f3w, tak\u017ce tych najm\u0142odszych i nieco starszych. Dlatego 12 marca, w ramach tegorocznej edycji TKJ, odb\u0119d\u0105 si\u0119 m.in. weso\u0142e, literacko-plastyczne, warsztaty, czyli Torbogogi. Nawi\u0105zuj\u0105c do pomys\u0142\u00f3w Arka, zatroskanego o losy Tomka \u017babnego, nowego kolegi w \u201ebudzie\u201d (to bohaterowie ksi\u0105\u017cek Niziurskiego), uczniowie i studenci stworz\u0105 w\u0142asny katalog \u201egog\u00f3w\u201d znanych z kart autora-jubilata. Uczestnicy warsztat\u00f3w, po przeczytaniu fragment\u00f3w wybranych utwor\u00f3w zawieraj\u0105cych barwne opisy powie\u015bciowych nauczycieli, b\u0119d\u0105 mogli wcieli\u0107 si\u0119 w role artyst\u00f3w i stworzy\u0107 malarskie Torbogogi, czyli inspirowane wyobra\u017ani\u0105 ilustracje i karykatury \u201egog\u00f3w\u201d (powie\u015bciowych nauczycieli).<\/p>\n<p class=\"amp-wp-7d27179\" data-amp-original-style=\"text-align: justify;\">Ide\u0105 zaj\u0119\u0107 jest popularyzacja prozy pisarza, rozwijanie motoryki ma\u0142ej, kreatywno\u015bci oraz \u015bwiadomo\u015bci ekologicznej uczni\u00f3w. Wierzymy, \u017ce to wyj\u0105tkowe spotkanie z j\u0119zykiem i sztuk\u0105, pomo\u017ce rozwin\u0105\u0107 wyobra\u017ani\u0119 oraz umiej\u0119tno\u015b\u0107 wyra\u017cania emocji poprzez tw\u00f3rczo\u015b\u0107 plastyczn\u0105, jak r\u00f3wnie\u017c uwra\u017cliwi\u0107 m\u0142odego cz\u0142owieka na pi\u0119kno s\u0142owa, kszta\u0142tuj\u0105c w nim zami\u0142owanie do literatury. Mamy nadziej\u0119, \u017ce m\u0142odzie\u017c zach\u0119cona komicznymi tekstami, samodzielnie si\u0119gnie po tw\u00f3rczo\u015b\u0107 kieleckiego Patrona Roku.<\/p>\n<p style=\"font-weight: bold;\">Niech s\u0142owa i kolory splot\u0105 si\u0119 w jedno \u2013 do zobaczenia na warsztatach!<\/p>\t\t\t\t\t\t\t\t<\/div>\n\t\t\t\t<\/div>\n\t\t\t\t<div class=\"elementor-element elementor-element-4c4a421 elementor-widget elementor-widget-text-editor\" data-id=\"4c4a421\" data-element_type=\"widget\" data-widget_type=\"text-editor.default\">\n\t\t\t\t<div class=\"elementor-widget-container\">\n\t\t\t\t\t\t\t\t\t<strong>E. Niziurski,\u00a0<em>Szkolny, lud Okulla i ja<\/em>, wyd. 2, Nasza Ksi\u0119garnia, Warszawa 1995, s. 6<\/strong>\t\t\t\t\t\t\t\t<\/div>\n\t\t\t\t<\/div>\n\t\t\t\t\t<\/div>\n\t\t\t\t<\/div>\n\t\t<div class=\"elementor-element elementor-element-5713c19 e-flex e-con-boxed e-con e-parent\" data-id=\"5713c19\" data-element_type=\"container\">\n\t\t\t\t\t<div class=\"e-con-inner\">\n\t\t\t\t<div class=\"elementor-element elementor-element-a381b2c elementor-widget-divider--view-line elementor-widget elementor-widget-divider\" data-id=\"a381b2c\" data-element_type=\"widget\" data-widget_type=\"divider.default\">\n\t\t\t\t<div class=\"elementor-widget-container\">\n\t\t\t\t\t\t\t<div class=\"elementor-divider\">\n\t\t\t<span class=\"elementor-divider-separator\">\n\t\t\t\t\t\t<\/span>\n\t\t<\/div>\n\t\t\t\t\t\t<\/div>\n\t\t\t\t<\/div>\n\t\t\t\t\t<\/div>\n\t\t\t\t<\/div>\n\t\t<div class=\"elementor-element elementor-element-d331f7c e-flex e-con-boxed e-con e-parent\" data-id=\"d331f7c\" data-element_type=\"container\">\n\t\t\t\t\t<div class=\"e-con-inner\">\n\t\t<div class=\"elementor-element elementor-element-57a1d94 e-con-full e-flex e-con e-child\" data-id=\"57a1d94\" data-element_type=\"container\">\n\t\t\t\t<div class=\"elementor-element elementor-element-e82b86f elementor-widget elementor-widget-heading\" data-id=\"e82b86f\" data-element_type=\"widget\" data-widget_type=\"heading.default\">\n\t\t\t\t<div class=\"elementor-widget-container\">\n\t\t\t\t\t<h2 class=\"elementor-heading-title elementor-size-default\">12 MARCA 2025<br>\n12.00-13.30<\/h2>\t\t\t\t<\/div>\n\t\t\t\t<\/div>\n\t\t\t\t<div class=\"elementor-element elementor-element-41476dd elementor-widget elementor-widget-text-editor\" data-id=\"41476dd\" data-element_type=\"widget\" data-widget_type=\"text-editor.default\">\n\t\t\t\t<div class=\"elementor-widget-container\">\n\t\t\t\t\t\t\t\t\t<p style=\"font-weight: bold\">ILiJ UJK, ul. Uniwersytecka 17, Kielce<\/p>\n\n<p style=\"font-weight: bold\">sale: 255, 258<\/p>\t\t\t\t\t\t\t\t<\/div>\n\t\t\t\t<\/div>\n\t\t\t\t<div class=\"elementor-element elementor-element-d0ead4f elementor-widget elementor-widget-heading\" data-id=\"d0ead4f\" data-element_type=\"widget\" data-widget_type=\"heading.default\">\n\t\t\t\t<div class=\"elementor-widget-container\">\n\t\t\t\t\t<h3 class=\"elementor-heading-title elementor-size-default\">Humor warsztat\u00f3w \/ warsztaty z humorem,\nczyli Torbogogi<\/h3>\t\t\t\t<\/div>\n\t\t\t\t<\/div>\n\t\t\t\t<div class=\"elementor-element elementor-element-1013c87 elementor-widget elementor-widget-text-editor\" data-id=\"1013c87\" data-element_type=\"widget\" data-widget_type=\"text-editor.default\">\n\t\t\t\t<div class=\"elementor-widget-container\">\n\t\t\t\t\t\t\t\t\t<p class=\"amp-wp-cdd8ca0\" data-amp-original-style=\"text-align: center;\">\u2013 wsp\u00f3lne czytanie fragment\u00f3w wybranych utwor\u00f3w Niziurskiego<\/p><p class=\"amp-wp-cdd8ca0\" data-amp-original-style=\"text-align: center;\">oraz malowanie ilustracji (uczniowie szk\u00f3\u0142 podstawowych i studenci)<\/p><p class=\"amp-wp-cdd8ca0\" data-amp-original-style=\"text-align: center;\">Prowadzenie<br \/>dr hab. Marta Boli\u0144ska, prof. UJK<br \/>mgr Agnieszka Dolecka<\/p>\t\t\t\t\t\t\t\t<\/div>\n\t\t\t\t<\/div>\n\t\t\t\t<\/div>\n\t\t<div class=\"elementor-element elementor-element-261816a e-con-full e-flex e-con e-child\" data-id=\"261816a\" data-element_type=\"container\">\n\t\t\t\t<div class=\"elementor-element elementor-element-6fdd098 elementor-widget elementor-widget-image\" data-id=\"6fdd098\" data-element_type=\"widget\" data-widget_type=\"image.default\">\n\t\t\t\t<div class=\"elementor-widget-container\">\n\t\t\t\t\t\t\t\t\t\t\t\t\t\t\t<img loading=\"lazy\" decoding=\"async\" width=\"800\" height=\"908\" src=\"https:\/\/ilij.ujk.edu.pl\/niziurski2025\/wp-content\/uploads\/2025\/03\/wiz-Dolecka.jpg\" class=\"attachment-large size-large wp-image-445\" alt=\"wiz Dolecka\" srcset=\"https:\/\/ilij.ujk.edu.pl\/niziurski2025\/wp-content\/uploads\/2025\/03\/wiz-Dolecka.jpg 881w, https:\/\/ilij.ujk.edu.pl\/niziurski2025\/wp-content\/uploads\/2025\/03\/wiz-Dolecka-264x300.jpg 264w, https:\/\/ilij.ujk.edu.pl\/niziurski2025\/wp-content\/uploads\/2025\/03\/wiz-Dolecka-768x872.jpg 768w\" sizes=\"(max-width: 800px) 100vw, 800px\" \/>\t\t\t\t\t\t\t\t\t\t\t\t\t\t\t<\/div>\n\t\t\t\t<\/div>\n\t\t\t\t<\/div>\n\t\t\t\t\t<\/div>\n\t\t\t\t<\/div>\n\t\t<div class=\"elementor-element elementor-element-fb39e92 e-flex e-con-boxed e-con e-parent\" data-id=\"fb39e92\" data-element_type=\"container\">\n\t\t\t\t\t<div class=\"e-con-inner\">\n\t\t\t\t<div class=\"elementor-element elementor-element-e360588 elementor-widget-divider--view-line elementor-widget elementor-widget-divider\" data-id=\"e360588\" data-element_type=\"widget\" data-widget_type=\"divider.default\">\n\t\t\t\t<div class=\"elementor-widget-container\">\n\t\t\t\t\t\t\t<div class=\"elementor-divider\">\n\t\t\t<span class=\"elementor-divider-separator\">\n\t\t\t\t\t\t<\/span>\n\t\t<\/div>\n\t\t\t\t\t\t<\/div>\n\t\t\t\t<\/div>\n\t\t\t\t\t<\/div>\n\t\t\t\t<\/div>\n\t\t<div class=\"elementor-element elementor-element-81f010c e-flex e-con-boxed e-con e-parent\" data-id=\"81f010c\" data-element_type=\"container\">\n\t\t\t\t\t<div class=\"e-con-inner\">\n\t\t\t\t<div class=\"elementor-element elementor-element-30ebac2 elementor-widget elementor-widget-heading\" data-id=\"30ebac2\" data-element_type=\"widget\" data-widget_type=\"heading.default\">\n\t\t\t\t<div class=\"elementor-widget-container\">\n\t\t\t\t\t<h2 class=\"elementor-heading-title elementor-size-default\">Zarys tw\u00f3rczo\u015bci<\/h2>\t\t\t\t<\/div>\n\t\t\t\t<\/div>\n\t\t\t\t<div class=\"elementor-element elementor-element-255d313 elementor-widget elementor-widget-heading\" data-id=\"255d313\" data-element_type=\"widget\" data-widget_type=\"heading.default\">\n\t\t\t\t<div class=\"elementor-widget-container\">\n\t\t\t\t\t<h2 class=\"elementor-heading-title elementor-size-default\">Edmunda Niziurskiego (1925-2013)<\/h2>\t\t\t\t<\/div>\n\t\t\t\t<\/div>\n\t\t\t\t<div class=\"elementor-element elementor-element-1ca4577 elementor-widget elementor-widget-text-editor\" data-id=\"1ca4577\" data-element_type=\"widget\" data-widget_type=\"text-editor.default\">\n\t\t\t\t<div class=\"elementor-widget-container\">\n\t\t\t\t\t\t\t\t\t<p>Fenomen pisarstwa Edmunda Niziurskiego (1925-2013) dostrzegli czytelnicy ju\u017c w latach 60. XX wieku. Wkr\u00f3tce te\u017c tw\u00f3rczo\u015bci\u0105 prozaika zaj\u0119li si\u0119 literaturoznawcy (m.in. Krystyna Kuliczkowska, Gertruda Skotnicka, Marek K\u0105tny, Stanis\u0142aw Frycie, Jan Pac\u0142awski i in.). Jego pierwsze pr\u00f3by literackie (cho\u0107 z wykszta\u0142cenia by\u0142 prawnikiem) zwr\u00f3ci\u0142y uwag\u0119 r\u00f3\u017cnych \u015brodowisk kulturotw\u00f3rczych.<br \/>Na pocz\u0105tku pracy pisarskiej, kt\u00f3r\u0105 pocz\u0105tkowo realizowa\u0142 w tygodniku \u201eWie\u015b\u201d, zajmowa\u0142 si\u0119 tematyk\u0105 wiejsk\u0105, przygotowywa\u0142 m.in. reporta\u017ce (np.\u00a0<em>W zapad\u0142ej wsi<\/em>, 1953). Pisa\u0142 teksty krytycznoliterackie, scenariusze filmowe, by\u0142 publicyst\u0105, dramaturgiem, autorem s\u0142uchowisk i widowisk telewizyjnych. Wsp\u00f3\u0142pracowa\u0142 z Polskim Radiem oraz czasopismami dla m\u0142odzie\u017cy \u201eP\u0142omyk\u201d i \u201e\u015awiat M\u0142odych\u201d. W 1965 roku na deskach Teatru Klasycznego w Warszawie wystawi\u0142 sztuk\u0119 dramatyczn\u0105 (napisan\u0105 na konkurs og\u0142oszony przez \u00f3w teatr) pt.\u00a0<em>Wakacje z intruzami<\/em>.<br \/>Debiutowa\u0142 utworami dla doros\u0142ych. Jego pierwsza powie\u015b\u0107\u00a0<em>Gor\u0105ce dni<\/em>\u00a0(1951) dotyczy\u0142a jeszcze spraw polskiej wsi. Zmiana problematyki i konwencji pojawi\u0142a si\u0119 wraz z kolejnymi tytu\u0142ami. Wydana w roku 1956\u00a0<em>\u015amier\u0107 Lawrence\u2019a<\/em>, nast\u0119pnie dwa lata p\u00f3\u017aniej\u00a0<em>Przysta\u0144 Eskulapa<\/em>\u00a0(1958) oraz utw\u00f3r\u00a0<em>Pi\u0119\u0107 manekin\u00f3w<\/em>\u00a0(1959) ujawniaj\u0105 ju\u017c charakter sensacyjny. Niziurski ma te\u017c w swoim dorobku utw\u00f3r si\u0119gaj\u0105cy do czas\u00f3w okupacji, tj.\u00a0<em>Wyraj<\/em>\u00a0(1964). Do powie\u015bci spo\u0142eczno-obyczajowych zaliczy\u0107 mo\u017cna m.in.\u00a0<em>Salon wytrze\u017awie\u0144<\/em>\u00a0(1964) czy\u00a0<em>Eminencje i ba\u0142\u0142abancje<\/em>\u00a0(1975) czy\u00a0<em>A potem niech bij\u0105 dzwony<\/em>\u00a0(1976).<br \/>Popularno\u015b\u0107 i rozpoznawalno\u015b\u0107 przynios\u0142y mu jednak utwory przeznaczone dla nieletniego odbiorcy, przede wszystkim te z w\u0105tkami sensacyjno-detektywistycznymi oraz szkolnymi. Wielu krytyk\u00f3w i badaczy uwa\u017ca, \u017ce powodzenie w\u015br\u00f3d czytelnik\u00f3w i ich uznanie zyska\u0142 Niziurski nie tylko dzi\u0119ki pomys\u0142owo\u015bci w prowadzeniu powie\u015bciowych w\u0105tk\u00f3w, barwnym kreacjom bohater\u00f3w z nich nietuzinkowymi nazwiskami, wszechobecnemu humorowi czy wartkiej narracji, ale i dlatego, \u017ce pisz\u0105c, da\u0142 si\u0119 pozna\u0107 jako bystry obserwator i znawca psychiki m\u0142odych ludzi.<br \/>Do klasyki literatury dla dzieci i m\u0142odzie\u017cy dzi\u015b ju\u017c nale\u017c\u0105:\u00a0<em>Ksi\u0119ga urwis\u00f3w<\/em>\u00a0(1954),\u00a0<em>Lizus<\/em>\u00a0(1956),\u00a0<em>Niewiarygodne przygody Marka Piegusa<\/em>\u00a0(1959),\u00a0<em>Lalu Koncewicz, broda i mi\u0142o\u015b\u0107<\/em>\u00a0(1959),\u00a0<em>Awantura w Niek\u0142aju<\/em>\u00a0(1962),\u00a0<em>Spos\u00f3b na Alcybiadesa<\/em>\u00a0(1964),\u00a0<em>Jutro klas\u00f3wka<\/em>\u00a0(1966),\u00a0<em>Si\u00f3dme wtajemniczenie<\/em>\u00a0(1969),\u00a0<em>Klub w\u0142\u00f3czykij\u00f3w, czyli trzyna\u015bcie przyg\u00f3d stryja Dionizego i jego ekipy<\/em>\u00a0(1970),\u00a0<em>Naprz\u00f3d Wspaniali!<\/em>\u00a0(1974),\u00a0<em>Osobliwe przypadki Cymeona Maksymalnego<\/em>\u00a0(1975),\u00a0<em>Awantury kosmiczne<\/em>\u00a0(1979),\u00a0<em>Szkolny lud, Okulla i ja<\/em>\u00a0(1982),\u00a0<em>Pierwsza ksi\u0119ga urwis\u00f3w<\/em>\u00a0(1991),\u00a0<em>\u017baba, pozbieraj si\u0119, czyli siedem ob\u0142\u0119dnych dni Tomka \u017b.<\/em>\u00a0(1992),\u00a0<em>Przygody B\u0105bla i Syfona<\/em>\u00a0(1993),\u00a0<em>Syfon na tropie<\/em>\u00a0(1995),\u00a0<em>Pi\u0119\u0107 melon\u00f3w na r\u0119k\u0119<\/em>\u00a0(1996),\u00a0<em>Najwi\u0119ksza przygoda B\u0105bla i Syfona<\/em>\u00a0(1999) i wiele innych.<br \/>Liczne powie\u015bci Niziurskiego zosta\u0142y sfilmowane, np.\u00a0<em>Ksi\u0119ga urwis\u00f3w<\/em>\u00a0(film pt.\u00a0<em>Tajemnica dzikiego szybu<\/em>, 1956),\u00a0<em>Niewiarygodne przygody Marka Piegusa<\/em>\u00a0(w 1966 roku powsta\u0142 serial telewizyjny o tym samym tytule),\u00a0<em>Awantura w Niek\u0142aju<\/em>\u00a0(jako\u00a0<em>Tajemnica starego ogrodu<\/em>\u00a0z 1983 roku). W 1998 roku na ekrany trafi\u0142 film pt.\u00a0<em>Spona<\/em>\u00a0inspirowany powie\u015bci\u0105\u00a0<em>Spos\u00f3b na Alcybiadesa<\/em>, za\u015b w 2015 roku\u00a0<em>Klub w\u0142\u00f3czykij\u00f3w<\/em>\u00a0(na podstawie powie\u015bci o tym samym tytule). Jego utwory przet\u0142umaczono na wiele j\u0119zyk\u00f3w, w tym gruzi\u0144ski, litewski, czeski i in.<br \/>Nizurski urodzi\u0142 si\u0119 w Kielcach (10 lipca 1925 roku), tu si\u0119 wychowa\u0142, tutaj tak\u017ce rozpocz\u0105\u0142 szkoln\u0105 edukacj\u0119, kt\u00f3r\u0105 przerwa\u0142a II wojna \u015bwiatowa. Po powrocie do rodzinnego miasta pracowa\u0142 m.in. w hucie i maj\u0105tku rolnym (w okolicach Ostrowca \u015awi\u0119tokrzyskiego) oraz uczy\u0142 si\u0119 na tajnych kompletach (matura, studia). Z Kielcami zwi\u0105zany by\u0142 do pocz\u0105tku lat 50. XX wieku. Z Kielc pochodzi\u0142a jego \u017cona, Zofia Barbara z Kowalskich. W Kielcach osiad\u0142 jego m\u0142odszy brat, Miros\u0142aw, kompozytor, krytyk muzyczny, wieloletni pracownik naukowy, profesor w Instytucie Wychowania Muzycznego (Instytucie Edukacji Muzycznej) obecnego Uniwersytetu Jana Kochanowskiego.<br \/>Emocjonalny zwi\u0105zek z rodzinnym miastem zostawi\u0142 trwa\u0142y \u015blad w spu\u015bci\u017anie literackiej autora\u00a0<em>Wielkiej hecy<\/em>\u00a0(1962). Wypada cho\u0107 nadmieni\u0107, \u017ce akcj\u0119 wielu utwor\u00f3w osadzi\u0142 na ziemi \u015bwi\u0119tokrzyskiej, cho\u0107 nazw miejscowo\u015bci, kt\u00f3re podawa\u0142, pr\u00f3\u017cno szuka\u0107 na mapie. Wystarczy przypomnie\u0107\u00a0<em>Ksi\u0119g\u0119 urwis\u00f3w<\/em>\u00a0czy\u00a0<em>Awantur\u0119 w Niek\u0142aju<\/em>.<br \/>Edmund Nizurski nale\u017ca\u0142 do Zwi\u0105zku Literat\u00f3w Polskich, Stowarzyszenia Pisarzy Polskich, by\u0142 r\u00f3wnie\u017c cz\u0142onkiem ZAiKS. Za swoj\u0105 tw\u00f3rczo\u015b\u0107 i postaw\u0119 otrzyma\u0142 wiele nagr\u00f3d i wyr\u00f3\u017cnie\u0144. Przyznano mu m.in. Krzy\u017c Kawalerski Orderu Odrodzenia Polski, Krzy\u017c Oficerski Orderu Odrodzenia Polski, Medal Komisji Edukacji Narodowej, Z\u0142oty Medal \u201eZas\u0142u\u017cony Kulturze Gloria Artis\u201d oraz nagrod\u0119 Prezesa Rady Ministr\u00f3w za tw\u00f3rczo\u015b\u0107 dla m\u0142odzie\u017cy, a tak\u017ce nagrod\u0105 Fundacji \u015awiat dziecka i polskiego oddzia\u0142u IBBY. Uhonorowano go r\u00f3wnie\u017c Orderem U\u015bmiechu i Orlim Pi\u00f3rem. W 2013 roku Kielce nada\u0142y skwerowi przy Kadzielni jego imi\u0119. Uchwa\u0142\u0105 Rady Miasta rok 2025 zosta\u0142 og\u0142oszony Rokiem Edmunda Niziurskiego w Kielcach.<\/p>\t\t\t\t\t\t\t\t<\/div>\n\t\t\t\t<\/div>\n\t\t\t\t\t<\/div>\n\t\t\t\t<\/div>\n\t\t<div class=\"elementor-element elementor-element-78296b5 e-flex e-con-boxed e-con e-parent\" data-id=\"78296b5\" data-element_type=\"container\">\n\t\t\t\t\t<div class=\"e-con-inner\">\n\t\t\t\t<div class=\"elementor-element elementor-element-f04b619 elementor-widget elementor-widget-image\" data-id=\"f04b619\" data-element_type=\"widget\" data-widget_type=\"image.default\">\n\t\t\t\t<div class=\"elementor-widget-container\">\n\t\t\t\t\t\t\t\t\t\t\t\t\t\t\t<img fetchpriority=\"high\" decoding=\"async\" width=\"800\" height=\"199\" src=\"https:\/\/ilij.ujk.edu.pl\/niziurski2025\/wp-content\/uploads\/2025\/03\/pasek__-1024x255.png\" class=\"attachment-large size-large wp-image-525\" alt=\"pasek\" srcset=\"https:\/\/ilij.ujk.edu.pl\/niziurski2025\/wp-content\/uploads\/2025\/03\/pasek__-1024x255.png 1024w, https:\/\/ilij.ujk.edu.pl\/niziurski2025\/wp-content\/uploads\/2025\/03\/pasek__-300x75.png 300w, https:\/\/ilij.ujk.edu.pl\/niziurski2025\/wp-content\/uploads\/2025\/03\/pasek__-768x191.png 768w, https:\/\/ilij.ujk.edu.pl\/niziurski2025\/wp-content\/uploads\/2025\/03\/pasek__-1536x382.png 1536w, https:\/\/ilij.ujk.edu.pl\/niziurski2025\/wp-content\/uploads\/2025\/03\/pasek__-2048x509.png 2048w\" sizes=\"(max-width: 800px) 100vw, 800px\" \/>\t\t\t\t\t\t\t\t\t\t\t\t\t\t\t<\/div>\n\t\t\t\t<\/div>\n\t\t\t\t\t<\/div>\n\t\t\t\t<\/div>\n\t\t\t\t<\/div>\n\t\t","protected":false},"excerpt":{"rendered":"<p>NIZIURSKI 2025 \u201eSekrety Pana N.\u201d z wyj\u0105tkowymi patronatami Z dum\u0105 informujemy, \u017ce II Og\u00f3lnopolski Konkurs Literacko-Plastyczny po\u015bwi\u0119cony tw\u00f3rczo\u015bci Edmunda Niziurskiego honorowym patronatem obj\u0119li: \u015awi\u0119tokrzyski Kurator O\u015bwiaty, Piotr \u0141ojek JM Rektor UJK, prof. dr hab. Beata Wojciechowska Dziekan Wydzia\u0142u Humanistycznego, dr hab. Jerzy Gapys, prof. UJK Dyrektor Instytutu Literaturoznawstwa i J\u0119zykoznawstwa UJK w Kielcach, prof. dr [&hellip;]<\/p>\n","protected":false},"author":3,"featured_media":0,"parent":0,"menu_order":0,"comment_status":"closed","ping_status":"closed","template":"elementor_theme","meta":{"footnotes":""},"class_list":["post-1222","page","type-page","status-publish","hentry"],"_links":{"self":[{"href":"https:\/\/ilij.ujk.edu.pl\/niziurski2025\/index.php\/wp-json\/wp\/v2\/pages\/1222","targetHints":{"allow":["GET"]}}],"collection":[{"href":"https:\/\/ilij.ujk.edu.pl\/niziurski2025\/index.php\/wp-json\/wp\/v2\/pages"}],"about":[{"href":"https:\/\/ilij.ujk.edu.pl\/niziurski2025\/index.php\/wp-json\/wp\/v2\/types\/page"}],"author":[{"embeddable":true,"href":"https:\/\/ilij.ujk.edu.pl\/niziurski2025\/index.php\/wp-json\/wp\/v2\/users\/3"}],"replies":[{"embeddable":true,"href":"https:\/\/ilij.ujk.edu.pl\/niziurski2025\/index.php\/wp-json\/wp\/v2\/comments?post=1222"}],"version-history":[{"count":331,"href":"https:\/\/ilij.ujk.edu.pl\/niziurski2025\/index.php\/wp-json\/wp\/v2\/pages\/1222\/revisions"}],"predecessor-version":[{"id":3880,"href":"https:\/\/ilij.ujk.edu.pl\/niziurski2025\/index.php\/wp-json\/wp\/v2\/pages\/1222\/revisions\/3880"}],"wp:attachment":[{"href":"https:\/\/ilij.ujk.edu.pl\/niziurski2025\/index.php\/wp-json\/wp\/v2\/media?parent=1222"}],"curies":[{"name":"wp","href":"https:\/\/api.w.org\/{rel}","templated":true}]}}